{"id":181,"date":"2019-12-09T11:50:29","date_gmt":"2019-12-09T09:50:29","guid":{"rendered":"http:\/\/srvr10.xetpoint.com\/~seyfi\/alahakita\/?page_id=181"},"modified":"2020-01-11T10:21:04","modified_gmt":"2020-01-11T08:21:04","slug":"usvan-tarina","status":"publish","type":"page","link":"https:\/\/sey.fi\/alahakita\/usvan-tarina\/","title":{"rendered":"Usvan tarina"},"content":{"rendered":"\n<h1 class=\"wp-block-heading\">Usvan tarina<\/h1>\n\n\n\n<p>&#8221;Oma koirani Usva eli ensimm\u00e4isen elinvuotensa k\u00e4yt\u00e4nn\u00f6ss\u00e4 h\u00e4kiss\u00e4.\n El\u00e4inl\u00e4\u00e4k\u00e4ri otti yhteytt\u00e4 kasvattajaan, kun omistajan mukaan &#8221;el\u00e4in \nhuojui eik\u00e4 oikein osannut edes juosta&#8221;.<\/p>\n\n\n\n<p>Omistaja oli ep\u00e4illyt ett\u00e4 koiralla on jokin sairaus(!). Koira ei \nvaan kertakaikkiaan ollut saanut kehitetty\u00e4 koordinaatiokyky\u00e4\u00e4n ja \nlihaksistoaan ja oli siksi niin surkea n\u00e4ky. On pitk\u00e4 tarina kuinka \nkoira p\u00e4\u00e4tyi meille nukutuspiikin alta. Ja mit\u00e4 kaikkea se ressu oli \njoutunut pieness\u00e4 el\u00e4m\u00e4ss\u00e4\u00e4n kokemaan<\/p>\n\n\n\n<p>Sen haluan kertoa, ett\u00e4 h\u00e4kityksell\u00e4 on hirvitt\u00e4v\u00e4t vaikutukset. \nHenkisi\u00e4 vaikutuksia ei sovi sivuuttaa. Vasta viimeisen vuoden &#8221;tytt\u00f6&#8221; \non ollut vapautunut ja siit\u00e4 on kuoriutunut luottava, rakastettava \nhupsu. T\u00e4ysin se ei luota varmaan koskaan, mutta nyt voisi sanoa \nolevansa jo selke\u00e4sti voiton puolella ja pidemm\u00e4ll\u00e4 kuin olisin koskaan \nuskonut.<\/p>\n\n\n\n<p>Sain ilmoituksen aika alkuvaiheessa &#8221;uraani&#8221; el\u00e4intenpitokiellon alla\n olevasta naisesta, jonka kellarissa on useita h\u00e4kkej\u00e4 (kissoja) \npime\u00e4ss\u00e4, kosteassa ja kylm\u00e4ss\u00e4. Ja ett\u00e4 talon sis\u00e4ll\u00e4 on lis\u00e4\u00e4 h\u00e4kkej\u00e4,\n joissa ulostetta ja karvatupsuja. H\u00e4nell\u00e4 tiett\u00e4v\u00e4sti kolme koiraa.<\/p>\n\n\n\n<p>Otin samantien yhteytt\u00e4 poliisiin ja kunnanel\u00e4inl\u00e4\u00e4k\u00e4reihin, joille \ntapaus oli jo tuttu. He l\u00e4htiv\u00e4t sinne partio turvanaan asappina. \nMinulle j\u00e4i tapauksessa vain eteenp\u00e4inviej\u00e4n osa. Niin kovia, \ntunnekylmi\u00e4 ihmisi\u00e4 on olemassa, ettei tosikaan.&#8221;<\/p>\n","protected":false},"excerpt":{"rendered":"<p>Usvan tarina &#8221;Oma koirani Usva eli ensimm\u00e4isen elinvuotensa k\u00e4yt\u00e4nn\u00f6ss\u00e4 h\u00e4kiss\u00e4. El\u00e4inl\u00e4\u00e4k\u00e4ri otti yhteytt\u00e4 kasvattajaan, kun omistajan mukaan &#8221;el\u00e4in huojui eik\u00e4 oikein osannut edes juosta&#8221;. Omistaja oli ep\u00e4illyt ett\u00e4 koiralla on jokin sairaus(!). Koira ei vaan kertakaikkiaan ollut saanut kehitetty\u00e4 koordinaatiokyky\u00e4\u00e4n ja lihaksistoaan ja oli siksi niin surkea n\u00e4ky. On pitk\u00e4 tarina kuinka koira p\u00e4\u00e4tyi meille [&hellip;]<\/p>\n","protected":false},"author":8,"featured_media":0,"parent":0,"menu_order":0,"comment_status":"closed","ping_status":"closed","template":"","meta":{"_acf_changed":false,"footnotes":""},"class_list":["post-181","page","type-page","status-publish","hentry"],"acf":[],"yoast_head":"<!-- This site is optimized with the Yoast SEO plugin v27.1.1 - https:\/\/yoast.com\/product\/yoast-seo-wordpress\/ -->\n<title>Usvan tarina - \u00c4l\u00e4 h\u00e4kit\u00e4<\/title>\n<meta name=\"robots\" content=\"index, follow, max-snippet:-1, max-image-preview:large, max-video-preview:-1\" \/>\n<link rel=\"canonical\" href=\"https:\/\/sey.fi\/alahakita\/usvan-tarina\/\" \/>\n<meta property=\"og:locale\" content=\"fi_FI\" \/>\n<meta property=\"og:type\" content=\"article\" \/>\n<meta property=\"og:title\" content=\"Usvan tarina - \u00c4l\u00e4 h\u00e4kit\u00e4\" \/>\n<meta property=\"og:description\" content=\"Usvan tarina &#8221;Oma koirani Usva eli ensimm\u00e4isen elinvuotensa k\u00e4yt\u00e4nn\u00f6ss\u00e4 h\u00e4kiss\u00e4. El\u00e4inl\u00e4\u00e4k\u00e4ri otti yhteytt\u00e4 kasvattajaan, kun omistajan mukaan &#8221;el\u00e4in huojui eik\u00e4 oikein osannut edes juosta&#8221;. Omistaja oli ep\u00e4illyt ett\u00e4 koiralla on jokin sairaus(!). Koira ei vaan kertakaikkiaan ollut saanut kehitetty\u00e4 koordinaatiokyky\u00e4\u00e4n ja lihaksistoaan ja oli siksi niin surkea n\u00e4ky. On pitk\u00e4 tarina kuinka koira p\u00e4\u00e4tyi meille [&hellip;]\" \/>\n<meta property=\"og:url\" content=\"https:\/\/sey.fi\/alahakita\/usvan-tarina\/\" \/>\n<meta property=\"og:site_name\" content=\"\u00c4l\u00e4 h\u00e4kit\u00e4\" \/>\n<meta property=\"article:modified_time\" content=\"2020-01-11T08:21:04+00:00\" \/>\n<meta name=\"twitter:card\" content=\"summary_large_image\" \/>\n<meta name=\"twitter:label1\" content=\"Arvioitu lukuaika\" \/>\n\t<meta name=\"twitter:data1\" content=\"1 minuutti\" \/>\n<script type=\"application\/ld+json\" class=\"yoast-schema-graph\">{\"@context\":\"https:\/\/schema.org\",\"@graph\":[{\"@type\":\"WebPage\",\"@id\":\"https:\/\/sey.fi\/alahakita\/usvan-tarina\/\",\"url\":\"https:\/\/sey.fi\/alahakita\/usvan-tarina\/\",\"name\":\"Usvan tarina - \u00c4l\u00e4 h\u00e4kit\u00e4\",\"isPartOf\":{\"@id\":\"https:\/\/sey.fi\/alahakita\/#website\"},\"datePublished\":\"2019-12-09T09:50:29+00:00\",\"dateModified\":\"2020-01-11T08:21:04+00:00\",\"breadcrumb\":{\"@id\":\"https:\/\/sey.fi\/alahakita\/usvan-tarina\/#breadcrumb\"},\"inLanguage\":\"fi\",\"potentialAction\":[{\"@type\":\"ReadAction\",\"target\":[\"https:\/\/sey.fi\/alahakita\/usvan-tarina\/\"]}]},{\"@type\":\"BreadcrumbList\",\"@id\":\"https:\/\/sey.fi\/alahakita\/usvan-tarina\/#breadcrumb\",\"itemListElement\":[{\"@type\":\"ListItem\",\"position\":1,\"name\":\"Home\",\"item\":\"https:\/\/sey.fi\/alahakita\/\"},{\"@type\":\"ListItem\",\"position\":2,\"name\":\"Usvan tarina\"}]},{\"@type\":\"WebSite\",\"@id\":\"https:\/\/sey.fi\/alahakita\/#website\",\"url\":\"https:\/\/sey.fi\/alahakita\/\",\"name\":\"\u00c4l\u00e4 h\u00e4kit\u00e4\",\"description\":\"Uusi SEY J\u00e4senyhdistykset -sivusto\",\"potentialAction\":[{\"@type\":\"SearchAction\",\"target\":{\"@type\":\"EntryPoint\",\"urlTemplate\":\"https:\/\/sey.fi\/alahakita\/?s={search_term_string}\"},\"query-input\":{\"@type\":\"PropertyValueSpecification\",\"valueRequired\":true,\"valueName\":\"search_term_string\"}}],\"inLanguage\":\"fi\"}]}<\/script>\n<!-- \/ Yoast SEO plugin. -->","yoast_head_json":{"title":"Usvan tarina - \u00c4l\u00e4 h\u00e4kit\u00e4","robots":{"index":"index","follow":"follow","max-snippet":"max-snippet:-1","max-image-preview":"max-image-preview:large","max-video-preview":"max-video-preview:-1"},"canonical":"https:\/\/sey.fi\/alahakita\/usvan-tarina\/","og_locale":"fi_FI","og_type":"article","og_title":"Usvan tarina - \u00c4l\u00e4 h\u00e4kit\u00e4","og_description":"Usvan tarina &#8221;Oma koirani Usva eli ensimm\u00e4isen elinvuotensa k\u00e4yt\u00e4nn\u00f6ss\u00e4 h\u00e4kiss\u00e4. El\u00e4inl\u00e4\u00e4k\u00e4ri otti yhteytt\u00e4 kasvattajaan, kun omistajan mukaan &#8221;el\u00e4in huojui eik\u00e4 oikein osannut edes juosta&#8221;. Omistaja oli ep\u00e4illyt ett\u00e4 koiralla on jokin sairaus(!). Koira ei vaan kertakaikkiaan ollut saanut kehitetty\u00e4 koordinaatiokyky\u00e4\u00e4n ja lihaksistoaan ja oli siksi niin surkea n\u00e4ky. On pitk\u00e4 tarina kuinka koira p\u00e4\u00e4tyi meille [&hellip;]","og_url":"https:\/\/sey.fi\/alahakita\/usvan-tarina\/","og_site_name":"\u00c4l\u00e4 h\u00e4kit\u00e4","article_modified_time":"2020-01-11T08:21:04+00:00","twitter_card":"summary_large_image","twitter_misc":{"Arvioitu lukuaika":"1 minuutti"},"schema":{"@context":"https:\/\/schema.org","@graph":[{"@type":"WebPage","@id":"https:\/\/sey.fi\/alahakita\/usvan-tarina\/","url":"https:\/\/sey.fi\/alahakita\/usvan-tarina\/","name":"Usvan tarina - \u00c4l\u00e4 h\u00e4kit\u00e4","isPartOf":{"@id":"https:\/\/sey.fi\/alahakita\/#website"},"datePublished":"2019-12-09T09:50:29+00:00","dateModified":"2020-01-11T08:21:04+00:00","breadcrumb":{"@id":"https:\/\/sey.fi\/alahakita\/usvan-tarina\/#breadcrumb"},"inLanguage":"fi","potentialAction":[{"@type":"ReadAction","target":["https:\/\/sey.fi\/alahakita\/usvan-tarina\/"]}]},{"@type":"BreadcrumbList","@id":"https:\/\/sey.fi\/alahakita\/usvan-tarina\/#breadcrumb","itemListElement":[{"@type":"ListItem","position":1,"name":"Home","item":"https:\/\/sey.fi\/alahakita\/"},{"@type":"ListItem","position":2,"name":"Usvan tarina"}]},{"@type":"WebSite","@id":"https:\/\/sey.fi\/alahakita\/#website","url":"https:\/\/sey.fi\/alahakita\/","name":"\u00c4l\u00e4 h\u00e4kit\u00e4","description":"Uusi SEY J\u00e4senyhdistykset -sivusto","potentialAction":[{"@type":"SearchAction","target":{"@type":"EntryPoint","urlTemplate":"https:\/\/sey.fi\/alahakita\/?s={search_term_string}"},"query-input":{"@type":"PropertyValueSpecification","valueRequired":true,"valueName":"search_term_string"}}],"inLanguage":"fi"}]}},"_links":{"self":[{"href":"https:\/\/sey.fi\/alahakita\/wp-json\/wp\/v2\/pages\/181","targetHints":{"allow":["GET"]}}],"collection":[{"href":"https:\/\/sey.fi\/alahakita\/wp-json\/wp\/v2\/pages"}],"about":[{"href":"https:\/\/sey.fi\/alahakita\/wp-json\/wp\/v2\/types\/page"}],"author":[{"embeddable":true,"href":"https:\/\/sey.fi\/alahakita\/wp-json\/wp\/v2\/users\/8"}],"replies":[{"embeddable":true,"href":"https:\/\/sey.fi\/alahakita\/wp-json\/wp\/v2\/comments?post=181"}],"version-history":[{"count":1,"href":"https:\/\/sey.fi\/alahakita\/wp-json\/wp\/v2\/pages\/181\/revisions"}],"predecessor-version":[{"id":182,"href":"https:\/\/sey.fi\/alahakita\/wp-json\/wp\/v2\/pages\/181\/revisions\/182"}],"wp:attachment":[{"href":"https:\/\/sey.fi\/alahakita\/wp-json\/wp\/v2\/media?parent=181"}],"curies":[{"name":"wp","href":"https:\/\/api.w.org\/{rel}","templated":true}]}}