{"id":503,"date":"2025-04-03T09:07:56","date_gmt":"2025-04-03T06:07:56","guid":{"rendered":"https:\/\/sey.fi\/hameenlinna\/?page_id=503"},"modified":"2026-04-10T11:38:15","modified_gmt":"2026-04-10T08:38:15","slug":"kodinetsijat","status":"publish","type":"page","link":"https:\/\/sey.fi\/hameenlinna\/kodinetsijat\/","title":{"rendered":"Kodinetsij\u00e4t (p\u00e4ivitetty 10.4.2026)"},"content":{"rendered":"\n<p>Aikuiskotia etsii!<\/p>\n\n\n\n<p>Opaali &nbsp;<\/p>\n\n\n\n<figure class=\"wp-block-image size-large is-resized\"><img loading=\"lazy\" decoding=\"async\" width=\"798\" height=\"1024\" src=\"https:\/\/sey.fi\/wp-content\/uploads\/sites\/12\/2026\/03\/IMG_4156-798x1024.jpeg\" alt=\"\" class=\"wp-image-902\" style=\"width:347px;height:auto\" srcset=\"https:\/\/sey.fi\/wp-content\/uploads\/sites\/12\/2026\/03\/IMG_4156-798x1024.jpeg 798w, https:\/\/sey.fi\/wp-content\/uploads\/sites\/12\/2026\/03\/IMG_4156-234x300.jpeg 234w, https:\/\/sey.fi\/wp-content\/uploads\/sites\/12\/2026\/03\/IMG_4156-768x986.jpeg 768w, https:\/\/sey.fi\/wp-content\/uploads\/sites\/12\/2026\/03\/IMG_4156.jpeg 1178w\" sizes=\"auto, (max-width: 798px) 100vw, 798px\" \/><\/figure>\n\n\n\n<p>Rotu: Pitbulltyyppinen<\/p>\n\n\n\n<p>Sukupuoli: Narttu&nbsp;<\/p>\n\n\n\n<p>Ik\u00e4: Synt. 1.11.2022<\/p>\n\n\n\n<p>Rokotettu: Kyll\u00e4<\/p>\n\n\n\n<p>Steriloitu: Kyll\u00e4 &nbsp;<\/p>\n\n\n\n<p>Rekister\u00f6ity Kennelliittoon: Ei&nbsp;<\/p>\n\n\n\n<p>Rekister\u00f6ity Ruokavirastoon: Kyll\u00e4<\/p>\n\n\n\n<p>Rekister\u00f6ity muualle: Mikrosiru Turvasiru-palveluun&nbsp;<\/p>\n\n\n\n<p>Sijainti: Renko<\/p>\n\n\n\n<p>Terveystiedot: Ei havaittuja sairauksia. &nbsp;<\/p>\n\n\n\n<p>Kuvaus adoptoitavasta:<\/p>\n\n\n\n<p>Opaali etsii sitoutunutta aikuiskotia, jossa on mahdollisuus rauhassa opetella tavallista kotikoiran el\u00e4m\u00e4\u00e4.<\/p>\n\n\n\n<p>Yhdistykselle tulonsa j\u00e4lkeen Opaali on rohkaistunut paljon, ja h\u00e4nest\u00e4 on tullut esiin iloinen ja leikkis\u00e4 puoli.<\/p>\n\n\n\n<p>Opaali on yst\u00e4v\u00e4llinen koira, joka nauttii tuttujen ihmisten l\u00e4heisyydest\u00e4 ja hakeutuu mielell\u00e4\u00e4n rapsutettavaksi. Vieraisiin ihmisiin Opaali suhtautuu v\u00e4linpit\u00e4m\u00e4tt\u00f6m\u00e4sti.<\/p>\n\n\n\n<p>Opaalilla ei ole aiempaa kokemusta kotikoiran el\u00e4m\u00e4st\u00e4, joten tulevan kodin tulee sitoutua ohjaamaan ja tukemaan Opaalia uusien taitojen opettelussa. Opaali hy\u00f6tyy selkeist\u00e4 rutiineista ja rauhallisesta elinymp\u00e4rist\u00f6st\u00e4, jossa on kuitenkin riitt\u00e4v\u00e4sti aktiviteetteja ja virikkeit\u00e4.<\/p>\n\n\n\n<p>Ulkoillessa Opaali kulkee ihmisen l\u00e4hell\u00e4 eik\u00e4 ved\u00e4 taluttimessa. Opaali suhtautuu muihin koiriin neutraalin yst\u00e4v\u00e4llisesti eik\u00e4 r\u00e4hj\u00e4\u00e4.&nbsp;<\/p>\n\n\n\n<p>Hoitotoimenpiteet onnistuvat ilman ongelmia, kun ne tehd\u00e4\u00e4n rauhallisesti ja varmoin ottein. Yksinolossa ei ole ilmennyt haasteita.<\/p>\n\n\n\n<p>Opaali ei ole aiemmin asunut lapsiperheess\u00e4, joten h\u00e4nelle etsit\u00e4\u00e4n kotia ainoastaan aikuistaloudesta, jotta sopeutuminen uuteen ymp\u00e4rist\u00f6\u00f6n olisi mahdollisimman stressit\u00f6nt\u00e4. Ei muita el\u00e4imi\u00e4. Ei perheen ensimm\u00e4iseksi koiraksi.<\/p>\n\n\n\n<p>Edellyt\u00e4mme uudelta omistajalta haltijanvaihdoksen tekemist\u00e4 Ruokaviraston koirarekisteriin.&nbsp;<\/p>\n\n\n\n<hr class=\"wp-block-separator has-alpha-channel-opacity\" \/>\n\n\n\n<p>Omaa kotia etsii!<\/p>\n\n\n\n<p>Pirkko<\/p>\n\n\n\n<figure class=\"wp-block-image size-large is-resized\"><img loading=\"lazy\" decoding=\"async\" width=\"768\" height=\"1024\" src=\"https:\/\/sey.fi\/wp-content\/uploads\/sites\/12\/2026\/03\/IMG_1844-768x1024.jpeg\" alt=\"\" class=\"wp-image-893\" style=\"width:329px;height:auto\" srcset=\"https:\/\/sey.fi\/wp-content\/uploads\/sites\/12\/2026\/03\/IMG_1844-768x1024.jpeg 768w, https:\/\/sey.fi\/wp-content\/uploads\/sites\/12\/2026\/03\/IMG_1844-225x300.jpeg 225w, https:\/\/sey.fi\/wp-content\/uploads\/sites\/12\/2026\/03\/IMG_1844-1152x1536.jpeg 1152w, https:\/\/sey.fi\/wp-content\/uploads\/sites\/12\/2026\/03\/IMG_1844-1536x2048.jpeg 1536w, https:\/\/sey.fi\/wp-content\/uploads\/sites\/12\/2026\/03\/IMG_1844-scaled.jpeg 1920w\" sizes=\"auto, (max-width: 768px) 100vw, 768px\" \/><\/figure>\n\n\n\n<p>Rotu: sekarotuinen, akita\/australianpaimenkoira <\/p>\n\n\n\n<p>Sukupuoli: narttu<\/p>\n\n\n\n<p>Syntynyt: 28.4.2025<\/p>\n\n\n\n<p>Rokotettu: kyll\u00e4<\/p>\n\n\n\n<p>Steriloitu: ei, tuotava steriloitavaksi 2-3 kk:n p\u00e4\u00e4st\u00e4<\/p>\n\n\n\n<p>Rekister\u00f6ity Kennelliittoon: ei<\/p>\n\n\n\n<p>Rekister\u00f6ity Ruokavirastoon: kyll\u00e4<\/p>\n\n\n\n<p>Rekister\u00f6ity muualle: mikrosiru turvasiru-palveluun<\/p>\n\n\n\n<p>Sijainti: sijaiskoti renko<\/p>\n\n\n\n<p>Terveystiedot: ei havaittuja sairauksia<\/p>\n\n\n\n<p>Kuvaus:<\/p>\n\n\n\n<p>Pirkko on kiva ja energinen neiti, joka kaipaa aktiivista kotia. Pirkko on viel\u00e4 nuori ja monissa asioissa on viel\u00e4 oppimista. Pirkosta saa aivan mahtavan kaverin.<\/p>\n\n\n\n<p>Pirkosta l\u00f6ytyy omaa tahtoa, on kuitenkin herkuilla helposti lahjottavissa. Tarvitsee kokeneen omistajan.<\/p>\n\n\n\n<p>Pirkko on eritt\u00e4in ahne, jos silm\u00e4 v\u00e4ltt\u00e4\u00e4 vie ruuat vaikka k\u00e4dest\u00e4. Ruuan kanssa on resurssiaggressiivinen. Ihmisille ei \u00e4rhentele, ainoastaan muille el\u00e4imille. Jos sy\u00f6 yht\u00e4aikaa muiden el\u00e4inten kanssa, on vahdittava tai laitettava eri tilaan sy\u00f6m\u00e4\u00e4n. My\u00f6s luut ja herkut erill\u00e4\u00e4n muista. T\u00e4t\u00e4 ollaan harjoiteltu ja sujuu jo paremmin, mutta viel\u00e4 on t\u00f6it\u00e4.<\/p>\n\n\n\n<p>Ei sovi pikkulapsiperheeseen!<\/p>\n\n\n\n<p>Sis\u00e4siisti<\/p>\n\n\n\n<p>Pirkko ei muuta kerrostaloon, omakotitalo ja oma piha olisi Pirkon mieleen.<\/p>\n\n\n\n<p>Pirkolla on eroahdistusta. T\u00e4m\u00e4 on my\u00f6s menossa parempaan suuntaan. Uuden kodin on jatkettava harjoittelua pieni\u00e4 aikoja kerrallaan. Ahdistus ilmenee ulisemisena ja haukkumisena.<\/p>\n\n\n\n<p>Aluksi Pirkko suhtautuu varauksella uusiin ihmisiin ja koiriin. Tutustuttuaan tulee hyvin toimeen oman kokoistensa koirien kanssa. Jos tulevassa kodissa on koira, t\u00e4ytyisi kaveri olla pitk\u00e4pinnainen. Pirkolla riitt\u00e4\u00e4 vauhtia ja mielell\u00e4\u00e4n leikkii ja riehuu toisten kanssa. Rauhallisemmat kaverit ei t\u00e4st\u00e4 niin v\u00e4lit\u00e4. Pienet koirat eiv\u00e4t sovi Pirkolle kaveriksi, j\u00e4\u00e4v\u00e4t jalkoihin ja leikit voivat olla melko rajuja. Ei kissoja.<\/p>\n\n\n\n<p>Edellyt\u00e4mme uudelta omistajalta haltijanvaihdoksen tekemist\u00e4 Ruokaviraston koirarekisteriin.&nbsp;<\/p>\n\n\n\n<hr class=\"wp-block-separator has-alpha-channel-opacity\" \/>\n\n\n\n<p>Aikuiskotia etsii!<\/p>\n\n\n\n<p>Simba<\/p>\n\n\n\n<figure class=\"wp-block-image size-large is-resized\"><img decoding=\"async\" src=\"https:\/\/sey.fi\/wp-content\/uploads\/sites\/12\/2025\/08\/IMG_3713-576x1024.jpeg\" alt=\"\" class=\"wp-image-735\" style=\"width:307px;height:auto\" \/><\/figure>\n\n\n\n<p>Rotu: Pomeranian<\/p>\n\n\n\n<p>Sukupuoli: Uros<\/p>\n\n\n\n<p>Ik\u00e4: synt. 27.9.2018 (Valko-Ven\u00e4j\u00e4)<\/p>\n\n\n\n<p>Rokotettu: Kyll\u00e4<\/p>\n\n\n\n<p>Steriloitu: Kyll\u00e4<\/p>\n\n\n\n<p>Rekister\u00f6ity Kennelliittoon: Ei (rekister\u00f6ity Valko-Ven\u00e4j\u00e4lle)<\/p>\n\n\n\n<p>Rekister\u00f6ity Ruokavirastoon: Kyll\u00e4<\/p>\n\n\n\n<p>Rekister\u00f6ity muualle: Turvasiru-palveluun<\/p>\n\n\n\n<p>Sijainti: Renko<\/p>\n\n\n\n<p>Terveystiedot: Ei havaittuja sairauksia. Polvitutkimuksessa kes\u00e4ll\u00e4 2025 0\/0-tulos. &nbsp;<\/p>\n\n\n\n<p>Kuvaus adoptoitavasta:<\/p>\n\n\n\n<p>Kodinvaihtaja Simba etsii uutta kotia. Simballa on ollut aggressiivisuutta, joka ilmeni ensimm\u00e4isen kerran 2 vuoden ik\u00e4isen\u00e4. Simba saattaa k\u00e4ytt\u00e4yty\u00e4 arvaamattomasti ja purra, jos kokee olonsa h\u00e4irityksi tai uhatuksi. Ei varoita murisemalla. Simba saattaa esimerkiksi rauhoittua lep\u00e4\u00e4m\u00e4\u00e4n ihmisen vierelle, mutta ei halua, ett\u00e4 h\u00e4neen kosketaan. Simballa on my\u00f6s resurssiaggressiivisuutta, joka tulee esille erityisesti ruokailutilanteissa ja herkutteluhetkiss\u00e4. Ik\u00e4v\u00e4t tilanteet voidaan v\u00e4ltt\u00e4\u00e4 riitt\u00e4v\u00e4ll\u00e4 tilanteiden ennakoinnilla sek\u00e4 antamalla Simballe tilaa.<\/p>\n\n\n\n<p>Simba on leikkis\u00e4 ja tykk\u00e4\u00e4 olla ihmisen l\u00e4hell\u00e4. Tykk\u00e4\u00e4 palloleikeist\u00e4. Kulkee n\u00e4tisti taluttimessa eik\u00e4 r\u00e4hj\u00e4\u00e4.<\/p>\n\n\n\n<p>Uudelta kodilta edellytet\u00e4\u00e4n johdonmukaisuutta sek\u00e4 sitoutuneisuutta ty\u00f6st\u00e4\u00e4 Simban puremisk\u00e4ytt\u00e4ytymist\u00e4 ja tarvittaessa hankkia ammattimaisen kouluttajan apua. Simba luovutetaan kotiin, jossa on riitt\u00e4v\u00e4sti koirakokemusta. Simba tykk\u00e4\u00e4 lapsista, mutta puremistaustan vuoksi Simbaa ei luovuteta lapsiperheeseen. Ei perheeseen, jossa on kissoja.<\/p>\n\n\n\n<p>Turkki vaatii s\u00e4\u00e4nn\u00f6llist\u00e4 hoitoa. Simban turkki on alasajettu edellisess\u00e4 kodissa. Haukkuherkk\u00e4.<\/p>\n\n\n\n<p>Edellyt\u00e4mme uudelta omistajalta haltijanvaihdoksen tekemist\u00e4 Ruokaviraston koirarekisteriin.&nbsp;<\/p>\n\n\n\n<hr class=\"wp-block-separator has-alpha-channel-opacity\" \/>\n\n\n\n<p>Okahiiret etsiv\u00e4t uusia koteja! <\/p>\n\n\n\n<figure class=\"wp-block-image size-large is-resized\"><img loading=\"lazy\" decoding=\"async\" width=\"768\" height=\"1024\" src=\"https:\/\/sey.fi\/wp-content\/uploads\/sites\/12\/2025\/11\/IMG_5254-768x1024.jpeg\" alt=\"\" class=\"wp-image-811\" style=\"width:301px;height:auto\" srcset=\"https:\/\/sey.fi\/wp-content\/uploads\/sites\/12\/2025\/11\/IMG_5254-768x1024.jpeg 768w, https:\/\/sey.fi\/wp-content\/uploads\/sites\/12\/2025\/11\/IMG_5254-225x300.jpeg 225w, https:\/\/sey.fi\/wp-content\/uploads\/sites\/12\/2025\/11\/IMG_5254-1152x1536.jpeg 1152w, https:\/\/sey.fi\/wp-content\/uploads\/sites\/12\/2025\/11\/IMG_5254-1536x2048.jpeg 1536w, https:\/\/sey.fi\/wp-content\/uploads\/sites\/12\/2025\/11\/IMG_5254-scaled.jpeg 1920w\" sizes=\"auto, (max-width: 768px) 100vw, 768px\" \/><\/figure>\n\n\n\n<p>Hiiret luovutetaan uusiin koteihin useamman yksil\u00f6n ryhmiss\u00e4. Hiiret ovat 3-6 kuukautta vanhoja uroksia. <\/p>\n\n\n\n<p>Lue lis\u00e4\u00e4 okahiirien pitovaatimuksista:&nbsp;<a href=\"https:\/\/eur03.safelinks.protection.outlook.com\/?url=https%3A%2F%2Fhiiret.fi%2Ffin%2Flajit%2F%3Fpg%3D2%26sub%3D1&amp;data=05%7C02%7Canna.mikkola%40uef.fi%7C0e8e1d3933cb4e2e7e2508de25b9eab9%7C87879f2e73044bf2baf263e7f83f3c34%7C0%7C0%7C638989677660413595%7CUnknown%7CTWFpbGZsb3d8eyJFbXB0eU1hcGkiOnRydWUsIlYiOiIwLjAuMDAwMCIsIlAiOiJXaW4zMiIsIkFOIjoiTWFpbCIsIldUIjoyfQ%3D%3D%7C0%7C%7C%7C&amp;sdata=zYJ4r0t9%2Fo%2Bp1iFkejKxy7YaDSoba1V41q6U3tX4ADQ%3D&amp;reserved=0\">https:\/\/hiiret.fi\/fin\/lajit\/?pg=2&amp;sub=1<\/a><\/p>\n\n\n\n<hr class=\"wp-block-separator has-alpha-channel-opacity\" \/>\n\n\n\n<p><\/p>\n","protected":false},"excerpt":{"rendered":"<p>Aikuiskotia etsii! Opaali &nbsp; Rotu: Pitbulltyyppinen Sukupuoli: Narttu&nbsp; Ik\u00e4: Synt. 1.11.2022 Rokotettu: Kyll\u00e4 Steriloitu: Kyll\u00e4 &nbsp; Rekister\u00f6ity Kennelliittoon: Ei&nbsp; Rekister\u00f6ity Ruokavirastoon: Kyll\u00e4 Rekister\u00f6ity muualle: Mikrosiru Turvasiru-palveluun&nbsp; Sijainti: Renko Terveystiedot: Ei havaittuja sairauksia. &nbsp; Kuvaus adoptoitavasta: Opaali etsii sitoutunutta aikuiskotia, jossa on mahdollisuus rauhassa opetella tavallista kotikoiran el\u00e4m\u00e4\u00e4. Yhdistykselle tulonsa j\u00e4lkeen Opaali on rohkaistunut paljon, ja [&hellip;]<\/p>\n","protected":false},"author":12,"featured_media":0,"parent":0,"menu_order":0,"comment_status":"closed","ping_status":"closed","template":"","meta":{"_acf_changed":false,"footnotes":""},"class_list":["post-503","page","type-page","status-publish","hentry"],"acf":[],"yoast_head":"<!-- This site is optimized with the Yoast SEO plugin v27.1.1 - https:\/\/yoast.com\/product\/yoast-seo-wordpress\/ -->\n<title>Kodinetsij\u00e4t (p\u00e4ivitetty 10.4.2026) - H\u00e4meenlinnan seudun el\u00e4insuojeluyhdistys<\/title>\n<meta name=\"robots\" content=\"index, follow, max-snippet:-1, max-image-preview:large, max-video-preview:-1\" \/>\n<link rel=\"canonical\" href=\"https:\/\/sey.fi\/hameenlinna\/kodinetsijat\/\" \/>\n<meta property=\"og:locale\" content=\"fi_FI\" \/>\n<meta property=\"og:type\" content=\"article\" \/>\n<meta property=\"og:title\" content=\"Kodinetsij\u00e4t (p\u00e4ivitetty 10.4.2026) - H\u00e4meenlinnan seudun el\u00e4insuojeluyhdistys\" \/>\n<meta property=\"og:description\" content=\"Aikuiskotia etsii! Opaali &nbsp; Rotu: Pitbulltyyppinen Sukupuoli: Narttu&nbsp; Ik\u00e4: Synt. 1.11.2022 Rokotettu: Kyll\u00e4 Steriloitu: Kyll\u00e4 &nbsp; Rekister\u00f6ity Kennelliittoon: Ei&nbsp; Rekister\u00f6ity Ruokavirastoon: Kyll\u00e4 Rekister\u00f6ity muualle: Mikrosiru Turvasiru-palveluun&nbsp; Sijainti: Renko Terveystiedot: Ei havaittuja sairauksia. &nbsp; Kuvaus adoptoitavasta: Opaali etsii sitoutunutta aikuiskotia, jossa on mahdollisuus rauhassa opetella tavallista kotikoiran el\u00e4m\u00e4\u00e4. Yhdistykselle tulonsa j\u00e4lkeen Opaali on rohkaistunut paljon, ja [&hellip;]\" \/>\n<meta property=\"og:url\" content=\"https:\/\/sey.fi\/hameenlinna\/kodinetsijat\/\" \/>\n<meta property=\"og:site_name\" content=\"H\u00e4meenlinnan seudun el\u00e4insuojeluyhdistys\" \/>\n<meta property=\"article:modified_time\" content=\"2026-04-10T08:38:15+00:00\" \/>\n<meta property=\"og:image\" content=\"https:\/\/sey.fi\/wp-content\/uploads\/sites\/12\/2026\/03\/IMG_4156.jpeg\" \/>\n\t<meta property=\"og:image:width\" content=\"1178\" \/>\n\t<meta property=\"og:image:height\" content=\"1512\" \/>\n\t<meta property=\"og:image:type\" content=\"image\/jpeg\" \/>\n<meta name=\"twitter:card\" content=\"summary_large_image\" \/>\n<meta name=\"twitter:label1\" content=\"Arvioitu lukuaika\" \/>\n\t<meta name=\"twitter:data1\" content=\"5 minuuttia\" \/>\n<script type=\"application\/ld+json\" class=\"yoast-schema-graph\">{\"@context\":\"https:\/\/schema.org\",\"@graph\":[{\"@type\":\"WebPage\",\"@id\":\"https:\/\/sey.fi\/hameenlinna\/kodinetsijat\/\",\"url\":\"https:\/\/sey.fi\/hameenlinna\/kodinetsijat\/\",\"name\":\"Kodinetsij\u00e4t (p\u00e4ivitetty 10.4.2026) - H\u00e4meenlinnan seudun el\u00e4insuojeluyhdistys\",\"isPartOf\":{\"@id\":\"https:\/\/sey.fi\/hameenlinna\/#website\"},\"primaryImageOfPage\":{\"@id\":\"https:\/\/sey.fi\/hameenlinna\/kodinetsijat\/#primaryimage\"},\"image\":{\"@id\":\"https:\/\/sey.fi\/hameenlinna\/kodinetsijat\/#primaryimage\"},\"thumbnailUrl\":\"https:\/\/sey.fi\/wp-content\/uploads\/sites\/12\/2026\/03\/IMG_4156-798x1024.jpeg\",\"datePublished\":\"2025-04-03T06:07:56+00:00\",\"dateModified\":\"2026-04-10T08:38:15+00:00\",\"breadcrumb\":{\"@id\":\"https:\/\/sey.fi\/hameenlinna\/kodinetsijat\/#breadcrumb\"},\"inLanguage\":\"fi\",\"potentialAction\":[{\"@type\":\"ReadAction\",\"target\":[\"https:\/\/sey.fi\/hameenlinna\/kodinetsijat\/\"]}]},{\"@type\":\"ImageObject\",\"inLanguage\":\"fi\",\"@id\":\"https:\/\/sey.fi\/hameenlinna\/kodinetsijat\/#primaryimage\",\"url\":\"https:\/\/sey.fi\/wp-content\/uploads\/sites\/12\/2026\/03\/IMG_4156-798x1024.jpeg\",\"contentUrl\":\"https:\/\/sey.fi\/wp-content\/uploads\/sites\/12\/2026\/03\/IMG_4156-798x1024.jpeg\"},{\"@type\":\"BreadcrumbList\",\"@id\":\"https:\/\/sey.fi\/hameenlinna\/kodinetsijat\/#breadcrumb\",\"itemListElement\":[{\"@type\":\"ListItem\",\"position\":1,\"name\":\"Home\",\"item\":\"https:\/\/sey.fi\/hameenlinna\/\"},{\"@type\":\"ListItem\",\"position\":2,\"name\":\"Kodinetsij\u00e4t (p\u00e4ivitetty 10.4.2026)\"}]},{\"@type\":\"WebSite\",\"@id\":\"https:\/\/sey.fi\/hameenlinna\/#website\",\"url\":\"https:\/\/sey.fi\/hameenlinna\/\",\"name\":\"H\u00e4meenlinnan seudun el\u00e4insuojeluyhdistys\",\"description\":\"Uusi SEY J\u00e4senyhdistykset -sivusto\",\"potentialAction\":[{\"@type\":\"SearchAction\",\"target\":{\"@type\":\"EntryPoint\",\"urlTemplate\":\"https:\/\/sey.fi\/hameenlinna\/?s={search_term_string}\"},\"query-input\":{\"@type\":\"PropertyValueSpecification\",\"valueRequired\":true,\"valueName\":\"search_term_string\"}}],\"inLanguage\":\"fi\"}]}<\/script>\n<!-- \/ Yoast SEO plugin. -->","yoast_head_json":{"title":"Kodinetsij\u00e4t (p\u00e4ivitetty 10.4.2026) - H\u00e4meenlinnan seudun el\u00e4insuojeluyhdistys","robots":{"index":"index","follow":"follow","max-snippet":"max-snippet:-1","max-image-preview":"max-image-preview:large","max-video-preview":"max-video-preview:-1"},"canonical":"https:\/\/sey.fi\/hameenlinna\/kodinetsijat\/","og_locale":"fi_FI","og_type":"article","og_title":"Kodinetsij\u00e4t (p\u00e4ivitetty 10.4.2026) - H\u00e4meenlinnan seudun el\u00e4insuojeluyhdistys","og_description":"Aikuiskotia etsii! Opaali &nbsp; Rotu: Pitbulltyyppinen Sukupuoli: Narttu&nbsp; Ik\u00e4: Synt. 1.11.2022 Rokotettu: Kyll\u00e4 Steriloitu: Kyll\u00e4 &nbsp; Rekister\u00f6ity Kennelliittoon: Ei&nbsp; Rekister\u00f6ity Ruokavirastoon: Kyll\u00e4 Rekister\u00f6ity muualle: Mikrosiru Turvasiru-palveluun&nbsp; Sijainti: Renko Terveystiedot: Ei havaittuja sairauksia. &nbsp; Kuvaus adoptoitavasta: Opaali etsii sitoutunutta aikuiskotia, jossa on mahdollisuus rauhassa opetella tavallista kotikoiran el\u00e4m\u00e4\u00e4. Yhdistykselle tulonsa j\u00e4lkeen Opaali on rohkaistunut paljon, ja [&hellip;]","og_url":"https:\/\/sey.fi\/hameenlinna\/kodinetsijat\/","og_site_name":"H\u00e4meenlinnan seudun el\u00e4insuojeluyhdistys","article_modified_time":"2026-04-10T08:38:15+00:00","og_image":[{"width":1178,"height":1512,"url":"https:\/\/sey.fi\/wp-content\/uploads\/sites\/12\/2026\/03\/IMG_4156.jpeg","type":"image\/jpeg"}],"twitter_card":"summary_large_image","twitter_misc":{"Arvioitu lukuaika":"5 minuuttia"},"schema":{"@context":"https:\/\/schema.org","@graph":[{"@type":"WebPage","@id":"https:\/\/sey.fi\/hameenlinna\/kodinetsijat\/","url":"https:\/\/sey.fi\/hameenlinna\/kodinetsijat\/","name":"Kodinetsij\u00e4t (p\u00e4ivitetty 10.4.2026) - H\u00e4meenlinnan seudun el\u00e4insuojeluyhdistys","isPartOf":{"@id":"https:\/\/sey.fi\/hameenlinna\/#website"},"primaryImageOfPage":{"@id":"https:\/\/sey.fi\/hameenlinna\/kodinetsijat\/#primaryimage"},"image":{"@id":"https:\/\/sey.fi\/hameenlinna\/kodinetsijat\/#primaryimage"},"thumbnailUrl":"https:\/\/sey.fi\/wp-content\/uploads\/sites\/12\/2026\/03\/IMG_4156-798x1024.jpeg","datePublished":"2025-04-03T06:07:56+00:00","dateModified":"2026-04-10T08:38:15+00:00","breadcrumb":{"@id":"https:\/\/sey.fi\/hameenlinna\/kodinetsijat\/#breadcrumb"},"inLanguage":"fi","potentialAction":[{"@type":"ReadAction","target":["https:\/\/sey.fi\/hameenlinna\/kodinetsijat\/"]}]},{"@type":"ImageObject","inLanguage":"fi","@id":"https:\/\/sey.fi\/hameenlinna\/kodinetsijat\/#primaryimage","url":"https:\/\/sey.fi\/wp-content\/uploads\/sites\/12\/2026\/03\/IMG_4156-798x1024.jpeg","contentUrl":"https:\/\/sey.fi\/wp-content\/uploads\/sites\/12\/2026\/03\/IMG_4156-798x1024.jpeg"},{"@type":"BreadcrumbList","@id":"https:\/\/sey.fi\/hameenlinna\/kodinetsijat\/#breadcrumb","itemListElement":[{"@type":"ListItem","position":1,"name":"Home","item":"https:\/\/sey.fi\/hameenlinna\/"},{"@type":"ListItem","position":2,"name":"Kodinetsij\u00e4t (p\u00e4ivitetty 10.4.2026)"}]},{"@type":"WebSite","@id":"https:\/\/sey.fi\/hameenlinna\/#website","url":"https:\/\/sey.fi\/hameenlinna\/","name":"H\u00e4meenlinnan seudun el\u00e4insuojeluyhdistys","description":"Uusi SEY J\u00e4senyhdistykset -sivusto","potentialAction":[{"@type":"SearchAction","target":{"@type":"EntryPoint","urlTemplate":"https:\/\/sey.fi\/hameenlinna\/?s={search_term_string}"},"query-input":{"@type":"PropertyValueSpecification","valueRequired":true,"valueName":"search_term_string"}}],"inLanguage":"fi"}]}},"_links":{"self":[{"href":"https:\/\/sey.fi\/hameenlinna\/wp-json\/wp\/v2\/pages\/503","targetHints":{"allow":["GET"]}}],"collection":[{"href":"https:\/\/sey.fi\/hameenlinna\/wp-json\/wp\/v2\/pages"}],"about":[{"href":"https:\/\/sey.fi\/hameenlinna\/wp-json\/wp\/v2\/types\/page"}],"author":[{"embeddable":true,"href":"https:\/\/sey.fi\/hameenlinna\/wp-json\/wp\/v2\/users\/12"}],"replies":[{"embeddable":true,"href":"https:\/\/sey.fi\/hameenlinna\/wp-json\/wp\/v2\/comments?post=503"}],"version-history":[{"count":115,"href":"https:\/\/sey.fi\/hameenlinna\/wp-json\/wp\/v2\/pages\/503\/revisions"}],"predecessor-version":[{"id":923,"href":"https:\/\/sey.fi\/hameenlinna\/wp-json\/wp\/v2\/pages\/503\/revisions\/923"}],"wp:attachment":[{"href":"https:\/\/sey.fi\/hameenlinna\/wp-json\/wp\/v2\/media?parent=503"}],"curies":[{"name":"wp","href":"https:\/\/api.w.org\/{rel}","templated":true}]}}