{"id":127,"date":"2019-10-23T14:42:19","date_gmt":"2019-10-23T11:42:19","guid":{"rendered":"http:\/\/srvr10.xetpoint.com\/~seyfi\/hartola\/?page_id=127"},"modified":"2026-04-16T20:18:06","modified_gmt":"2026-04-16T17:18:06","slug":"loytoelaimet","status":"publish","type":"page","link":"https:\/\/sey.fi\/hartola\/hartolan-seudun-elainsuojeluyhdistys\/loytoelaimet\/","title":{"rendered":"L\u00f6yt\u00f6el\u00e4imet"},"content":{"rendered":"\n<p><strong>Yhdistyksell\u00e4 on sopimus l\u00f6yt\u00f6el\u00e4inten talteenotosta seuraavien kuntien kanssa:<\/strong><\/p>\n\n\n\n<p>Asikkala <\/p>\n\n\n\n<p>Hartola<\/p>\n\n\n\n<p>Hirvensalmi<\/p>\n\n\n\n<p>M\u00e4ntyharju (Huom! Kissat ja muut pienel\u00e4imet! Koirat: Pulkkinen)<\/p>\n\n\n\n<p>Pertunmaa (1.1.2025 liittynyt M\u00e4ntyharjuun)<\/p>\n\n\n\n<p>Sysm\u00e4<\/p>\n\n\n\n<p>HUOM! L\u00d6YT\u00d6EL\u00c4IMET ENSISIJAISESTI YHDISTYKSEN FACEBOOK-SIVUILLA! <\/p>\n\n\n\n<p><\/p>\n\n\n\n<p> L\u00f6yt\u00f6el\u00e4intarhat l\u00f6yd\u00e4t osoitteesta:<br><a href=\"http:\/\/www.karkurit.fi\/loytoelaintarhat\">http:\/\/www.karkurit.fi\/loytoelaintarhat<\/a><\/p>\n\n\n\n<figure class=\"wp-block-image\"><img loading=\"lazy\" decoding=\"async\" width=\"691\" height=\"460\" src=\"https:\/\/sey.fi\/wp-content\/uploads\/sites\/11\/2019\/10\/valdemar.jpg\" alt=\"\" class=\"wp-image-128\" \/><\/figure>\n\n\n\n<h2 class=\"wp-block-heading\">L\u00f6yt\u00f6el\u00e4inten talteenotto<\/h2>\n\n\n\n<p>El\u00e4inten hyvinvointilain mukaan kunnilla tulee olla l\u00f6yt\u00f6el\u00e4inten tilap\u00e4isen hoidon j\u00e4rjest\u00e4mist\u00e4 varten talteenottopaikka. L\u00f6yt\u00f6el\u00e4imell\u00e4 tarkoitetaan kunnan alueella irrallaan tavattuja ja kiinni otettuja koiria ja kissoja sek\u00e4 muita pienikokoisia seura- ja harrastusel\u00e4imi\u00e4. Talteen otettua el\u00e4int\u00e4 on s\u00e4ilytett\u00e4v\u00e4 v\u00e4hint\u00e4\u00e4n 15 p\u00e4iv\u00e4n ajan, mink\u00e4 j\u00e4lkeen kunnalla on oikeus myyd\u00e4, muutoin luovuttaa tai lopettaa el\u00e4in.<\/p>\n\n\n\n<p>El\u00e4imen omistajaa ei useinkaan onnistuta l\u00f6yt\u00e4m\u00e4\u00e4n lain m\u00e4\u00e4r\u00e4\u00e4mien 15 p\u00e4iv\u00e4n aikana. El\u00e4inten lopettaminen kuitenkin tuntuu v\u00e4\u00e4r\u00e4lt\u00e4, koska el\u00e4imen kodittomaksi joutuminen ei ole sen itsens\u00e4 syy, vaan vastuu on aina ihmisell\u00e4. Sen takia me el\u00e4insuojeluyhdistyksess\u00e4 toimivat vapaaehtoiset haluamme tehd\u00e4 el\u00e4inten hyv\u00e4ksi enemm\u00e4n kuin mit\u00e4 laki vaatii.<\/p>\n\n\n\n<p>15 vuorokauden m\u00e4\u00e4r\u00e4ajan umpeuduttua aloitamme uuden kodin etsinn\u00e4n, jonka aikana el\u00e4imet asuvat joko yhdistyksen l\u00f6yt\u00f6kodissa tai sijaiskotimajoituksessa yhdistyksen j\u00e4senten tai muiden vapaaehtoisten kotona. Jokaiselle el\u00e4imelle pyrit\u00e4\u00e4n l\u00f6yt\u00e4m\u00e4\u00e4n hyv\u00e4 uusi koti, jotta el\u00e4in ei joutuisi &#8221;kiertopalkinnoksi&#8221; ja vaihtamaan kotia en\u00e4\u00e4 uudestaan.<\/p>\n\n\n\n<h2 class=\"wp-block-heading\">Hyl\u00e4tty, kadonnut vai karkuteill\u00e4<\/h2>\n\n\n\n<p>Kaikki l\u00f6yt\u00f6el\u00e4imet eiv\u00e4t kuitenkaan ole hyl\u00e4ttyj\u00e4. Karkureita l\u00f6ytyy niin kissoista, koirista kuin linnuistakin. Oman rakkaan lemmikin takaisin saamista helpottaa suuresti, jos el\u00e4in on merkitty joko tatuoinnilla tai mikrosirulla. Usein omistajan nimi tai puhelinnumero selvi\u00e4\u00e4 kaulapannastakin, mutta monesti panta on h\u00e4vinnyt matkan varrella.<\/p>\n\n\n\n<h2 class=\"wp-block-heading\">Onko lemmikkisi kadonnut?<\/h2>\n\n\n\n<p><a href=\"http:\/\/www.jalkikoirat.net\/content\/mit%C3%A4-tehd%C3%A4-kun-koira-katoaa\" data-type=\"URL\" data-id=\"http:\/\/www.jalkikoirat.net\/content\/mit%C3%A4-tehd%C3%A4-kun-koira-katoaa\">T\u00e4\u00e4lt\u00e4 l\u00f6yd\u00e4t hyv\u00e4t ohjeet mit\u00e4 tehd\u00e4, jos lemmikkisi on kadonnut<\/a>.<\/p>\n\n\n\n<p><\/p>\n","protected":false},"excerpt":{"rendered":"<p>Yhdistyksell\u00e4 on sopimus l\u00f6yt\u00f6el\u00e4inten talteenotosta seuraavien kuntien kanssa: Asikkala Hartola Hirvensalmi M\u00e4ntyharju (Huom! Kissat ja muut pienel\u00e4imet! Koirat: Pulkkinen) Pertunmaa (1.1.2025 liittynyt M\u00e4ntyharjuun) Sysm\u00e4 HUOM! L\u00d6YT\u00d6EL\u00c4IMET ENSISIJAISESTI YHDISTYKSEN FACEBOOK-SIVUILLA! L\u00f6yt\u00f6el\u00e4intarhat l\u00f6yd\u00e4t osoitteesta:http:\/\/www.karkurit.fi\/loytoelaintarhat L\u00f6yt\u00f6el\u00e4inten talteenotto El\u00e4inten hyvinvointilain mukaan kunnilla tulee olla l\u00f6yt\u00f6el\u00e4inten tilap\u00e4isen hoidon j\u00e4rjest\u00e4mist\u00e4 varten talteenottopaikka. L\u00f6yt\u00f6el\u00e4imell\u00e4 tarkoitetaan kunnan alueella irrallaan tavattuja ja kiinni otettuja [&hellip;]<\/p>\n","protected":false},"author":8,"featured_media":0,"parent":2,"menu_order":0,"comment_status":"closed","ping_status":"closed","template":"","meta":{"_acf_changed":false,"footnotes":""},"class_list":["post-127","page","type-page","status-publish","hentry"],"acf":[],"yoast_head":"<!-- This site is optimized with the Yoast SEO plugin v27.1.1 - https:\/\/yoast.com\/product\/yoast-seo-wordpress\/ -->\n<title>L\u00f6yt\u00f6el\u00e4imet - Hartolan seudun el\u00e4insuojeluyhdistys<\/title>\n<meta name=\"robots\" content=\"index, follow, max-snippet:-1, max-image-preview:large, max-video-preview:-1\" \/>\n<link rel=\"canonical\" href=\"https:\/\/sey.fi\/hartola\/hartolan-seudun-elainsuojeluyhdistys\/loytoelaimet\/\" \/>\n<meta property=\"og:locale\" content=\"fi_FI\" \/>\n<meta property=\"og:type\" content=\"article\" \/>\n<meta property=\"og:title\" content=\"L\u00f6yt\u00f6el\u00e4imet - Hartolan seudun el\u00e4insuojeluyhdistys\" \/>\n<meta property=\"og:description\" content=\"Yhdistyksell\u00e4 on sopimus l\u00f6yt\u00f6el\u00e4inten talteenotosta seuraavien kuntien kanssa: Asikkala Hartola Hirvensalmi M\u00e4ntyharju (Huom! Kissat ja muut pienel\u00e4imet! Koirat: Pulkkinen) Pertunmaa (1.1.2025 liittynyt M\u00e4ntyharjuun) Sysm\u00e4 HUOM! L\u00d6YT\u00d6EL\u00c4IMET ENSISIJAISESTI YHDISTYKSEN FACEBOOK-SIVUILLA! L\u00f6yt\u00f6el\u00e4intarhat l\u00f6yd\u00e4t osoitteesta:http:\/\/www.karkurit.fi\/loytoelaintarhat L\u00f6yt\u00f6el\u00e4inten talteenotto El\u00e4inten hyvinvointilain mukaan kunnilla tulee olla l\u00f6yt\u00f6el\u00e4inten tilap\u00e4isen hoidon j\u00e4rjest\u00e4mist\u00e4 varten talteenottopaikka. L\u00f6yt\u00f6el\u00e4imell\u00e4 tarkoitetaan kunnan alueella irrallaan tavattuja ja kiinni otettuja [&hellip;]\" \/>\n<meta property=\"og:url\" content=\"https:\/\/sey.fi\/hartola\/hartolan-seudun-elainsuojeluyhdistys\/loytoelaimet\/\" \/>\n<meta property=\"og:site_name\" content=\"Hartolan seudun el\u00e4insuojeluyhdistys\" \/>\n<meta property=\"article:modified_time\" content=\"2026-04-16T17:18:06+00:00\" \/>\n<meta property=\"og:image\" content=\"https:\/\/sey.fi\/wp-content\/uploads\/sites\/11\/2019\/10\/valdemar.jpg\" \/>\n\t<meta property=\"og:image:width\" content=\"691\" \/>\n\t<meta property=\"og:image:height\" content=\"460\" \/>\n\t<meta property=\"og:image:type\" content=\"image\/jpeg\" \/>\n<meta name=\"twitter:card\" content=\"summary_large_image\" \/>\n<meta name=\"twitter:label1\" content=\"Arvioitu lukuaika\" \/>\n\t<meta name=\"twitter:data1\" content=\"2 minuuttia\" \/>\n<script type=\"application\/ld+json\" class=\"yoast-schema-graph\">{\"@context\":\"https:\/\/schema.org\",\"@graph\":[{\"@type\":\"WebPage\",\"@id\":\"https:\/\/sey.fi\/hartola\/hartolan-seudun-elainsuojeluyhdistys\/loytoelaimet\/\",\"url\":\"https:\/\/sey.fi\/hartola\/hartolan-seudun-elainsuojeluyhdistys\/loytoelaimet\/\",\"name\":\"L\u00f6yt\u00f6el\u00e4imet - Hartolan seudun el\u00e4insuojeluyhdistys\",\"isPartOf\":{\"@id\":\"https:\/\/sey.fi\/hartola\/#website\"},\"primaryImageOfPage\":{\"@id\":\"https:\/\/sey.fi\/hartola\/hartolan-seudun-elainsuojeluyhdistys\/loytoelaimet\/#primaryimage\"},\"image\":{\"@id\":\"https:\/\/sey.fi\/hartola\/hartolan-seudun-elainsuojeluyhdistys\/loytoelaimet\/#primaryimage\"},\"thumbnailUrl\":\"https:\/\/sey.fi\/wp-content\/uploads\/sites\/11\/2019\/10\/valdemar.jpg\",\"datePublished\":\"2019-10-23T11:42:19+00:00\",\"dateModified\":\"2026-04-16T17:18:06+00:00\",\"breadcrumb\":{\"@id\":\"https:\/\/sey.fi\/hartola\/hartolan-seudun-elainsuojeluyhdistys\/loytoelaimet\/#breadcrumb\"},\"inLanguage\":\"fi\",\"potentialAction\":[{\"@type\":\"ReadAction\",\"target\":[\"https:\/\/sey.fi\/hartola\/hartolan-seudun-elainsuojeluyhdistys\/loytoelaimet\/\"]}]},{\"@type\":\"ImageObject\",\"inLanguage\":\"fi\",\"@id\":\"https:\/\/sey.fi\/hartola\/hartolan-seudun-elainsuojeluyhdistys\/loytoelaimet\/#primaryimage\",\"url\":\"https:\/\/sey.fi\/wp-content\/uploads\/sites\/11\/2019\/10\/valdemar.jpg\",\"contentUrl\":\"https:\/\/sey.fi\/wp-content\/uploads\/sites\/11\/2019\/10\/valdemar.jpg\"},{\"@type\":\"BreadcrumbList\",\"@id\":\"https:\/\/sey.fi\/hartola\/hartolan-seudun-elainsuojeluyhdistys\/loytoelaimet\/#breadcrumb\",\"itemListElement\":[{\"@type\":\"ListItem\",\"position\":1,\"name\":\"Home\",\"item\":\"https:\/\/sey.fi\/hartola\/\"},{\"@type\":\"ListItem\",\"position\":2,\"name\":\"Hartolan seudun el\u00e4insuojeluyhdistys\",\"item\":\"https:\/\/sey.fi\/hartola\/\"},{\"@type\":\"ListItem\",\"position\":3,\"name\":\"L\u00f6yt\u00f6el\u00e4imet\"}]},{\"@type\":\"WebSite\",\"@id\":\"https:\/\/sey.fi\/hartola\/#website\",\"url\":\"https:\/\/sey.fi\/hartola\/\",\"name\":\"Hartolan seudun el\u00e4insuojeluyhdistys\",\"description\":\"Uusi SEY J\u00e4senyhdistykset -sivusto\",\"potentialAction\":[{\"@type\":\"SearchAction\",\"target\":{\"@type\":\"EntryPoint\",\"urlTemplate\":\"https:\/\/sey.fi\/hartola\/?s={search_term_string}\"},\"query-input\":{\"@type\":\"PropertyValueSpecification\",\"valueRequired\":true,\"valueName\":\"search_term_string\"}}],\"inLanguage\":\"fi\"}]}<\/script>\n<!-- \/ Yoast SEO plugin. -->","yoast_head_json":{"title":"L\u00f6yt\u00f6el\u00e4imet - Hartolan seudun el\u00e4insuojeluyhdistys","robots":{"index":"index","follow":"follow","max-snippet":"max-snippet:-1","max-image-preview":"max-image-preview:large","max-video-preview":"max-video-preview:-1"},"canonical":"https:\/\/sey.fi\/hartola\/hartolan-seudun-elainsuojeluyhdistys\/loytoelaimet\/","og_locale":"fi_FI","og_type":"article","og_title":"L\u00f6yt\u00f6el\u00e4imet - Hartolan seudun el\u00e4insuojeluyhdistys","og_description":"Yhdistyksell\u00e4 on sopimus l\u00f6yt\u00f6el\u00e4inten talteenotosta seuraavien kuntien kanssa: Asikkala Hartola Hirvensalmi M\u00e4ntyharju (Huom! Kissat ja muut pienel\u00e4imet! Koirat: Pulkkinen) Pertunmaa (1.1.2025 liittynyt M\u00e4ntyharjuun) Sysm\u00e4 HUOM! L\u00d6YT\u00d6EL\u00c4IMET ENSISIJAISESTI YHDISTYKSEN FACEBOOK-SIVUILLA! L\u00f6yt\u00f6el\u00e4intarhat l\u00f6yd\u00e4t osoitteesta:http:\/\/www.karkurit.fi\/loytoelaintarhat L\u00f6yt\u00f6el\u00e4inten talteenotto El\u00e4inten hyvinvointilain mukaan kunnilla tulee olla l\u00f6yt\u00f6el\u00e4inten tilap\u00e4isen hoidon j\u00e4rjest\u00e4mist\u00e4 varten talteenottopaikka. L\u00f6yt\u00f6el\u00e4imell\u00e4 tarkoitetaan kunnan alueella irrallaan tavattuja ja kiinni otettuja [&hellip;]","og_url":"https:\/\/sey.fi\/hartola\/hartolan-seudun-elainsuojeluyhdistys\/loytoelaimet\/","og_site_name":"Hartolan seudun el\u00e4insuojeluyhdistys","article_modified_time":"2026-04-16T17:18:06+00:00","og_image":[{"width":691,"height":460,"url":"https:\/\/sey.fi\/wp-content\/uploads\/sites\/11\/2019\/10\/valdemar.jpg","type":"image\/jpeg"}],"twitter_card":"summary_large_image","twitter_misc":{"Arvioitu lukuaika":"2 minuuttia"},"schema":{"@context":"https:\/\/schema.org","@graph":[{"@type":"WebPage","@id":"https:\/\/sey.fi\/hartola\/hartolan-seudun-elainsuojeluyhdistys\/loytoelaimet\/","url":"https:\/\/sey.fi\/hartola\/hartolan-seudun-elainsuojeluyhdistys\/loytoelaimet\/","name":"L\u00f6yt\u00f6el\u00e4imet - Hartolan seudun el\u00e4insuojeluyhdistys","isPartOf":{"@id":"https:\/\/sey.fi\/hartola\/#website"},"primaryImageOfPage":{"@id":"https:\/\/sey.fi\/hartola\/hartolan-seudun-elainsuojeluyhdistys\/loytoelaimet\/#primaryimage"},"image":{"@id":"https:\/\/sey.fi\/hartola\/hartolan-seudun-elainsuojeluyhdistys\/loytoelaimet\/#primaryimage"},"thumbnailUrl":"https:\/\/sey.fi\/wp-content\/uploads\/sites\/11\/2019\/10\/valdemar.jpg","datePublished":"2019-10-23T11:42:19+00:00","dateModified":"2026-04-16T17:18:06+00:00","breadcrumb":{"@id":"https:\/\/sey.fi\/hartola\/hartolan-seudun-elainsuojeluyhdistys\/loytoelaimet\/#breadcrumb"},"inLanguage":"fi","potentialAction":[{"@type":"ReadAction","target":["https:\/\/sey.fi\/hartola\/hartolan-seudun-elainsuojeluyhdistys\/loytoelaimet\/"]}]},{"@type":"ImageObject","inLanguage":"fi","@id":"https:\/\/sey.fi\/hartola\/hartolan-seudun-elainsuojeluyhdistys\/loytoelaimet\/#primaryimage","url":"https:\/\/sey.fi\/wp-content\/uploads\/sites\/11\/2019\/10\/valdemar.jpg","contentUrl":"https:\/\/sey.fi\/wp-content\/uploads\/sites\/11\/2019\/10\/valdemar.jpg"},{"@type":"BreadcrumbList","@id":"https:\/\/sey.fi\/hartola\/hartolan-seudun-elainsuojeluyhdistys\/loytoelaimet\/#breadcrumb","itemListElement":[{"@type":"ListItem","position":1,"name":"Home","item":"https:\/\/sey.fi\/hartola\/"},{"@type":"ListItem","position":2,"name":"Hartolan seudun el\u00e4insuojeluyhdistys","item":"https:\/\/sey.fi\/hartola\/"},{"@type":"ListItem","position":3,"name":"L\u00f6yt\u00f6el\u00e4imet"}]},{"@type":"WebSite","@id":"https:\/\/sey.fi\/hartola\/#website","url":"https:\/\/sey.fi\/hartola\/","name":"Hartolan seudun el\u00e4insuojeluyhdistys","description":"Uusi SEY J\u00e4senyhdistykset -sivusto","potentialAction":[{"@type":"SearchAction","target":{"@type":"EntryPoint","urlTemplate":"https:\/\/sey.fi\/hartola\/?s={search_term_string}"},"query-input":{"@type":"PropertyValueSpecification","valueRequired":true,"valueName":"search_term_string"}}],"inLanguage":"fi"}]}},"_links":{"self":[{"href":"https:\/\/sey.fi\/hartola\/wp-json\/wp\/v2\/pages\/127","targetHints":{"allow":["GET"]}}],"collection":[{"href":"https:\/\/sey.fi\/hartola\/wp-json\/wp\/v2\/pages"}],"about":[{"href":"https:\/\/sey.fi\/hartola\/wp-json\/wp\/v2\/types\/page"}],"author":[{"embeddable":true,"href":"https:\/\/sey.fi\/hartola\/wp-json\/wp\/v2\/users\/8"}],"replies":[{"embeddable":true,"href":"https:\/\/sey.fi\/hartola\/wp-json\/wp\/v2\/comments?post=127"}],"version-history":[{"count":7,"href":"https:\/\/sey.fi\/hartola\/wp-json\/wp\/v2\/pages\/127\/revisions"}],"predecessor-version":[{"id":328,"href":"https:\/\/sey.fi\/hartola\/wp-json\/wp\/v2\/pages\/127\/revisions\/328"}],"up":[{"embeddable":true,"href":"https:\/\/sey.fi\/hartola\/wp-json\/wp\/v2\/pages\/2"}],"wp:attachment":[{"href":"https:\/\/sey.fi\/hartola\/wp-json\/wp\/v2\/media?parent=127"}],"curies":[{"name":"wp","href":"https:\/\/api.w.org\/{rel}","templated":true}]}}