{"id":128,"date":"2019-10-24T16:05:37","date_gmt":"2019-10-24T13:05:37","guid":{"rendered":"http:\/\/srvr10.xetpoint.com\/~seyfi\/joensuu\/?page_id=128"},"modified":"2025-08-16T15:05:29","modified_gmt":"2025-08-16T12:05:29","slug":"koirat","status":"publish","type":"page","link":"https:\/\/sey.fi\/joensuu\/joensuun-elainsuojeluyhdistys\/lemmikkielaimia-koskeva-lainsaadanto\/koirat\/","title":{"rendered":"Koirien kiinnipitoaika"},"content":{"rendered":"\n<h3 class=\"wp-block-heading has-medium-font-size\">Mets\u00e4styslaki (615\/1993)<\/h3>\n\n\n\n<p><br>Mets\u00e4styslaissa s\u00e4\u00e4det\u00e4\u00e4n muun muassa koiran kiinnipitovelvollisuudesta, koirakokeista, koiran kouluttamisesta sek\u00e4 koiran talteenotosta. N\u00e4ist\u00e4 asioista kerrotaan lain 8. luvussa (51\u201355 \u00a7). Kaikkia koiranomistajia koskevat yleiset lainkohdat ovat:&nbsp;<\/p>\n\n\n\n<p>\u201dMaaliskuun 1. p\u00e4iv\u00e4st\u00e4 elokuun 19. p\u00e4iv\u00e4\u00e4n ulkona oleva koira on pidett\u00e4v\u00e4 kytkettyn\u00e4 tai siten, ett\u00e4 se on v\u00e4litt\u00f6m\u00e4sti kytkett\u00e4viss\u00e4.\u201d (Mets\u00e4styslaki 51 \u00a7) ja<\/p>\n\n\n\n<p>\u201dIlman maanomistajan tai mets\u00e4stysoikeuden haltijan lupaa koiraa ei saa pit\u00e4\u00e4 irti toisen alueella.\u201d (Mets\u00e4styslaki 53 \u00a7)<\/p>\n\n\n\n<p>Yleinen j\u00e4rjestyslaki antaa tarkentavia m\u00e4\u00e4r\u00e4yksi\u00e4 koirien kiinnipidosta taajama-alueilla, mutta muutoin kiinnipitovelvollisuus perustuu mets\u00e4styslakiin.<\/p>\n\n\n\n<p>Koiranomistajilla on monesti se harhaluulo, ett\u00e4 mets\u00e4ss\u00e4 ja maaseudulla koiria voi pit\u00e4\u00e4 kytkem\u00e4tt\u00f6min\u00e4 ilman valvontaa. Koirien on kuitenkin oltava mets\u00e4styslain m\u00e4\u00e4r\u00e4\u00e4m\u00e4n\u00e4 aikana kytkettyin\u00e4 ja my\u00f6s muina aikoina v\u00e4litt\u00f6m\u00e4sti kytkett\u00e4viss\u00e4 ja omistajansa hallittavissa.<\/p>\n\n\n\n<figure class=\"wp-block-image size-large\"><img loading=\"lazy\" decoding=\"async\" width=\"1024\" height=\"666\" src=\"https:\/\/sey.fi\/wp-content\/uploads\/sites\/13\/2025\/05\/dog-6191195_1280-1024x666.jpg\" alt=\"Musta koira\" class=\"wp-image-423\" srcset=\"https:\/\/sey.fi\/wp-content\/uploads\/sites\/13\/2025\/05\/dog-6191195_1280-1024x666.jpg 1024w, https:\/\/sey.fi\/wp-content\/uploads\/sites\/13\/2025\/05\/dog-6191195_1280-300x195.jpg 300w, https:\/\/sey.fi\/wp-content\/uploads\/sites\/13\/2025\/05\/dog-6191195_1280-768x500.jpg 768w, https:\/\/sey.fi\/wp-content\/uploads\/sites\/13\/2025\/05\/dog-6191195_1280.jpg 1280w\" sizes=\"auto, (max-width: 1024px) 100vw, 1024px\" \/><\/figure>\n\n\n\n<p>Kuva: Typhaine Therry<\/p>\n","protected":false},"excerpt":{"rendered":"<p>Mets\u00e4styslaki (615\/1993) Mets\u00e4styslaissa s\u00e4\u00e4det\u00e4\u00e4n muun muassa koiran kiinnipitovelvollisuudesta, koirakokeista, koiran kouluttamisesta sek\u00e4 koiran talteenotosta. N\u00e4ist\u00e4 asioista kerrotaan lain 8. luvussa (51\u201355 \u00a7). Kaikkia koiranomistajia koskevat yleiset lainkohdat ovat:&nbsp; \u201dMaaliskuun 1. p\u00e4iv\u00e4st\u00e4 elokuun 19. p\u00e4iv\u00e4\u00e4n ulkona oleva koira on pidett\u00e4v\u00e4 kytkettyn\u00e4 tai siten, ett\u00e4 se on v\u00e4litt\u00f6m\u00e4sti kytkett\u00e4viss\u00e4.\u201d (Mets\u00e4styslaki 51 \u00a7) ja \u201dIlman maanomistajan tai mets\u00e4stysoikeuden [&hellip;]<\/p>\n","protected":false},"author":8,"featured_media":0,"parent":126,"menu_order":0,"comment_status":"closed","ping_status":"closed","template":"","meta":{"_acf_changed":false,"footnotes":""},"class_list":["post-128","page","type-page","status-publish","hentry"],"acf":[],"yoast_head":"<!-- This site is optimized with the Yoast SEO plugin v27.1.1 - https:\/\/yoast.com\/product\/yoast-seo-wordpress\/ -->\n<title>Koirien kiinnipitoaika - Joensuun el\u00e4insuojeluyhdistys<\/title>\n<meta name=\"robots\" content=\"index, follow, max-snippet:-1, max-image-preview:large, max-video-preview:-1\" \/>\n<link rel=\"canonical\" href=\"https:\/\/sey.fi\/joensuu\/joensuun-elainsuojeluyhdistys\/lemmikkielaimia-koskeva-lainsaadanto\/koirat\/\" \/>\n<meta property=\"og:locale\" content=\"fi_FI\" \/>\n<meta property=\"og:type\" content=\"article\" \/>\n<meta property=\"og:title\" content=\"Koirien kiinnipitoaika - Joensuun el\u00e4insuojeluyhdistys\" \/>\n<meta property=\"og:description\" content=\"Mets\u00e4styslaki (615\/1993) Mets\u00e4styslaissa s\u00e4\u00e4det\u00e4\u00e4n muun muassa koiran kiinnipitovelvollisuudesta, koirakokeista, koiran kouluttamisesta sek\u00e4 koiran talteenotosta. N\u00e4ist\u00e4 asioista kerrotaan lain 8. luvussa (51\u201355 \u00a7). Kaikkia koiranomistajia koskevat yleiset lainkohdat ovat:&nbsp; \u201dMaaliskuun 1. p\u00e4iv\u00e4st\u00e4 elokuun 19. p\u00e4iv\u00e4\u00e4n ulkona oleva koira on pidett\u00e4v\u00e4 kytkettyn\u00e4 tai siten, ett\u00e4 se on v\u00e4litt\u00f6m\u00e4sti kytkett\u00e4viss\u00e4.\u201d (Mets\u00e4styslaki 51 \u00a7) ja \u201dIlman maanomistajan tai mets\u00e4stysoikeuden [&hellip;]\" \/>\n<meta property=\"og:url\" content=\"https:\/\/sey.fi\/joensuu\/joensuun-elainsuojeluyhdistys\/lemmikkielaimia-koskeva-lainsaadanto\/koirat\/\" \/>\n<meta property=\"og:site_name\" content=\"Joensuun el\u00e4insuojeluyhdistys\" \/>\n<meta property=\"article:modified_time\" content=\"2025-08-16T12:05:29+00:00\" \/>\n<meta property=\"og:image\" content=\"https:\/\/sey.fi\/wp-content\/uploads\/sites\/13\/2025\/05\/dog-6191195_1280.jpg\" \/>\n\t<meta property=\"og:image:width\" content=\"1280\" \/>\n\t<meta property=\"og:image:height\" content=\"833\" \/>\n\t<meta property=\"og:image:type\" content=\"image\/jpeg\" \/>\n<meta name=\"twitter:card\" content=\"summary_large_image\" \/>\n<meta name=\"twitter:label1\" content=\"Arvioitu lukuaika\" \/>\n\t<meta name=\"twitter:data1\" content=\"1 minuutti\" \/>\n<script type=\"application\/ld+json\" class=\"yoast-schema-graph\">{\"@context\":\"https:\/\/schema.org\",\"@graph\":[{\"@type\":\"WebPage\",\"@id\":\"https:\/\/sey.fi\/joensuu\/joensuun-elainsuojeluyhdistys\/lemmikkielaimia-koskeva-lainsaadanto\/koirat\/\",\"url\":\"https:\/\/sey.fi\/joensuu\/joensuun-elainsuojeluyhdistys\/lemmikkielaimia-koskeva-lainsaadanto\/koirat\/\",\"name\":\"Koirien kiinnipitoaika - Joensuun el\u00e4insuojeluyhdistys\",\"isPartOf\":{\"@id\":\"https:\/\/sey.fi\/joensuu\/#website\"},\"primaryImageOfPage\":{\"@id\":\"https:\/\/sey.fi\/joensuu\/joensuun-elainsuojeluyhdistys\/lemmikkielaimia-koskeva-lainsaadanto\/koirat\/#primaryimage\"},\"image\":{\"@id\":\"https:\/\/sey.fi\/joensuu\/joensuun-elainsuojeluyhdistys\/lemmikkielaimia-koskeva-lainsaadanto\/koirat\/#primaryimage\"},\"thumbnailUrl\":\"https:\/\/sey.fi\/wp-content\/uploads\/sites\/13\/2025\/05\/dog-6191195_1280-1024x666.jpg\",\"datePublished\":\"2019-10-24T13:05:37+00:00\",\"dateModified\":\"2025-08-16T12:05:29+00:00\",\"breadcrumb\":{\"@id\":\"https:\/\/sey.fi\/joensuu\/joensuun-elainsuojeluyhdistys\/lemmikkielaimia-koskeva-lainsaadanto\/koirat\/#breadcrumb\"},\"inLanguage\":\"fi\",\"potentialAction\":[{\"@type\":\"ReadAction\",\"target\":[\"https:\/\/sey.fi\/joensuu\/joensuun-elainsuojeluyhdistys\/lemmikkielaimia-koskeva-lainsaadanto\/koirat\/\"]}]},{\"@type\":\"ImageObject\",\"inLanguage\":\"fi\",\"@id\":\"https:\/\/sey.fi\/joensuu\/joensuun-elainsuojeluyhdistys\/lemmikkielaimia-koskeva-lainsaadanto\/koirat\/#primaryimage\",\"url\":\"https:\/\/sey.fi\/wp-content\/uploads\/sites\/13\/2025\/05\/dog-6191195_1280-1024x666.jpg\",\"contentUrl\":\"https:\/\/sey.fi\/wp-content\/uploads\/sites\/13\/2025\/05\/dog-6191195_1280-1024x666.jpg\"},{\"@type\":\"BreadcrumbList\",\"@id\":\"https:\/\/sey.fi\/joensuu\/joensuun-elainsuojeluyhdistys\/lemmikkielaimia-koskeva-lainsaadanto\/koirat\/#breadcrumb\",\"itemListElement\":[{\"@type\":\"ListItem\",\"position\":1,\"name\":\"Home\",\"item\":\"https:\/\/sey.fi\/joensuu\/\"},{\"@type\":\"ListItem\",\"position\":2,\"name\":\"Joensuun el\u00e4insuojeluyhdistys\",\"item\":\"https:\/\/sey.fi\/joensuu\/\"},{\"@type\":\"ListItem\",\"position\":3,\"name\":\"El\u00e4inten hyvinvointilaki ja muuta el\u00e4imi\u00e4 koskevaa lains\u00e4\u00e4d\u00e4nt\u00f6\u00e4\",\"item\":\"https:\/\/sey.fi\/joensuu\/joensuun-elainsuojeluyhdistys\/lemmikkielaimia-koskeva-lainsaadanto\/\"},{\"@type\":\"ListItem\",\"position\":4,\"name\":\"Koirien kiinnipitoaika\"}]},{\"@type\":\"WebSite\",\"@id\":\"https:\/\/sey.fi\/joensuu\/#website\",\"url\":\"https:\/\/sey.fi\/joensuu\/\",\"name\":\"Joensuun el\u00e4insuojeluyhdistys\",\"description\":\"Uusi SEY J\u00e4senyhdistykset -sivusto\",\"potentialAction\":[{\"@type\":\"SearchAction\",\"target\":{\"@type\":\"EntryPoint\",\"urlTemplate\":\"https:\/\/sey.fi\/joensuu\/?s={search_term_string}\"},\"query-input\":{\"@type\":\"PropertyValueSpecification\",\"valueRequired\":true,\"valueName\":\"search_term_string\"}}],\"inLanguage\":\"fi\"}]}<\/script>\n<!-- \/ Yoast SEO plugin. -->","yoast_head_json":{"title":"Koirien kiinnipitoaika - Joensuun el\u00e4insuojeluyhdistys","robots":{"index":"index","follow":"follow","max-snippet":"max-snippet:-1","max-image-preview":"max-image-preview:large","max-video-preview":"max-video-preview:-1"},"canonical":"https:\/\/sey.fi\/joensuu\/joensuun-elainsuojeluyhdistys\/lemmikkielaimia-koskeva-lainsaadanto\/koirat\/","og_locale":"fi_FI","og_type":"article","og_title":"Koirien kiinnipitoaika - Joensuun el\u00e4insuojeluyhdistys","og_description":"Mets\u00e4styslaki (615\/1993) Mets\u00e4styslaissa s\u00e4\u00e4det\u00e4\u00e4n muun muassa koiran kiinnipitovelvollisuudesta, koirakokeista, koiran kouluttamisesta sek\u00e4 koiran talteenotosta. N\u00e4ist\u00e4 asioista kerrotaan lain 8. luvussa (51\u201355 \u00a7). Kaikkia koiranomistajia koskevat yleiset lainkohdat ovat:&nbsp; \u201dMaaliskuun 1. p\u00e4iv\u00e4st\u00e4 elokuun 19. p\u00e4iv\u00e4\u00e4n ulkona oleva koira on pidett\u00e4v\u00e4 kytkettyn\u00e4 tai siten, ett\u00e4 se on v\u00e4litt\u00f6m\u00e4sti kytkett\u00e4viss\u00e4.\u201d (Mets\u00e4styslaki 51 \u00a7) ja \u201dIlman maanomistajan tai mets\u00e4stysoikeuden [&hellip;]","og_url":"https:\/\/sey.fi\/joensuu\/joensuun-elainsuojeluyhdistys\/lemmikkielaimia-koskeva-lainsaadanto\/koirat\/","og_site_name":"Joensuun el\u00e4insuojeluyhdistys","article_modified_time":"2025-08-16T12:05:29+00:00","og_image":[{"width":1280,"height":833,"url":"https:\/\/sey.fi\/wp-content\/uploads\/sites\/13\/2025\/05\/dog-6191195_1280.jpg","type":"image\/jpeg"}],"twitter_card":"summary_large_image","twitter_misc":{"Arvioitu lukuaika":"1 minuutti"},"schema":{"@context":"https:\/\/schema.org","@graph":[{"@type":"WebPage","@id":"https:\/\/sey.fi\/joensuu\/joensuun-elainsuojeluyhdistys\/lemmikkielaimia-koskeva-lainsaadanto\/koirat\/","url":"https:\/\/sey.fi\/joensuu\/joensuun-elainsuojeluyhdistys\/lemmikkielaimia-koskeva-lainsaadanto\/koirat\/","name":"Koirien kiinnipitoaika - Joensuun el\u00e4insuojeluyhdistys","isPartOf":{"@id":"https:\/\/sey.fi\/joensuu\/#website"},"primaryImageOfPage":{"@id":"https:\/\/sey.fi\/joensuu\/joensuun-elainsuojeluyhdistys\/lemmikkielaimia-koskeva-lainsaadanto\/koirat\/#primaryimage"},"image":{"@id":"https:\/\/sey.fi\/joensuu\/joensuun-elainsuojeluyhdistys\/lemmikkielaimia-koskeva-lainsaadanto\/koirat\/#primaryimage"},"thumbnailUrl":"https:\/\/sey.fi\/wp-content\/uploads\/sites\/13\/2025\/05\/dog-6191195_1280-1024x666.jpg","datePublished":"2019-10-24T13:05:37+00:00","dateModified":"2025-08-16T12:05:29+00:00","breadcrumb":{"@id":"https:\/\/sey.fi\/joensuu\/joensuun-elainsuojeluyhdistys\/lemmikkielaimia-koskeva-lainsaadanto\/koirat\/#breadcrumb"},"inLanguage":"fi","potentialAction":[{"@type":"ReadAction","target":["https:\/\/sey.fi\/joensuu\/joensuun-elainsuojeluyhdistys\/lemmikkielaimia-koskeva-lainsaadanto\/koirat\/"]}]},{"@type":"ImageObject","inLanguage":"fi","@id":"https:\/\/sey.fi\/joensuu\/joensuun-elainsuojeluyhdistys\/lemmikkielaimia-koskeva-lainsaadanto\/koirat\/#primaryimage","url":"https:\/\/sey.fi\/wp-content\/uploads\/sites\/13\/2025\/05\/dog-6191195_1280-1024x666.jpg","contentUrl":"https:\/\/sey.fi\/wp-content\/uploads\/sites\/13\/2025\/05\/dog-6191195_1280-1024x666.jpg"},{"@type":"BreadcrumbList","@id":"https:\/\/sey.fi\/joensuu\/joensuun-elainsuojeluyhdistys\/lemmikkielaimia-koskeva-lainsaadanto\/koirat\/#breadcrumb","itemListElement":[{"@type":"ListItem","position":1,"name":"Home","item":"https:\/\/sey.fi\/joensuu\/"},{"@type":"ListItem","position":2,"name":"Joensuun el\u00e4insuojeluyhdistys","item":"https:\/\/sey.fi\/joensuu\/"},{"@type":"ListItem","position":3,"name":"El\u00e4inten hyvinvointilaki ja muuta el\u00e4imi\u00e4 koskevaa lains\u00e4\u00e4d\u00e4nt\u00f6\u00e4","item":"https:\/\/sey.fi\/joensuu\/joensuun-elainsuojeluyhdistys\/lemmikkielaimia-koskeva-lainsaadanto\/"},{"@type":"ListItem","position":4,"name":"Koirien kiinnipitoaika"}]},{"@type":"WebSite","@id":"https:\/\/sey.fi\/joensuu\/#website","url":"https:\/\/sey.fi\/joensuu\/","name":"Joensuun el\u00e4insuojeluyhdistys","description":"Uusi SEY J\u00e4senyhdistykset -sivusto","potentialAction":[{"@type":"SearchAction","target":{"@type":"EntryPoint","urlTemplate":"https:\/\/sey.fi\/joensuu\/?s={search_term_string}"},"query-input":{"@type":"PropertyValueSpecification","valueRequired":true,"valueName":"search_term_string"}}],"inLanguage":"fi"}]}},"_links":{"self":[{"href":"https:\/\/sey.fi\/joensuu\/wp-json\/wp\/v2\/pages\/128","targetHints":{"allow":["GET"]}}],"collection":[{"href":"https:\/\/sey.fi\/joensuu\/wp-json\/wp\/v2\/pages"}],"about":[{"href":"https:\/\/sey.fi\/joensuu\/wp-json\/wp\/v2\/types\/page"}],"author":[{"embeddable":true,"href":"https:\/\/sey.fi\/joensuu\/wp-json\/wp\/v2\/users\/8"}],"replies":[{"embeddable":true,"href":"https:\/\/sey.fi\/joensuu\/wp-json\/wp\/v2\/comments?post=128"}],"version-history":[{"count":6,"href":"https:\/\/sey.fi\/joensuu\/wp-json\/wp\/v2\/pages\/128\/revisions"}],"predecessor-version":[{"id":652,"href":"https:\/\/sey.fi\/joensuu\/wp-json\/wp\/v2\/pages\/128\/revisions\/652"}],"up":[{"embeddable":true,"href":"https:\/\/sey.fi\/joensuu\/wp-json\/wp\/v2\/pages\/126"}],"wp:attachment":[{"href":"https:\/\/sey.fi\/joensuu\/wp-json\/wp\/v2\/media?parent=128"}],"curies":[{"name":"wp","href":"https:\/\/api.w.org\/{rel}","templated":true}]}}