{"id":19,"date":"2019-10-24T14:28:03","date_gmt":"2019-10-24T11:28:03","guid":{"rendered":"http:\/\/srvr10.xetpoint.com\/~seyfi\/joensuu\/?page_id=19"},"modified":"2026-04-18T23:44:00","modified_gmt":"2026-04-18T20:44:00","slug":"ajankohtaista","status":"publish","type":"page","link":"https:\/\/sey.fi\/joensuu\/ajankohtaista\/","title":{"rendered":"Ajankohtaista"},"content":{"rendered":"\n<hr class=\"wp-block-separator has-alpha-channel-opacity\" \/>\n\n\n\n<h2 class=\"wp-block-heading\">JEY on esittelem\u00e4ss\u00e4 vapaaehtoisty\u00f6t\u00e4\u00e4n Joensuun Setlementin tiloissa 29.4.2026 klo 15.30-18.00 v\u00e4lisen\u00e4 aikana!<\/h2>\n\n\n\n<p>Ilmoittaudu mukaan!<\/p>\n\n\n\n<p>Laita viesti\u00e4 Annille numeroon 0401527243 tai anni.lehivuo@setlementtijoensuu.fi. <img loading=\"lazy\" decoding=\"async\" height=\"16\" width=\"16\" alt=\"\u2728\" src=\"https:\/\/static.xx.fbcdn.net\/images\/emoji.php\/v9\/tf4\/1\/16\/2728.png\"><\/p>\n\n\n\n<p>Tilasyist\u00e4 mukaan mahtuu 15 ensimm\u00e4isen\u00e4 ilmoittautunutta.<\/p>\n\n\n\n<figure class=\"wp-block-image size-large is-resized\"><img loading=\"lazy\" decoding=\"async\" width=\"819\" height=\"1024\" src=\"https:\/\/sey.fi\/wp-content\/uploads\/sites\/13\/2026\/04\/658185988_912100728115152_4021249327088098555_n-819x1024.jpg\" alt=\"\" class=\"wp-image-923\" style=\"width:478px;height:auto\" srcset=\"https:\/\/sey.fi\/wp-content\/uploads\/sites\/13\/2026\/04\/658185988_912100728115152_4021249327088098555_n-819x1024.jpg 819w, https:\/\/sey.fi\/wp-content\/uploads\/sites\/13\/2026\/04\/658185988_912100728115152_4021249327088098555_n-240x300.jpg 240w, https:\/\/sey.fi\/wp-content\/uploads\/sites\/13\/2026\/04\/658185988_912100728115152_4021249327088098555_n-768x960.jpg 768w, https:\/\/sey.fi\/wp-content\/uploads\/sites\/13\/2026\/04\/658185988_912100728115152_4021249327088098555_n-1229x1536.jpg 1229w, https:\/\/sey.fi\/wp-content\/uploads\/sites\/13\/2026\/04\/658185988_912100728115152_4021249327088098555_n.jpg 1440w\" sizes=\"auto, (max-width: 819px) 100vw, 819px\" \/><\/figure>\n\n\n\n<hr class=\"wp-block-separator has-alpha-channel-opacity\" \/>\n\n\n\n<h2 class=\"wp-block-heading\">Pyynt\u00f6 lahjoituksien antajille!<\/h2>\n\n\n\n<figure class=\"wp-block-image size-large is-resized\"><img loading=\"lazy\" decoding=\"async\" width=\"1024\" height=\"724\" src=\"https:\/\/sey.fi\/wp-content\/uploads\/sites\/13\/2025\/10\/Ehjat-ja-puhtaat-1024x724.jpg\" alt=\"\" class=\"wp-image-810\" style=\"width:529px;height:auto\" srcset=\"https:\/\/sey.fi\/wp-content\/uploads\/sites\/13\/2025\/10\/Ehjat-ja-puhtaat-1024x724.jpg 1024w, https:\/\/sey.fi\/wp-content\/uploads\/sites\/13\/2025\/10\/Ehjat-ja-puhtaat-300x212.jpg 300w, https:\/\/sey.fi\/wp-content\/uploads\/sites\/13\/2025\/10\/Ehjat-ja-puhtaat-768x543.jpg 768w, https:\/\/sey.fi\/wp-content\/uploads\/sites\/13\/2025\/10\/Ehjat-ja-puhtaat-1536x1086.jpg 1536w, https:\/\/sey.fi\/wp-content\/uploads\/sites\/13\/2025\/10\/Ehjat-ja-puhtaat.jpg 2000w\" sizes=\"auto, (max-width: 1024px) 100vw, 1024px\" \/><\/figure>\n\n\n\n<hr class=\"wp-block-separator has-alpha-channel-opacity\" \/>\n\n\n\n<h2 class=\"wp-block-heading\">Koirak\u00e4velyt alkavat j\u00e4lleen! (kev\u00e4t 2026)<\/h2>\n\n\n\n<p>Koirak\u00e4velyiden ajankohdista ilmoitetaan JEY:n sosiaalisenmedian kanavilla!<\/p>\n\n\n\n<p>Paikkana Joensuun raviradan parkkipaikka. Koirak\u00e4velyt aloitellaan pienin alkuharjoituksin. Mukaan nameja ja kakkapussit. Koirak\u00e4velyn vet\u00e4j\u00e4n\u00e4 Marja!<\/p>\n\n\n\n<p>TERVETULOA MUKAAN!<\/p>\n\n\n\n<figure class=\"wp-block-image size-full is-resized\"><img loading=\"lazy\" decoding=\"async\" width=\"709\" height=\"960\" src=\"https:\/\/sey.fi\/wp-content\/uploads\/sites\/13\/2025\/05\/koirakavely3.jpg\" alt=\"\" class=\"wp-image-519\" style=\"width:292px;height:auto\" srcset=\"https:\/\/sey.fi\/wp-content\/uploads\/sites\/13\/2025\/05\/koirakavely3.jpg 709w, https:\/\/sey.fi\/wp-content\/uploads\/sites\/13\/2025\/05\/koirakavely3-222x300.jpg 222w\" sizes=\"auto, (max-width: 709px) 100vw, 709px\" \/><\/figure>\n\n\n\n<hr class=\"wp-block-separator has-alpha-channel-opacity\" \/>\n\n\n\n<h2 class=\"wp-block-heading\">Yhteydenotot jatkossa: j\u00e4tt\u00e4m\u00e4ll\u00e4 viestill\u00e4 soittopyynt\u00f6!<\/h2>\n\n\n\n<figure class=\"wp-block-image size-large is-resized\"><img loading=\"lazy\" decoding=\"async\" width=\"724\" height=\"1024\" src=\"https:\/\/sey.fi\/wp-content\/uploads\/sites\/13\/2026\/04\/yhteydenotot-724x1024.jpg\" alt=\"\" class=\"wp-image-895\" style=\"width:456px;height:auto\" srcset=\"https:\/\/sey.fi\/wp-content\/uploads\/sites\/13\/2026\/04\/yhteydenotot-724x1024.jpg 724w, https:\/\/sey.fi\/wp-content\/uploads\/sites\/13\/2026\/04\/yhteydenotot-212x300.jpg 212w, https:\/\/sey.fi\/wp-content\/uploads\/sites\/13\/2026\/04\/yhteydenotot-768x1086.jpg 768w, https:\/\/sey.fi\/wp-content\/uploads\/sites\/13\/2026\/04\/yhteydenotot-1086x1536.jpg 1086w, https:\/\/sey.fi\/wp-content\/uploads\/sites\/13\/2026\/04\/yhteydenotot.jpg 1414w\" sizes=\"auto, (max-width: 724px) 100vw, 724px\" \/><\/figure>\n\n\n\n<hr class=\"wp-block-separator has-alpha-channel-opacity\" \/>\n\n\n\n<p><strong>T\u00c4RKE\u00c4 TIEDOTE liittyen yhteystietoihin!<\/strong><\/p>\n\n\n\n<p><strong>Joensuun el\u00e4insuojeluyhdistyksen puhelinnumeroihin on tullut viimeaikoina muutoksia!<\/strong><\/p>\n\n\n\n<p>T\u00e4ss\u00e4 p\u00e4ivitetyt yhdistyksen numerot.<br>Nykyiset puhelinnumeromme ovat: 050 371 8347 ja 050 596 7101<br>Huomioi, ett\u00e4 toinen yhdistyksen vanhoista numeroista ei ole en\u00e4\u00e4 k\u00e4yt\u00f6ss\u00e4 yhdistyksell\u00e4, vaan k\u00e4yt\u00f6ss\u00e4 on uusi puhelinnumero. Vain t\u00e4ss\u00e4 tiedotteessa olevat numerot ovat JEY:n k\u00e4yt\u00f6ss\u00e4.<br>T\u00e4st\u00e4 tehty aiemmin tiedote Facebook kanavallemme, jonka voit lukea <a href=\"https:\/\/www.facebook.com\/joensuunelainsuojeluyhdistys\/posts\/pfbid0ZJg2F4VA4au34K72JLNLZ7jroXpi1s9APLnAJ2sDzeGJH4i3mEsQxL98az7MrSNdl?locale=fi_FI\">t\u00e4st\u00e4!<\/a><\/p>\n\n\n\n<figure class=\"wp-block-image size-large is-resized\"><img loading=\"lazy\" decoding=\"async\" width=\"1024\" height=\"1024\" src=\"https:\/\/sey.fi\/wp-content\/uploads\/sites\/13\/2025\/08\/528191133_1144355387729663_5392518621004802812_n-1024x1024.jpg\" alt=\"\" class=\"wp-image-588\" style=\"width:532px;height:auto\" srcset=\"https:\/\/sey.fi\/wp-content\/uploads\/sites\/13\/2025\/08\/528191133_1144355387729663_5392518621004802812_n-1024x1024.jpg 1024w, https:\/\/sey.fi\/wp-content\/uploads\/sites\/13\/2025\/08\/528191133_1144355387729663_5392518621004802812_n-300x300.jpg 300w, https:\/\/sey.fi\/wp-content\/uploads\/sites\/13\/2025\/08\/528191133_1144355387729663_5392518621004802812_n-150x150.jpg 150w, https:\/\/sey.fi\/wp-content\/uploads\/sites\/13\/2025\/08\/528191133_1144355387729663_5392518621004802812_n-768x768.jpg 768w, https:\/\/sey.fi\/wp-content\/uploads\/sites\/13\/2025\/08\/528191133_1144355387729663_5392518621004802812_n-160x160.jpg 160w, https:\/\/sey.fi\/wp-content\/uploads\/sites\/13\/2025\/08\/528191133_1144355387729663_5392518621004802812_n.jpg 1080w\" sizes=\"auto, (max-width: 1024px) 100vw, 1024px\" \/><\/figure>\n\n\n\n<hr class=\"wp-block-separator has-alpha-channel-opacity\" \/>\n\n\n\n<p><strong>Joensuun el\u00e4insuojeluyhdistyksen l\u00f6yd\u00e4t Instagramista!<\/strong><\/p>\n\n\n\n<p>Tule seuraamaan nyt my\u00f6s Instagramissa vapaaehtoisten arkea ja pysyt mukana tiedotteista!<\/p>\n\n\n\n<p><a href=\"https:\/\/www.instagram.com\/joensuunelainsuojeluyhdistys\/\">@joensuunel\u00e4insuojeluyhdistys<\/a><\/p>\n\n\n\n<figure class=\"wp-block-image size-full is-resized\"><img loading=\"lazy\" decoding=\"async\" width=\"940\" height=\"788\" src=\"https:\/\/sey.fi\/wp-content\/uploads\/sites\/13\/2025\/08\/Lisaa-alaotsikko.jpg\" alt=\"\" class=\"wp-image-584\" style=\"width:556px;height:auto\" srcset=\"https:\/\/sey.fi\/wp-content\/uploads\/sites\/13\/2025\/08\/Lisaa-alaotsikko.jpg 940w, https:\/\/sey.fi\/wp-content\/uploads\/sites\/13\/2025\/08\/Lisaa-alaotsikko-300x251.jpg 300w, https:\/\/sey.fi\/wp-content\/uploads\/sites\/13\/2025\/08\/Lisaa-alaotsikko-768x644.jpg 768w\" sizes=\"auto, (max-width: 940px) 100vw, 940px\" \/><\/figure>\n\n\n\n<p><\/p>\n","protected":false},"excerpt":{"rendered":"<p>JEY on esittelem\u00e4ss\u00e4 vapaaehtoisty\u00f6t\u00e4\u00e4n Joensuun Setlementin tiloissa 29.4.2026 klo 15.30-18.00 v\u00e4lisen\u00e4 aikana! Ilmoittaudu mukaan! Laita viesti\u00e4 Annille numeroon 0401527243 tai anni.lehivuo@setlementtijoensuu.fi. Tilasyist\u00e4 mukaan mahtuu 15 ensimm\u00e4isen\u00e4 ilmoittautunutta. Pyynt\u00f6 lahjoituksien antajille! Koirak\u00e4velyt alkavat j\u00e4lleen! (kev\u00e4t 2026) Koirak\u00e4velyiden ajankohdista ilmoitetaan JEY:n sosiaalisenmedian kanavilla! Paikkana Joensuun raviradan parkkipaikka. Koirak\u00e4velyt aloitellaan pienin alkuharjoituksin. Mukaan nameja ja kakkapussit. Koirak\u00e4velyn vet\u00e4j\u00e4n\u00e4 [&hellip;]<\/p>\n","protected":false},"author":8,"featured_media":0,"parent":0,"menu_order":0,"comment_status":"closed","ping_status":"closed","template":"","meta":{"_acf_changed":false,"footnotes":""},"class_list":["post-19","page","type-page","status-publish","hentry"],"acf":[],"yoast_head":"<!-- This site is optimized with the Yoast SEO plugin v27.1.1 - https:\/\/yoast.com\/product\/yoast-seo-wordpress\/ -->\n<title>Ajankohtaista - Joensuun el\u00e4insuojeluyhdistys<\/title>\n<meta name=\"robots\" content=\"index, follow, max-snippet:-1, max-image-preview:large, max-video-preview:-1\" \/>\n<link rel=\"canonical\" href=\"https:\/\/sey.fi\/joensuu\/ajankohtaista\/\" \/>\n<meta property=\"og:locale\" content=\"fi_FI\" \/>\n<meta property=\"og:type\" content=\"article\" \/>\n<meta property=\"og:title\" content=\"Ajankohtaista - Joensuun el\u00e4insuojeluyhdistys\" \/>\n<meta property=\"og:description\" content=\"JEY on esittelem\u00e4ss\u00e4 vapaaehtoisty\u00f6t\u00e4\u00e4n Joensuun Setlementin tiloissa 29.4.2026 klo 15.30-18.00 v\u00e4lisen\u00e4 aikana! Ilmoittaudu mukaan! Laita viesti\u00e4 Annille numeroon 0401527243 tai anni.lehivuo@setlementtijoensuu.fi. Tilasyist\u00e4 mukaan mahtuu 15 ensimm\u00e4isen\u00e4 ilmoittautunutta. Pyynt\u00f6 lahjoituksien antajille! Koirak\u00e4velyt alkavat j\u00e4lleen! (kev\u00e4t 2026) Koirak\u00e4velyiden ajankohdista ilmoitetaan JEY:n sosiaalisenmedian kanavilla! Paikkana Joensuun raviradan parkkipaikka. Koirak\u00e4velyt aloitellaan pienin alkuharjoituksin. Mukaan nameja ja kakkapussit. Koirak\u00e4velyn vet\u00e4j\u00e4n\u00e4 [&hellip;]\" \/>\n<meta property=\"og:url\" content=\"https:\/\/sey.fi\/joensuu\/ajankohtaista\/\" \/>\n<meta property=\"og:site_name\" content=\"Joensuun el\u00e4insuojeluyhdistys\" \/>\n<meta property=\"article:modified_time\" content=\"2026-04-18T20:44:00+00:00\" \/>\n<meta property=\"og:image\" content=\"https:\/\/static.xx.fbcdn.net\/images\/emoji.php\/v9\/tf4\/1\/16\/2728.png\" \/>\n<meta name=\"twitter:card\" content=\"summary_large_image\" \/>\n<meta name=\"twitter:label1\" content=\"Arvioitu lukuaika\" \/>\n\t<meta name=\"twitter:data1\" content=\"3 minuuttia\" \/>\n<script type=\"application\/ld+json\" class=\"yoast-schema-graph\">{\"@context\":\"https:\/\/schema.org\",\"@graph\":[{\"@type\":\"WebPage\",\"@id\":\"https:\/\/sey.fi\/joensuu\/ajankohtaista\/\",\"url\":\"https:\/\/sey.fi\/joensuu\/ajankohtaista\/\",\"name\":\"Ajankohtaista - Joensuun el\u00e4insuojeluyhdistys\",\"isPartOf\":{\"@id\":\"https:\/\/sey.fi\/joensuu\/#website\"},\"primaryImageOfPage\":{\"@id\":\"https:\/\/sey.fi\/joensuu\/ajankohtaista\/#primaryimage\"},\"image\":{\"@id\":\"https:\/\/sey.fi\/joensuu\/ajankohtaista\/#primaryimage\"},\"thumbnailUrl\":\"https:\/\/static.xx.fbcdn.net\/images\/emoji.php\/v9\/tf4\/1\/16\/2728.png\",\"datePublished\":\"2019-10-24T11:28:03+00:00\",\"dateModified\":\"2026-04-18T20:44:00+00:00\",\"breadcrumb\":{\"@id\":\"https:\/\/sey.fi\/joensuu\/ajankohtaista\/#breadcrumb\"},\"inLanguage\":\"fi\",\"potentialAction\":[{\"@type\":\"ReadAction\",\"target\":[\"https:\/\/sey.fi\/joensuu\/ajankohtaista\/\"]}]},{\"@type\":\"ImageObject\",\"inLanguage\":\"fi\",\"@id\":\"https:\/\/sey.fi\/joensuu\/ajankohtaista\/#primaryimage\",\"url\":\"https:\/\/static.xx.fbcdn.net\/images\/emoji.php\/v9\/tf4\/1\/16\/2728.png\",\"contentUrl\":\"https:\/\/static.xx.fbcdn.net\/images\/emoji.php\/v9\/tf4\/1\/16\/2728.png\"},{\"@type\":\"BreadcrumbList\",\"@id\":\"https:\/\/sey.fi\/joensuu\/ajankohtaista\/#breadcrumb\",\"itemListElement\":[{\"@type\":\"ListItem\",\"position\":1,\"name\":\"Home\",\"item\":\"https:\/\/sey.fi\/joensuu\/\"},{\"@type\":\"ListItem\",\"position\":2,\"name\":\"Ajankohtaista\"}]},{\"@type\":\"WebSite\",\"@id\":\"https:\/\/sey.fi\/joensuu\/#website\",\"url\":\"https:\/\/sey.fi\/joensuu\/\",\"name\":\"Joensuun el\u00e4insuojeluyhdistys\",\"description\":\"Uusi SEY J\u00e4senyhdistykset -sivusto\",\"potentialAction\":[{\"@type\":\"SearchAction\",\"target\":{\"@type\":\"EntryPoint\",\"urlTemplate\":\"https:\/\/sey.fi\/joensuu\/?s={search_term_string}\"},\"query-input\":{\"@type\":\"PropertyValueSpecification\",\"valueRequired\":true,\"valueName\":\"search_term_string\"}}],\"inLanguage\":\"fi\"}]}<\/script>\n<!-- \/ Yoast SEO plugin. -->","yoast_head_json":{"title":"Ajankohtaista - Joensuun el\u00e4insuojeluyhdistys","robots":{"index":"index","follow":"follow","max-snippet":"max-snippet:-1","max-image-preview":"max-image-preview:large","max-video-preview":"max-video-preview:-1"},"canonical":"https:\/\/sey.fi\/joensuu\/ajankohtaista\/","og_locale":"fi_FI","og_type":"article","og_title":"Ajankohtaista - Joensuun el\u00e4insuojeluyhdistys","og_description":"JEY on esittelem\u00e4ss\u00e4 vapaaehtoisty\u00f6t\u00e4\u00e4n Joensuun Setlementin tiloissa 29.4.2026 klo 15.30-18.00 v\u00e4lisen\u00e4 aikana! Ilmoittaudu mukaan! Laita viesti\u00e4 Annille numeroon 0401527243 tai anni.lehivuo@setlementtijoensuu.fi. Tilasyist\u00e4 mukaan mahtuu 15 ensimm\u00e4isen\u00e4 ilmoittautunutta. Pyynt\u00f6 lahjoituksien antajille! Koirak\u00e4velyt alkavat j\u00e4lleen! (kev\u00e4t 2026) Koirak\u00e4velyiden ajankohdista ilmoitetaan JEY:n sosiaalisenmedian kanavilla! Paikkana Joensuun raviradan parkkipaikka. Koirak\u00e4velyt aloitellaan pienin alkuharjoituksin. Mukaan nameja ja kakkapussit. Koirak\u00e4velyn vet\u00e4j\u00e4n\u00e4 [&hellip;]","og_url":"https:\/\/sey.fi\/joensuu\/ajankohtaista\/","og_site_name":"Joensuun el\u00e4insuojeluyhdistys","article_modified_time":"2026-04-18T20:44:00+00:00","og_image":[{"url":"https:\/\/static.xx.fbcdn.net\/images\/emoji.php\/v9\/tf4\/1\/16\/2728.png","type":"","width":"","height":""}],"twitter_card":"summary_large_image","twitter_misc":{"Arvioitu lukuaika":"3 minuuttia"},"schema":{"@context":"https:\/\/schema.org","@graph":[{"@type":"WebPage","@id":"https:\/\/sey.fi\/joensuu\/ajankohtaista\/","url":"https:\/\/sey.fi\/joensuu\/ajankohtaista\/","name":"Ajankohtaista - Joensuun el\u00e4insuojeluyhdistys","isPartOf":{"@id":"https:\/\/sey.fi\/joensuu\/#website"},"primaryImageOfPage":{"@id":"https:\/\/sey.fi\/joensuu\/ajankohtaista\/#primaryimage"},"image":{"@id":"https:\/\/sey.fi\/joensuu\/ajankohtaista\/#primaryimage"},"thumbnailUrl":"https:\/\/static.xx.fbcdn.net\/images\/emoji.php\/v9\/tf4\/1\/16\/2728.png","datePublished":"2019-10-24T11:28:03+00:00","dateModified":"2026-04-18T20:44:00+00:00","breadcrumb":{"@id":"https:\/\/sey.fi\/joensuu\/ajankohtaista\/#breadcrumb"},"inLanguage":"fi","potentialAction":[{"@type":"ReadAction","target":["https:\/\/sey.fi\/joensuu\/ajankohtaista\/"]}]},{"@type":"ImageObject","inLanguage":"fi","@id":"https:\/\/sey.fi\/joensuu\/ajankohtaista\/#primaryimage","url":"https:\/\/static.xx.fbcdn.net\/images\/emoji.php\/v9\/tf4\/1\/16\/2728.png","contentUrl":"https:\/\/static.xx.fbcdn.net\/images\/emoji.php\/v9\/tf4\/1\/16\/2728.png"},{"@type":"BreadcrumbList","@id":"https:\/\/sey.fi\/joensuu\/ajankohtaista\/#breadcrumb","itemListElement":[{"@type":"ListItem","position":1,"name":"Home","item":"https:\/\/sey.fi\/joensuu\/"},{"@type":"ListItem","position":2,"name":"Ajankohtaista"}]},{"@type":"WebSite","@id":"https:\/\/sey.fi\/joensuu\/#website","url":"https:\/\/sey.fi\/joensuu\/","name":"Joensuun el\u00e4insuojeluyhdistys","description":"Uusi SEY J\u00e4senyhdistykset -sivusto","potentialAction":[{"@type":"SearchAction","target":{"@type":"EntryPoint","urlTemplate":"https:\/\/sey.fi\/joensuu\/?s={search_term_string}"},"query-input":{"@type":"PropertyValueSpecification","valueRequired":true,"valueName":"search_term_string"}}],"inLanguage":"fi"}]}},"_links":{"self":[{"href":"https:\/\/sey.fi\/joensuu\/wp-json\/wp\/v2\/pages\/19","targetHints":{"allow":["GET"]}}],"collection":[{"href":"https:\/\/sey.fi\/joensuu\/wp-json\/wp\/v2\/pages"}],"about":[{"href":"https:\/\/sey.fi\/joensuu\/wp-json\/wp\/v2\/types\/page"}],"author":[{"embeddable":true,"href":"https:\/\/sey.fi\/joensuu\/wp-json\/wp\/v2\/users\/8"}],"replies":[{"embeddable":true,"href":"https:\/\/sey.fi\/joensuu\/wp-json\/wp\/v2\/comments?post=19"}],"version-history":[{"count":35,"href":"https:\/\/sey.fi\/joensuu\/wp-json\/wp\/v2\/pages\/19\/revisions"}],"predecessor-version":[{"id":937,"href":"https:\/\/sey.fi\/joensuu\/wp-json\/wp\/v2\/pages\/19\/revisions\/937"}],"wp:attachment":[{"href":"https:\/\/sey.fi\/joensuu\/wp-json\/wp\/v2\/media?parent=19"}],"curies":[{"name":"wp","href":"https:\/\/api.w.org\/{rel}","templated":true}]}}