{"id":36,"date":"2019-10-24T14:48:54","date_gmt":"2019-10-24T11:48:54","guid":{"rendered":"http:\/\/srvr10.xetpoint.com\/~seyfi\/joensuu\/?page_id=36"},"modified":"2026-04-23T23:55:40","modified_gmt":"2026-04-23T20:55:40","slug":"koirat","status":"publish","type":"page","link":"https:\/\/sey.fi\/joensuu\/joensuun-elainsuojeluyhdistys\/kodittomat-elaimet\/koirat\/","title":{"rendered":"Kaikki kotia etsiv\u00e4t el\u00e4imet"},"content":{"rendered":"\n<p>Yhdistys tiedottaa kotisivuilla sek\u00e4 sosiaalisissa medioissa (facebook ja instagram) kotia etsivist\u00e4 el\u00e4imist\u00e4. Etsimme p\u00e4\u00e4asiassa koteja silloin, kun kodittomia el\u00e4imi\u00e4 on uutta kotia vailla. T\u00e4m\u00e4 mahdollistaa sen, ett\u00e4 jokaisen mahdollisen kodintarjoajan tiedot eiv\u00e4t katoa ajan saatossa.<\/p>\n\n\n\n<p>Voit kuitenkin halutessasi tarjota kodittomalle lemmikkiel\u00e4imelle kodin, laita s\u00e4hk\u00f6posti osoitteeseen sijaiskoti@jey.fi, silloinkin kun kotia etsivi\u00e4 ei ole juuri silloin tarjolla. Kerro mink\u00e4laista kissaa\/koiraa etsit ja millaisen kodin voisit tarjota. Liit\u00e4 viestiin my\u00f6s nimesi ja puhelinnumerosi. Pyrimme ottamaan yhteytt\u00e4, kun etsim\u00e4si kaltainen el\u00e4in on kotia vailla. Suosittelemme kuitenkin laittamaan hakemusta silloinkin, kun huomaat teid\u00e4n talouteen sopivan el\u00e4imen etsiv\u00e4n kotia meid\u00e4n tiedotuskanavissamme.<\/p>\n\n\n\n<hr class=\"wp-block-separator has-alpha-channel-opacity\" \/>\n\n\n\n<figure class=\"wp-block-image size-large is-resized\"><img loading=\"lazy\" decoding=\"async\" width=\"819\" height=\"1024\" src=\"https:\/\/sey.fi\/wp-content\/uploads\/sites\/13\/2026\/04\/Lisaa-alaotsikko-1-819x1024.jpg\" alt=\"\" class=\"wp-image-906\" style=\"width:336px;height:auto\" srcset=\"https:\/\/sey.fi\/wp-content\/uploads\/sites\/13\/2026\/04\/Lisaa-alaotsikko-1-819x1024.jpg 819w, https:\/\/sey.fi\/wp-content\/uploads\/sites\/13\/2026\/04\/Lisaa-alaotsikko-1-240x300.jpg 240w, https:\/\/sey.fi\/wp-content\/uploads\/sites\/13\/2026\/04\/Lisaa-alaotsikko-1-768x960.jpg 768w, https:\/\/sey.fi\/wp-content\/uploads\/sites\/13\/2026\/04\/Lisaa-alaotsikko-1.jpg 1080w\" sizes=\"auto, (max-width: 819px) 100vw, 819px\" \/><\/figure>\n\n\n\n<p><strong>Peni etsii rauhallista ja rakastavaa kotia<\/strong> (UKET: Uuden kodin etsint\u00e4toimisto)<\/p>\n\n\n\n<p>Peni on 3,5-vuotias mittelspitz-uros, joka etsii itselleen uutta, tasapainoista kotia Joensuun el\u00e4insuojeluyhdistyksen avulla. Peni asuu siis omassa kodissaan, kunnes uusi koti l\u00f6ytyy. H\u00e4n on hurmaava persoona, samaan aikaan valpas vahti ja pehme\u00e4, l\u00e4heisyytt\u00e4 rakastava yst\u00e4v\u00e4.<\/p>\n\n\n\n<p>Peni on sis\u00e4siisti ja osaa hienosti pyyt\u00e4\u00e4 ulos tarpeilleen. Arjessa se on tottunut k\u00e4sittelyyn ja esimerkiksi kynsien leikkaus on aiemmin sujunut hyvin, vaikka t\u00e4ll\u00e4 hetkell\u00e4 stressi n\u00e4kyykin herkemp\u00e4n\u00e4 reagointina. Penin el\u00e4m\u00e4ntilanne on muuttunut sille liian kuormittavaksi, ja erityisesti lapsiperheen vilin\u00e4 sek\u00e4 taajaman h\u00e4lin\u00e4 saavat sen j\u00e4nnittym\u00e4\u00e4n. Peni on k\u00e4ytt\u00e4ytynyt vihaisesti perheen lapsia kohtaan ja selv\u00e4sti pyrkii suojelemaan omistajaansa.<\/p>\n\n\n\n<p>Penin k\u00e4yt\u00f6s vaikuttaa kumpuavan vahvasta halusta suojella omaa ihmist\u00e4\u00e4n ja lapsiperheen h\u00e4lin\u00e4 saa sen stressaantumaan. Peni on uskollinen ja tarkkaavainen kumppani, jolla on selke\u00e4 vahtivietti. Siksi se kaipaa ymp\u00e4rilleen rauhallisuutta ja ennakoitavuutta, jossa sen ei tarvitse olla jatkuvasti valppaana.<\/p>\n\n\n\n<p>Kun ymp\u00e4rist\u00f6 on rauhallinen, Penist\u00e4 paljastuu aivan ihana puoli: se rakastaa rapsutuksia, viihtyy sohvalla l\u00e4hekk\u00e4in ja osaa olla oikea hellyydenkipe\u00e4 halikaveri. Mets\u00e4ss\u00e4 ja taajaman ulkopuolella Peni liikkuu hienosti my\u00f6s vapaana eik\u00e4 l\u00e4hde kauas, nauttien luonnosta ja yhteisest\u00e4 tekemisest\u00e4.<\/p>\n\n\n\n<p>Toisten koirien kanssa Peni tulee p\u00e4\u00e4s\u00e4\u00e4nt\u00f6isesti toimeen, ja kissoihin h\u00e4n suhtautuu jopa erityisell\u00e4 l\u00e4mm\u00f6ll\u00e4, niit\u00e4 se suorastaan rakastaa.<\/p>\n\n\n\n<p>Peni on sirutettu ja rekister\u00f6ity Kennelliittoon. Peni\u00e4 ei ole kastroitu.<\/p>\n\n\n\n<p>Penille etsit\u00e4\u00e4n kotia, jossa arki on rauhallista ja tasapainoista.<br>H\u00e4n ei sovellu lapsiperheeseen, ja paras koti olisi aikuinen, kokenut ja ymm\u00e4rt\u00e4v\u00e4inen omistaja, joka pystyy tarjoamaan h\u00e4nelle turvallisen ymp\u00e4rist\u00f6n ja johdonmukaisen arjen. Peni etsii siis kotia miss\u00e4 ei lapsia tule olemaan edes tulevaisuudessa.<\/p>\n\n\n\n<p><strong>Yhteydenotot: riikka.issakainen98@gmail.com<\/strong><\/p>\n\n\n\n<figure class=\"wp-block-image size-large is-resized\"><img loading=\"lazy\" decoding=\"async\" width=\"768\" height=\"1024\" src=\"https:\/\/sey.fi\/wp-content\/uploads\/sites\/13\/2026\/04\/1000037747-768x1024.webp\" alt=\"\" class=\"wp-image-907\" style=\"width:330px;height:auto\" srcset=\"https:\/\/sey.fi\/wp-content\/uploads\/sites\/13\/2026\/04\/1000037747-768x1024.webp 768w, https:\/\/sey.fi\/wp-content\/uploads\/sites\/13\/2026\/04\/1000037747-225x300.webp 225w, https:\/\/sey.fi\/wp-content\/uploads\/sites\/13\/2026\/04\/1000037747-1152x1536.webp 1152w, https:\/\/sey.fi\/wp-content\/uploads\/sites\/13\/2026\/04\/1000037747.webp 1440w\" sizes=\"auto, (max-width: 768px) 100vw, 768px\" \/><\/figure>\n\n\n\n<hr class=\"wp-block-separator has-alpha-channel-opacity\" \/>\n\n\n\n<figure class=\"wp-block-image size-large is-resized\"><img loading=\"lazy\" decoding=\"async\" width=\"819\" height=\"1024\" src=\"https:\/\/sey.fi\/wp-content\/uploads\/sites\/13\/2026\/04\/WhatsApp-Image-2026-04-10-at-20.01.01-819x1024.jpeg\" alt=\"\" class=\"wp-image-901\" style=\"width:333px;height:auto\" srcset=\"https:\/\/sey.fi\/wp-content\/uploads\/sites\/13\/2026\/04\/WhatsApp-Image-2026-04-10-at-20.01.01-819x1024.jpeg 819w, https:\/\/sey.fi\/wp-content\/uploads\/sites\/13\/2026\/04\/WhatsApp-Image-2026-04-10-at-20.01.01-240x300.jpeg 240w, https:\/\/sey.fi\/wp-content\/uploads\/sites\/13\/2026\/04\/WhatsApp-Image-2026-04-10-at-20.01.01-768x960.jpeg 768w, https:\/\/sey.fi\/wp-content\/uploads\/sites\/13\/2026\/04\/WhatsApp-Image-2026-04-10-at-20.01.01.jpeg 1080w\" sizes=\"auto, (max-width: 819px) 100vw, 819px\" \/><\/figure>\n\n\n\n<figure class=\"wp-block-image size-large is-resized\"><img loading=\"lazy\" decoding=\"async\" width=\"819\" height=\"1024\" src=\"https:\/\/sey.fi\/wp-content\/uploads\/sites\/13\/2026\/04\/WhatsApp-Image-2026-04-10-at-20.01.01-1-819x1024.jpeg\" alt=\"\" class=\"wp-image-902\" style=\"width:332px;height:auto\" srcset=\"https:\/\/sey.fi\/wp-content\/uploads\/sites\/13\/2026\/04\/WhatsApp-Image-2026-04-10-at-20.01.01-1-819x1024.jpeg 819w, https:\/\/sey.fi\/wp-content\/uploads\/sites\/13\/2026\/04\/WhatsApp-Image-2026-04-10-at-20.01.01-1-240x300.jpeg 240w, https:\/\/sey.fi\/wp-content\/uploads\/sites\/13\/2026\/04\/WhatsApp-Image-2026-04-10-at-20.01.01-1-768x960.jpeg 768w, https:\/\/sey.fi\/wp-content\/uploads\/sites\/13\/2026\/04\/WhatsApp-Image-2026-04-10-at-20.01.01-1.jpeg 1080w\" sizes=\"auto, (max-width: 819px) 100vw, 819px\" \/><\/figure>\n\n\n\n<figure class=\"wp-block-image size-large is-resized\"><img loading=\"lazy\" decoding=\"async\" width=\"819\" height=\"1024\" src=\"https:\/\/sey.fi\/wp-content\/uploads\/sites\/13\/2026\/04\/WhatsApp-Image-2026-04-10-at-20.01.01-2-819x1024.jpeg\" alt=\"\" class=\"wp-image-903\" style=\"width:331px;height:auto\" srcset=\"https:\/\/sey.fi\/wp-content\/uploads\/sites\/13\/2026\/04\/WhatsApp-Image-2026-04-10-at-20.01.01-2-819x1024.jpeg 819w, https:\/\/sey.fi\/wp-content\/uploads\/sites\/13\/2026\/04\/WhatsApp-Image-2026-04-10-at-20.01.01-2-240x300.jpeg 240w, https:\/\/sey.fi\/wp-content\/uploads\/sites\/13\/2026\/04\/WhatsApp-Image-2026-04-10-at-20.01.01-2-768x960.jpeg 768w, https:\/\/sey.fi\/wp-content\/uploads\/sites\/13\/2026\/04\/WhatsApp-Image-2026-04-10-at-20.01.01-2.jpeg 1080w\" sizes=\"auto, (max-width: 819px) 100vw, 819px\" \/><\/figure>\n\n\n\n<p>Paavo (s. 2023) ja Teppo (s. 2024).<\/p>\n\n\n\n<p>Paavo on pitk\u00e4karvainen kaveri, joten h\u00e4nen turkkinsa vaatii s\u00e4\u00e4nn\u00f6llist\u00e4 hoitoa. Molemmat pojat ovat luonteeltaan hieman ujoja, mutta k\u00e4sittely ja hoitotoimenpiteet sujuvat heid\u00e4n kanssaan hienosti.<\/p>\n\n\n\n<p>Pojat viihtyv\u00e4t hyvin kesken\u00e4\u00e4n, mutta muiden marsujen seuraan heit\u00e4 ei voida yhdist\u00e4\u00e4, sill\u00e4 Paavo ei tule toimeen muiden kanssa. Siksi pojat etsiv\u00e4t yhteist\u00e4 kotia, koska marsut tarvitsevat lajitoverin seuraa.<\/p>\n\n\n\n<p>Terveystarkastettu ja sirutettu<br>Sirut rekister\u00f6id\u00e4\u00e4n turvasiru.fi-palveluun uuden omistajan tiedoilla<br>Marsu pojat ovat sijaiskodissa Kontiolahdella<\/p>\n\n\n\n<p>Pojat kaipaavat rauhallista ja sitoutunutta kotia, jossa ymm\u00e4rret\u00e4\u00e4n marsujen tarpeet ja ollaan valmiita tarjoamaan heille turvallinen ymp\u00e4rist\u00f6.<\/p>\n\n\n\n<p>L\u00e4het\u00e4 meille s\u00e4hk\u00f6postia osoitteeseen: sijaiskoti@jey.fi<br>Kerro, millainen koti sinulla olisi tarjota.<\/p>\n\n\n\n<p>Vastaa my\u00f6s seuraaviin kysymyksiin:<\/p>\n\n\n\n<p>Miksi haluat tarjota juuri Paavolle ja Tepolle kodin?<\/p>\n\n\n\n<p>Miten paljon sinulla on kokemusta marsuista? Kerro tarkemmin mit\u00e4 tied\u00e4t marsujen ravitsemuksesta?<\/p>\n\n\n\n<p>Onko sinulle tuttua marsujen lajityypillinen k\u00e4yt\u00f6s? Tied\u00e4tk\u00f6 miten tutustua siihen?<\/p>\n\n\n\n<p>Millaiseen tilaan marsut muuttaisivat?<\/p>\n\n\n\n<p>Kuka taloudessa olisi vastuussa marsujen hoidosta?<\/p>\n\n\n\n<p>Onko teill\u00e4 muita el\u00e4imi\u00e4?<\/p>\n\n\n\n<p><\/p>\n\n\n\n<p>Joensuun el\u00e4insuojeluyhdistys<br>Ruvitunnus: 19938956<\/p>\n\n\n\n<p><\/p>\n","protected":false},"excerpt":{"rendered":"<p>Yhdistys tiedottaa kotisivuilla sek\u00e4 sosiaalisissa medioissa (facebook ja instagram) kotia etsivist\u00e4 el\u00e4imist\u00e4. Etsimme p\u00e4\u00e4asiassa koteja silloin, kun kodittomia el\u00e4imi\u00e4 on uutta kotia vailla. T\u00e4m\u00e4 mahdollistaa sen, ett\u00e4 jokaisen mahdollisen kodintarjoajan tiedot eiv\u00e4t katoa ajan saatossa. Voit kuitenkin halutessasi tarjota kodittomalle lemmikkiel\u00e4imelle kodin, laita s\u00e4hk\u00f6posti osoitteeseen sijaiskoti@jey.fi, silloinkin kun kotia etsivi\u00e4 ei ole juuri silloin tarjolla. [&hellip;]<\/p>\n","protected":false},"author":8,"featured_media":0,"parent":29,"menu_order":0,"comment_status":"closed","ping_status":"closed","template":"","meta":{"_acf_changed":false,"footnotes":""},"class_list":["post-36","page","type-page","status-publish","hentry"],"acf":[],"yoast_head":"<!-- This site is optimized with the Yoast SEO plugin v27.1.1 - https:\/\/yoast.com\/product\/yoast-seo-wordpress\/ -->\n<title>Kaikki kotia etsiv\u00e4t el\u00e4imet - Joensuun el\u00e4insuojeluyhdistys<\/title>\n<meta name=\"robots\" content=\"index, follow, max-snippet:-1, max-image-preview:large, max-video-preview:-1\" \/>\n<link rel=\"canonical\" href=\"https:\/\/sey.fi\/joensuu\/joensuun-elainsuojeluyhdistys\/kodittomat-elaimet\/koirat\/\" \/>\n<meta property=\"og:locale\" content=\"fi_FI\" \/>\n<meta property=\"og:type\" content=\"article\" \/>\n<meta property=\"og:title\" content=\"Kaikki kotia etsiv\u00e4t el\u00e4imet - Joensuun el\u00e4insuojeluyhdistys\" \/>\n<meta property=\"og:description\" content=\"Yhdistys tiedottaa kotisivuilla sek\u00e4 sosiaalisissa medioissa (facebook ja instagram) kotia etsivist\u00e4 el\u00e4imist\u00e4. Etsimme p\u00e4\u00e4asiassa koteja silloin, kun kodittomia el\u00e4imi\u00e4 on uutta kotia vailla. T\u00e4m\u00e4 mahdollistaa sen, ett\u00e4 jokaisen mahdollisen kodintarjoajan tiedot eiv\u00e4t katoa ajan saatossa. Voit kuitenkin halutessasi tarjota kodittomalle lemmikkiel\u00e4imelle kodin, laita s\u00e4hk\u00f6posti osoitteeseen sijaiskoti@jey.fi, silloinkin kun kotia etsivi\u00e4 ei ole juuri silloin tarjolla. [&hellip;]\" \/>\n<meta property=\"og:url\" content=\"https:\/\/sey.fi\/joensuu\/joensuun-elainsuojeluyhdistys\/kodittomat-elaimet\/koirat\/\" \/>\n<meta property=\"og:site_name\" content=\"Joensuun el\u00e4insuojeluyhdistys\" \/>\n<meta property=\"article:modified_time\" content=\"2026-04-23T20:55:40+00:00\" \/>\n<meta property=\"og:image\" content=\"https:\/\/sey.fi\/wp-content\/uploads\/sites\/13\/2026\/04\/Lisaa-alaotsikko-1.jpg\" \/>\n\t<meta property=\"og:image:width\" content=\"1080\" \/>\n\t<meta property=\"og:image:height\" content=\"1350\" \/>\n\t<meta property=\"og:image:type\" content=\"image\/jpeg\" \/>\n<meta name=\"twitter:card\" content=\"summary_large_image\" \/>\n<meta name=\"twitter:label1\" content=\"Arvioitu lukuaika\" \/>\n\t<meta name=\"twitter:data1\" content=\"5 minuuttia\" \/>\n<script type=\"application\/ld+json\" class=\"yoast-schema-graph\">{\"@context\":\"https:\/\/schema.org\",\"@graph\":[{\"@type\":\"WebPage\",\"@id\":\"https:\/\/sey.fi\/joensuu\/joensuun-elainsuojeluyhdistys\/kodittomat-elaimet\/koirat\/\",\"url\":\"https:\/\/sey.fi\/joensuu\/joensuun-elainsuojeluyhdistys\/kodittomat-elaimet\/koirat\/\",\"name\":\"Kaikki kotia etsiv\u00e4t el\u00e4imet - Joensuun el\u00e4insuojeluyhdistys\",\"isPartOf\":{\"@id\":\"https:\/\/sey.fi\/joensuu\/#website\"},\"primaryImageOfPage\":{\"@id\":\"https:\/\/sey.fi\/joensuu\/joensuun-elainsuojeluyhdistys\/kodittomat-elaimet\/koirat\/#primaryimage\"},\"image\":{\"@id\":\"https:\/\/sey.fi\/joensuu\/joensuun-elainsuojeluyhdistys\/kodittomat-elaimet\/koirat\/#primaryimage\"},\"thumbnailUrl\":\"https:\/\/sey.fi\/wp-content\/uploads\/sites\/13\/2026\/04\/Lisaa-alaotsikko-1-819x1024.jpg\",\"datePublished\":\"2019-10-24T11:48:54+00:00\",\"dateModified\":\"2026-04-23T20:55:40+00:00\",\"breadcrumb\":{\"@id\":\"https:\/\/sey.fi\/joensuu\/joensuun-elainsuojeluyhdistys\/kodittomat-elaimet\/koirat\/#breadcrumb\"},\"inLanguage\":\"fi\",\"potentialAction\":[{\"@type\":\"ReadAction\",\"target\":[\"https:\/\/sey.fi\/joensuu\/joensuun-elainsuojeluyhdistys\/kodittomat-elaimet\/koirat\/\"]}]},{\"@type\":\"ImageObject\",\"inLanguage\":\"fi\",\"@id\":\"https:\/\/sey.fi\/joensuu\/joensuun-elainsuojeluyhdistys\/kodittomat-elaimet\/koirat\/#primaryimage\",\"url\":\"https:\/\/sey.fi\/wp-content\/uploads\/sites\/13\/2026\/04\/Lisaa-alaotsikko-1-819x1024.jpg\",\"contentUrl\":\"https:\/\/sey.fi\/wp-content\/uploads\/sites\/13\/2026\/04\/Lisaa-alaotsikko-1-819x1024.jpg\"},{\"@type\":\"BreadcrumbList\",\"@id\":\"https:\/\/sey.fi\/joensuu\/joensuun-elainsuojeluyhdistys\/kodittomat-elaimet\/koirat\/#breadcrumb\",\"itemListElement\":[{\"@type\":\"ListItem\",\"position\":1,\"name\":\"Home\",\"item\":\"https:\/\/sey.fi\/joensuu\/\"},{\"@type\":\"ListItem\",\"position\":2,\"name\":\"Joensuun el\u00e4insuojeluyhdistys\",\"item\":\"https:\/\/sey.fi\/joensuu\/\"},{\"@type\":\"ListItem\",\"position\":3,\"name\":\"Kodittomat el\u00e4imet\",\"item\":\"https:\/\/sey.fi\/joensuu\/joensuun-elainsuojeluyhdistys\/kodittomat-elaimet\/\"},{\"@type\":\"ListItem\",\"position\":4,\"name\":\"Kaikki kotia etsiv\u00e4t el\u00e4imet\"}]},{\"@type\":\"WebSite\",\"@id\":\"https:\/\/sey.fi\/joensuu\/#website\",\"url\":\"https:\/\/sey.fi\/joensuu\/\",\"name\":\"Joensuun el\u00e4insuojeluyhdistys\",\"description\":\"Uusi SEY J\u00e4senyhdistykset -sivusto\",\"potentialAction\":[{\"@type\":\"SearchAction\",\"target\":{\"@type\":\"EntryPoint\",\"urlTemplate\":\"https:\/\/sey.fi\/joensuu\/?s={search_term_string}\"},\"query-input\":{\"@type\":\"PropertyValueSpecification\",\"valueRequired\":true,\"valueName\":\"search_term_string\"}}],\"inLanguage\":\"fi\"}]}<\/script>\n<!-- \/ Yoast SEO plugin. -->","yoast_head_json":{"title":"Kaikki kotia etsiv\u00e4t el\u00e4imet - Joensuun el\u00e4insuojeluyhdistys","robots":{"index":"index","follow":"follow","max-snippet":"max-snippet:-1","max-image-preview":"max-image-preview:large","max-video-preview":"max-video-preview:-1"},"canonical":"https:\/\/sey.fi\/joensuu\/joensuun-elainsuojeluyhdistys\/kodittomat-elaimet\/koirat\/","og_locale":"fi_FI","og_type":"article","og_title":"Kaikki kotia etsiv\u00e4t el\u00e4imet - Joensuun el\u00e4insuojeluyhdistys","og_description":"Yhdistys tiedottaa kotisivuilla sek\u00e4 sosiaalisissa medioissa (facebook ja instagram) kotia etsivist\u00e4 el\u00e4imist\u00e4. Etsimme p\u00e4\u00e4asiassa koteja silloin, kun kodittomia el\u00e4imi\u00e4 on uutta kotia vailla. T\u00e4m\u00e4 mahdollistaa sen, ett\u00e4 jokaisen mahdollisen kodintarjoajan tiedot eiv\u00e4t katoa ajan saatossa. Voit kuitenkin halutessasi tarjota kodittomalle lemmikkiel\u00e4imelle kodin, laita s\u00e4hk\u00f6posti osoitteeseen sijaiskoti@jey.fi, silloinkin kun kotia etsivi\u00e4 ei ole juuri silloin tarjolla. [&hellip;]","og_url":"https:\/\/sey.fi\/joensuu\/joensuun-elainsuojeluyhdistys\/kodittomat-elaimet\/koirat\/","og_site_name":"Joensuun el\u00e4insuojeluyhdistys","article_modified_time":"2026-04-23T20:55:40+00:00","og_image":[{"width":1080,"height":1350,"url":"https:\/\/sey.fi\/wp-content\/uploads\/sites\/13\/2026\/04\/Lisaa-alaotsikko-1.jpg","type":"image\/jpeg"}],"twitter_card":"summary_large_image","twitter_misc":{"Arvioitu lukuaika":"5 minuuttia"},"schema":{"@context":"https:\/\/schema.org","@graph":[{"@type":"WebPage","@id":"https:\/\/sey.fi\/joensuu\/joensuun-elainsuojeluyhdistys\/kodittomat-elaimet\/koirat\/","url":"https:\/\/sey.fi\/joensuu\/joensuun-elainsuojeluyhdistys\/kodittomat-elaimet\/koirat\/","name":"Kaikki kotia etsiv\u00e4t el\u00e4imet - Joensuun el\u00e4insuojeluyhdistys","isPartOf":{"@id":"https:\/\/sey.fi\/joensuu\/#website"},"primaryImageOfPage":{"@id":"https:\/\/sey.fi\/joensuu\/joensuun-elainsuojeluyhdistys\/kodittomat-elaimet\/koirat\/#primaryimage"},"image":{"@id":"https:\/\/sey.fi\/joensuu\/joensuun-elainsuojeluyhdistys\/kodittomat-elaimet\/koirat\/#primaryimage"},"thumbnailUrl":"https:\/\/sey.fi\/wp-content\/uploads\/sites\/13\/2026\/04\/Lisaa-alaotsikko-1-819x1024.jpg","datePublished":"2019-10-24T11:48:54+00:00","dateModified":"2026-04-23T20:55:40+00:00","breadcrumb":{"@id":"https:\/\/sey.fi\/joensuu\/joensuun-elainsuojeluyhdistys\/kodittomat-elaimet\/koirat\/#breadcrumb"},"inLanguage":"fi","potentialAction":[{"@type":"ReadAction","target":["https:\/\/sey.fi\/joensuu\/joensuun-elainsuojeluyhdistys\/kodittomat-elaimet\/koirat\/"]}]},{"@type":"ImageObject","inLanguage":"fi","@id":"https:\/\/sey.fi\/joensuu\/joensuun-elainsuojeluyhdistys\/kodittomat-elaimet\/koirat\/#primaryimage","url":"https:\/\/sey.fi\/wp-content\/uploads\/sites\/13\/2026\/04\/Lisaa-alaotsikko-1-819x1024.jpg","contentUrl":"https:\/\/sey.fi\/wp-content\/uploads\/sites\/13\/2026\/04\/Lisaa-alaotsikko-1-819x1024.jpg"},{"@type":"BreadcrumbList","@id":"https:\/\/sey.fi\/joensuu\/joensuun-elainsuojeluyhdistys\/kodittomat-elaimet\/koirat\/#breadcrumb","itemListElement":[{"@type":"ListItem","position":1,"name":"Home","item":"https:\/\/sey.fi\/joensuu\/"},{"@type":"ListItem","position":2,"name":"Joensuun el\u00e4insuojeluyhdistys","item":"https:\/\/sey.fi\/joensuu\/"},{"@type":"ListItem","position":3,"name":"Kodittomat el\u00e4imet","item":"https:\/\/sey.fi\/joensuu\/joensuun-elainsuojeluyhdistys\/kodittomat-elaimet\/"},{"@type":"ListItem","position":4,"name":"Kaikki kotia etsiv\u00e4t el\u00e4imet"}]},{"@type":"WebSite","@id":"https:\/\/sey.fi\/joensuu\/#website","url":"https:\/\/sey.fi\/joensuu\/","name":"Joensuun el\u00e4insuojeluyhdistys","description":"Uusi SEY J\u00e4senyhdistykset -sivusto","potentialAction":[{"@type":"SearchAction","target":{"@type":"EntryPoint","urlTemplate":"https:\/\/sey.fi\/joensuu\/?s={search_term_string}"},"query-input":{"@type":"PropertyValueSpecification","valueRequired":true,"valueName":"search_term_string"}}],"inLanguage":"fi"}]}},"_links":{"self":[{"href":"https:\/\/sey.fi\/joensuu\/wp-json\/wp\/v2\/pages\/36","targetHints":{"allow":["GET"]}}],"collection":[{"href":"https:\/\/sey.fi\/joensuu\/wp-json\/wp\/v2\/pages"}],"about":[{"href":"https:\/\/sey.fi\/joensuu\/wp-json\/wp\/v2\/types\/page"}],"author":[{"embeddable":true,"href":"https:\/\/sey.fi\/joensuu\/wp-json\/wp\/v2\/users\/8"}],"replies":[{"embeddable":true,"href":"https:\/\/sey.fi\/joensuu\/wp-json\/wp\/v2\/comments?post=36"}],"version-history":[{"count":33,"href":"https:\/\/sey.fi\/joensuu\/wp-json\/wp\/v2\/pages\/36\/revisions"}],"predecessor-version":[{"id":941,"href":"https:\/\/sey.fi\/joensuu\/wp-json\/wp\/v2\/pages\/36\/revisions\/941"}],"up":[{"embeddable":true,"href":"https:\/\/sey.fi\/joensuu\/wp-json\/wp\/v2\/pages\/29"}],"wp:attachment":[{"href":"https:\/\/sey.fi\/joensuu\/wp-json\/wp\/v2\/media?parent=36"}],"curies":[{"name":"wp","href":"https:\/\/api.w.org\/{rel}","templated":true}]}}