{"id":151,"date":"2019-11-01T14:09:48","date_gmt":"2019-11-01T12:09:48","guid":{"rendered":"http:\/\/srvr10.xetpoint.com\/~seyfi\/kaakkois-suomi\/?page_id=151"},"modified":"2019-11-01T14:09:50","modified_gmt":"2019-11-01T12:09:50","slug":"kodin-saaneet","status":"publish","type":"page","link":"https:\/\/sey.fi\/kaakkois-suomi\/kaakkois-suomen-elainsuojeluyhdistys\/kotia-etsivat\/kodin-saaneet\/","title":{"rendered":"Kodin saaneet"},"content":{"rendered":"\n<figure class=\"wp-block-embed-youtube wp-block-embed is-type-video is-provider-youtube wp-embed-aspect-16-9 wp-has-aspect-ratio\"><div class=\"wp-block-embed__wrapper\">\n<iframe loading=\"lazy\" title=\"Pesa\u0308n kissat 2014\" width=\"500\" height=\"281\" src=\"https:\/\/www.youtube.com\/embed\/3kH7gWvDpTc?feature=oembed\" frameborder=\"0\" allow=\"accelerometer; autoplay; clipboard-write; encrypted-media; gyroscope; picture-in-picture; web-share\" referrerpolicy=\"strict-origin-when-cross-origin\" allowfullscreen><\/iframe>\n<\/div><\/figure>\n\n\n\n<p>Kuulisimme mielell\u00e4mme kuulumisia yhteisist\u00e4 hetkist\u00e4nne meilt\u00e4 adoptoidun lemmikin kanssa. Jos haluat kertoa teid\u00e4n tarinanne, voit l\u00e4hett\u00e4\u00e4 sen sek\u00e4 mahdollisia valokuvia s\u00e4hk\u00f6postiimme:&nbsp;<strong><a href=\"mailto:kasey.elainkotipesa@gmail.com\">kasey.elainkotipesa(at)gmail.com<\/a><\/strong><\/p>\n\n\n\n<p>Uusia kodin saaneita on esitelty yhdistyksemme facebook-sivun Kodin saaneet &#8211; kuva-albumeissa:<br><br><strong><a href=\"https:\/\/www.facebook.com\/media\/set\/?set=a.178774425735666.1073741830.178738849072557&amp;type=3\" target=\"_blank\" rel=\"noreferrer noopener\">Kodin saaneet 2017 ja aiemmin &#8211; albumi Facebookissa<\/a><\/strong><\/p>\n\n\n\n<p><a href=\"https:\/\/www.facebook.com\/pg\/lappeenrannansey\/photos\/?tab=album&amp;album_id=775214982758271\" target=\"_blank\" rel=\"noreferrer noopener\"><strong>Kodin saaneet 2018&nbsp;&#8211; albumi Facebookissa<\/strong><\/a><\/p>\n\n\n\n<p><strong><a href=\"https:\/\/www.facebook.com\/pg\/lappeenrannansey\/photos\/?tab=album&amp;album_id=992303981049369\">Kodin saaneet 2019 &#8211; albumi Facebookissa<\/a><\/strong><\/p>\n\n\n\n<p><em>T\u00e4\u00e4lt\u00e4 l\u00f6yd\u00e4t kuvia yhdistyksen&nbsp;kautta kodin saaneista el\u00e4imist\u00e4 kev\u00e4\u00e4st\u00e4 2009 alkaen. Joitain kodin saaneita saattaa puuttua joukosta siksi, ett\u00e4 ne ovat saaneet uuden kodin&nbsp;ennen kuin ne on ehditty &nbsp;valokuvata.<\/em><\/p>\n","protected":false},"excerpt":{"rendered":"<p>Kuulisimme mielell\u00e4mme kuulumisia yhteisist\u00e4 hetkist\u00e4nne meilt\u00e4 adoptoidun lemmikin kanssa. Jos haluat kertoa teid\u00e4n tarinanne, voit l\u00e4hett\u00e4\u00e4 sen sek\u00e4 mahdollisia valokuvia s\u00e4hk\u00f6postiimme:&nbsp;kasey.elainkotipesa(at)gmail.com Uusia kodin saaneita on esitelty yhdistyksemme facebook-sivun Kodin saaneet &#8211; kuva-albumeissa: Kodin saaneet 2017 ja aiemmin &#8211; albumi Facebookissa Kodin saaneet 2018&nbsp;&#8211; albumi Facebookissa Kodin saaneet 2019 &#8211; albumi Facebookissa T\u00e4\u00e4lt\u00e4 l\u00f6yd\u00e4t kuvia yhdistyksen&nbsp;kautta [&hellip;]<\/p>\n","protected":false},"author":8,"featured_media":0,"parent":137,"menu_order":0,"comment_status":"closed","ping_status":"closed","template":"","meta":{"_acf_changed":false,"footnotes":""},"class_list":["post-151","page","type-page","status-publish","hentry"],"acf":[],"yoast_head":"<!-- This site is optimized with the Yoast SEO plugin v27.1.1 - https:\/\/yoast.com\/product\/yoast-seo-wordpress\/ -->\n<title>Kodin saaneet - Kaakkois-Suomen el\u00e4insuojeluyhdistys<\/title>\n<meta name=\"robots\" content=\"index, follow, max-snippet:-1, max-image-preview:large, max-video-preview:-1\" \/>\n<link rel=\"canonical\" href=\"https:\/\/sey.fi\/kaakkois-suomi\/kaakkois-suomen-elainsuojeluyhdistys\/kotia-etsivat\/kodin-saaneet\/\" \/>\n<meta property=\"og:locale\" content=\"fi_FI\" \/>\n<meta property=\"og:type\" content=\"article\" \/>\n<meta property=\"og:title\" content=\"Kodin saaneet - Kaakkois-Suomen el\u00e4insuojeluyhdistys\" \/>\n<meta property=\"og:description\" content=\"Kuulisimme mielell\u00e4mme kuulumisia yhteisist\u00e4 hetkist\u00e4nne meilt\u00e4 adoptoidun lemmikin kanssa. Jos haluat kertoa teid\u00e4n tarinanne, voit l\u00e4hett\u00e4\u00e4 sen sek\u00e4 mahdollisia valokuvia s\u00e4hk\u00f6postiimme:&nbsp;kasey.elainkotipesa(at)gmail.com Uusia kodin saaneita on esitelty yhdistyksemme facebook-sivun Kodin saaneet &#8211; kuva-albumeissa: Kodin saaneet 2017 ja aiemmin &#8211; albumi Facebookissa Kodin saaneet 2018&nbsp;&#8211; albumi Facebookissa Kodin saaneet 2019 &#8211; albumi Facebookissa T\u00e4\u00e4lt\u00e4 l\u00f6yd\u00e4t kuvia yhdistyksen&nbsp;kautta [&hellip;]\" \/>\n<meta property=\"og:url\" content=\"https:\/\/sey.fi\/kaakkois-suomi\/kaakkois-suomen-elainsuojeluyhdistys\/kotia-etsivat\/kodin-saaneet\/\" \/>\n<meta property=\"og:site_name\" content=\"Kaakkois-Suomen el\u00e4insuojeluyhdistys\" \/>\n<meta property=\"article:modified_time\" content=\"2019-11-01T12:09:50+00:00\" \/>\n<meta name=\"twitter:card\" content=\"summary_large_image\" \/>\n<meta name=\"twitter:label1\" content=\"Arvioitu lukuaika\" \/>\n\t<meta name=\"twitter:data1\" content=\"1 minuutti\" \/>\n<script type=\"application\/ld+json\" class=\"yoast-schema-graph\">{\"@context\":\"https:\/\/schema.org\",\"@graph\":[{\"@type\":\"WebPage\",\"@id\":\"https:\/\/sey.fi\/kaakkois-suomi\/kaakkois-suomen-elainsuojeluyhdistys\/kotia-etsivat\/kodin-saaneet\/\",\"url\":\"https:\/\/sey.fi\/kaakkois-suomi\/kaakkois-suomen-elainsuojeluyhdistys\/kotia-etsivat\/kodin-saaneet\/\",\"name\":\"Kodin saaneet - Kaakkois-Suomen el\u00e4insuojeluyhdistys\",\"isPartOf\":{\"@id\":\"https:\/\/sey.fi\/kaakkois-suomi\/#website\"},\"datePublished\":\"2019-11-01T12:09:48+00:00\",\"dateModified\":\"2019-11-01T12:09:50+00:00\",\"breadcrumb\":{\"@id\":\"https:\/\/sey.fi\/kaakkois-suomi\/kaakkois-suomen-elainsuojeluyhdistys\/kotia-etsivat\/kodin-saaneet\/#breadcrumb\"},\"inLanguage\":\"fi\",\"potentialAction\":[{\"@type\":\"ReadAction\",\"target\":[\"https:\/\/sey.fi\/kaakkois-suomi\/kaakkois-suomen-elainsuojeluyhdistys\/kotia-etsivat\/kodin-saaneet\/\"]}]},{\"@type\":\"BreadcrumbList\",\"@id\":\"https:\/\/sey.fi\/kaakkois-suomi\/kaakkois-suomen-elainsuojeluyhdistys\/kotia-etsivat\/kodin-saaneet\/#breadcrumb\",\"itemListElement\":[{\"@type\":\"ListItem\",\"position\":1,\"name\":\"Home\",\"item\":\"https:\/\/sey.fi\/kaakkois-suomi\/\"},{\"@type\":\"ListItem\",\"position\":2,\"name\":\"Kaakkois-Suomen el\u00e4insuojeluyhdistys\",\"item\":\"https:\/\/sey.fi\/kaakkois-suomi\/\"},{\"@type\":\"ListItem\",\"position\":3,\"name\":\"Kotia etsiv\u00e4t\",\"item\":\"https:\/\/sey.fi\/kaakkois-suomi\/kaakkois-suomen-elainsuojeluyhdistys\/kotia-etsivat\/\"},{\"@type\":\"ListItem\",\"position\":4,\"name\":\"Kodin saaneet\"}]},{\"@type\":\"WebSite\",\"@id\":\"https:\/\/sey.fi\/kaakkois-suomi\/#website\",\"url\":\"https:\/\/sey.fi\/kaakkois-suomi\/\",\"name\":\"Kaakkois-Suomen el\u00e4insuojeluyhdistys\",\"description\":\"Uusi SEY J\u00e4senyhdistykset -sivusto\",\"potentialAction\":[{\"@type\":\"SearchAction\",\"target\":{\"@type\":\"EntryPoint\",\"urlTemplate\":\"https:\/\/sey.fi\/kaakkois-suomi\/?s={search_term_string}\"},\"query-input\":{\"@type\":\"PropertyValueSpecification\",\"valueRequired\":true,\"valueName\":\"search_term_string\"}}],\"inLanguage\":\"fi\"}]}<\/script>\n<!-- \/ Yoast SEO plugin. -->","yoast_head_json":{"title":"Kodin saaneet - Kaakkois-Suomen el\u00e4insuojeluyhdistys","robots":{"index":"index","follow":"follow","max-snippet":"max-snippet:-1","max-image-preview":"max-image-preview:large","max-video-preview":"max-video-preview:-1"},"canonical":"https:\/\/sey.fi\/kaakkois-suomi\/kaakkois-suomen-elainsuojeluyhdistys\/kotia-etsivat\/kodin-saaneet\/","og_locale":"fi_FI","og_type":"article","og_title":"Kodin saaneet - Kaakkois-Suomen el\u00e4insuojeluyhdistys","og_description":"Kuulisimme mielell\u00e4mme kuulumisia yhteisist\u00e4 hetkist\u00e4nne meilt\u00e4 adoptoidun lemmikin kanssa. Jos haluat kertoa teid\u00e4n tarinanne, voit l\u00e4hett\u00e4\u00e4 sen sek\u00e4 mahdollisia valokuvia s\u00e4hk\u00f6postiimme:&nbsp;kasey.elainkotipesa(at)gmail.com Uusia kodin saaneita on esitelty yhdistyksemme facebook-sivun Kodin saaneet &#8211; kuva-albumeissa: Kodin saaneet 2017 ja aiemmin &#8211; albumi Facebookissa Kodin saaneet 2018&nbsp;&#8211; albumi Facebookissa Kodin saaneet 2019 &#8211; albumi Facebookissa T\u00e4\u00e4lt\u00e4 l\u00f6yd\u00e4t kuvia yhdistyksen&nbsp;kautta [&hellip;]","og_url":"https:\/\/sey.fi\/kaakkois-suomi\/kaakkois-suomen-elainsuojeluyhdistys\/kotia-etsivat\/kodin-saaneet\/","og_site_name":"Kaakkois-Suomen el\u00e4insuojeluyhdistys","article_modified_time":"2019-11-01T12:09:50+00:00","twitter_card":"summary_large_image","twitter_misc":{"Arvioitu lukuaika":"1 minuutti"},"schema":{"@context":"https:\/\/schema.org","@graph":[{"@type":"WebPage","@id":"https:\/\/sey.fi\/kaakkois-suomi\/kaakkois-suomen-elainsuojeluyhdistys\/kotia-etsivat\/kodin-saaneet\/","url":"https:\/\/sey.fi\/kaakkois-suomi\/kaakkois-suomen-elainsuojeluyhdistys\/kotia-etsivat\/kodin-saaneet\/","name":"Kodin saaneet - Kaakkois-Suomen el\u00e4insuojeluyhdistys","isPartOf":{"@id":"https:\/\/sey.fi\/kaakkois-suomi\/#website"},"datePublished":"2019-11-01T12:09:48+00:00","dateModified":"2019-11-01T12:09:50+00:00","breadcrumb":{"@id":"https:\/\/sey.fi\/kaakkois-suomi\/kaakkois-suomen-elainsuojeluyhdistys\/kotia-etsivat\/kodin-saaneet\/#breadcrumb"},"inLanguage":"fi","potentialAction":[{"@type":"ReadAction","target":["https:\/\/sey.fi\/kaakkois-suomi\/kaakkois-suomen-elainsuojeluyhdistys\/kotia-etsivat\/kodin-saaneet\/"]}]},{"@type":"BreadcrumbList","@id":"https:\/\/sey.fi\/kaakkois-suomi\/kaakkois-suomen-elainsuojeluyhdistys\/kotia-etsivat\/kodin-saaneet\/#breadcrumb","itemListElement":[{"@type":"ListItem","position":1,"name":"Home","item":"https:\/\/sey.fi\/kaakkois-suomi\/"},{"@type":"ListItem","position":2,"name":"Kaakkois-Suomen el\u00e4insuojeluyhdistys","item":"https:\/\/sey.fi\/kaakkois-suomi\/"},{"@type":"ListItem","position":3,"name":"Kotia etsiv\u00e4t","item":"https:\/\/sey.fi\/kaakkois-suomi\/kaakkois-suomen-elainsuojeluyhdistys\/kotia-etsivat\/"},{"@type":"ListItem","position":4,"name":"Kodin saaneet"}]},{"@type":"WebSite","@id":"https:\/\/sey.fi\/kaakkois-suomi\/#website","url":"https:\/\/sey.fi\/kaakkois-suomi\/","name":"Kaakkois-Suomen el\u00e4insuojeluyhdistys","description":"Uusi SEY J\u00e4senyhdistykset -sivusto","potentialAction":[{"@type":"SearchAction","target":{"@type":"EntryPoint","urlTemplate":"https:\/\/sey.fi\/kaakkois-suomi\/?s={search_term_string}"},"query-input":{"@type":"PropertyValueSpecification","valueRequired":true,"valueName":"search_term_string"}}],"inLanguage":"fi"}]}},"_links":{"self":[{"href":"https:\/\/sey.fi\/kaakkois-suomi\/wp-json\/wp\/v2\/pages\/151","targetHints":{"allow":["GET"]}}],"collection":[{"href":"https:\/\/sey.fi\/kaakkois-suomi\/wp-json\/wp\/v2\/pages"}],"about":[{"href":"https:\/\/sey.fi\/kaakkois-suomi\/wp-json\/wp\/v2\/types\/page"}],"author":[{"embeddable":true,"href":"https:\/\/sey.fi\/kaakkois-suomi\/wp-json\/wp\/v2\/users\/8"}],"replies":[{"embeddable":true,"href":"https:\/\/sey.fi\/kaakkois-suomi\/wp-json\/wp\/v2\/comments?post=151"}],"version-history":[{"count":1,"href":"https:\/\/sey.fi\/kaakkois-suomi\/wp-json\/wp\/v2\/pages\/151\/revisions"}],"predecessor-version":[{"id":152,"href":"https:\/\/sey.fi\/kaakkois-suomi\/wp-json\/wp\/v2\/pages\/151\/revisions\/152"}],"up":[{"embeddable":true,"href":"https:\/\/sey.fi\/kaakkois-suomi\/wp-json\/wp\/v2\/pages\/137"}],"wp:attachment":[{"href":"https:\/\/sey.fi\/kaakkois-suomi\/wp-json\/wp\/v2\/media?parent=151"}],"curies":[{"name":"wp","href":"https:\/\/api.w.org\/{rel}","templated":true}]}}