{"version":"1.0","provider_name":"L\u00e4ntisen Uudenmaan el\u00e4insuojeluyhdistys","provider_url":"https:\/\/sey.fi\/lantisen-uudenmaan-elainsuojeluyhdistys","author_name":"lantinenuusimaa","author_url":"https:\/\/sey.fi\/lantisen-uudenmaan-elainsuojeluyhdistys\/author\/lantinenuusimaa\/","title":"Vastaanotetut el\u00e4imet - L\u00e4ntisen Uudenmaan el\u00e4insuojeluyhdistys","type":"rich","width":600,"height":338,"html":"<blockquote class=\"wp-embedded-content\" data-secret=\"KBnVF4xsIt\"><a href=\"https:\/\/sey.fi\/lantisen-uudenmaan-elainsuojeluyhdistys\/lue-ry\/vastaanotetut-elaimet-2\/\">Vastaanotetut el\u00e4imet<\/a><\/blockquote><iframe sandbox=\"allow-scripts\" security=\"restricted\" src=\"https:\/\/sey.fi\/lantisen-uudenmaan-elainsuojeluyhdistys\/lue-ry\/vastaanotetut-elaimet-2\/embed\/#?secret=KBnVF4xsIt\" width=\"600\" height=\"338\" title=\"&#8221;Vastaanotetut el\u00e4imet&#8221; &#8212; L\u00e4ntisen Uudenmaan el\u00e4insuojeluyhdistys\" data-secret=\"KBnVF4xsIt\" frameborder=\"0\" marginwidth=\"0\" marginheight=\"0\" scrolling=\"no\" class=\"wp-embedded-content\"><\/iframe><script type=\"text\/javascript\">\n\/* <![CDATA[ *\/\n\/*! This file is auto-generated *\/\n!function(d,l){\"use strict\";l.querySelector&&d.addEventListener&&\"undefined\"!=typeof URL&&(d.wp=d.wp||{},d.wp.receiveEmbedMessage||(d.wp.receiveEmbedMessage=function(e){var t=e.data;if((t||t.secret||t.message||t.value)&&!\/[^a-zA-Z0-9]\/.test(t.secret)){for(var s,r,n,a=l.querySelectorAll('iframe[data-secret=\"'+t.secret+'\"]'),o=l.querySelectorAll('blockquote[data-secret=\"'+t.secret+'\"]'),c=new RegExp(\"^https?:$\",\"i\"),i=0;i<o.length;i++)o[i].style.display=\"none\";for(i=0;i<a.length;i++)s=a[i],e.source===s.contentWindow&&(s.removeAttribute(\"style\"),\"height\"===t.message?(1e3<(r=parseInt(t.value,10))?r=1e3:~~r<200&&(r=200),s.height=r):\"link\"===t.message&&(r=new URL(s.getAttribute(\"src\")),n=new URL(t.value),c.test(n.protocol))&&n.host===r.host&&l.activeElement===s&&(d.top.location.href=t.value))}},d.addEventListener(\"message\",d.wp.receiveEmbedMessage,!1),l.addEventListener(\"DOMContentLoaded\",function(){for(var e,t,s=l.querySelectorAll(\"iframe.wp-embedded-content\"),r=0;r<s.length;r++)(t=(e=s[r]).getAttribute(\"data-secret\"))||(t=Math.random().toString(36).substring(2,12),e.src+=\"#?secret=\"+t,e.setAttribute(\"data-secret\",t)),e.contentWindow.postMessage({message:\"ready\",secret:t},\"*\")},!1)))}(window,document);\n\/* ]]> *\/\n<\/script>\n","description":"T\u00e4ll\u00e4 sivulla ilmoitamme vastaanottamistamme l\u00f6yt\u00f6el\u00e4imist\u00e4. Mahdolliset yhteydenotot numeroon 045 7870 9101. Talteenotettu Vihti Kirkonkyl\u00e4 21.5.2020. Talteenotettu Ojakkala 4.5.2020. Arka pitk\u00e4karvainen. 15 vrk t\u00e4yttyi, eik\u00e4 omistajaa l\u00f6ytynyt. Kissa l\u00e4htee etsim\u00e4\u00e4n uutta kotia. Talteenotettu Ojakkala 20.4.2020. 15 vrk t\u00e4yttyi, eik\u00e4 omistajaa l\u00f6ytynyt. Kissa l\u00e4htee etsim\u00e4\u00e4n uutta kotia. Talteenotettu Otalampi 26.2.2020. 15 vrk t\u00e4yttyi, eik\u00e4 omistajaa l\u00f6ytynyt. Kissa [&hellip;]","thumbnail_url":"https:\/\/sey.fi\/wp-content\/uploads\/sites\/3\/2020\/05\/kk-toukokuu.jpg","thumbnail_width":960,"thumbnail_height":720}