{"version":"1.0","provider_name":"L\u00e4ntisen Uudenmaan el\u00e4insuojeluyhdistys","provider_url":"https:\/\/sey.fi\/lantisen-uudenmaan-elainsuojeluyhdistys","author_name":"Joonas Ylitalo","author_url":"https:\/\/sey.fi\/lantisen-uudenmaan-elainsuojeluyhdistys\/author\/mscadmin\/","title":"LUE ry aloittaa 1.4.2019 my\u00f6s Vihdin l\u00f6yt\u00f6el\u00e4inten vastaanottotahona - L\u00e4ntisen Uudenmaan el\u00e4insuojeluyhdistys","type":"rich","width":600,"height":338,"html":"<blockquote class=\"wp-embedded-content\" data-secret=\"iNgN7LywFW\"><a href=\"https:\/\/sey.fi\/lantisen-uudenmaan-elainsuojeluyhdistys\/testiuutinen\/\">LUE ry aloittaa 1.4.2019 my\u00f6s Vihdin l\u00f6yt\u00f6el\u00e4inten vastaanottotahona<\/a><\/blockquote><iframe sandbox=\"allow-scripts\" security=\"restricted\" src=\"https:\/\/sey.fi\/lantisen-uudenmaan-elainsuojeluyhdistys\/testiuutinen\/embed\/#?secret=iNgN7LywFW\" width=\"600\" height=\"338\" title=\"&#8221;LUE ry aloittaa 1.4.2019 my\u00f6s Vihdin l\u00f6yt\u00f6el\u00e4inten vastaanottotahona&#8221; &#8212; L\u00e4ntisen Uudenmaan el\u00e4insuojeluyhdistys\" data-secret=\"iNgN7LywFW\" frameborder=\"0\" marginwidth=\"0\" marginheight=\"0\" scrolling=\"no\" class=\"wp-embedded-content\"><\/iframe><script type=\"text\/javascript\">\n\/* <![CDATA[ *\/\n\/*! This file is auto-generated *\/\n!function(d,l){\"use strict\";l.querySelector&&d.addEventListener&&\"undefined\"!=typeof URL&&(d.wp=d.wp||{},d.wp.receiveEmbedMessage||(d.wp.receiveEmbedMessage=function(e){var t=e.data;if((t||t.secret||t.message||t.value)&&!\/[^a-zA-Z0-9]\/.test(t.secret)){for(var s,r,n,a=l.querySelectorAll('iframe[data-secret=\"'+t.secret+'\"]'),o=l.querySelectorAll('blockquote[data-secret=\"'+t.secret+'\"]'),c=new RegExp(\"^https?:$\",\"i\"),i=0;i<o.length;i++)o[i].style.display=\"none\";for(i=0;i<a.length;i++)s=a[i],e.source===s.contentWindow&&(s.removeAttribute(\"style\"),\"height\"===t.message?(1e3<(r=parseInt(t.value,10))?r=1e3:~~r<200&&(r=200),s.height=r):\"link\"===t.message&&(r=new URL(s.getAttribute(\"src\")),n=new URL(t.value),c.test(n.protocol))&&n.host===r.host&&l.activeElement===s&&(d.top.location.href=t.value))}},d.addEventListener(\"message\",d.wp.receiveEmbedMessage,!1),l.addEventListener(\"DOMContentLoaded\",function(){for(var e,t,s=l.querySelectorAll(\"iframe.wp-embedded-content\"),r=0;r<s.length;r++)(t=(e=s[r]).getAttribute(\"data-secret\"))||(t=Math.random().toString(36).substring(2,12),e.src+=\"#?secret=\"+t,e.setAttribute(\"data-secret\",t)),e.contentWindow.postMessage({message:\"ready\",secret:t},\"*\")},!1)))}(window,document);\n\/* ]]> *\/\n<\/script>\n","description":"Jatkossa toimimme sek\u00e4 Karkkilan ett\u00e4 Vihdin virallisena l\u00f6yt\u00f6el\u00e4inten vastaanottotahona. Tilamme sijaitsevat Vihdin Kirkonkyl\u00e4ll\u00e4, osoitteessa Liukkaakuja 1, 03400 Vihti. Karkkilan kanssa sopimus l\u00f6yt\u00f6el\u00e4inten vastaanottamisesta on tehty jo aiemmin 1.1.2019. Toimintamme tueksi tarvitsemme lis\u00e4\u00e4 vapaaehtoisia. Tervetuloa mukaan iloiseen joukkoomme, l\u00e4het\u00e4 viesti\u00e4 vaikka Facebookissa."}