{"id":162,"date":"2019-10-22T13:23:07","date_gmt":"2019-10-22T10:23:07","guid":{"rendered":"http:\/\/srvr10.xetpoint.com\/~seyfi\/lantisen-uudenmaan-elainsuojeluyhdistys\/?page_id=162"},"modified":"2019-10-22T15:17:20","modified_gmt":"2019-10-22T12:17:20","slug":"lue-ry-aloittaa-1-4-2019-myos-vihdin-loytoelainten-vastaanottotahona","status":"publish","type":"page","link":"https:\/\/sey.fi\/lantisen-uudenmaan-elainsuojeluyhdistys\/testisivu\/lue-ry-aloittaa-1-4-2019-myos-vihdin-loytoelainten-vastaanottotahona\/","title":{"rendered":"LUE ry aloittaa 1.4.2019 my\u00f6s Vihdin l\u00f6yt\u00f6el\u00e4inten vastaanottotahona"},"content":{"rendered":"\n<p>Jatkossa toimimme sek\u00e4 Karkkilan ett\u00e4 Vihdin virallisena l\u00f6yt\u00f6el\u00e4inten vastaanottotahona. Tulevat tilamme sijaitsevat Vihdin Kirkonkyl\u00e4ll\u00e4 osoitteessa Liukkaankuja 1, 03400 Vihti.<\/p>\n\n\n\n<p>Toimintamme tueksi tarvitsemme lis\u00e4\u00e4 vapaahtoisia. Tervetuoa mukaan iloiseen joukkoomme, l\u00e4het\u00e4 viesti\u00e4&nbsp;<a href=\"https:\/\/www.facebook.com\/L%C3%A4ntisen-Uudenmaan-el%C3%A4insuojeluyhdistys-LUE-ry-259052924693637\/?modal=admin_todo_tour\" target=\"_blank\" rel=\"noreferrer noopener\">Facebookissa.<\/a><\/p>\n","protected":false},"excerpt":{"rendered":"<p>Jatkossa toimimme sek\u00e4 Karkkilan ett\u00e4 Vihdin virallisena l\u00f6yt\u00f6el\u00e4inten vastaanottotahona. Tulevat tilamme sijaitsevat Vihdin Kirkonkyl\u00e4ll\u00e4 osoitteessa Liukkaankuja 1, 03400 Vihti. Toimintamme tueksi tarvitsemme lis\u00e4\u00e4 vapaahtoisia. Tervetuoa mukaan iloiseen joukkoomme, l\u00e4het\u00e4 viesti\u00e4&nbsp;Facebookissa.<\/p>\n","protected":false},"author":8,"featured_media":0,"parent":150,"menu_order":0,"comment_status":"closed","ping_status":"closed","template":"","meta":{"_acf_changed":false,"footnotes":""},"class_list":["post-162","page","type-page","status-publish","hentry"],"acf":[],"yoast_head":"<!-- This site is optimized with the Yoast SEO plugin v27.1.1 - https:\/\/yoast.com\/product\/yoast-seo-wordpress\/ -->\n<title>LUE ry aloittaa 1.4.2019 my\u00f6s Vihdin l\u00f6yt\u00f6el\u00e4inten vastaanottotahona - L\u00e4ntisen Uudenmaan el\u00e4insuojeluyhdistys<\/title>\n<meta name=\"robots\" content=\"index, follow, max-snippet:-1, max-image-preview:large, max-video-preview:-1\" \/>\n<link rel=\"canonical\" href=\"https:\/\/sey.fi\/lantisen-uudenmaan-elainsuojeluyhdistys\/testisivu\/lue-ry-aloittaa-1-4-2019-myos-vihdin-loytoelainten-vastaanottotahona\/\" \/>\n<meta property=\"og:locale\" content=\"fi_FI\" \/>\n<meta property=\"og:type\" content=\"article\" \/>\n<meta property=\"og:title\" content=\"LUE ry aloittaa 1.4.2019 my\u00f6s Vihdin l\u00f6yt\u00f6el\u00e4inten vastaanottotahona - L\u00e4ntisen Uudenmaan el\u00e4insuojeluyhdistys\" \/>\n<meta property=\"og:description\" content=\"Jatkossa toimimme sek\u00e4 Karkkilan ett\u00e4 Vihdin virallisena l\u00f6yt\u00f6el\u00e4inten vastaanottotahona. Tulevat tilamme sijaitsevat Vihdin Kirkonkyl\u00e4ll\u00e4 osoitteessa Liukkaankuja 1, 03400 Vihti. Toimintamme tueksi tarvitsemme lis\u00e4\u00e4 vapaahtoisia. Tervetuoa mukaan iloiseen joukkoomme, l\u00e4het\u00e4 viesti\u00e4&nbsp;Facebookissa.\" \/>\n<meta property=\"og:url\" content=\"https:\/\/sey.fi\/lantisen-uudenmaan-elainsuojeluyhdistys\/testisivu\/lue-ry-aloittaa-1-4-2019-myos-vihdin-loytoelainten-vastaanottotahona\/\" \/>\n<meta property=\"og:site_name\" content=\"L\u00e4ntisen Uudenmaan el\u00e4insuojeluyhdistys\" \/>\n<meta property=\"article:modified_time\" content=\"2019-10-22T12:17:20+00:00\" \/>\n<meta name=\"twitter:card\" content=\"summary_large_image\" \/>\n<script type=\"application\/ld+json\" class=\"yoast-schema-graph\">{\"@context\":\"https:\/\/schema.org\",\"@graph\":[{\"@type\":\"WebPage\",\"@id\":\"https:\/\/sey.fi\/lantisen-uudenmaan-elainsuojeluyhdistys\/testisivu\/lue-ry-aloittaa-1-4-2019-myos-vihdin-loytoelainten-vastaanottotahona\/\",\"url\":\"https:\/\/sey.fi\/lantisen-uudenmaan-elainsuojeluyhdistys\/testisivu\/lue-ry-aloittaa-1-4-2019-myos-vihdin-loytoelainten-vastaanottotahona\/\",\"name\":\"LUE ry aloittaa 1.4.2019 my\u00f6s Vihdin l\u00f6yt\u00f6el\u00e4inten vastaanottotahona - L\u00e4ntisen Uudenmaan el\u00e4insuojeluyhdistys\",\"isPartOf\":{\"@id\":\"https:\/\/sey.fi\/lantisen-uudenmaan-elainsuojeluyhdistys\/#website\"},\"datePublished\":\"2019-10-22T10:23:07+00:00\",\"dateModified\":\"2019-10-22T12:17:20+00:00\",\"breadcrumb\":{\"@id\":\"https:\/\/sey.fi\/lantisen-uudenmaan-elainsuojeluyhdistys\/testisivu\/lue-ry-aloittaa-1-4-2019-myos-vihdin-loytoelainten-vastaanottotahona\/#breadcrumb\"},\"inLanguage\":\"fi\",\"potentialAction\":[{\"@type\":\"ReadAction\",\"target\":[\"https:\/\/sey.fi\/lantisen-uudenmaan-elainsuojeluyhdistys\/testisivu\/lue-ry-aloittaa-1-4-2019-myos-vihdin-loytoelainten-vastaanottotahona\/\"]}]},{\"@type\":\"BreadcrumbList\",\"@id\":\"https:\/\/sey.fi\/lantisen-uudenmaan-elainsuojeluyhdistys\/testisivu\/lue-ry-aloittaa-1-4-2019-myos-vihdin-loytoelainten-vastaanottotahona\/#breadcrumb\",\"itemListElement\":[{\"@type\":\"ListItem\",\"position\":1,\"name\":\"Home\",\"item\":\"https:\/\/sey.fi\/lantisen-uudenmaan-elainsuojeluyhdistys\/\"},{\"@type\":\"ListItem\",\"position\":2,\"name\":\"Muut\",\"item\":\"https:\/\/sey.fi\/lantisen-uudenmaan-elainsuojeluyhdistys\/testisivu\/\"},{\"@type\":\"ListItem\",\"position\":3,\"name\":\"LUE ry aloittaa 1.4.2019 my\u00f6s Vihdin l\u00f6yt\u00f6el\u00e4inten vastaanottotahona\"}]},{\"@type\":\"WebSite\",\"@id\":\"https:\/\/sey.fi\/lantisen-uudenmaan-elainsuojeluyhdistys\/#website\",\"url\":\"https:\/\/sey.fi\/lantisen-uudenmaan-elainsuojeluyhdistys\/\",\"name\":\"L\u00e4ntisen Uudenmaan el\u00e4insuojeluyhdistys\",\"description\":\"Uusi SEY J\u00e4senyhdistykset -sivusto\",\"potentialAction\":[{\"@type\":\"SearchAction\",\"target\":{\"@type\":\"EntryPoint\",\"urlTemplate\":\"https:\/\/sey.fi\/lantisen-uudenmaan-elainsuojeluyhdistys\/?s={search_term_string}\"},\"query-input\":{\"@type\":\"PropertyValueSpecification\",\"valueRequired\":true,\"valueName\":\"search_term_string\"}}],\"inLanguage\":\"fi\"}]}<\/script>\n<!-- \/ Yoast SEO plugin. -->","yoast_head_json":{"title":"LUE ry aloittaa 1.4.2019 my\u00f6s Vihdin l\u00f6yt\u00f6el\u00e4inten vastaanottotahona - L\u00e4ntisen Uudenmaan el\u00e4insuojeluyhdistys","robots":{"index":"index","follow":"follow","max-snippet":"max-snippet:-1","max-image-preview":"max-image-preview:large","max-video-preview":"max-video-preview:-1"},"canonical":"https:\/\/sey.fi\/lantisen-uudenmaan-elainsuojeluyhdistys\/testisivu\/lue-ry-aloittaa-1-4-2019-myos-vihdin-loytoelainten-vastaanottotahona\/","og_locale":"fi_FI","og_type":"article","og_title":"LUE ry aloittaa 1.4.2019 my\u00f6s Vihdin l\u00f6yt\u00f6el\u00e4inten vastaanottotahona - L\u00e4ntisen Uudenmaan el\u00e4insuojeluyhdistys","og_description":"Jatkossa toimimme sek\u00e4 Karkkilan ett\u00e4 Vihdin virallisena l\u00f6yt\u00f6el\u00e4inten vastaanottotahona. Tulevat tilamme sijaitsevat Vihdin Kirkonkyl\u00e4ll\u00e4 osoitteessa Liukkaankuja 1, 03400 Vihti. Toimintamme tueksi tarvitsemme lis\u00e4\u00e4 vapaahtoisia. Tervetuoa mukaan iloiseen joukkoomme, l\u00e4het\u00e4 viesti\u00e4&nbsp;Facebookissa.","og_url":"https:\/\/sey.fi\/lantisen-uudenmaan-elainsuojeluyhdistys\/testisivu\/lue-ry-aloittaa-1-4-2019-myos-vihdin-loytoelainten-vastaanottotahona\/","og_site_name":"L\u00e4ntisen Uudenmaan el\u00e4insuojeluyhdistys","article_modified_time":"2019-10-22T12:17:20+00:00","twitter_card":"summary_large_image","schema":{"@context":"https:\/\/schema.org","@graph":[{"@type":"WebPage","@id":"https:\/\/sey.fi\/lantisen-uudenmaan-elainsuojeluyhdistys\/testisivu\/lue-ry-aloittaa-1-4-2019-myos-vihdin-loytoelainten-vastaanottotahona\/","url":"https:\/\/sey.fi\/lantisen-uudenmaan-elainsuojeluyhdistys\/testisivu\/lue-ry-aloittaa-1-4-2019-myos-vihdin-loytoelainten-vastaanottotahona\/","name":"LUE ry aloittaa 1.4.2019 my\u00f6s Vihdin l\u00f6yt\u00f6el\u00e4inten vastaanottotahona - L\u00e4ntisen Uudenmaan el\u00e4insuojeluyhdistys","isPartOf":{"@id":"https:\/\/sey.fi\/lantisen-uudenmaan-elainsuojeluyhdistys\/#website"},"datePublished":"2019-10-22T10:23:07+00:00","dateModified":"2019-10-22T12:17:20+00:00","breadcrumb":{"@id":"https:\/\/sey.fi\/lantisen-uudenmaan-elainsuojeluyhdistys\/testisivu\/lue-ry-aloittaa-1-4-2019-myos-vihdin-loytoelainten-vastaanottotahona\/#breadcrumb"},"inLanguage":"fi","potentialAction":[{"@type":"ReadAction","target":["https:\/\/sey.fi\/lantisen-uudenmaan-elainsuojeluyhdistys\/testisivu\/lue-ry-aloittaa-1-4-2019-myos-vihdin-loytoelainten-vastaanottotahona\/"]}]},{"@type":"BreadcrumbList","@id":"https:\/\/sey.fi\/lantisen-uudenmaan-elainsuojeluyhdistys\/testisivu\/lue-ry-aloittaa-1-4-2019-myos-vihdin-loytoelainten-vastaanottotahona\/#breadcrumb","itemListElement":[{"@type":"ListItem","position":1,"name":"Home","item":"https:\/\/sey.fi\/lantisen-uudenmaan-elainsuojeluyhdistys\/"},{"@type":"ListItem","position":2,"name":"Muut","item":"https:\/\/sey.fi\/lantisen-uudenmaan-elainsuojeluyhdistys\/testisivu\/"},{"@type":"ListItem","position":3,"name":"LUE ry aloittaa 1.4.2019 my\u00f6s Vihdin l\u00f6yt\u00f6el\u00e4inten vastaanottotahona"}]},{"@type":"WebSite","@id":"https:\/\/sey.fi\/lantisen-uudenmaan-elainsuojeluyhdistys\/#website","url":"https:\/\/sey.fi\/lantisen-uudenmaan-elainsuojeluyhdistys\/","name":"L\u00e4ntisen Uudenmaan el\u00e4insuojeluyhdistys","description":"Uusi SEY J\u00e4senyhdistykset -sivusto","potentialAction":[{"@type":"SearchAction","target":{"@type":"EntryPoint","urlTemplate":"https:\/\/sey.fi\/lantisen-uudenmaan-elainsuojeluyhdistys\/?s={search_term_string}"},"query-input":{"@type":"PropertyValueSpecification","valueRequired":true,"valueName":"search_term_string"}}],"inLanguage":"fi"}]}},"_links":{"self":[{"href":"https:\/\/sey.fi\/lantisen-uudenmaan-elainsuojeluyhdistys\/wp-json\/wp\/v2\/pages\/162","targetHints":{"allow":["GET"]}}],"collection":[{"href":"https:\/\/sey.fi\/lantisen-uudenmaan-elainsuojeluyhdistys\/wp-json\/wp\/v2\/pages"}],"about":[{"href":"https:\/\/sey.fi\/lantisen-uudenmaan-elainsuojeluyhdistys\/wp-json\/wp\/v2\/types\/page"}],"author":[{"embeddable":true,"href":"https:\/\/sey.fi\/lantisen-uudenmaan-elainsuojeluyhdistys\/wp-json\/wp\/v2\/users\/8"}],"replies":[{"embeddable":true,"href":"https:\/\/sey.fi\/lantisen-uudenmaan-elainsuojeluyhdistys\/wp-json\/wp\/v2\/comments?post=162"}],"version-history":[{"count":1,"href":"https:\/\/sey.fi\/lantisen-uudenmaan-elainsuojeluyhdistys\/wp-json\/wp\/v2\/pages\/162\/revisions"}],"predecessor-version":[{"id":163,"href":"https:\/\/sey.fi\/lantisen-uudenmaan-elainsuojeluyhdistys\/wp-json\/wp\/v2\/pages\/162\/revisions\/163"}],"up":[{"embeddable":true,"href":"https:\/\/sey.fi\/lantisen-uudenmaan-elainsuojeluyhdistys\/wp-json\/wp\/v2\/pages\/150"}],"wp:attachment":[{"href":"https:\/\/sey.fi\/lantisen-uudenmaan-elainsuojeluyhdistys\/wp-json\/wp\/v2\/media?parent=162"}],"curies":[{"name":"wp","href":"https:\/\/api.w.org\/{rel}","templated":true}]}}