{"id":376,"date":"2020-05-22T15:02:58","date_gmt":"2020-05-22T12:02:58","guid":{"rendered":"https:\/\/sey.fi\/lantisen-uudenmaan-elainsuojeluyhdistys\/?page_id=376"},"modified":"2025-07-26T13:36:29","modified_gmt":"2025-07-26T10:36:29","slug":"vastaanotetut-elaimet-2","status":"publish","type":"page","link":"https:\/\/sey.fi\/lantisen-uudenmaan-elainsuojeluyhdistys\/lue-ry\/vastaanotetut-elaimet-2\/","title":{"rendered":"Vastaanotetut el\u00e4imet"},"content":{"rendered":"\n<p class=\"has-text-align-center\"> T\u00e4ll\u00e4 sivulla ilmoitamme vastaanottamistamme l\u00f6yt\u00f6el\u00e4imist\u00e4. <br>Mahdolliset yhteydenotot numeroon <strong>045 7870 9101<\/strong>. <br><\/p>\n\n\n\n<p class=\"has-text-align-center\"> <\/p>\n\n\n\n<div class=\"wp-block-image is-style-circle-mask\"><figure class=\"aligncenter size-large is-resized\"><img loading=\"lazy\" decoding=\"async\" src=\"https:\/\/sey.fi\/wp-content\/uploads\/sites\/3\/2020\/05\/kk-toukokuu.jpg\" alt=\"\" class=\"wp-image-374\" width=\"521\" height=\"391\" srcset=\"https:\/\/sey.fi\/wp-content\/uploads\/sites\/3\/2020\/05\/kk-toukokuu.jpg 960w, https:\/\/sey.fi\/wp-content\/uploads\/sites\/3\/2020\/05\/kk-toukokuu-300x225.jpg 300w, https:\/\/sey.fi\/wp-content\/uploads\/sites\/3\/2020\/05\/kk-toukokuu-768x576.jpg 768w\" sizes=\"auto, (max-width: 521px) 100vw, 521px\" \/><\/figure><\/div>\n\n\n\n<p class=\"has-text-align-center\">Talteenotettu Vihti Kirkonkyl\u00e4 21.5.2020.<\/p>\n\n\n\n<div class=\"wp-block-image is-style-circle-mask\"><figure class=\"aligncenter size-large is-resized\"><img loading=\"lazy\" decoding=\"async\" src=\"https:\/\/sey.fi\/wp-content\/uploads\/sites\/3\/2020\/05\/ojakkala-4_5_I.jpg\" alt=\"\" class=\"wp-image-363\" width=\"383\" height=\"444\" srcset=\"https:\/\/sey.fi\/wp-content\/uploads\/sites\/3\/2020\/05\/ojakkala-4_5_I.jpg 534w, https:\/\/sey.fi\/wp-content\/uploads\/sites\/3\/2020\/05\/ojakkala-4_5_I-259x300.jpg 259w\" sizes=\"auto, (max-width: 383px) 100vw, 383px\" \/><\/figure><\/div>\n\n\n\n<p class=\"has-text-align-center\">Talteenotettu Ojakkala 4.5.2020. Arka pitk\u00e4karvainen.  <br><em>15 vrk t\u00e4yttyi, eik\u00e4 omistajaa l\u00f6ytynyt. <\/em><br><em>Kissa l\u00e4htee etsim\u00e4\u00e4n uutta kotia.<\/em> <\/p>\n\n\n\n<div class=\"wp-block-image is-style-circle-mask\"><figure class=\"aligncenter size-large is-resized\"><img loading=\"lazy\" decoding=\"async\" src=\"https:\/\/sey.fi\/wp-content\/uploads\/sites\/3\/2020\/04\/ojakkala-20_4.jpg\" alt=\"\" class=\"wp-image-361\" width=\"378\" height=\"504\" srcset=\"https:\/\/sey.fi\/wp-content\/uploads\/sites\/3\/2020\/04\/ojakkala-20_4.jpg 480w, https:\/\/sey.fi\/wp-content\/uploads\/sites\/3\/2020\/04\/ojakkala-20_4-225x300.jpg 225w\" sizes=\"auto, (max-width: 378px) 100vw, 378px\" \/><\/figure><\/div>\n\n\n\n<p class=\"has-text-align-center\"><em>Talteenotettu Ojakkala 20.4.2020. <br>15 vrk t\u00e4yttyi, eik\u00e4 omistajaa l\u00f6ytynyt. <\/em><br><em>Kissa l\u00e4htee etsim\u00e4\u00e4n uutta kotia.<\/em><\/p>\n\n\n\n<div class=\"wp-block-image is-style-circle-mask\"><figure class=\"aligncenter size-large is-resized\"><img loading=\"lazy\" decoding=\"async\" src=\"https:\/\/sey.fi\/wp-content\/uploads\/sites\/3\/2020\/02\/Otalampi-2602.jpg\" alt=\"\" class=\"wp-image-328\" width=\"359\" height=\"477\" \/><\/figure><\/div>\n\n\n\n<p class=\"has-text-align-center\"><em>Talteenotettu Otalampi 26.2.2020<\/em>. <br>1<em>5 vrk t\u00e4yttyi, eik\u00e4 omistajaa l\u00f6ytynyt. <\/em><br><em>Kissa l\u00e4htee etsim\u00e4\u00e4n uutta kotia.<\/em><\/p>\n","protected":false},"excerpt":{"rendered":"<p>T\u00e4ll\u00e4 sivulla ilmoitamme vastaanottamistamme l\u00f6yt\u00f6el\u00e4imist\u00e4. Mahdolliset yhteydenotot numeroon 045 7870 9101. Talteenotettu Vihti Kirkonkyl\u00e4 21.5.2020. Talteenotettu Ojakkala 4.5.2020. Arka pitk\u00e4karvainen. 15 vrk t\u00e4yttyi, eik\u00e4 omistajaa l\u00f6ytynyt. Kissa l\u00e4htee etsim\u00e4\u00e4n uutta kotia. Talteenotettu Ojakkala 20.4.2020. 15 vrk t\u00e4yttyi, eik\u00e4 omistajaa l\u00f6ytynyt. Kissa l\u00e4htee etsim\u00e4\u00e4n uutta kotia. Talteenotettu Otalampi 26.2.2020. 15 vrk t\u00e4yttyi, eik\u00e4 omistajaa l\u00f6ytynyt. Kissa [&hellip;]<\/p>\n","protected":false},"author":10,"featured_media":0,"parent":2,"menu_order":0,"comment_status":"closed","ping_status":"closed","template":"","meta":{"_acf_changed":false,"footnotes":""},"class_list":["post-376","page","type-page","status-publish","hentry"],"acf":[],"yoast_head":"<!-- This site is optimized with the Yoast SEO plugin v27.1.1 - https:\/\/yoast.com\/product\/yoast-seo-wordpress\/ -->\n<title>Vastaanotetut el\u00e4imet - L\u00e4ntisen Uudenmaan el\u00e4insuojeluyhdistys<\/title>\n<meta name=\"robots\" content=\"index, follow, max-snippet:-1, max-image-preview:large, max-video-preview:-1\" \/>\n<link rel=\"canonical\" href=\"https:\/\/sey.fi\/lantisen-uudenmaan-elainsuojeluyhdistys\/lue-ry\/vastaanotetut-elaimet-2\/\" \/>\n<meta property=\"og:locale\" content=\"fi_FI\" \/>\n<meta property=\"og:type\" content=\"article\" \/>\n<meta property=\"og:title\" content=\"Vastaanotetut el\u00e4imet - L\u00e4ntisen Uudenmaan el\u00e4insuojeluyhdistys\" \/>\n<meta property=\"og:description\" content=\"T\u00e4ll\u00e4 sivulla ilmoitamme vastaanottamistamme l\u00f6yt\u00f6el\u00e4imist\u00e4. Mahdolliset yhteydenotot numeroon 045 7870 9101. Talteenotettu Vihti Kirkonkyl\u00e4 21.5.2020. Talteenotettu Ojakkala 4.5.2020. Arka pitk\u00e4karvainen. 15 vrk t\u00e4yttyi, eik\u00e4 omistajaa l\u00f6ytynyt. Kissa l\u00e4htee etsim\u00e4\u00e4n uutta kotia. Talteenotettu Ojakkala 20.4.2020. 15 vrk t\u00e4yttyi, eik\u00e4 omistajaa l\u00f6ytynyt. Kissa l\u00e4htee etsim\u00e4\u00e4n uutta kotia. Talteenotettu Otalampi 26.2.2020. 15 vrk t\u00e4yttyi, eik\u00e4 omistajaa l\u00f6ytynyt. Kissa [&hellip;]\" \/>\n<meta property=\"og:url\" content=\"https:\/\/sey.fi\/lantisen-uudenmaan-elainsuojeluyhdistys\/lue-ry\/vastaanotetut-elaimet-2\/\" \/>\n<meta property=\"og:site_name\" content=\"L\u00e4ntisen Uudenmaan el\u00e4insuojeluyhdistys\" \/>\n<meta property=\"article:modified_time\" content=\"2025-07-26T10:36:29+00:00\" \/>\n<meta property=\"og:image\" content=\"https:\/\/sey.fi\/wp-content\/uploads\/sites\/3\/2020\/05\/kk-toukokuu.jpg\" \/>\n\t<meta property=\"og:image:width\" content=\"960\" \/>\n\t<meta property=\"og:image:height\" content=\"720\" \/>\n\t<meta property=\"og:image:type\" content=\"image\/jpeg\" \/>\n<meta name=\"twitter:card\" content=\"summary_large_image\" \/>\n<script type=\"application\/ld+json\" class=\"yoast-schema-graph\">{\"@context\":\"https:\/\/schema.org\",\"@graph\":[{\"@type\":\"WebPage\",\"@id\":\"https:\/\/sey.fi\/lantisen-uudenmaan-elainsuojeluyhdistys\/lue-ry\/vastaanotetut-elaimet-2\/\",\"url\":\"https:\/\/sey.fi\/lantisen-uudenmaan-elainsuojeluyhdistys\/lue-ry\/vastaanotetut-elaimet-2\/\",\"name\":\"Vastaanotetut el\u00e4imet - L\u00e4ntisen Uudenmaan el\u00e4insuojeluyhdistys\",\"isPartOf\":{\"@id\":\"https:\/\/sey.fi\/lantisen-uudenmaan-elainsuojeluyhdistys\/#website\"},\"primaryImageOfPage\":{\"@id\":\"https:\/\/sey.fi\/lantisen-uudenmaan-elainsuojeluyhdistys\/lue-ry\/vastaanotetut-elaimet-2\/#primaryimage\"},\"image\":{\"@id\":\"https:\/\/sey.fi\/lantisen-uudenmaan-elainsuojeluyhdistys\/lue-ry\/vastaanotetut-elaimet-2\/#primaryimage\"},\"thumbnailUrl\":\"https:\/\/sey.fi\/wp-content\/uploads\/sites\/3\/2020\/05\/kk-toukokuu.jpg\",\"datePublished\":\"2020-05-22T12:02:58+00:00\",\"dateModified\":\"2025-07-26T10:36:29+00:00\",\"breadcrumb\":{\"@id\":\"https:\/\/sey.fi\/lantisen-uudenmaan-elainsuojeluyhdistys\/lue-ry\/vastaanotetut-elaimet-2\/#breadcrumb\"},\"inLanguage\":\"fi\",\"potentialAction\":[{\"@type\":\"ReadAction\",\"target\":[\"https:\/\/sey.fi\/lantisen-uudenmaan-elainsuojeluyhdistys\/lue-ry\/vastaanotetut-elaimet-2\/\"]}]},{\"@type\":\"ImageObject\",\"inLanguage\":\"fi\",\"@id\":\"https:\/\/sey.fi\/lantisen-uudenmaan-elainsuojeluyhdistys\/lue-ry\/vastaanotetut-elaimet-2\/#primaryimage\",\"url\":\"https:\/\/sey.fi\/wp-content\/uploads\/sites\/3\/2020\/05\/kk-toukokuu.jpg\",\"contentUrl\":\"https:\/\/sey.fi\/wp-content\/uploads\/sites\/3\/2020\/05\/kk-toukokuu.jpg\"},{\"@type\":\"BreadcrumbList\",\"@id\":\"https:\/\/sey.fi\/lantisen-uudenmaan-elainsuojeluyhdistys\/lue-ry\/vastaanotetut-elaimet-2\/#breadcrumb\",\"itemListElement\":[{\"@type\":\"ListItem\",\"position\":1,\"name\":\"Home\",\"item\":\"https:\/\/sey.fi\/lantisen-uudenmaan-elainsuojeluyhdistys\/\"},{\"@type\":\"ListItem\",\"position\":2,\"name\":\"L\u00e4ntisen Uudenmaan el\u00e4insuojeluyhdistys\",\"item\":\"https:\/\/sey.fi\/lantisen-uudenmaan-elainsuojeluyhdistys\/\"},{\"@type\":\"ListItem\",\"position\":3,\"name\":\"Vastaanotetut el\u00e4imet\"}]},{\"@type\":\"WebSite\",\"@id\":\"https:\/\/sey.fi\/lantisen-uudenmaan-elainsuojeluyhdistys\/#website\",\"url\":\"https:\/\/sey.fi\/lantisen-uudenmaan-elainsuojeluyhdistys\/\",\"name\":\"L\u00e4ntisen Uudenmaan el\u00e4insuojeluyhdistys\",\"description\":\"Uusi SEY J\u00e4senyhdistykset -sivusto\",\"potentialAction\":[{\"@type\":\"SearchAction\",\"target\":{\"@type\":\"EntryPoint\",\"urlTemplate\":\"https:\/\/sey.fi\/lantisen-uudenmaan-elainsuojeluyhdistys\/?s={search_term_string}\"},\"query-input\":{\"@type\":\"PropertyValueSpecification\",\"valueRequired\":true,\"valueName\":\"search_term_string\"}}],\"inLanguage\":\"fi\"}]}<\/script>\n<!-- \/ Yoast SEO plugin. -->","yoast_head_json":{"title":"Vastaanotetut el\u00e4imet - L\u00e4ntisen Uudenmaan el\u00e4insuojeluyhdistys","robots":{"index":"index","follow":"follow","max-snippet":"max-snippet:-1","max-image-preview":"max-image-preview:large","max-video-preview":"max-video-preview:-1"},"canonical":"https:\/\/sey.fi\/lantisen-uudenmaan-elainsuojeluyhdistys\/lue-ry\/vastaanotetut-elaimet-2\/","og_locale":"fi_FI","og_type":"article","og_title":"Vastaanotetut el\u00e4imet - L\u00e4ntisen Uudenmaan el\u00e4insuojeluyhdistys","og_description":"T\u00e4ll\u00e4 sivulla ilmoitamme vastaanottamistamme l\u00f6yt\u00f6el\u00e4imist\u00e4. Mahdolliset yhteydenotot numeroon 045 7870 9101. Talteenotettu Vihti Kirkonkyl\u00e4 21.5.2020. Talteenotettu Ojakkala 4.5.2020. Arka pitk\u00e4karvainen. 15 vrk t\u00e4yttyi, eik\u00e4 omistajaa l\u00f6ytynyt. Kissa l\u00e4htee etsim\u00e4\u00e4n uutta kotia. Talteenotettu Ojakkala 20.4.2020. 15 vrk t\u00e4yttyi, eik\u00e4 omistajaa l\u00f6ytynyt. Kissa l\u00e4htee etsim\u00e4\u00e4n uutta kotia. Talteenotettu Otalampi 26.2.2020. 15 vrk t\u00e4yttyi, eik\u00e4 omistajaa l\u00f6ytynyt. Kissa [&hellip;]","og_url":"https:\/\/sey.fi\/lantisen-uudenmaan-elainsuojeluyhdistys\/lue-ry\/vastaanotetut-elaimet-2\/","og_site_name":"L\u00e4ntisen Uudenmaan el\u00e4insuojeluyhdistys","article_modified_time":"2025-07-26T10:36:29+00:00","og_image":[{"width":960,"height":720,"url":"https:\/\/sey.fi\/wp-content\/uploads\/sites\/3\/2020\/05\/kk-toukokuu.jpg","type":"image\/jpeg"}],"twitter_card":"summary_large_image","schema":{"@context":"https:\/\/schema.org","@graph":[{"@type":"WebPage","@id":"https:\/\/sey.fi\/lantisen-uudenmaan-elainsuojeluyhdistys\/lue-ry\/vastaanotetut-elaimet-2\/","url":"https:\/\/sey.fi\/lantisen-uudenmaan-elainsuojeluyhdistys\/lue-ry\/vastaanotetut-elaimet-2\/","name":"Vastaanotetut el\u00e4imet - L\u00e4ntisen Uudenmaan el\u00e4insuojeluyhdistys","isPartOf":{"@id":"https:\/\/sey.fi\/lantisen-uudenmaan-elainsuojeluyhdistys\/#website"},"primaryImageOfPage":{"@id":"https:\/\/sey.fi\/lantisen-uudenmaan-elainsuojeluyhdistys\/lue-ry\/vastaanotetut-elaimet-2\/#primaryimage"},"image":{"@id":"https:\/\/sey.fi\/lantisen-uudenmaan-elainsuojeluyhdistys\/lue-ry\/vastaanotetut-elaimet-2\/#primaryimage"},"thumbnailUrl":"https:\/\/sey.fi\/wp-content\/uploads\/sites\/3\/2020\/05\/kk-toukokuu.jpg","datePublished":"2020-05-22T12:02:58+00:00","dateModified":"2025-07-26T10:36:29+00:00","breadcrumb":{"@id":"https:\/\/sey.fi\/lantisen-uudenmaan-elainsuojeluyhdistys\/lue-ry\/vastaanotetut-elaimet-2\/#breadcrumb"},"inLanguage":"fi","potentialAction":[{"@type":"ReadAction","target":["https:\/\/sey.fi\/lantisen-uudenmaan-elainsuojeluyhdistys\/lue-ry\/vastaanotetut-elaimet-2\/"]}]},{"@type":"ImageObject","inLanguage":"fi","@id":"https:\/\/sey.fi\/lantisen-uudenmaan-elainsuojeluyhdistys\/lue-ry\/vastaanotetut-elaimet-2\/#primaryimage","url":"https:\/\/sey.fi\/wp-content\/uploads\/sites\/3\/2020\/05\/kk-toukokuu.jpg","contentUrl":"https:\/\/sey.fi\/wp-content\/uploads\/sites\/3\/2020\/05\/kk-toukokuu.jpg"},{"@type":"BreadcrumbList","@id":"https:\/\/sey.fi\/lantisen-uudenmaan-elainsuojeluyhdistys\/lue-ry\/vastaanotetut-elaimet-2\/#breadcrumb","itemListElement":[{"@type":"ListItem","position":1,"name":"Home","item":"https:\/\/sey.fi\/lantisen-uudenmaan-elainsuojeluyhdistys\/"},{"@type":"ListItem","position":2,"name":"L\u00e4ntisen Uudenmaan el\u00e4insuojeluyhdistys","item":"https:\/\/sey.fi\/lantisen-uudenmaan-elainsuojeluyhdistys\/"},{"@type":"ListItem","position":3,"name":"Vastaanotetut el\u00e4imet"}]},{"@type":"WebSite","@id":"https:\/\/sey.fi\/lantisen-uudenmaan-elainsuojeluyhdistys\/#website","url":"https:\/\/sey.fi\/lantisen-uudenmaan-elainsuojeluyhdistys\/","name":"L\u00e4ntisen Uudenmaan el\u00e4insuojeluyhdistys","description":"Uusi SEY J\u00e4senyhdistykset -sivusto","potentialAction":[{"@type":"SearchAction","target":{"@type":"EntryPoint","urlTemplate":"https:\/\/sey.fi\/lantisen-uudenmaan-elainsuojeluyhdistys\/?s={search_term_string}"},"query-input":{"@type":"PropertyValueSpecification","valueRequired":true,"valueName":"search_term_string"}}],"inLanguage":"fi"}]}},"_links":{"self":[{"href":"https:\/\/sey.fi\/lantisen-uudenmaan-elainsuojeluyhdistys\/wp-json\/wp\/v2\/pages\/376","targetHints":{"allow":["GET"]}}],"collection":[{"href":"https:\/\/sey.fi\/lantisen-uudenmaan-elainsuojeluyhdistys\/wp-json\/wp\/v2\/pages"}],"about":[{"href":"https:\/\/sey.fi\/lantisen-uudenmaan-elainsuojeluyhdistys\/wp-json\/wp\/v2\/types\/page"}],"author":[{"embeddable":true,"href":"https:\/\/sey.fi\/lantisen-uudenmaan-elainsuojeluyhdistys\/wp-json\/wp\/v2\/users\/10"}],"replies":[{"embeddable":true,"href":"https:\/\/sey.fi\/lantisen-uudenmaan-elainsuojeluyhdistys\/wp-json\/wp\/v2\/comments?post=376"}],"version-history":[{"count":2,"href":"https:\/\/sey.fi\/lantisen-uudenmaan-elainsuojeluyhdistys\/wp-json\/wp\/v2\/pages\/376\/revisions"}],"predecessor-version":[{"id":378,"href":"https:\/\/sey.fi\/lantisen-uudenmaan-elainsuojeluyhdistys\/wp-json\/wp\/v2\/pages\/376\/revisions\/378"}],"up":[{"embeddable":true,"href":"https:\/\/sey.fi\/lantisen-uudenmaan-elainsuojeluyhdistys\/wp-json\/wp\/v2\/pages\/2"}],"wp:attachment":[{"href":"https:\/\/sey.fi\/lantisen-uudenmaan-elainsuojeluyhdistys\/wp-json\/wp\/v2\/media?parent=376"}],"curies":[{"name":"wp","href":"https:\/\/api.w.org\/{rel}","templated":true}]}}