{"version":"1.0","provider_name":"Luonnonel\u00e4imet","provider_url":"https:\/\/sey.fi\/luonnonelaimet","author_name":"seyfi","author_url":"https:\/\/sey.fi\/luonnonelaimet\/author\/seyfi\/","title":"Kalat ja ravut - Luonnonel\u00e4imet","type":"rich","width":600,"height":338,"html":"<blockquote class=\"wp-embedded-content\" data-secret=\"evnPgwbkLO\"><a href=\"https:\/\/sey.fi\/luonnonelaimet\/luonnonvaraiset-elaimet\/kalastus-ja-ravustus\/\">Kalat ja ravut<\/a><\/blockquote><iframe sandbox=\"allow-scripts\" security=\"restricted\" src=\"https:\/\/sey.fi\/luonnonelaimet\/luonnonvaraiset-elaimet\/kalastus-ja-ravustus\/embed\/#?secret=evnPgwbkLO\" width=\"600\" height=\"338\" title=\"&#8221;Kalat ja ravut&#8221; &#8212; Luonnonel\u00e4imet\" data-secret=\"evnPgwbkLO\" frameborder=\"0\" marginwidth=\"0\" marginheight=\"0\" scrolling=\"no\" class=\"wp-embedded-content\"><\/iframe><script type=\"text\/javascript\">\n\/* <![CDATA[ *\/\n\/*! This file is auto-generated *\/\n!function(d,l){\"use strict\";l.querySelector&&d.addEventListener&&\"undefined\"!=typeof URL&&(d.wp=d.wp||{},d.wp.receiveEmbedMessage||(d.wp.receiveEmbedMessage=function(e){var t=e.data;if((t||t.secret||t.message||t.value)&&!\/[^a-zA-Z0-9]\/.test(t.secret)){for(var s,r,n,a=l.querySelectorAll('iframe[data-secret=\"'+t.secret+'\"]'),o=l.querySelectorAll('blockquote[data-secret=\"'+t.secret+'\"]'),c=new RegExp(\"^https?:$\",\"i\"),i=0;i<o.length;i++)o[i].style.display=\"none\";for(i=0;i<a.length;i++)s=a[i],e.source===s.contentWindow&&(s.removeAttribute(\"style\"),\"height\"===t.message?(1e3<(r=parseInt(t.value,10))?r=1e3:~~r<200&&(r=200),s.height=r):\"link\"===t.message&&(r=new URL(s.getAttribute(\"src\")),n=new URL(t.value),c.test(n.protocol))&&n.host===r.host&&l.activeElement===s&&(d.top.location.href=t.value))}},d.addEventListener(\"message\",d.wp.receiveEmbedMessage,!1),l.addEventListener(\"DOMContentLoaded\",function(){for(var e,t,s=l.querySelectorAll(\"iframe.wp-embedded-content\"),r=0;r<s.length;r++)(t=(e=s[r]).getAttribute(\"data-secret\"))||(t=Math.random().toString(36).substring(2,12),e.src+=\"#?secret=\"+t,e.setAttribute(\"data-secret\",t)),e.contentWindow.postMessage({message:\"ready\",secret:t},\"*\")},!1)))}(window,document);\n\/* ]]> *\/\n<\/script>\n","thumbnail_url":"https:\/\/sey.fi\/wp-content\/uploads\/sites\/49\/2023\/01\/kalat-ja-ravut.png","thumbnail_width":1280,"thumbnail_height":640,"description":"Kuva: Jarkko M\u00e4nty\/Pixabay Kalat Kalat ovat hyvin monimuotoinen el\u00e4inryhm\u00e4. El\u00e4inoikeus ja -suojelukeskustelussa kalojen asema ei ole ollut yht\u00e4 n\u00e4kyv\u00e4 kuin esimerkiksi nis\u00e4kk\u00e4iden. T\u00e4m\u00e4 on johtunut tiedon puutteesta. Saamme kuitenkin vuosi vuodelta lis\u00e4\u00e4 tutkimustietoa kaloista. Kalat ovat \u00e4lykk\u00e4it\u00e4 ja ymp\u00e4rist\u00f6st\u00e4\u00e4n kiinnostuneita el\u00e4imi\u00e4, joiden tunne-el\u00e4m\u00e4 on mit\u00e4 luultavimmin mutkikkaampaa kuin olemme osanneet kuvitella. Nykytieteen valossa tiedet\u00e4\u00e4n, ett\u00e4 [&hellip;]"}