{"id":173,"date":"2019-12-11T11:25:44","date_gmt":"2019-12-11T09:25:44","guid":{"rendered":"http:\/\/srvr10.xetpoint.com\/~seyfi\/luonnonelaimet\/?page_id=173"},"modified":"2026-02-13T19:57:56","modified_gmt":"2026-02-13T17:57:56","slug":"vastuullista-hoitoa-ei-villeja-lemmikkeja","status":"publish","type":"page","link":"https:\/\/sey.fi\/luonnonelaimet\/vastuullista-hoitoa-ei-villeja-lemmikkeja\/","title":{"rendered":"Vastuullista hoitoa, ei villej\u00e4 lemmikkej\u00e4"},"content":{"rendered":"\n<p>Kirjoitus on julkaistu alun perin El\u00e4inten viikon blogissa lokakuussa 2017.<\/p>\n\n\n\n<figure class=\"wp-block-image size-large\"><img loading=\"lazy\" decoding=\"async\" width=\"1024\" height=\"512\" src=\"https:\/\/sey.fi\/wp-content\/uploads\/sites\/49\/2023\/01\/korkeasaaren-villielainsairaala-1024x512.jpg\" alt=\"Henkil\u00f6 pitelee k\u00e4siss\u00e4\u00e4n p\u00f6ll\u00f6\u00e4\" class=\"wp-image-457\" srcset=\"https:\/\/sey.fi\/wp-content\/uploads\/sites\/49\/2023\/01\/korkeasaaren-villielainsairaala-1024x512.jpg 1024w, https:\/\/sey.fi\/wp-content\/uploads\/sites\/49\/2023\/01\/korkeasaaren-villielainsairaala-300x150.jpg 300w, https:\/\/sey.fi\/wp-content\/uploads\/sites\/49\/2023\/01\/korkeasaaren-villielainsairaala-768x384.jpg 768w, https:\/\/sey.fi\/wp-content\/uploads\/sites\/49\/2023\/01\/korkeasaaren-villielainsairaala.jpg 1280w, https:\/\/sey.fi\/wp-content\/uploads\/sites\/49\/2023\/01\/korkeasaaren-villielainsairaala-640x320.jpg 640w, https:\/\/sey.fi\/wp-content\/uploads\/sites\/49\/2023\/01\/korkeasaaren-villielainsairaala-320x160.jpg 320w\" sizes=\"auto, (max-width: 1024px) 100vw, 1024px\" \/><figcaption class=\"wp-element-caption\"><strong><em>Korkeasaaren  kuraattori Ville Veps\u00e4l\u00e4inen toteaa, ett\u00e4 p\u00f6ll\u00f6 on terve ja voidaan  palauttaa luontoon. Kuva:\u00a0Mari Lehmonen\/Korkeasaaren el\u00e4intarhan arkisto<\/em><\/strong> <\/figcaption><\/figure>\n\n\n\n<p class=\"has-medium-font-size\"><em>T\u00e4ll\u00e4 viikolla minulla oli suuri kunnia k\u00e4yd\u00e4 vastaanottamassa SEYn  my\u00f6nt\u00e4m\u00e4 Vuoden El\u00e4insuojeluteko -palkinto, joka my\u00f6nnettiin  Korkeasaaren el\u00e4intarhan Villiel\u00e4insairaalalle luonnonvaraisten el\u00e4inten  hyv\u00e4ksi tekem\u00e4st\u00e4 ty\u00f6st\u00e4. T\u00e4m\u00e4 tunnustus jo vuosikausia villiel\u00e4imi\u00e4  hoitaneelle hoitolalle on eritt\u00e4in mieluinen.<\/em><\/p>\n\n\n\n<p>K\u00e4yt\u00e4nn\u00f6n hoitoty\u00f6st\u00e4 suurin kiitos kuuluu Villiel\u00e4insairaalan \n\u00e4\u00e4rimm\u00e4isen ammattitaitoisille ja kokeneille el\u00e4intenhoitajille ja \nKorkeasaaren el\u00e4inl\u00e4\u00e4k\u00e4rille, jotka ovat alansa ehdotonta huippua. Suuri\n kiitos kuuluu ihmisille, jotka toimittavat joko loukkaantuneita tai \norvoksi j\u00e4\u00e4neit\u00e4 el\u00e4imi\u00e4 hoitoon sek\u00e4 Helsingin alueella Helsingin \nPelastuslaitoksen el\u00e4inpelastusyksik\u00f6lle, joka tuo suuren osan hoitolaan\n vuosittain tulevista potilaista.<\/p>\n\n\n\n<p>Korkeasaaren Villiel\u00e4insairaalassa teemme el\u00e4intensuojeluty\u00f6t\u00e4 \nluonnonsuojeluty\u00f6 edell\u00e4. Emme hoida maamme luonnolle haitallisia \nvieraslajeja, kuten esimerkiksi minkkej\u00e4 tai supikoiria. Hoitajien \nty\u00f6h\u00f6n kuuluu my\u00f6s paljon puhelinneuvontaa, ja ihmisi\u00e4 valistetaan muun \nmuassa siit\u00e4, milloin villiel\u00e4in ei ole avun tarpeessa, jolloin siihen \nei tule kajota.<\/p>\n\n\n\n<p>Teemme \u00f6ljyntorjuntayhteisty\u00f6t\u00e4 WWF:n ja Helsingin Pelastuslaitoksen \nkanssa. Olemme mukana j\u00e4rjest\u00e4m\u00e4ss\u00e4 koulutusta, ja Villiel\u00e4insairaalassa\n on valmius toimia \u00f6ljyyntyneiden lintujen ensihoitopaikkana \nonnettomuuden sattuessa. Lis\u00e4ksi meill\u00e4 on valmius ja asiantuntemus \npriorisoida uhanalaisia lajeja, mik\u00e4li hoitolan rajalliset tilat \nt\u00e4yttyv\u00e4t el\u00e4imist\u00e4.<\/p>\n\n\n\n<p>Kun el\u00e4in saapuu Korkeasaaren Villiel\u00e4insairaalaan, arvioidaan heti \nalussa sen kunto ja tehd\u00e4\u00e4n p\u00e4\u00e4t\u00f6s siit\u00e4, aloitetaanko hoito. \nEl\u00e4insuojelulain mukaan luonnonvaraisia el\u00e4imi\u00e4 saa hoitaa, kunhan hoito\n on lyhytaikasta ja el\u00e4imell\u00e4 on mahdollisuus selvit\u00e4 luonnossa \nitsen\u00e4isesti hoidon j\u00e4lkeen. Lemmikiksi ei villiel\u00e4int\u00e4 saa ottaa, se on\n yksiselitteisesti laitonta. Niinp\u00e4 Korkeasaaren Villiel\u00e4insairaalaan ei\n yksik\u00e4\u00e4n potilas j\u00e4\u00e4 lemmikkin\u00e4 nurkkiin py\u00f6rim\u00e4\u00e4n m\u00e4\u00e4r\u00e4\u00e4m\u00e4tt\u00f6m\u00e4ksi \najaksi.<\/p>\n\n\n\n<p>Mik\u00e4li el\u00e4imen tullessa arvioimme, ett\u00e4 se ei tule selvi\u00e4m\u00e4\u00e4n \nhoidosta tai ett\u00e4 se ei tule hoidon j\u00e4lkeen selvi\u00e4m\u00e4\u00e4n itsen\u00e4isesti \nluonnossa, lopetamme el\u00e4imen. Usein k\u00e4rsimyksen lopettaminen on el\u00e4imen \nhyvinvoinnin kannalta oikea toimenpide sen sijaan, ett\u00e4 k\u00e4rsimyst\u00e4 \npitkitett\u00e4isiin. Lopetuksen syy voi olla my\u00f6s esimerkiksi se, ett\u00e4 \nkyseess\u00e4 on sellaisen lajin yksil\u00f6, jonka tulisi oppia tietyt \nelint\u00e4rke\u00e4t taidot emoiltaan tai se, ett\u00e4 el\u00e4int\u00e4 ei saada hoidossa \nkunnolla sy\u00f6m\u00e4\u00e4n.<\/p>\n\n\n\n<p>Hyvin poikkeuksellisissa tapauksissa ja harvoin voi \nVilliel\u00e4insairaalan el\u00e4in p\u00e4\u00e4ty\u00e4 el\u00e4intarhael\u00e4imeksi. T\u00e4ll\u00f6in el\u00e4imelle \nhaetaan ELY-keskuksen viranomaisilta hallussapitolupaa, jota haettaessa \non perusteltava, miksi el\u00e4in on siin\u00e4 kunnossa, ett\u00e4 se voisi el\u00e4\u00e4 \nhyvinvoivaa el\u00e4m\u00e4\u00e4 tarhassa, mutta ei luonnossa. Jos lupa el\u00e4intarhalle \nmy\u00f6nnet\u00e4\u00e4n, muuttuu el\u00e4imen status luonnonvaraisesta el\u00e4imest\u00e4 \nel\u00e4intarhael\u00e4imeksi.<\/p>\n\n\n\n<figure class=\"wp-block-image size-full\"><img loading=\"lazy\" decoding=\"async\" width=\"1000\" height=\"666\" src=\"https:\/\/sey.fi\/wp-content\/uploads\/sites\/49\/2023\/01\/orava_korkeasaari.jpg\" alt=\"Orava ihmisen k\u00e4siss\u00e4.\" class=\"wp-image-459\" srcset=\"https:\/\/sey.fi\/wp-content\/uploads\/sites\/49\/2023\/01\/orava_korkeasaari.jpg 1000w, https:\/\/sey.fi\/wp-content\/uploads\/sites\/49\/2023\/01\/orava_korkeasaari-300x200.jpg 300w, https:\/\/sey.fi\/wp-content\/uploads\/sites\/49\/2023\/01\/orava_korkeasaari-768x511.jpg 768w\" sizes=\"auto, (max-width: 1000px) 100vw, 1000px\" \/><figcaption class=\"wp-element-caption\"> <em><strong>Poikanen p\u00e4\u00e4si hoitoon Korkeasaaren Villiel\u00e4insairaalaan. Kuva:&nbsp;Anne Hirvonen\/Korkeasaaren el\u00e4intarhan arkisto<\/strong><\/em> <\/figcaption><\/figure>\n\n\n\n<p>T\u00e4ll\u00e4 hetkell\u00e4 Korkeasaaren el\u00e4intarhan noin parista tuhannesta \nel\u00e4inyksil\u00f6st\u00e4 vain nelj\u00e4 on p\u00e4\u00e4tynyt tarhael\u00e4imeksi Villiel\u00e4insairaalan\n kautta: muun muassa poikasena hoitoon tullut tukkasotka, joka ei \u2013 \ntoisin kuin sisaruksensa \u2013 oppinut sukeltamaan ruokaansa, vaan haluaa \nsy\u00f6d\u00e4 maan p\u00e4\u00e4lt\u00e4 ja mieluiten lautaselta. Nyky\u00e4\u00e4n t\u00e4m\u00e4 tukkasotka el\u00e4\u00e4 \nKorkeasaaren Borealia-talossa lajitoverinsa ja suokukkojen kanssa.<\/p>\n\n\n\n<p>Mediaa, ja etenkin sosiaalista mediaa, seuraamalla voi sangen \nhelposti huomata, ett\u00e4 luonnonvaraisten el\u00e4inten hoidon pelis\u00e4\u00e4nn\u00f6t ja \nel\u00e4insuojelulaki eiv\u00e4t valitettavasti ole kaikille luonnonvaraisia \nel\u00e4imi\u00e4 hoitaville selvi\u00e4. Nykyisen el\u00e4insuojelulain perusteella kuka \ntahansa saa ottaa villiel\u00e4imen v\u00e4liaikaiseen hoitoon.<\/p>\n\n\n\n<p>K\u00e4yt\u00e4nn\u00f6ss\u00e4 el\u00e4imi\u00e4 j\u00e4\u00e4 toisinaan m\u00e4\u00e4r\u00e4tt\u00f6m\u00e4n pitk\u00e4ksi ajaksi ihmisen\n el\u00e4tiksi. Uutisten \u201ds\u00f6p\u00f6iss\u00e4\u201d loppuhassutteluissa saamme seurata muun \nmuassa hoitoon otetun harakan hilpe\u00e4\u00e4 automatkaa perheen mukana, tai \nOlli-Oravan uutta el\u00e4m\u00e4\u00e4 autotallin p\u00f6rr\u00f6isenhellyytt\u00e4v\u00e4n\u00e4 asukkina.<\/p>\n\n\n\n<p>Aihe on herkk\u00e4, sill\u00e4 ottaessaan el\u00e4imen luonnosta el\u00e4tiksi&nbsp;ihmiset \neiv\u00e4t monesti tied\u00e4 sen olevan laitonta. He p\u00e4\u00e4s\u00e4\u00e4nt\u00f6isesti kokevat \ntekev\u00e4ns\u00e4 el\u00e4imelle hyv\u00e4\u00e4. Sitten kun se s\u00f6p\u00f6 orpona l\u00f6ydetty \noravanpoikanen kasvaakin aikuiseksi, on ajatus lopetuksesta viel\u00e4 \nvaikeampi hyv\u00e4ksy\u00e4 kun tunneside on jo muodostunut.<\/p>\n\n\n\n<p>Siin\u00e4 tilanteessa ihmisen oma henkinen hyvinvointi menee herk\u00e4sti \nel\u00e4imen hyvinvoinnin edelle. El\u00e4tiksi otettu el\u00e4in saattaa n\u00e4ytt\u00e4\u00e4 \nsilt\u00e4, ett\u00e4 se on kesyyntynyt, mutta kyseess\u00e4 voi olla vastentahtoinen \ntottuminen tai pelonsekainen turtuminen uuteen tilanteeseen ja \nymp\u00e4rist\u00f6\u00f6n. El\u00e4in saattaa olla my\u00f6s vammautunut tai sairas, jolloin se \njoutuu pahimmassa tapauksessa el\u00e4m\u00e4\u00e4n tunnistamattomien kipujen kanssa \nloppuel\u00e4m\u00e4ns\u00e4. Harva my\u00f6sk\u00e4\u00e4n tarpeeksi hyvin tiet\u00e4\u00e4 villiel\u00e4imen \nlajikohtaisia tarpeita esimerkiksi tilojen tai ruokinnan osalta.<\/p>\n\n\n\n<p>Korkeasaaren villiel\u00e4insairaalassa odotamme suurella kiinnostuksella \nel\u00e4insuojelulain uudistusta ja sit\u00e4, mit\u00e4 lakiin luonnonvaraisten hoidon\n osalta kirjataan. Olisi hienoa, jos lakiin selkeytett\u00e4isiin sit\u00e4, \nkuinka pitk\u00e4\u00e4n yksityishenkil\u00f6 saa luonnonvaraista el\u00e4int\u00e4 hoitaa ennen \nkuin se on toimitettava jatkohoitoon hyv\u00e4ksi tiedettyyn hoitopaikkaan.<\/p>\n\n\n\n<p>Ent\u00e4 mik\u00e4 sitten on hyv\u00e4ksi tiedetty hoitopaikka? El\u00e4inten \nhyvinvoinnin toteutumista edesauttaisi se, jos valvovat viranomaiset \nm\u00e4\u00e4rittelisiv\u00e4t kriteerit hyv\u00e4lle hoidolle, ja kriteerien t\u00e4yttymist\u00e4 \nmy\u00f6s aktiivisesti valvottaisiin. T\u00e4ll\u00f6in listaus hyvist\u00e4 hoitopaikoista \nvoisi tulevaisuudessa l\u00f6yty\u00e4 vaikkapa Ymp\u00e4rist\u00f6ministeri\u00f6n sivuilta.<\/p>\n\n\n\n<p><strong>Ville Veps\u00e4l\u00e4inen<\/strong><\/p>\n\n\n\n<p class=\"has-small-font-size\">Kirjoittaja ty\u00f6skentelee kuraattorina Korkeasaaressa.<\/p>\n","protected":false},"excerpt":{"rendered":"<p>Kirjoitus on julkaistu alun perin El\u00e4inten viikon blogissa lokakuussa 2017. T\u00e4ll\u00e4 viikolla minulla oli suuri kunnia k\u00e4yd\u00e4 vastaanottamassa SEYn my\u00f6nt\u00e4m\u00e4 Vuoden El\u00e4insuojeluteko -palkinto, joka my\u00f6nnettiin Korkeasaaren el\u00e4intarhan Villiel\u00e4insairaalalle luonnonvaraisten el\u00e4inten hyv\u00e4ksi tekem\u00e4st\u00e4 ty\u00f6st\u00e4. T\u00e4m\u00e4 tunnustus jo vuosikausia villiel\u00e4imi\u00e4 hoitaneelle hoitolalle on eritt\u00e4in mieluinen. K\u00e4yt\u00e4nn\u00f6n hoitoty\u00f6st\u00e4 suurin kiitos kuuluu Villiel\u00e4insairaalan \u00e4\u00e4rimm\u00e4isen ammattitaitoisille ja kokeneille el\u00e4intenhoitajille ja [&hellip;]<\/p>\n","protected":false},"author":8,"featured_media":457,"parent":0,"menu_order":0,"comment_status":"closed","ping_status":"closed","template":"","meta":{"_acf_changed":false,"footnotes":""},"class_list":["post-173","page","type-page","status-publish","has-post-thumbnail","hentry"],"acf":[],"yoast_head":"<!-- This site is optimized with the Yoast SEO plugin v27.1.1 - https:\/\/yoast.com\/product\/yoast-seo-wordpress\/ -->\n<title>Vastuullista hoitoa, ei villej\u00e4 lemmikkej\u00e4 - Luonnonel\u00e4imet<\/title>\n<meta name=\"robots\" content=\"index, follow, max-snippet:-1, max-image-preview:large, max-video-preview:-1\" \/>\n<link rel=\"canonical\" href=\"https:\/\/sey.fi\/luonnonelaimet\/vastuullista-hoitoa-ei-villeja-lemmikkeja\/\" \/>\n<meta property=\"og:locale\" content=\"fi_FI\" \/>\n<meta property=\"og:type\" content=\"article\" \/>\n<meta property=\"og:title\" content=\"Vastuullista hoitoa, ei villej\u00e4 lemmikkej\u00e4 - Luonnonel\u00e4imet\" \/>\n<meta property=\"og:description\" content=\"Kirjoitus on julkaistu alun perin El\u00e4inten viikon blogissa lokakuussa 2017. T\u00e4ll\u00e4 viikolla minulla oli suuri kunnia k\u00e4yd\u00e4 vastaanottamassa SEYn my\u00f6nt\u00e4m\u00e4 Vuoden El\u00e4insuojeluteko -palkinto, joka my\u00f6nnettiin Korkeasaaren el\u00e4intarhan Villiel\u00e4insairaalalle luonnonvaraisten el\u00e4inten hyv\u00e4ksi tekem\u00e4st\u00e4 ty\u00f6st\u00e4. T\u00e4m\u00e4 tunnustus jo vuosikausia villiel\u00e4imi\u00e4 hoitaneelle hoitolalle on eritt\u00e4in mieluinen. K\u00e4yt\u00e4nn\u00f6n hoitoty\u00f6st\u00e4 suurin kiitos kuuluu Villiel\u00e4insairaalan \u00e4\u00e4rimm\u00e4isen ammattitaitoisille ja kokeneille el\u00e4intenhoitajille ja [&hellip;]\" \/>\n<meta property=\"og:url\" content=\"https:\/\/sey.fi\/luonnonelaimet\/vastuullista-hoitoa-ei-villeja-lemmikkeja\/\" \/>\n<meta property=\"og:site_name\" content=\"Luonnonel\u00e4imet\" \/>\n<meta property=\"article:modified_time\" content=\"2026-02-13T17:57:56+00:00\" \/>\n<meta property=\"og:image\" content=\"https:\/\/sey.fi\/wp-content\/uploads\/sites\/49\/2023\/01\/korkeasaaren-villielainsairaala.jpg\" \/>\n\t<meta property=\"og:image:width\" content=\"1280\" \/>\n\t<meta property=\"og:image:height\" content=\"640\" \/>\n\t<meta property=\"og:image:type\" content=\"image\/jpeg\" \/>\n<meta name=\"twitter:card\" content=\"summary_large_image\" \/>\n<meta name=\"twitter:label1\" content=\"Arvioitu lukuaika\" \/>\n\t<meta name=\"twitter:data1\" content=\"5 minuuttia\" \/>\n<script type=\"application\/ld+json\" class=\"yoast-schema-graph\">{\"@context\":\"https:\/\/schema.org\",\"@graph\":[{\"@type\":\"WebPage\",\"@id\":\"https:\/\/sey.fi\/luonnonelaimet\/vastuullista-hoitoa-ei-villeja-lemmikkeja\/\",\"url\":\"https:\/\/sey.fi\/luonnonelaimet\/vastuullista-hoitoa-ei-villeja-lemmikkeja\/\",\"name\":\"Vastuullista hoitoa, ei villej\u00e4 lemmikkej\u00e4 - Luonnonel\u00e4imet\",\"isPartOf\":{\"@id\":\"https:\/\/sey.fi\/luonnonelaimet\/#website\"},\"primaryImageOfPage\":{\"@id\":\"https:\/\/sey.fi\/luonnonelaimet\/vastuullista-hoitoa-ei-villeja-lemmikkeja\/#primaryimage\"},\"image\":{\"@id\":\"https:\/\/sey.fi\/luonnonelaimet\/vastuullista-hoitoa-ei-villeja-lemmikkeja\/#primaryimage\"},\"thumbnailUrl\":\"https:\/\/sey.fi\/wp-content\/uploads\/sites\/49\/2023\/01\/korkeasaaren-villielainsairaala.jpg\",\"datePublished\":\"2019-12-11T09:25:44+00:00\",\"dateModified\":\"2026-02-13T17:57:56+00:00\",\"breadcrumb\":{\"@id\":\"https:\/\/sey.fi\/luonnonelaimet\/vastuullista-hoitoa-ei-villeja-lemmikkeja\/#breadcrumb\"},\"inLanguage\":\"fi\",\"potentialAction\":[{\"@type\":\"ReadAction\",\"target\":[\"https:\/\/sey.fi\/luonnonelaimet\/vastuullista-hoitoa-ei-villeja-lemmikkeja\/\"]}]},{\"@type\":\"ImageObject\",\"inLanguage\":\"fi\",\"@id\":\"https:\/\/sey.fi\/luonnonelaimet\/vastuullista-hoitoa-ei-villeja-lemmikkeja\/#primaryimage\",\"url\":\"https:\/\/sey.fi\/wp-content\/uploads\/sites\/49\/2023\/01\/korkeasaaren-villielainsairaala.jpg\",\"contentUrl\":\"https:\/\/sey.fi\/wp-content\/uploads\/sites\/49\/2023\/01\/korkeasaaren-villielainsairaala.jpg\",\"width\":1280,\"height\":640,\"caption\":\"Henkil\u00f6 pitelee k\u00e4siss\u00e4\u00e4n p\u00f6ll\u00f6\u00e4\"},{\"@type\":\"BreadcrumbList\",\"@id\":\"https:\/\/sey.fi\/luonnonelaimet\/vastuullista-hoitoa-ei-villeja-lemmikkeja\/#breadcrumb\",\"itemListElement\":[{\"@type\":\"ListItem\",\"position\":1,\"name\":\"Home\",\"item\":\"https:\/\/sey.fi\/luonnonelaimet\/\"},{\"@type\":\"ListItem\",\"position\":2,\"name\":\"Vastuullista hoitoa, ei villej\u00e4 lemmikkej\u00e4\"}]},{\"@type\":\"WebSite\",\"@id\":\"https:\/\/sey.fi\/luonnonelaimet\/#website\",\"url\":\"https:\/\/sey.fi\/luonnonelaimet\/\",\"name\":\"Luonnonel\u00e4imet\",\"description\":\"Uusi SEY J\u00e4senyhdistykset -sivusto\",\"potentialAction\":[{\"@type\":\"SearchAction\",\"target\":{\"@type\":\"EntryPoint\",\"urlTemplate\":\"https:\/\/sey.fi\/luonnonelaimet\/?s={search_term_string}\"},\"query-input\":{\"@type\":\"PropertyValueSpecification\",\"valueRequired\":true,\"valueName\":\"search_term_string\"}}],\"inLanguage\":\"fi\"}]}<\/script>\n<!-- \/ Yoast SEO plugin. -->","yoast_head_json":{"title":"Vastuullista hoitoa, ei villej\u00e4 lemmikkej\u00e4 - Luonnonel\u00e4imet","robots":{"index":"index","follow":"follow","max-snippet":"max-snippet:-1","max-image-preview":"max-image-preview:large","max-video-preview":"max-video-preview:-1"},"canonical":"https:\/\/sey.fi\/luonnonelaimet\/vastuullista-hoitoa-ei-villeja-lemmikkeja\/","og_locale":"fi_FI","og_type":"article","og_title":"Vastuullista hoitoa, ei villej\u00e4 lemmikkej\u00e4 - Luonnonel\u00e4imet","og_description":"Kirjoitus on julkaistu alun perin El\u00e4inten viikon blogissa lokakuussa 2017. T\u00e4ll\u00e4 viikolla minulla oli suuri kunnia k\u00e4yd\u00e4 vastaanottamassa SEYn my\u00f6nt\u00e4m\u00e4 Vuoden El\u00e4insuojeluteko -palkinto, joka my\u00f6nnettiin Korkeasaaren el\u00e4intarhan Villiel\u00e4insairaalalle luonnonvaraisten el\u00e4inten hyv\u00e4ksi tekem\u00e4st\u00e4 ty\u00f6st\u00e4. T\u00e4m\u00e4 tunnustus jo vuosikausia villiel\u00e4imi\u00e4 hoitaneelle hoitolalle on eritt\u00e4in mieluinen. K\u00e4yt\u00e4nn\u00f6n hoitoty\u00f6st\u00e4 suurin kiitos kuuluu Villiel\u00e4insairaalan \u00e4\u00e4rimm\u00e4isen ammattitaitoisille ja kokeneille el\u00e4intenhoitajille ja [&hellip;]","og_url":"https:\/\/sey.fi\/luonnonelaimet\/vastuullista-hoitoa-ei-villeja-lemmikkeja\/","og_site_name":"Luonnonel\u00e4imet","article_modified_time":"2026-02-13T17:57:56+00:00","og_image":[{"width":1280,"height":640,"url":"https:\/\/sey.fi\/wp-content\/uploads\/sites\/49\/2023\/01\/korkeasaaren-villielainsairaala.jpg","type":"image\/jpeg"}],"twitter_card":"summary_large_image","twitter_misc":{"Arvioitu lukuaika":"5 minuuttia"},"schema":{"@context":"https:\/\/schema.org","@graph":[{"@type":"WebPage","@id":"https:\/\/sey.fi\/luonnonelaimet\/vastuullista-hoitoa-ei-villeja-lemmikkeja\/","url":"https:\/\/sey.fi\/luonnonelaimet\/vastuullista-hoitoa-ei-villeja-lemmikkeja\/","name":"Vastuullista hoitoa, ei villej\u00e4 lemmikkej\u00e4 - Luonnonel\u00e4imet","isPartOf":{"@id":"https:\/\/sey.fi\/luonnonelaimet\/#website"},"primaryImageOfPage":{"@id":"https:\/\/sey.fi\/luonnonelaimet\/vastuullista-hoitoa-ei-villeja-lemmikkeja\/#primaryimage"},"image":{"@id":"https:\/\/sey.fi\/luonnonelaimet\/vastuullista-hoitoa-ei-villeja-lemmikkeja\/#primaryimage"},"thumbnailUrl":"https:\/\/sey.fi\/wp-content\/uploads\/sites\/49\/2023\/01\/korkeasaaren-villielainsairaala.jpg","datePublished":"2019-12-11T09:25:44+00:00","dateModified":"2026-02-13T17:57:56+00:00","breadcrumb":{"@id":"https:\/\/sey.fi\/luonnonelaimet\/vastuullista-hoitoa-ei-villeja-lemmikkeja\/#breadcrumb"},"inLanguage":"fi","potentialAction":[{"@type":"ReadAction","target":["https:\/\/sey.fi\/luonnonelaimet\/vastuullista-hoitoa-ei-villeja-lemmikkeja\/"]}]},{"@type":"ImageObject","inLanguage":"fi","@id":"https:\/\/sey.fi\/luonnonelaimet\/vastuullista-hoitoa-ei-villeja-lemmikkeja\/#primaryimage","url":"https:\/\/sey.fi\/wp-content\/uploads\/sites\/49\/2023\/01\/korkeasaaren-villielainsairaala.jpg","contentUrl":"https:\/\/sey.fi\/wp-content\/uploads\/sites\/49\/2023\/01\/korkeasaaren-villielainsairaala.jpg","width":1280,"height":640,"caption":"Henkil\u00f6 pitelee k\u00e4siss\u00e4\u00e4n p\u00f6ll\u00f6\u00e4"},{"@type":"BreadcrumbList","@id":"https:\/\/sey.fi\/luonnonelaimet\/vastuullista-hoitoa-ei-villeja-lemmikkeja\/#breadcrumb","itemListElement":[{"@type":"ListItem","position":1,"name":"Home","item":"https:\/\/sey.fi\/luonnonelaimet\/"},{"@type":"ListItem","position":2,"name":"Vastuullista hoitoa, ei villej\u00e4 lemmikkej\u00e4"}]},{"@type":"WebSite","@id":"https:\/\/sey.fi\/luonnonelaimet\/#website","url":"https:\/\/sey.fi\/luonnonelaimet\/","name":"Luonnonel\u00e4imet","description":"Uusi SEY J\u00e4senyhdistykset -sivusto","potentialAction":[{"@type":"SearchAction","target":{"@type":"EntryPoint","urlTemplate":"https:\/\/sey.fi\/luonnonelaimet\/?s={search_term_string}"},"query-input":{"@type":"PropertyValueSpecification","valueRequired":true,"valueName":"search_term_string"}}],"inLanguage":"fi"}]}},"_links":{"self":[{"href":"https:\/\/sey.fi\/luonnonelaimet\/wp-json\/wp\/v2\/pages\/173","targetHints":{"allow":["GET"]}}],"collection":[{"href":"https:\/\/sey.fi\/luonnonelaimet\/wp-json\/wp\/v2\/pages"}],"about":[{"href":"https:\/\/sey.fi\/luonnonelaimet\/wp-json\/wp\/v2\/types\/page"}],"author":[{"embeddable":true,"href":"https:\/\/sey.fi\/luonnonelaimet\/wp-json\/wp\/v2\/users\/8"}],"replies":[{"embeddable":true,"href":"https:\/\/sey.fi\/luonnonelaimet\/wp-json\/wp\/v2\/comments?post=173"}],"version-history":[{"count":6,"href":"https:\/\/sey.fi\/luonnonelaimet\/wp-json\/wp\/v2\/pages\/173\/revisions"}],"predecessor-version":[{"id":705,"href":"https:\/\/sey.fi\/luonnonelaimet\/wp-json\/wp\/v2\/pages\/173\/revisions\/705"}],"wp:featuredmedia":[{"embeddable":true,"href":"https:\/\/sey.fi\/luonnonelaimet\/wp-json\/wp\/v2\/media\/457"}],"wp:attachment":[{"href":"https:\/\/sey.fi\/luonnonelaimet\/wp-json\/wp\/v2\/media?parent=173"}],"curies":[{"name":"wp","href":"https:\/\/api.w.org\/{rel}","templated":true}]}}