{"id":363,"date":"2023-01-26T21:15:03","date_gmt":"2023-01-26T19:15:03","guid":{"rendered":"https:\/\/sey.fi\/luonnonelaimet\/?page_id=363"},"modified":"2025-07-04T12:55:32","modified_gmt":"2025-07-04T09:55:32","slug":"lajikohtaisia-kysymyksia-siili","status":"publish","type":"page","link":"https:\/\/sey.fi\/luonnonelaimet\/usein-kysyttya-luonnonelaimista\/lajikohtaisia-kysymyksia-siili\/","title":{"rendered":"Lajikohtaisia kysymyksi\u00e4 \u2013 Siili"},"content":{"rendered":"\n<h2 class=\"wp-block-heading\">L\u00f6ysin loukkaantuneen siilin tai siilin, joka k\u00e4yskentelee pihalla p\u00e4iv\u00e4saikaan. Miten toimin?<\/h2>\n\n\n\n<p>Siilit ovat y\u00f6aktiivisia el\u00e4imi\u00e4. Keskell\u00e4 p\u00e4iv\u00e4\u00e4 liikkuvalla siilill\u00e4 ei yleens\u00e4 ole kaikki kunnossa. Kyseess\u00e4 voi olla esimerkiksi emostaan erilleen joutunut poikanen tai sairas, vahingoittunut tai loukkaantunut siili. Syksyisin p\u00e4iv\u00e4saikaan liikkuva siili saattaa olla poikanen, joka on liian pieni pysty\u00e4kseen vaipumaan talvihorrokseen.<\/p>\n\n\n\n<p>Jos tapaat siilin liikkeell\u00e4 keskell\u00e4 p\u00e4iv\u00e4\u00e4, <a href=\"https:\/\/sey.fi\/elain-hadassa\/luonnonelain-hadassa\/\" target=\"_blank\" rel=\"noreferrer noopener nofollow\"><strong>kysy neuvoa luonnonvaraisten el\u00e4inten asiantuntijalta<\/strong><\/a>.<\/p>\n\n\n\n<h2 class=\"wp-block-heading\">Siili makaa liikkumattomana pihalla tai liikkuu v\u00e4h\u00e4n ja vaivalloisesti. Onko sill\u00e4 kaikki ok?<\/h2>\n\n\n\n<p>Siili, joka makaa tai kyyh\u00f6tt\u00e4\u00e4 pitki\u00e4 aikoja avoimella paikalla tarvitsee aina apua. <a href=\"https:\/\/sey.fi\/elain-hadassa\/luonnonelain-hadassa\/\" target=\"_blank\" rel=\"noreferrer noopener nofollow\"><strong>Kysy neuvoa luonnonvaraisten el\u00e4inten asiantuntijalta<\/strong><\/a>.<\/p>\n\n\n\n<h2 class=\"wp-block-heading\">Siili on eritt\u00e4in pieni. Onko sill\u00e4 kaikki ok?<\/h2>\n\n\n\n<p>Hyvin pieni siili on luultavasti poikanen. Siilinpoikaset painavat vieroitusi\u00e4ss\u00e4 eli 5\u20136 viikon ik\u00e4isin\u00e4 noin 120\u2013350 grammaa. Jo t\u00e4t\u00e4 aiemmin poikaset ovat liikuskelleet osan ajasta yksin, palaten v\u00e4lill\u00e4 emon luo maitoaterialle. Yksitt\u00e4ist\u00e4 siilinpoikasta ei siis pid\u00e4 menn\u00e4 suin p\u00e4in \u201dpelastamaan\u201d. Jos kuitenkin ep\u00e4ilet, ett\u00e4 poikanen on avun tarpeessa, tarkkaile tilannetta et\u00e4\u00e4lt\u00e4 ja <a href=\"https:\/\/sey.fi\/elain-hadassa\/luonnonelain-hadassa\/\" target=\"_blank\" rel=\"noreferrer noopener nofollow\"><strong>ota yhteytt\u00e4 luonnonvaraisten el\u00e4inten asiantuntijaan<\/strong><\/a>.<\/p>\n\n\n\n<h2 class=\"wp-block-heading\">Saako ja kannattaako siili\u00e4 ruokkia?<\/h2>\n\n\n\n<p>Siilit sy\u00f6v\u00e4t luonnossa erilaisia selk\u00e4rangattomia el\u00e4imi\u00e4. Jos n\u00e4iden el\u00e4inten m\u00e4\u00e4r\u00e4 on jostain syyst\u00e4 v\u00e4h\u00e4inen esimerkiksi pitk\u00e4\u00e4n jatkuneen kuivuuden takia, siilit voivat k\u00e4rsi\u00e4 nestehukasta ja n\u00e4lkiintymisest\u00e4. Siilej\u00e4 voidaan t\u00e4ll\u00f6in auttaa ruokinnalla. Erityisesti syksyll\u00e4 ruokinnasta voi olla hy\u00f6ty\u00e4, sill\u00e4 siilin tulee kerrytt\u00e4\u00e4 runsaasti vararavintoa selviyty\u00e4kseen talvihorroksesta. Toisaalta siilit ovat kev\u00e4\u00e4ll\u00e4kin n\u00e4lk\u00e4isi\u00e4 ja mahdollisesti heikossa kunnossa menetetty\u00e4\u00e4n talven aikana suuren osan painostaan.<\/p>\n\n\n\n<p>Siilej\u00e4 voi ruokkia kissan t\u00f6lkkimuonalla tai liotetulla kissan kuivamuonalla. Siilille <strong>ei saa tarjota maitoa<\/strong>, sill\u00e4 siilit ovat laktoosi-intolerantikkoja ja saavat maidosta ripulin ja vatsakipuja. Ripuli johtaa pikkuhiljaa siilin kunnon heikkenemiseen. Maidon sijaan matala ja tukeva vesiastia on hyv\u00e4 laittaa tarjolle.<\/p>\n\n\n\n<p>Ruokintapaikan puhtaudesta on t\u00e4rke\u00e4\u00e4 huolehtia hyvin, jotta ruokintapaikka ei toimi tartunnan l\u00e4hteen\u00e4 erilaisille sairauksille. Siilien ulosteet on siivottava pois ruokintapaikalta s\u00e4\u00e4nn\u00f6llisesti. My\u00f6s sy\u00f6m\u00e4tt\u00e4 j\u00e4\u00e4neet ruoat tulee siivota.<\/p>\n\n\n\n<h2 class=\"wp-block-heading\">N\u00e4in talvella siilin liikkumassa. Selvi\u00e4\u00e4k\u00f6 se?<\/h2>\n\n\n\n<p>Siili aloittaa talvensa ajoissa. Suurimmat urokset painuvat pehkuihin jo elokuun alussa, naaraat taas useimmiten hieman my\u00f6hemmin, sill\u00e4 ne p\u00e4\u00e4sev\u00e4t kerrytt\u00e4m\u00e4\u00e4n energiavarastoja kunnolla vasta poikasten vieroituksen j\u00e4lkeen. Siilit her\u00e4ilev\u00e4t yleens\u00e4 maalis-huhtikuussa. N\u00e4in suomalainen siili saattaa viett\u00e4\u00e4 horroksessa jopa kahdeksan kuukautta \u2013 pidemp\u00e4\u00e4n kuin siilit miss\u00e4\u00e4n muualla maailmassa.<\/p>\n\n\n\n<p>Horrokseen kuuluvat my\u00f6s spontaanit her\u00e4ilyt ja aktiivisuusjaksot, joiden aikana siili saattaa jopa vaihtaa pes\u00e4\u00e4. Silti talvella kaupunkiymp\u00e4rist\u00f6ss\u00e4 havaitulla siilill\u00e4 ei luultavasti ole kaikki hyvin. <a href=\"https:\/\/sey.fi\/elain-hadassa\/luonnonelain-hadassa\/\" target=\"_blank\" rel=\"noreferrer noopener nofollow\"><strong>Jos ep\u00e4ilet, ett\u00e4 talvella havaitsemasi siili on avun tarpeessa, ota yhteytt\u00e4 luonnonvaraisten el\u00e4inten asiantuntijaan<\/strong><\/a>.<\/p>\n\n\n\n<p>Suomen rankasta talvesta selvi\u00e4minen voi olla siileille haastavaa, ja erityisesti ensimm\u00e4inen talvi voi olla monelle siilille kohtalokas. Arviolta v\u00e4hint\u00e4\u00e4n 30 prosenttia ja joskus jopa 80 prosenttia siilinpoikasista kuolee ensimm\u00e4isen\u00e4 talvenaan, usein johtuen riitt\u00e4m\u00e4tt\u00f6m\u00e4st\u00e4 rasvakerroksesta tai pes\u00e4n vaurioitumisesta.<\/p>\n\n\n\n<h2 class=\"wp-block-heading\">Siili her\u00e4si horroksesta liian aikaisin. Mit\u00e4 teen?<\/h2>\n\n\n\n<p>Siili horrostaa talven. T\u00e4ll\u00f6in sen ruumiinl\u00e4mp\u00f6 laskee huomattavasti. Toisin kuin talviunessa oleva el\u00e4in, horrostava el\u00e4in reagoi \u00e4rsykkeisiin, joskin huomattavasti hitaammin kuin hereill\u00e4 ollessaan. Jos h\u00e4iri\u00f6 on voimakas, siili voi jopa her\u00e4t\u00e4 horroksestaan. Siili her\u00e4\u00e4 muutenkin horroksesta s\u00e4\u00e4nn\u00f6llisesti noin 1\u20132 viikon v\u00e4lein virtsatakseen. Her\u00e4\u00e4minen on siilille kuitenkin valtava rasitus, eik\u00e4 horrostavaa siili\u00e4 tule miss\u00e4\u00e4n nimess\u00e4 h\u00e4irit\u00e4.&nbsp;<\/p>\n\n\n\n<p>Jos siili ei ole ehtinyt kerrytt\u00e4\u00e4 riitt\u00e4v\u00e4sti vararavintoa, se voi olla jalkeilla viel\u00e4 ensimm\u00e4isten pakkastenkin tullessa. Etenkin nuoret siilit voivat olla hereill\u00e4 my\u00f6h\u00e4isen syksyyn, jopa lumien tuloon asti, jos ne eiv\u00e4t ole onnistuneet ker\u00e4\u00e4m\u00e4\u00e4n riitt\u00e4v\u00e4sti vararavintoa kehoonsa.<\/p>\n\n\n\n<p>Jos tapaat siilin ep\u00e4tyypilliseen vuodenaikaan, ota yhteys luonnonvaraisia hoitavaan tahoon.<\/p>\n\n\n\n<h2 class=\"wp-block-heading\">L\u00f6ysin ryhm\u00e4n siilinpoikasia ilman emoa. Mit\u00e4 teen?<\/h2>\n\n\n\n<p>Ryhm\u00e4 siilinpoikasia, joka liikkuu luonnossa ilman emoaan, on mit\u00e4 todenn\u00e4k\u00f6isimmin avun tarpeessa. Emolle on todenn\u00e4k\u00f6isesti tapahtunut jotain \u2013 se on voinut esimerkiksi j\u00e4\u00e4d\u00e4 auton alle. Jos ep\u00e4ilet, ett\u00e4 luonnossa yksin tapaamasi siilinpoikanen tai poikasryhm\u00e4 tarvitsee apua, <a href=\"https:\/\/sey.fi\/elain-hadassa\/luonnonelain-hadassa\/\" target=\"_blank\" rel=\"noreferrer noopener nofollow\"><strong>kysy neuvoa luonnonvaraisten el\u00e4inten asiantuntijalta ennen kuin kosket siiliin<\/strong><\/a>.<\/p>\n\n\n\n<p>Jos l\u00f6yd\u00e4t yhden apua tarvitsevan siilinpoikasen, tutki my\u00f6s l\u00e4hiymp\u00e4rist\u00f6\u00e4. On mahdollista, ett\u00e4 poikasia on useita. Siilin koon ei tulisi olla kriteeri hoitoon ottamiselle: jos ep\u00e4ilet, ett\u00e4 siili on poikanen ja avun tarpeessa, pyri varmistamaan t\u00e4m\u00e4 ennen kuin otat siilin hoitoon.<\/p>\n","protected":false},"excerpt":{"rendered":"<p>L\u00f6ysin loukkaantuneen siilin tai siilin, joka k\u00e4yskentelee pihalla p\u00e4iv\u00e4saikaan. Miten toimin? Siilit ovat y\u00f6aktiivisia el\u00e4imi\u00e4. Keskell\u00e4 p\u00e4iv\u00e4\u00e4 liikkuvalla siilill\u00e4 ei yleens\u00e4 ole kaikki kunnossa. Kyseess\u00e4 voi olla esimerkiksi emostaan erilleen joutunut poikanen tai sairas, vahingoittunut tai loukkaantunut siili. Syksyisin p\u00e4iv\u00e4saikaan liikkuva siili saattaa olla poikanen, joka on liian pieni pysty\u00e4kseen vaipumaan talvihorrokseen. Jos tapaat siilin [&hellip;]<\/p>\n","protected":false},"author":41,"featured_media":364,"parent":251,"menu_order":1,"comment_status":"closed","ping_status":"closed","template":"","meta":{"_acf_changed":false,"footnotes":""},"class_list":["post-363","page","type-page","status-publish","has-post-thumbnail","hentry"],"acf":[],"yoast_head":"<!-- This site is optimized with the Yoast SEO plugin v27.1.1 - https:\/\/yoast.com\/product\/yoast-seo-wordpress\/ -->\n<title>Lajikohtaisia kysymyksi\u00e4 \u2013 Siili - Luonnonel\u00e4imet<\/title>\n<meta name=\"description\" content=\"Keskell\u00e4 p\u00e4iv\u00e4\u00e4 liikkuvalla siilill\u00e4 ei yleens\u00e4 ole kaikki kunnossa. Kyseess\u00e4 voi olla esimerkikisi sairas tai loukkaantunut siili.\" \/>\n<meta name=\"robots\" content=\"index, follow, max-snippet:-1, max-image-preview:large, max-video-preview:-1\" \/>\n<link rel=\"canonical\" href=\"https:\/\/sey.fi\/luonnonelaimet\/usein-kysyttya-luonnonelaimista\/lajikohtaisia-kysymyksia-siili\/\" \/>\n<meta property=\"og:locale\" content=\"fi_FI\" \/>\n<meta property=\"og:type\" content=\"article\" \/>\n<meta property=\"og:title\" content=\"Lajikohtaisia kysymyksi\u00e4 \u2013 Siili - Luonnonel\u00e4imet\" \/>\n<meta property=\"og:description\" content=\"Keskell\u00e4 p\u00e4iv\u00e4\u00e4 liikkuvalla siilill\u00e4 ei yleens\u00e4 ole kaikki kunnossa. Kyseess\u00e4 voi olla esimerkikisi sairas tai loukkaantunut siili.\" \/>\n<meta property=\"og:url\" content=\"https:\/\/sey.fi\/luonnonelaimet\/usein-kysyttya-luonnonelaimista\/lajikohtaisia-kysymyksia-siili\/\" \/>\n<meta property=\"og:site_name\" content=\"Luonnonel\u00e4imet\" \/>\n<meta property=\"article:modified_time\" content=\"2025-07-04T09:55:32+00:00\" \/>\n<meta property=\"og:image\" content=\"https:\/\/sey.fi\/wp-content\/uploads\/sites\/49\/2023\/01\/siili-Mylene-Pixabay.jpg\" \/>\n\t<meta property=\"og:image:width\" content=\"1280\" \/>\n\t<meta property=\"og:image:height\" content=\"640\" \/>\n\t<meta property=\"og:image:type\" content=\"image\/jpeg\" \/>\n<meta name=\"twitter:card\" content=\"summary_large_image\" \/>\n<meta name=\"twitter:label1\" content=\"Arvioitu lukuaika\" \/>\n\t<meta name=\"twitter:data1\" content=\"5 minuuttia\" \/>\n<script type=\"application\/ld+json\" class=\"yoast-schema-graph\">{\"@context\":\"https:\/\/schema.org\",\"@graph\":[{\"@type\":\"WebPage\",\"@id\":\"https:\/\/sey.fi\/luonnonelaimet\/usein-kysyttya-luonnonelaimista\/lajikohtaisia-kysymyksia-siili\/\",\"url\":\"https:\/\/sey.fi\/luonnonelaimet\/usein-kysyttya-luonnonelaimista\/lajikohtaisia-kysymyksia-siili\/\",\"name\":\"Lajikohtaisia kysymyksi\u00e4 \u2013 Siili - Luonnonel\u00e4imet\",\"isPartOf\":{\"@id\":\"https:\/\/sey.fi\/luonnonelaimet\/#website\"},\"primaryImageOfPage\":{\"@id\":\"https:\/\/sey.fi\/luonnonelaimet\/usein-kysyttya-luonnonelaimista\/lajikohtaisia-kysymyksia-siili\/#primaryimage\"},\"image\":{\"@id\":\"https:\/\/sey.fi\/luonnonelaimet\/usein-kysyttya-luonnonelaimista\/lajikohtaisia-kysymyksia-siili\/#primaryimage\"},\"thumbnailUrl\":\"https:\/\/sey.fi\/wp-content\/uploads\/sites\/49\/2023\/01\/siili-Mylene-Pixabay.jpg\",\"datePublished\":\"2023-01-26T19:15:03+00:00\",\"dateModified\":\"2025-07-04T09:55:32+00:00\",\"description\":\"Keskell\u00e4 p\u00e4iv\u00e4\u00e4 liikkuvalla siilill\u00e4 ei yleens\u00e4 ole kaikki kunnossa. Kyseess\u00e4 voi olla esimerkikisi sairas tai loukkaantunut siili.\",\"breadcrumb\":{\"@id\":\"https:\/\/sey.fi\/luonnonelaimet\/usein-kysyttya-luonnonelaimista\/lajikohtaisia-kysymyksia-siili\/#breadcrumb\"},\"inLanguage\":\"fi\",\"potentialAction\":[{\"@type\":\"ReadAction\",\"target\":[\"https:\/\/sey.fi\/luonnonelaimet\/usein-kysyttya-luonnonelaimista\/lajikohtaisia-kysymyksia-siili\/\"]}]},{\"@type\":\"ImageObject\",\"inLanguage\":\"fi\",\"@id\":\"https:\/\/sey.fi\/luonnonelaimet\/usein-kysyttya-luonnonelaimista\/lajikohtaisia-kysymyksia-siili\/#primaryimage\",\"url\":\"https:\/\/sey.fi\/wp-content\/uploads\/sites\/49\/2023\/01\/siili-Mylene-Pixabay.jpg\",\"contentUrl\":\"https:\/\/sey.fi\/wp-content\/uploads\/sites\/49\/2023\/01\/siili-Mylene-Pixabay.jpg\",\"width\":1280,\"height\":640,\"caption\":\"Sivukuva siilin kasvoista\"},{\"@type\":\"BreadcrumbList\",\"@id\":\"https:\/\/sey.fi\/luonnonelaimet\/usein-kysyttya-luonnonelaimista\/lajikohtaisia-kysymyksia-siili\/#breadcrumb\",\"itemListElement\":[{\"@type\":\"ListItem\",\"position\":1,\"name\":\"Home\",\"item\":\"https:\/\/sey.fi\/luonnonelaimet\/\"},{\"@type\":\"ListItem\",\"position\":2,\"name\":\"Usein kysytty\u00e4 luonnonel\u00e4imist\u00e4\",\"item\":\"https:\/\/sey.fi\/luonnonelaimet\/usein-kysyttya-luonnonelaimista\/\"},{\"@type\":\"ListItem\",\"position\":3,\"name\":\"Lajikohtaisia kysymyksi\u00e4 \u2013 Siili\"}]},{\"@type\":\"WebSite\",\"@id\":\"https:\/\/sey.fi\/luonnonelaimet\/#website\",\"url\":\"https:\/\/sey.fi\/luonnonelaimet\/\",\"name\":\"Luonnonel\u00e4imet\",\"description\":\"Uusi SEY J\u00e4senyhdistykset -sivusto\",\"potentialAction\":[{\"@type\":\"SearchAction\",\"target\":{\"@type\":\"EntryPoint\",\"urlTemplate\":\"https:\/\/sey.fi\/luonnonelaimet\/?s={search_term_string}\"},\"query-input\":{\"@type\":\"PropertyValueSpecification\",\"valueRequired\":true,\"valueName\":\"search_term_string\"}}],\"inLanguage\":\"fi\"}]}<\/script>\n<!-- \/ Yoast SEO plugin. -->","yoast_head_json":{"title":"Lajikohtaisia kysymyksi\u00e4 \u2013 Siili - Luonnonel\u00e4imet","description":"Keskell\u00e4 p\u00e4iv\u00e4\u00e4 liikkuvalla siilill\u00e4 ei yleens\u00e4 ole kaikki kunnossa. Kyseess\u00e4 voi olla esimerkikisi sairas tai loukkaantunut siili.","robots":{"index":"index","follow":"follow","max-snippet":"max-snippet:-1","max-image-preview":"max-image-preview:large","max-video-preview":"max-video-preview:-1"},"canonical":"https:\/\/sey.fi\/luonnonelaimet\/usein-kysyttya-luonnonelaimista\/lajikohtaisia-kysymyksia-siili\/","og_locale":"fi_FI","og_type":"article","og_title":"Lajikohtaisia kysymyksi\u00e4 \u2013 Siili - Luonnonel\u00e4imet","og_description":"Keskell\u00e4 p\u00e4iv\u00e4\u00e4 liikkuvalla siilill\u00e4 ei yleens\u00e4 ole kaikki kunnossa. Kyseess\u00e4 voi olla esimerkikisi sairas tai loukkaantunut siili.","og_url":"https:\/\/sey.fi\/luonnonelaimet\/usein-kysyttya-luonnonelaimista\/lajikohtaisia-kysymyksia-siili\/","og_site_name":"Luonnonel\u00e4imet","article_modified_time":"2025-07-04T09:55:32+00:00","og_image":[{"width":1280,"height":640,"url":"https:\/\/sey.fi\/wp-content\/uploads\/sites\/49\/2023\/01\/siili-Mylene-Pixabay.jpg","type":"image\/jpeg"}],"twitter_card":"summary_large_image","twitter_misc":{"Arvioitu lukuaika":"5 minuuttia"},"schema":{"@context":"https:\/\/schema.org","@graph":[{"@type":"WebPage","@id":"https:\/\/sey.fi\/luonnonelaimet\/usein-kysyttya-luonnonelaimista\/lajikohtaisia-kysymyksia-siili\/","url":"https:\/\/sey.fi\/luonnonelaimet\/usein-kysyttya-luonnonelaimista\/lajikohtaisia-kysymyksia-siili\/","name":"Lajikohtaisia kysymyksi\u00e4 \u2013 Siili - Luonnonel\u00e4imet","isPartOf":{"@id":"https:\/\/sey.fi\/luonnonelaimet\/#website"},"primaryImageOfPage":{"@id":"https:\/\/sey.fi\/luonnonelaimet\/usein-kysyttya-luonnonelaimista\/lajikohtaisia-kysymyksia-siili\/#primaryimage"},"image":{"@id":"https:\/\/sey.fi\/luonnonelaimet\/usein-kysyttya-luonnonelaimista\/lajikohtaisia-kysymyksia-siili\/#primaryimage"},"thumbnailUrl":"https:\/\/sey.fi\/wp-content\/uploads\/sites\/49\/2023\/01\/siili-Mylene-Pixabay.jpg","datePublished":"2023-01-26T19:15:03+00:00","dateModified":"2025-07-04T09:55:32+00:00","description":"Keskell\u00e4 p\u00e4iv\u00e4\u00e4 liikkuvalla siilill\u00e4 ei yleens\u00e4 ole kaikki kunnossa. Kyseess\u00e4 voi olla esimerkikisi sairas tai loukkaantunut siili.","breadcrumb":{"@id":"https:\/\/sey.fi\/luonnonelaimet\/usein-kysyttya-luonnonelaimista\/lajikohtaisia-kysymyksia-siili\/#breadcrumb"},"inLanguage":"fi","potentialAction":[{"@type":"ReadAction","target":["https:\/\/sey.fi\/luonnonelaimet\/usein-kysyttya-luonnonelaimista\/lajikohtaisia-kysymyksia-siili\/"]}]},{"@type":"ImageObject","inLanguage":"fi","@id":"https:\/\/sey.fi\/luonnonelaimet\/usein-kysyttya-luonnonelaimista\/lajikohtaisia-kysymyksia-siili\/#primaryimage","url":"https:\/\/sey.fi\/wp-content\/uploads\/sites\/49\/2023\/01\/siili-Mylene-Pixabay.jpg","contentUrl":"https:\/\/sey.fi\/wp-content\/uploads\/sites\/49\/2023\/01\/siili-Mylene-Pixabay.jpg","width":1280,"height":640,"caption":"Sivukuva siilin kasvoista"},{"@type":"BreadcrumbList","@id":"https:\/\/sey.fi\/luonnonelaimet\/usein-kysyttya-luonnonelaimista\/lajikohtaisia-kysymyksia-siili\/#breadcrumb","itemListElement":[{"@type":"ListItem","position":1,"name":"Home","item":"https:\/\/sey.fi\/luonnonelaimet\/"},{"@type":"ListItem","position":2,"name":"Usein kysytty\u00e4 luonnonel\u00e4imist\u00e4","item":"https:\/\/sey.fi\/luonnonelaimet\/usein-kysyttya-luonnonelaimista\/"},{"@type":"ListItem","position":3,"name":"Lajikohtaisia kysymyksi\u00e4 \u2013 Siili"}]},{"@type":"WebSite","@id":"https:\/\/sey.fi\/luonnonelaimet\/#website","url":"https:\/\/sey.fi\/luonnonelaimet\/","name":"Luonnonel\u00e4imet","description":"Uusi SEY J\u00e4senyhdistykset -sivusto","potentialAction":[{"@type":"SearchAction","target":{"@type":"EntryPoint","urlTemplate":"https:\/\/sey.fi\/luonnonelaimet\/?s={search_term_string}"},"query-input":{"@type":"PropertyValueSpecification","valueRequired":true,"valueName":"search_term_string"}}],"inLanguage":"fi"}]}},"_links":{"self":[{"href":"https:\/\/sey.fi\/luonnonelaimet\/wp-json\/wp\/v2\/pages\/363","targetHints":{"allow":["GET"]}}],"collection":[{"href":"https:\/\/sey.fi\/luonnonelaimet\/wp-json\/wp\/v2\/pages"}],"about":[{"href":"https:\/\/sey.fi\/luonnonelaimet\/wp-json\/wp\/v2\/types\/page"}],"author":[{"embeddable":true,"href":"https:\/\/sey.fi\/luonnonelaimet\/wp-json\/wp\/v2\/users\/41"}],"replies":[{"embeddable":true,"href":"https:\/\/sey.fi\/luonnonelaimet\/wp-json\/wp\/v2\/comments?post=363"}],"version-history":[{"count":10,"href":"https:\/\/sey.fi\/luonnonelaimet\/wp-json\/wp\/v2\/pages\/363\/revisions"}],"predecessor-version":[{"id":654,"href":"https:\/\/sey.fi\/luonnonelaimet\/wp-json\/wp\/v2\/pages\/363\/revisions\/654"}],"up":[{"embeddable":true,"href":"https:\/\/sey.fi\/luonnonelaimet\/wp-json\/wp\/v2\/pages\/251"}],"wp:featuredmedia":[{"embeddable":true,"href":"https:\/\/sey.fi\/luonnonelaimet\/wp-json\/wp\/v2\/media\/364"}],"wp:attachment":[{"href":"https:\/\/sey.fi\/luonnonelaimet\/wp-json\/wp\/v2\/media?parent=363"}],"curies":[{"name":"wp","href":"https:\/\/api.w.org\/{rel}","templated":true}]}}