{"id":367,"date":"2023-01-26T21:18:04","date_gmt":"2023-01-26T19:18:04","guid":{"rendered":"https:\/\/sey.fi\/luonnonelaimet\/?page_id=367"},"modified":"2026-02-13T20:22:59","modified_gmt":"2026-02-13T18:22:59","slug":"lajikohtaisia-kysymyksia-orava","status":"publish","type":"page","link":"https:\/\/sey.fi\/luonnonelaimet\/usein-kysyttya-luonnonelaimista\/lajikohtaisia-kysymyksia-orava\/","title":{"rendered":"Lajikohtaisia kysymyksi\u00e4 \u2013 Orava"},"content":{"rendered":"\n<p class=\"has-text-align-right has-small-font-size\"><em>Kuva: Vesa Minkkinen<\/em><\/p>\n\n\n\n<h2 class=\"wp-block-heading\">Mist\u00e4 tunnistan, onko oravanpoikanen h\u00e4d\u00e4ss\u00e4?<\/h2>\n\n\n\n<p>Emosta vierotettu poikanen on yleens\u00e4 vilkas eik\u00e4 pelk\u00e4\u00e4 ihmist\u00e4. Sen silm\u00e4t ovat auki ja se muistuttaa muutenkin aikuista oravaa. Maassa makaava oravanpoikanen ei ole terve, ja se tarvitsee todenn\u00e4k\u00f6isesti apua. <a href=\"https:\/\/sey.fi\/elain-hadassa\/luonnonelain-hadassa\/\" target=\"_blank\" rel=\"noreferrer noopener nofollow\"><strong>Kysy kuitenkin neuvoa luonnonvaraisten el\u00e4inten asiantuntijalta<\/strong><\/a> ennen kuin kosket poikaseen.<\/p>\n\n\n\n<p>Pes\u00e4st\u00e4 pudonneen tai orvon poikasen tunnistaa siit\u00e4, ett\u00e4 sek\u00e4 silm\u00e4t ett\u00e4 korvat saattavat olla viel\u00e4 kiinni, h\u00e4nt\u00e4 ei ole viel\u00e4 tuuhea vaan karvaton suikero, turkki on sile\u00e4 eik\u00e4 korvissa ole viel\u00e4 tupsuja. Poikanen, jonka h\u00e4nt\u00e4 ei ole viel\u00e4 tuuhea ei mit\u00e4 luultavimmin p\u00e4rj\u00e4\u00e4 omillaan.<\/p>\n\n\n\n<p>Jos kohtaat t\u00e4llaisen poikasen, seuraa ensin tilannetta v\u00e4limatkan p\u00e4\u00e4st\u00e4. Joskus emo tulee noutamaan pudonneen tai eksyneen poikasen. Jos emo havaitsee ihmisen, se ei nouda poikasta, vaikka olisikin l\u00e4hettyvill\u00e4.<\/p>\n\n\n\n<p>Jos emoa ei n\u00e4y ja poikanen tarvitsee apua, on t\u00e4rke\u00e4\u00e4 saada poikanen l\u00e4mpim\u00e4\u00e4n pes\u00e4nkaltaiseen ymp\u00e4rist\u00f6\u00f6n. Poikasen voi laittaa esimerkiksi pipoon. Toimita poikanen hoitoon <strong><a href=\"https:\/\/sey.fi\/elain-hadassa\/luonnonelain-hadassa\/\" target=\"_blank\" rel=\"noreferrer noopener nofollow\">l\u00e4himm\u00e4lle luonnonel\u00e4imi\u00e4 hoitavalle taholle <\/a><\/strong>mahdollisimman pian. Poikasen voi laittaa pipon sis\u00e4ll\u00e4 pahvilaatikkoon, jossa on ilmareiki\u00e4. \u00c4l\u00e4 juota tai ruoki poikasta suoraan suuhun, sill\u00e4 tukehtumisvaara on suuri.<\/p>\n\n\n\n<h2 class=\"wp-block-heading\">Oravanpoikanen k\u00e4ytt\u00e4ytyy tuttavallisesti minua kohtaan. Tarvitseeko se apua?<\/h2>\n\n\n\n<p>Emosta vierotettu poikanen on yleens\u00e4 vilkas eik\u00e4 pelk\u00e4\u00e4 ihmist\u00e4. Useimmiten t\u00e4llainen poikanen ei tarvitse apua, vaikka se saattaakin olla tuttavallinen ihmisi\u00e4 kohtaan. Poikasille voi laittaa pieni\u00e4 hedelm\u00e4npaloja (esim. omena, p\u00e4\u00e4ryn\u00e4) ja tarjota vett\u00e4 pienest\u00e4 kupista.<\/p>\n\n\n\n<p>Jos kuitenkin huomaat oravalla esimerkiksi jonkinlaisen vamman tai merkkej\u00e4 uupumuksesta, ota yhteys luonnonvaraisten el\u00e4inten hoitajaan.<\/p>\n\n\n\n<h2 class=\"wp-block-heading\">Orava teki pes\u00e4n rakennukseeni. Saanko h\u00e4vitt\u00e4\u00e4 pes\u00e4n?<\/h2>\n\n\n\n<p>Orava tekee pallomaisen pes\u00e4ns\u00e4 yleens\u00e4 puuhun, mutta joskus se saattaa tehd\u00e4 pes\u00e4n esimerkiksi rakennuksen sis\u00e4lle. Orava on rauhoitettu helmikuusta marraskuuhun, ja sen pes\u00e4\u00e4 ei t\u00e4ll\u00f6in saa h\u00e4vitt\u00e4\u00e4, eik\u00e4 sit\u00e4 saa my\u00f6sk\u00e4\u00e4n ottaa kiinni ilman erityislupaa. Kuten linnuille, my\u00f6s oraville voi laittaa pes\u00e4p\u00f6nt\u00f6n. Useimmiten oravalle kelpaa reilun kokoinen p\u00f6ntt\u00f6 60 mm oviaukolla.<\/p>\n\n\n\n<ul class=\"wp-block-list\">\n<li><a href=\"https:\/\/sey.fi\/luonnonelaimet\/orava\/\" target=\"_blank\" rel=\"noreferrer noopener nofollow\"><strong>SEYn oravatietosivu<\/strong><\/a><\/li>\n<\/ul>\n\n\n\n<p><\/p>\n","protected":false},"excerpt":{"rendered":"<p>Kuva: Vesa Minkkinen Mist\u00e4 tunnistan, onko oravanpoikanen h\u00e4d\u00e4ss\u00e4? Emosta vierotettu poikanen on yleens\u00e4 vilkas eik\u00e4 pelk\u00e4\u00e4 ihmist\u00e4. Sen silm\u00e4t ovat auki ja se muistuttaa muutenkin aikuista oravaa. Maassa makaava oravanpoikanen ei ole terve, ja se tarvitsee todenn\u00e4k\u00f6isesti apua. Kysy kuitenkin neuvoa luonnonvaraisten el\u00e4inten asiantuntijalta ennen kuin kosket poikaseen. Pes\u00e4st\u00e4 pudonneen tai orvon poikasen tunnistaa siit\u00e4, [&hellip;]<\/p>\n","protected":false},"author":41,"featured_media":368,"parent":251,"menu_order":1,"comment_status":"closed","ping_status":"closed","template":"","meta":{"_acf_changed":false,"footnotes":""},"class_list":["post-367","page","type-page","status-publish","has-post-thumbnail","hentry"],"acf":[],"yoast_head":"<!-- This site is optimized with the Yoast SEO plugin v27.1.1 - https:\/\/yoast.com\/product\/yoast-seo-wordpress\/ -->\n<title>Lajikohtaisia kysymyksi\u00e4 \u2013 Orava - Luonnonel\u00e4imet<\/title>\n<meta name=\"description\" content=\"Mist\u00e4 tunnistaa, onko oravanpoikanen h\u00e4d\u00e4ss\u00e4? Lue vinkit SEY Suomen el\u00e4insuojelun luonnonel\u00e4miet- sivustolta.\" \/>\n<meta name=\"robots\" content=\"index, follow, max-snippet:-1, max-image-preview:large, max-video-preview:-1\" \/>\n<link rel=\"canonical\" href=\"https:\/\/sey.fi\/luonnonelaimet\/usein-kysyttya-luonnonelaimista\/lajikohtaisia-kysymyksia-orava\/\" \/>\n<meta property=\"og:locale\" content=\"fi_FI\" \/>\n<meta property=\"og:type\" content=\"article\" \/>\n<meta property=\"og:title\" content=\"Lajikohtaisia kysymyksi\u00e4 \u2013 Orava - Luonnonel\u00e4imet\" \/>\n<meta property=\"og:description\" content=\"Mist\u00e4 tunnistaa, onko oravanpoikanen h\u00e4d\u00e4ss\u00e4? Lue vinkit SEY Suomen el\u00e4insuojelun luonnonel\u00e4miet- sivustolta.\" \/>\n<meta property=\"og:url\" content=\"https:\/\/sey.fi\/luonnonelaimet\/usein-kysyttya-luonnonelaimista\/lajikohtaisia-kysymyksia-orava\/\" \/>\n<meta property=\"og:site_name\" content=\"Luonnonel\u00e4imet\" \/>\n<meta property=\"article:modified_time\" content=\"2026-02-13T18:22:59+00:00\" \/>\n<meta property=\"og:image\" content=\"https:\/\/sey.fi\/wp-content\/uploads\/sites\/49\/2023\/01\/orava-puussa-vesa-minkkinen.jpg\" \/>\n\t<meta property=\"og:image:width\" content=\"1280\" \/>\n\t<meta property=\"og:image:height\" content=\"640\" \/>\n\t<meta property=\"og:image:type\" content=\"image\/jpeg\" \/>\n<meta name=\"twitter:card\" content=\"summary_large_image\" \/>\n<meta name=\"twitter:label1\" content=\"Arvioitu lukuaika\" \/>\n\t<meta name=\"twitter:data1\" content=\"2 minuuttia\" \/>\n<script type=\"application\/ld+json\" class=\"yoast-schema-graph\">{\"@context\":\"https:\/\/schema.org\",\"@graph\":[{\"@type\":\"WebPage\",\"@id\":\"https:\/\/sey.fi\/luonnonelaimet\/usein-kysyttya-luonnonelaimista\/lajikohtaisia-kysymyksia-orava\/\",\"url\":\"https:\/\/sey.fi\/luonnonelaimet\/usein-kysyttya-luonnonelaimista\/lajikohtaisia-kysymyksia-orava\/\",\"name\":\"Lajikohtaisia kysymyksi\u00e4 \u2013 Orava - Luonnonel\u00e4imet\",\"isPartOf\":{\"@id\":\"https:\/\/sey.fi\/luonnonelaimet\/#website\"},\"primaryImageOfPage\":{\"@id\":\"https:\/\/sey.fi\/luonnonelaimet\/usein-kysyttya-luonnonelaimista\/lajikohtaisia-kysymyksia-orava\/#primaryimage\"},\"image\":{\"@id\":\"https:\/\/sey.fi\/luonnonelaimet\/usein-kysyttya-luonnonelaimista\/lajikohtaisia-kysymyksia-orava\/#primaryimage\"},\"thumbnailUrl\":\"https:\/\/sey.fi\/wp-content\/uploads\/sites\/49\/2023\/01\/orava-puussa-vesa-minkkinen.jpg\",\"datePublished\":\"2023-01-26T19:18:04+00:00\",\"dateModified\":\"2026-02-13T18:22:59+00:00\",\"description\":\"Mist\u00e4 tunnistaa, onko oravanpoikanen h\u00e4d\u00e4ss\u00e4? Lue vinkit SEY Suomen el\u00e4insuojelun luonnonel\u00e4miet- sivustolta.\",\"breadcrumb\":{\"@id\":\"https:\/\/sey.fi\/luonnonelaimet\/usein-kysyttya-luonnonelaimista\/lajikohtaisia-kysymyksia-orava\/#breadcrumb\"},\"inLanguage\":\"fi\",\"potentialAction\":[{\"@type\":\"ReadAction\",\"target\":[\"https:\/\/sey.fi\/luonnonelaimet\/usein-kysyttya-luonnonelaimista\/lajikohtaisia-kysymyksia-orava\/\"]}]},{\"@type\":\"ImageObject\",\"inLanguage\":\"fi\",\"@id\":\"https:\/\/sey.fi\/luonnonelaimet\/usein-kysyttya-luonnonelaimista\/lajikohtaisia-kysymyksia-orava\/#primaryimage\",\"url\":\"https:\/\/sey.fi\/wp-content\/uploads\/sites\/49\/2023\/01\/orava-puussa-vesa-minkkinen.jpg\",\"contentUrl\":\"https:\/\/sey.fi\/wp-content\/uploads\/sites\/49\/2023\/01\/orava-puussa-vesa-minkkinen.jpg\",\"width\":1280,\"height\":640,\"caption\":\"Kuva: Vesa Minkkinen\"},{\"@type\":\"BreadcrumbList\",\"@id\":\"https:\/\/sey.fi\/luonnonelaimet\/usein-kysyttya-luonnonelaimista\/lajikohtaisia-kysymyksia-orava\/#breadcrumb\",\"itemListElement\":[{\"@type\":\"ListItem\",\"position\":1,\"name\":\"Home\",\"item\":\"https:\/\/sey.fi\/luonnonelaimet\/\"},{\"@type\":\"ListItem\",\"position\":2,\"name\":\"Usein kysytty\u00e4 luonnonel\u00e4imist\u00e4\",\"item\":\"https:\/\/sey.fi\/luonnonelaimet\/usein-kysyttya-luonnonelaimista\/\"},{\"@type\":\"ListItem\",\"position\":3,\"name\":\"Lajikohtaisia kysymyksi\u00e4 \u2013 Orava\"}]},{\"@type\":\"WebSite\",\"@id\":\"https:\/\/sey.fi\/luonnonelaimet\/#website\",\"url\":\"https:\/\/sey.fi\/luonnonelaimet\/\",\"name\":\"Luonnonel\u00e4imet\",\"description\":\"Uusi SEY J\u00e4senyhdistykset -sivusto\",\"potentialAction\":[{\"@type\":\"SearchAction\",\"target\":{\"@type\":\"EntryPoint\",\"urlTemplate\":\"https:\/\/sey.fi\/luonnonelaimet\/?s={search_term_string}\"},\"query-input\":{\"@type\":\"PropertyValueSpecification\",\"valueRequired\":true,\"valueName\":\"search_term_string\"}}],\"inLanguage\":\"fi\"}]}<\/script>\n<!-- \/ Yoast SEO plugin. -->","yoast_head_json":{"title":"Lajikohtaisia kysymyksi\u00e4 \u2013 Orava - Luonnonel\u00e4imet","description":"Mist\u00e4 tunnistaa, onko oravanpoikanen h\u00e4d\u00e4ss\u00e4? Lue vinkit SEY Suomen el\u00e4insuojelun luonnonel\u00e4miet- sivustolta.","robots":{"index":"index","follow":"follow","max-snippet":"max-snippet:-1","max-image-preview":"max-image-preview:large","max-video-preview":"max-video-preview:-1"},"canonical":"https:\/\/sey.fi\/luonnonelaimet\/usein-kysyttya-luonnonelaimista\/lajikohtaisia-kysymyksia-orava\/","og_locale":"fi_FI","og_type":"article","og_title":"Lajikohtaisia kysymyksi\u00e4 \u2013 Orava - Luonnonel\u00e4imet","og_description":"Mist\u00e4 tunnistaa, onko oravanpoikanen h\u00e4d\u00e4ss\u00e4? Lue vinkit SEY Suomen el\u00e4insuojelun luonnonel\u00e4miet- sivustolta.","og_url":"https:\/\/sey.fi\/luonnonelaimet\/usein-kysyttya-luonnonelaimista\/lajikohtaisia-kysymyksia-orava\/","og_site_name":"Luonnonel\u00e4imet","article_modified_time":"2026-02-13T18:22:59+00:00","og_image":[{"width":1280,"height":640,"url":"https:\/\/sey.fi\/wp-content\/uploads\/sites\/49\/2023\/01\/orava-puussa-vesa-minkkinen.jpg","type":"image\/jpeg"}],"twitter_card":"summary_large_image","twitter_misc":{"Arvioitu lukuaika":"2 minuuttia"},"schema":{"@context":"https:\/\/schema.org","@graph":[{"@type":"WebPage","@id":"https:\/\/sey.fi\/luonnonelaimet\/usein-kysyttya-luonnonelaimista\/lajikohtaisia-kysymyksia-orava\/","url":"https:\/\/sey.fi\/luonnonelaimet\/usein-kysyttya-luonnonelaimista\/lajikohtaisia-kysymyksia-orava\/","name":"Lajikohtaisia kysymyksi\u00e4 \u2013 Orava - Luonnonel\u00e4imet","isPartOf":{"@id":"https:\/\/sey.fi\/luonnonelaimet\/#website"},"primaryImageOfPage":{"@id":"https:\/\/sey.fi\/luonnonelaimet\/usein-kysyttya-luonnonelaimista\/lajikohtaisia-kysymyksia-orava\/#primaryimage"},"image":{"@id":"https:\/\/sey.fi\/luonnonelaimet\/usein-kysyttya-luonnonelaimista\/lajikohtaisia-kysymyksia-orava\/#primaryimage"},"thumbnailUrl":"https:\/\/sey.fi\/wp-content\/uploads\/sites\/49\/2023\/01\/orava-puussa-vesa-minkkinen.jpg","datePublished":"2023-01-26T19:18:04+00:00","dateModified":"2026-02-13T18:22:59+00:00","description":"Mist\u00e4 tunnistaa, onko oravanpoikanen h\u00e4d\u00e4ss\u00e4? Lue vinkit SEY Suomen el\u00e4insuojelun luonnonel\u00e4miet- sivustolta.","breadcrumb":{"@id":"https:\/\/sey.fi\/luonnonelaimet\/usein-kysyttya-luonnonelaimista\/lajikohtaisia-kysymyksia-orava\/#breadcrumb"},"inLanguage":"fi","potentialAction":[{"@type":"ReadAction","target":["https:\/\/sey.fi\/luonnonelaimet\/usein-kysyttya-luonnonelaimista\/lajikohtaisia-kysymyksia-orava\/"]}]},{"@type":"ImageObject","inLanguage":"fi","@id":"https:\/\/sey.fi\/luonnonelaimet\/usein-kysyttya-luonnonelaimista\/lajikohtaisia-kysymyksia-orava\/#primaryimage","url":"https:\/\/sey.fi\/wp-content\/uploads\/sites\/49\/2023\/01\/orava-puussa-vesa-minkkinen.jpg","contentUrl":"https:\/\/sey.fi\/wp-content\/uploads\/sites\/49\/2023\/01\/orava-puussa-vesa-minkkinen.jpg","width":1280,"height":640,"caption":"Kuva: Vesa Minkkinen"},{"@type":"BreadcrumbList","@id":"https:\/\/sey.fi\/luonnonelaimet\/usein-kysyttya-luonnonelaimista\/lajikohtaisia-kysymyksia-orava\/#breadcrumb","itemListElement":[{"@type":"ListItem","position":1,"name":"Home","item":"https:\/\/sey.fi\/luonnonelaimet\/"},{"@type":"ListItem","position":2,"name":"Usein kysytty\u00e4 luonnonel\u00e4imist\u00e4","item":"https:\/\/sey.fi\/luonnonelaimet\/usein-kysyttya-luonnonelaimista\/"},{"@type":"ListItem","position":3,"name":"Lajikohtaisia kysymyksi\u00e4 \u2013 Orava"}]},{"@type":"WebSite","@id":"https:\/\/sey.fi\/luonnonelaimet\/#website","url":"https:\/\/sey.fi\/luonnonelaimet\/","name":"Luonnonel\u00e4imet","description":"Uusi SEY J\u00e4senyhdistykset -sivusto","potentialAction":[{"@type":"SearchAction","target":{"@type":"EntryPoint","urlTemplate":"https:\/\/sey.fi\/luonnonelaimet\/?s={search_term_string}"},"query-input":{"@type":"PropertyValueSpecification","valueRequired":true,"valueName":"search_term_string"}}],"inLanguage":"fi"}]}},"_links":{"self":[{"href":"https:\/\/sey.fi\/luonnonelaimet\/wp-json\/wp\/v2\/pages\/367","targetHints":{"allow":["GET"]}}],"collection":[{"href":"https:\/\/sey.fi\/luonnonelaimet\/wp-json\/wp\/v2\/pages"}],"about":[{"href":"https:\/\/sey.fi\/luonnonelaimet\/wp-json\/wp\/v2\/types\/page"}],"author":[{"embeddable":true,"href":"https:\/\/sey.fi\/luonnonelaimet\/wp-json\/wp\/v2\/users\/41"}],"replies":[{"embeddable":true,"href":"https:\/\/sey.fi\/luonnonelaimet\/wp-json\/wp\/v2\/comments?post=367"}],"version-history":[{"count":6,"href":"https:\/\/sey.fi\/luonnonelaimet\/wp-json\/wp\/v2\/pages\/367\/revisions"}],"predecessor-version":[{"id":730,"href":"https:\/\/sey.fi\/luonnonelaimet\/wp-json\/wp\/v2\/pages\/367\/revisions\/730"}],"up":[{"embeddable":true,"href":"https:\/\/sey.fi\/luonnonelaimet\/wp-json\/wp\/v2\/pages\/251"}],"wp:featuredmedia":[{"embeddable":true,"href":"https:\/\/sey.fi\/luonnonelaimet\/wp-json\/wp\/v2\/media\/368"}],"wp:attachment":[{"href":"https:\/\/sey.fi\/luonnonelaimet\/wp-json\/wp\/v2\/media?parent=367"}],"curies":[{"name":"wp","href":"https:\/\/api.w.org\/{rel}","templated":true}]}}