{"id":76,"date":"2019-12-11T10:18:20","date_gmt":"2019-12-11T08:18:20","guid":{"rendered":"http:\/\/srvr10.xetpoint.com\/~seyfi\/luonnonelaimet\/?page_id=76"},"modified":"2026-02-13T19:45:01","modified_gmt":"2026-02-13T17:45:01","slug":"kalastus-ja-ravustus","status":"publish","type":"page","link":"https:\/\/sey.fi\/luonnonelaimet\/luonnonvaraiset-elaimet\/kalastus-ja-ravustus\/","title":{"rendered":"Kalat ja ravut"},"content":{"rendered":"\n<p class=\"has-text-align-right has-small-font-size\">Kuva: Jarkko M\u00e4nty\/Pixabay<\/p>\n\n\n\n<h2 class=\"wp-block-heading\">Kalat<\/h2>\n\n\n\n<p>Kalat ovat hyvin monimuotoinen el\u00e4inryhm\u00e4. El\u00e4inoikeus ja -suojelukeskustelussa kalojen asema ei ole ollut yht\u00e4 n\u00e4kyv\u00e4 kuin esimerkiksi nis\u00e4kk\u00e4iden. T\u00e4m\u00e4 on johtunut tiedon puutteesta. Saamme kuitenkin vuosi vuodelta lis\u00e4\u00e4 tutkimustietoa kaloista. Kalat ovat \u00e4lykk\u00e4it\u00e4 ja ymp\u00e4rist\u00f6st\u00e4\u00e4n kiinnostuneita el\u00e4imi\u00e4, joiden tunne-el\u00e4m\u00e4 on mit\u00e4 luultavimmin mutkikkaampaa kuin olemme osanneet kuvitella.<\/p>\n\n\n\n<p>Nykytieteen valossa tiedet\u00e4\u00e4n, ett\u00e4 kalat kykenev\u00e4t tuntemaan my\u00f6s kipua. Siksi kalojen kohdalla t\u00e4ytyy harkita k\u00e4rsimyksen aiheuttamista aivan samoin kuin muidenkin el\u00e4inten kohdalla. Kalat kokevat my\u00f6s stressi\u00e4, ja pitk\u00e4kestoinen stressi alentaa kalojen vastuskyky\u00e4, jolloin ne altistuvat helpommin sairauksille. Kalojen kasvatus tuotantomieless\u00e4 altistaa kalat \u2013 esimerkiksi kirjolohet, joita 90 % Suomessa kasvatetuista kaloista on \u2013 pitk\u00e4aikaiselle stressille.<\/p>\n\n\n\n<h2 class=\"wp-block-heading\">Ravut<\/h2>\n\n\n\n<p>Tied\u00e4mme \u00e4yri\u00e4isten tuntoisuudesta viel\u00e4 sangen v\u00e4h\u00e4n. Olemassa olevan tutkitun tiedon mukaan on kuitenkin todenn\u00e4k\u00f6ist\u00e4, ett\u00e4 rapu aistii kipua ja mahdollisesti my\u00f6s tuntee sit\u00e4. Emme siis voi olettaa, etteiv\u00e4t ravut tuntisi kipua, vaikkemme tied\u00e4k\u00e4\u00e4n t\u00e4ysin kiist\u00e4m\u00e4tt\u00e4, ett\u00e4 ne tuntevat.<\/p>\n\n\n\n<p>Suomessa hein\u00e4kuun lopulla alkaa &#8221;rapusesonki&#8221;, joka tiet\u00e4\u00e4 hidasta kuolemaa lukemattomalle m\u00e4\u00e4r\u00e4lle el\u00e4imi\u00e4. Yksitt\u00e4inen kiehuvaan veteen laitettu rapu menett\u00e4\u00e4 tajuntansa 8\u201310 sekunnissa. Jos rapuja laitetaan kattilaan monta kerrallaan, tajunnan menett\u00e4misess\u00e4 kest\u00e4\u00e4 viel\u00e4 kauemmin. Euroopan elintarviketurvallisuusviranomaisen EFSAn mukaan humaani tainnutus- tai lopetusmenetelm\u00e4 on sellainen, jossa el\u00e4in menett\u00e4\u00e4 tajuntansa alle sekunnissa. Rapujen keitt\u00e4minen el\u00e4v\u00e4lt\u00e4 ilman edelt\u00e4v\u00e4\u00e4 tainnutusta ei siis t\u00e4yt\u00e4 EFSAn humaanin lopetustavan m\u00e4\u00e4ritelm\u00e4\u00e4.<\/p>\n\n\n\n<p>Rapujen todenn\u00e4k\u00f6isen k\u00e4rsimyksen minimoimiseksi meid\u00e4n tulisi toimia varovaisuusperiaatteen mukaisesti ja kohdella rapuja tuntoisina el\u00e4imin\u00e4.<\/p>\n\n\n\n<h2 class=\"wp-block-heading\">Kalastus<\/h2>\n\n\n\n<p>Jos kala kuuluu ruokavalioon, kalastamalla itse voi varmistua siit\u00e4, ett\u00e4 sy\u00f6t\u00e4v\u00e4t ev\u00e4kk\u00e4\u00e4t ovat el\u00e4neet vapaan ja hyv\u00e4n el\u00e4m\u00e4n ja kohdanneet mahdollisimman nopean ja tuskattoman kuoleman. T\u00e4m\u00e4 edellytt\u00e4\u00e4 asianmukaista toimintatapaa kalastuksessa ja kalojen lopetuksessa. Esimerkiksi kiinni saadun kalan arvostamista on k\u00e4sitell\u00e4 sit\u00e4 rauhallisesti ja kaikkea kipua, pelkoa ja tuskaa v\u00e4ltt\u00e4en. Kalan k\u00e4rsimykset tulee p\u00e4\u00e4tt\u00e4\u00e4 mahdollisimman nopeasti.<\/p>\n\n\n\n<p>Viime vuosina on tieteen keinoin osoitettu kalojen kokevan sek\u00e4 kipua ett\u00e4 pelkoa. Kuivalle maalle joutuminen on kalalle \u00e4\u00e4rimm\u00e4inen h\u00e4t\u00e4tilanne. Pilkkiahvenen j\u00e4tt\u00e4minen hyppim\u00e4\u00e4n avannon viereen hangelle on sek\u00e4 el\u00e4insuojelulain vastainen ett\u00e4 ajattelematon teko. Tukehtumiskuolema on kalalle hidas ja tuskallinen.<\/p>\n\n\n\n<p>Kalan kipua lis\u00e4\u00e4v\u00e4t koukun aiheuttamat vauriot suussa tai kiduksissa, ja talviaikaan my\u00f6s kidusten j\u00e4\u00e4tyminen. Jokaisen kalastusta harrastavan ihmisen, my\u00f6s sellaisen, joka onkii vain kerran kes\u00e4ss\u00e4 m\u00f6kkilaiturilta, tulee siis opetella nopea ja mahdollisimman tuskaton tapa tappaa kala.<\/p>\n\n\n\n<p>Kalastus on usein koko perheen harrastus, ja vanhempien vastuulla on ohjata lapsiaan suhtautumaan luontoon ja el\u00e4imiin kunnioittavasti. Olennainen osa vastuullista asennetta on kalastaminen vain tarpeeseen: jos kalastetaan, kiinni saaduista kaloista tehd\u00e4\u00e4n my\u00f6s ruokaa.<\/p>\n\n\n\n<div class=\"wp-block-group\"><div class=\"wp-block-group__inner-container is-layout-constrained wp-block-group-is-layout-constrained\">\n<div class=\"wp-block-columns is-layout-flex wp-container-core-columns-is-layout-9d6595d7 wp-block-columns-is-layout-flex\">\n<div class=\"wp-block-column is-layout-flow wp-block-column-is-layout-flow\">\n<p class=\"has-text-align-center has-background\" style=\"background:linear-gradient(299deg,rgb(0,0,0) 0%,rgb(0,0,0) 100%)\"><strong><a href=\"https:\/\/sey.fi\/luonnonelaimet\/luonnonvaraiset-elaimet\/kalastus-ja-ravustus\/kalastusmenetelmat-ja-valineet\/\" target=\"_blank\" rel=\"noreferrer noopener\">Kalastusmenetelm\u00e4t ja v\u00e4lineet<\/a><\/strong><\/p>\n<\/div>\n\n\n\n<div class=\"wp-block-column is-layout-flow wp-block-column-is-layout-flow\">\n<p class=\"has-text-align-center\"><\/p>\n<\/div>\n\n\n\n<div class=\"wp-block-column is-layout-flow wp-block-column-is-layout-flow\">\n<p class=\"has-text-align-center\"><\/p>\n<\/div>\n<\/div>\n<\/div><\/div>\n\n\n\n<p><\/p>\n","protected":false},"excerpt":{"rendered":"<p>Kuva: Jarkko M\u00e4nty\/Pixabay Kalat Kalat ovat hyvin monimuotoinen el\u00e4inryhm\u00e4. El\u00e4inoikeus ja -suojelukeskustelussa kalojen asema ei ole ollut yht\u00e4 n\u00e4kyv\u00e4 kuin esimerkiksi nis\u00e4kk\u00e4iden. T\u00e4m\u00e4 on johtunut tiedon puutteesta. Saamme kuitenkin vuosi vuodelta lis\u00e4\u00e4 tutkimustietoa kaloista. Kalat ovat \u00e4lykk\u00e4it\u00e4 ja ymp\u00e4rist\u00f6st\u00e4\u00e4n kiinnostuneita el\u00e4imi\u00e4, joiden tunne-el\u00e4m\u00e4 on mit\u00e4 luultavimmin mutkikkaampaa kuin olemme osanneet kuvitella. Nykytieteen valossa tiedet\u00e4\u00e4n, ett\u00e4 [&hellip;]<\/p>\n","protected":false},"author":8,"featured_media":432,"parent":43,"menu_order":0,"comment_status":"closed","ping_status":"closed","template":"","meta":{"_acf_changed":false,"footnotes":""},"class_list":["post-76","page","type-page","status-publish","has-post-thumbnail","hentry"],"acf":[],"yoast_head":"<!-- This site is optimized with the Yoast SEO plugin v27.1.1 - https:\/\/yoast.com\/product\/yoast-seo-wordpress\/ -->\n<title>Kalat ja ravut - Luonnonel\u00e4imet<\/title>\n<meta name=\"robots\" content=\"index, follow, max-snippet:-1, max-image-preview:large, max-video-preview:-1\" \/>\n<link rel=\"canonical\" href=\"https:\/\/sey.fi\/luonnonelaimet\/luonnonvaraiset-elaimet\/kalastus-ja-ravustus\/\" \/>\n<meta property=\"og:locale\" content=\"fi_FI\" \/>\n<meta property=\"og:type\" content=\"article\" \/>\n<meta property=\"og:title\" content=\"Kalat ja ravut - Luonnonel\u00e4imet\" \/>\n<meta property=\"og:description\" content=\"Kuva: Jarkko M\u00e4nty\/Pixabay Kalat Kalat ovat hyvin monimuotoinen el\u00e4inryhm\u00e4. El\u00e4inoikeus ja -suojelukeskustelussa kalojen asema ei ole ollut yht\u00e4 n\u00e4kyv\u00e4 kuin esimerkiksi nis\u00e4kk\u00e4iden. T\u00e4m\u00e4 on johtunut tiedon puutteesta. Saamme kuitenkin vuosi vuodelta lis\u00e4\u00e4 tutkimustietoa kaloista. Kalat ovat \u00e4lykk\u00e4it\u00e4 ja ymp\u00e4rist\u00f6st\u00e4\u00e4n kiinnostuneita el\u00e4imi\u00e4, joiden tunne-el\u00e4m\u00e4 on mit\u00e4 luultavimmin mutkikkaampaa kuin olemme osanneet kuvitella. Nykytieteen valossa tiedet\u00e4\u00e4n, ett\u00e4 [&hellip;]\" \/>\n<meta property=\"og:url\" content=\"https:\/\/sey.fi\/luonnonelaimet\/luonnonvaraiset-elaimet\/kalastus-ja-ravustus\/\" \/>\n<meta property=\"og:site_name\" content=\"Luonnonel\u00e4imet\" \/>\n<meta property=\"article:modified_time\" content=\"2026-02-13T17:45:01+00:00\" \/>\n<meta property=\"og:image\" content=\"https:\/\/sey.fi\/wp-content\/uploads\/sites\/49\/2023\/01\/kalat-ja-ravut.png\" \/>\n\t<meta property=\"og:image:width\" content=\"1280\" \/>\n\t<meta property=\"og:image:height\" content=\"640\" \/>\n\t<meta property=\"og:image:type\" content=\"image\/png\" \/>\n<meta name=\"twitter:card\" content=\"summary_large_image\" \/>\n<meta name=\"twitter:label1\" content=\"Arvioitu lukuaika\" \/>\n\t<meta name=\"twitter:data1\" content=\"3 minuuttia\" \/>\n<script type=\"application\/ld+json\" class=\"yoast-schema-graph\">{\"@context\":\"https:\/\/schema.org\",\"@graph\":[{\"@type\":\"WebPage\",\"@id\":\"https:\/\/sey.fi\/luonnonelaimet\/luonnonvaraiset-elaimet\/kalastus-ja-ravustus\/\",\"url\":\"https:\/\/sey.fi\/luonnonelaimet\/luonnonvaraiset-elaimet\/kalastus-ja-ravustus\/\",\"name\":\"Kalat ja ravut - Luonnonel\u00e4imet\",\"isPartOf\":{\"@id\":\"https:\/\/sey.fi\/luonnonelaimet\/#website\"},\"primaryImageOfPage\":{\"@id\":\"https:\/\/sey.fi\/luonnonelaimet\/luonnonvaraiset-elaimet\/kalastus-ja-ravustus\/#primaryimage\"},\"image\":{\"@id\":\"https:\/\/sey.fi\/luonnonelaimet\/luonnonvaraiset-elaimet\/kalastus-ja-ravustus\/#primaryimage\"},\"thumbnailUrl\":\"https:\/\/sey.fi\/wp-content\/uploads\/sites\/49\/2023\/01\/kalat-ja-ravut.png\",\"datePublished\":\"2019-12-11T08:18:20+00:00\",\"dateModified\":\"2026-02-13T17:45:01+00:00\",\"breadcrumb\":{\"@id\":\"https:\/\/sey.fi\/luonnonelaimet\/luonnonvaraiset-elaimet\/kalastus-ja-ravustus\/#breadcrumb\"},\"inLanguage\":\"fi\",\"potentialAction\":[{\"@type\":\"ReadAction\",\"target\":[\"https:\/\/sey.fi\/luonnonelaimet\/luonnonvaraiset-elaimet\/kalastus-ja-ravustus\/\"]}]},{\"@type\":\"ImageObject\",\"inLanguage\":\"fi\",\"@id\":\"https:\/\/sey.fi\/luonnonelaimet\/luonnonvaraiset-elaimet\/kalastus-ja-ravustus\/#primaryimage\",\"url\":\"https:\/\/sey.fi\/wp-content\/uploads\/sites\/49\/2023\/01\/kalat-ja-ravut.png\",\"contentUrl\":\"https:\/\/sey.fi\/wp-content\/uploads\/sites\/49\/2023\/01\/kalat-ja-ravut.png\",\"width\":1280,\"height\":640,\"caption\":\"Kuva: Jarkko M\u00e4nty\/Pixabay\"},{\"@type\":\"BreadcrumbList\",\"@id\":\"https:\/\/sey.fi\/luonnonelaimet\/luonnonvaraiset-elaimet\/kalastus-ja-ravustus\/#breadcrumb\",\"itemListElement\":[{\"@type\":\"ListItem\",\"position\":1,\"name\":\"Home\",\"item\":\"https:\/\/sey.fi\/luonnonelaimet\/\"},{\"@type\":\"ListItem\",\"position\":2,\"name\":\"Luonnonvaraiset el\u00e4imet\",\"item\":\"https:\/\/sey.fi\/luonnonelaimet\/luonnonvaraiset-elaimet\/\"},{\"@type\":\"ListItem\",\"position\":3,\"name\":\"Kalat ja ravut\"}]},{\"@type\":\"WebSite\",\"@id\":\"https:\/\/sey.fi\/luonnonelaimet\/#website\",\"url\":\"https:\/\/sey.fi\/luonnonelaimet\/\",\"name\":\"Luonnonel\u00e4imet\",\"description\":\"Uusi SEY J\u00e4senyhdistykset -sivusto\",\"potentialAction\":[{\"@type\":\"SearchAction\",\"target\":{\"@type\":\"EntryPoint\",\"urlTemplate\":\"https:\/\/sey.fi\/luonnonelaimet\/?s={search_term_string}\"},\"query-input\":{\"@type\":\"PropertyValueSpecification\",\"valueRequired\":true,\"valueName\":\"search_term_string\"}}],\"inLanguage\":\"fi\"}]}<\/script>\n<!-- \/ Yoast SEO plugin. -->","yoast_head_json":{"title":"Kalat ja ravut - Luonnonel\u00e4imet","robots":{"index":"index","follow":"follow","max-snippet":"max-snippet:-1","max-image-preview":"max-image-preview:large","max-video-preview":"max-video-preview:-1"},"canonical":"https:\/\/sey.fi\/luonnonelaimet\/luonnonvaraiset-elaimet\/kalastus-ja-ravustus\/","og_locale":"fi_FI","og_type":"article","og_title":"Kalat ja ravut - Luonnonel\u00e4imet","og_description":"Kuva: Jarkko M\u00e4nty\/Pixabay Kalat Kalat ovat hyvin monimuotoinen el\u00e4inryhm\u00e4. El\u00e4inoikeus ja -suojelukeskustelussa kalojen asema ei ole ollut yht\u00e4 n\u00e4kyv\u00e4 kuin esimerkiksi nis\u00e4kk\u00e4iden. T\u00e4m\u00e4 on johtunut tiedon puutteesta. Saamme kuitenkin vuosi vuodelta lis\u00e4\u00e4 tutkimustietoa kaloista. Kalat ovat \u00e4lykk\u00e4it\u00e4 ja ymp\u00e4rist\u00f6st\u00e4\u00e4n kiinnostuneita el\u00e4imi\u00e4, joiden tunne-el\u00e4m\u00e4 on mit\u00e4 luultavimmin mutkikkaampaa kuin olemme osanneet kuvitella. Nykytieteen valossa tiedet\u00e4\u00e4n, ett\u00e4 [&hellip;]","og_url":"https:\/\/sey.fi\/luonnonelaimet\/luonnonvaraiset-elaimet\/kalastus-ja-ravustus\/","og_site_name":"Luonnonel\u00e4imet","article_modified_time":"2026-02-13T17:45:01+00:00","og_image":[{"width":1280,"height":640,"url":"https:\/\/sey.fi\/wp-content\/uploads\/sites\/49\/2023\/01\/kalat-ja-ravut.png","type":"image\/png"}],"twitter_card":"summary_large_image","twitter_misc":{"Arvioitu lukuaika":"3 minuuttia"},"schema":{"@context":"https:\/\/schema.org","@graph":[{"@type":"WebPage","@id":"https:\/\/sey.fi\/luonnonelaimet\/luonnonvaraiset-elaimet\/kalastus-ja-ravustus\/","url":"https:\/\/sey.fi\/luonnonelaimet\/luonnonvaraiset-elaimet\/kalastus-ja-ravustus\/","name":"Kalat ja ravut - Luonnonel\u00e4imet","isPartOf":{"@id":"https:\/\/sey.fi\/luonnonelaimet\/#website"},"primaryImageOfPage":{"@id":"https:\/\/sey.fi\/luonnonelaimet\/luonnonvaraiset-elaimet\/kalastus-ja-ravustus\/#primaryimage"},"image":{"@id":"https:\/\/sey.fi\/luonnonelaimet\/luonnonvaraiset-elaimet\/kalastus-ja-ravustus\/#primaryimage"},"thumbnailUrl":"https:\/\/sey.fi\/wp-content\/uploads\/sites\/49\/2023\/01\/kalat-ja-ravut.png","datePublished":"2019-12-11T08:18:20+00:00","dateModified":"2026-02-13T17:45:01+00:00","breadcrumb":{"@id":"https:\/\/sey.fi\/luonnonelaimet\/luonnonvaraiset-elaimet\/kalastus-ja-ravustus\/#breadcrumb"},"inLanguage":"fi","potentialAction":[{"@type":"ReadAction","target":["https:\/\/sey.fi\/luonnonelaimet\/luonnonvaraiset-elaimet\/kalastus-ja-ravustus\/"]}]},{"@type":"ImageObject","inLanguage":"fi","@id":"https:\/\/sey.fi\/luonnonelaimet\/luonnonvaraiset-elaimet\/kalastus-ja-ravustus\/#primaryimage","url":"https:\/\/sey.fi\/wp-content\/uploads\/sites\/49\/2023\/01\/kalat-ja-ravut.png","contentUrl":"https:\/\/sey.fi\/wp-content\/uploads\/sites\/49\/2023\/01\/kalat-ja-ravut.png","width":1280,"height":640,"caption":"Kuva: Jarkko M\u00e4nty\/Pixabay"},{"@type":"BreadcrumbList","@id":"https:\/\/sey.fi\/luonnonelaimet\/luonnonvaraiset-elaimet\/kalastus-ja-ravustus\/#breadcrumb","itemListElement":[{"@type":"ListItem","position":1,"name":"Home","item":"https:\/\/sey.fi\/luonnonelaimet\/"},{"@type":"ListItem","position":2,"name":"Luonnonvaraiset el\u00e4imet","item":"https:\/\/sey.fi\/luonnonelaimet\/luonnonvaraiset-elaimet\/"},{"@type":"ListItem","position":3,"name":"Kalat ja ravut"}]},{"@type":"WebSite","@id":"https:\/\/sey.fi\/luonnonelaimet\/#website","url":"https:\/\/sey.fi\/luonnonelaimet\/","name":"Luonnonel\u00e4imet","description":"Uusi SEY J\u00e4senyhdistykset -sivusto","potentialAction":[{"@type":"SearchAction","target":{"@type":"EntryPoint","urlTemplate":"https:\/\/sey.fi\/luonnonelaimet\/?s={search_term_string}"},"query-input":{"@type":"PropertyValueSpecification","valueRequired":true,"valueName":"search_term_string"}}],"inLanguage":"fi"}]}},"_links":{"self":[{"href":"https:\/\/sey.fi\/luonnonelaimet\/wp-json\/wp\/v2\/pages\/76","targetHints":{"allow":["GET"]}}],"collection":[{"href":"https:\/\/sey.fi\/luonnonelaimet\/wp-json\/wp\/v2\/pages"}],"about":[{"href":"https:\/\/sey.fi\/luonnonelaimet\/wp-json\/wp\/v2\/types\/page"}],"author":[{"embeddable":true,"href":"https:\/\/sey.fi\/luonnonelaimet\/wp-json\/wp\/v2\/users\/8"}],"replies":[{"embeddable":true,"href":"https:\/\/sey.fi\/luonnonelaimet\/wp-json\/wp\/v2\/comments?post=76"}],"version-history":[{"count":4,"href":"https:\/\/sey.fi\/luonnonelaimet\/wp-json\/wp\/v2\/pages\/76\/revisions"}],"predecessor-version":[{"id":691,"href":"https:\/\/sey.fi\/luonnonelaimet\/wp-json\/wp\/v2\/pages\/76\/revisions\/691"}],"up":[{"embeddable":true,"href":"https:\/\/sey.fi\/luonnonelaimet\/wp-json\/wp\/v2\/pages\/43"}],"wp:featuredmedia":[{"embeddable":true,"href":"https:\/\/sey.fi\/luonnonelaimet\/wp-json\/wp\/v2\/media\/432"}],"wp:attachment":[{"href":"https:\/\/sey.fi\/luonnonelaimet\/wp-json\/wp\/v2\/media?parent=76"}],"curies":[{"name":"wp","href":"https:\/\/api.w.org\/{rel}","templated":true}]}}