{"id":12,"date":"2019-11-04T13:52:26","date_gmt":"2019-11-04T11:52:26","guid":{"rendered":"http:\/\/srvr10.xetpoint.com\/~seyfi\/oulu\/?page_id=12"},"modified":"2026-04-06T21:23:43","modified_gmt":"2026-04-06T18:23:43","slug":"ajankohtaista","status":"publish","type":"page","link":"https:\/\/sey.fi\/oulu\/oulun-seudun-elainsuojeluyhdistys\/ajankohtaista\/","title":{"rendered":"Ajankohtaista"},"content":{"rendered":"\n<h2 class=\"wp-block-heading\">6.4.2026<\/h2>\n\n\n\n<p>\ud83d\udcccJ\u00c4SENKOKOUS<\/p>\n\n\n\n<p>lauantaina 11.4.2026 klo 12 yhdistyksen toimistolla Ruskossa, osoitteessa Louhimontie 10 H 11. <\/p>\n\n\n\n<p>Kokouksessa k\u00e4sitell\u00e4\u00e4n s\u00e4\u00e4nt\u00f6muutokset (7 \u00a7 ja 12 \u00a7) sek\u00e4 henkil\u00f6n kutsuminen kunniaj\u00e4seneksi. Halutessasi osallistua kokoukseen et\u00e4yhteydell\u00e4, ilmoittaudu 9.4. menness\u00e4 osoitteeseen oulunesy@gmail.com Kokouslinkki l\u00e4hetet\u00e4\u00e4n ilmoittautujan s\u00e4hk\u00f6postiosoitteeseen.<\/p>\n\n\n\n<p>Kokoukseen ovat tervetulleita kaikki j\u00e4senet. Kahvitarjoilu.<\/p>\n\n\n\n<h2 class=\"wp-block-heading\">13.2.2025<\/h2>\n\n\n\n<p><img loading=\"lazy\" decoding=\"async\" height=\"16\" width=\"16\" alt=\"\ud83d\udccc\" src=\"https:\/\/static.xx.fbcdn.net\/images\/emoji.php\/v9\/t4b\/2\/16\/1f4cc.png\">VUOSIKOKOUS <img loading=\"lazy\" decoding=\"async\" height=\"16\" width=\"16\" alt=\"\ud83d\udccc\" src=\"https:\/\/static.xx.fbcdn.net\/images\/emoji.php\/v9\/t4b\/2\/16\/1f4cc.png\"><\/p>\n\n\n\n<p>Oulun Seudun El\u00e4insuojeluyhdistys ryn <strong>vuosikokous pidet\u00e4\u00e4n lauantaina 14.3. klo 12<\/strong> yhdistyksen toimistolla Ruskossa, osoitteessa Louhimontie 10 H 11.<\/p>\n\n\n\n<p>Kokouksessa k\u00e4sitell\u00e4\u00e4n s\u00e4\u00e4nt\u00f6m\u00e4\u00e4r\u00e4iset asiat.<\/p>\n\n\n\n<p>Jos haluat osallistua kokoukseen et\u00e4yhteydell\u00e4, ilmoittaudu 5.3. menness\u00e4 osoitteeseen oulunesy@gmail.com. Kokouslinkki l\u00e4hetet\u00e4\u00e4n ilmoittautujan s\u00e4hk\u00f6postiosoitteeseen.<\/p>\n\n\n\n<p>Kokoukseen ovat tervetulleita kaikki j\u00e4senet. Kahvitarjoilu.<\/p>\n\n\n\n<h2 class=\"wp-block-heading\"><strong>3.12.2025<\/strong><\/h2>\n\n\n\n<p><strong>El\u00e4inten joulurauhan julistus 14.12.2025<\/strong><\/p>\n\n\n\n<p>Tervetuloa perinteiseen El\u00e4inten joulurauhan julistukseen sunnuntaina 14.12.2025 klo 16 Oulun lemmikkiel\u00e4inten hautausmaalle (Sanginsuu, Mikonkangas).<\/p>\n\n\n\n<p>Tuomiorovasti Satu Saarinen julistaa joulurauhan, laulamme joululauluja nuotion \u00e4\u00e4rell\u00e4, nautimme pipareita ja gl\u00f6gi\u00e4. <\/p>\n\n\n\n<p>Lemmikit ovat l\u00e4mpim\u00e4sti tervetulleita tilaisuuteen, mik\u00e4li niiden rokotukset ovat voimassa. Lemmikeille on tarjolla viljattomia herkkuja.<\/p>\n\n\n\n<p>Pukeudu l\u00e4mpim\u00e4sti, tule paikalle vain terveen\u00e4.<\/p>\n\n\n\n<p>Ajo-ohjeet perille:<\/p>\n\n\n\n<ul class=\"wp-block-list\">\n<li>Aja Vaalantiet\u00e4 (Oulun keskustasta noin 15km)<\/li>\n\n\n\n<li>K\u00e4\u00e4nny Vaalantielt\u00e4 Mikonm\u00e4entielle<\/li>\n\n\n\n<li>Aja noin 200m, k\u00e4\u00e4nny vasemmalle mets\u00e4tielle El\u00e4inten hautausmaa -kyltin mukaan<\/li>\n\n\n\n<li>Tie mutkittelee mets\u00e4ss\u00e4, seuraa opasteita El\u00e4inten hautausmaalle<\/li>\n\n\n\n<li>Voit my\u00f6s laittaa navigaattoriin osoitteeksi Mikonm\u00e4entie, Oulu ja seurata El\u00e4inten hautausmaa -opasteita<br><\/li>\n<\/ul>\n\n\n\n<p>L\u00e4mpim\u00e4sti tervetuloa! \u2764\ufe0f<\/p>\n\n\n\n<h2 class=\"wp-block-heading\">11.10.2025<\/h2>\n\n\n\n<p><strong>Lis\u00e4ys 25.10.: Kalenterin myynti on p\u00e4\u00e4ttynyt!<\/strong><\/p>\n\n\n\n<p>Oulun esyn sein\u00e4kalenteri vuodelle 2026 on t\u00e4\u00e4ll\u00e4! Kalenterissa t\u00e4n\u00e4 vuonna kuvattuja Oulun esyn el\u00e4imi\u00e4, joista osa on jo muuttanut uusiin koteihinsa. Jokaiselle kuukaudelle eri yksil\u00f6\/yksil\u00f6t, kissoja ja my\u00f6s muita lemmikkej\u00e4! Itse kuvat s\u00e4\u00e4st\u00e4mme yll\u00e4riksi tilaajille.<\/p>\n\n\n\n<p>Kaikki kalenterista tulevat tuotot k\u00e4ytet\u00e4\u00e4n Oulun esyn toimintaan kodittomien el\u00e4inten hyv\u00e4ksi, esimerkiksi el\u00e4inl\u00e4\u00e4k\u00e4rik\u00e4ynteihin, el\u00e4inten ruokaan ja kissanhiekkaan. Ostamalla kalenterin tuet siis Oulun esyn toimintaa, ja saat uniikin sein\u00e4kalenterin jota ihailla koko ensi vuoden! Vinkkaa my\u00f6s el\u00e4inrakkaalle kaverille tai osta vaikka lahjaksi!<\/p>\n\n\n\n<p>Tilaa kalenterisi t\u00e4\u00e4lt\u00e4: <a href=\"https:\/\/forms.gle\/kAer3PmVvZNiviFN6\">https:\/\/forms.gle\/kAer3PmVvZNiviFN6<\/a> Tilausaikaa la 25.10. iltaan klo 23.59 saakka, joten tilaa omasi pian! T\u00e4m\u00e4 on ennakkotilaus, ei vain varaus: kalenterit tilataan painosta ja postitetaan\/luovutetaan vain maksaneille.<\/p>\n\n\n\n<p>Kalenterin hinta: 15 euroa kpl + postit<br>1 kpl: 15 euroa noudettuna \/ 20,5e posteineen<br>2 kpl: 30 euroa noudettuna \/ 36,9e posteineen<br>3 kpl: 45 euroa noudettuna \/ 51,9e posteineen<br>4 kpl: 60 euroa noudettuna \/66,9e posteineen<br>5 kpl: 75 euroa noudettuna \/ 81,9 euroa posteineen<br>Kysy muita tilausm\u00e4\u00e4ri\u00e4: toiminta.oulunesy@gmail.com<\/p>\n\n\n\n<p>Jos et halua postitusta, olemme jakamassa ennakkoon maksettuja kalentereita Oulun esyn toimistolla Ruskossa, Louhimontie 10 H 11, 90620 Oulu. Luovutusp\u00e4iv\u00e4t ja ajat:<br>Pe 14.11. Klo 16-18<br>Ti 25.11. Klo 17-18<br>Huomioi, ett\u00e4 mik\u00e4li noudettavaksi maksettua kalenteria ei noudeta noutoaikojen puitteissa, emme postita kalenteria.<\/p>\n\n\n\n<p>Laita maksuun viestiksi Kalenteri2026<br>Maksu Mobilepaylla: numero 74954<br>Maksu maksukortilla tai Google Payll\u00e4: <a href=\"https:\/\/pay.sumup.com\/b2c\/Q3G3D7EX\">https:\/\/pay.sumup.com\/b2c\/Q3G3D7EX<\/a><\/p>\n\n\n\n<p>Lomakkeella ker\u00e4ttyj\u00e4 henkil\u00f6tietoja k\u00e4ytet\u00e4\u00e4n vain kalenteritilausta varten ja poistetaan sen j\u00e4lkeen.<br><\/p>\n\n\n\n<h2 class=\"wp-block-heading\">23.2.2025<\/h2>\n\n\n\n<p>Oulun seudun el\u00e4insuojeluyhdistyksen hallitus vuodelle 2025 on valittu. <a href=\"https:\/\/sey.fi\/oulu\/oulun-seudun-elainsuojeluyhdistys\/yhteystiedot\/hallitus\/\">Lue lis\u00e4\u00e4.<\/a><\/p>\n\n\n\n<h2 class=\"wp-block-heading\">29.1.2025<\/h2>\n\n\n\n<p>Yhdistyksen vuosikokous pidet\u00e4\u00e4n sunnuntaina 23.2.2025 klo 15 toimistollamme Ruskossa, osoitteessa Louhimontie 10 H 11. Kokouksessa k\u00e4sitell\u00e4\u00e4n s\u00e4\u00e4nt\u00f6m\u00e4\u00e4r\u00e4iset asiat.<\/p>\n\n\n\n<p>Halutessasi osallistua kokoukseen et\u00e4yhteydell\u00e4, ilmoittaudu 13.2. menness\u00e4 osoitteeseen oulunesy@gmail.com. Kokouslinkki l\u00e4hetet\u00e4\u00e4n ilmoittautujan s\u00e4hk\u00f6postiosoitteeseen.<\/p>\n\n\n\n<p>Kokoukseen ovat tervetulleita kaikki j\u00e4senet. Kahvitarjoilu.<\/p>\n\n\n\n<h2 class=\"wp-block-heading\">16.3.2024<\/h2>\n\n\n\n<p>Oulun seudun el\u00e4insuojeluyhdistyksen hallitus vuodelle 2024 on valittu. <a href=\"https:\/\/sey.fi\/oulu\/oulun-seudun-elainsuojeluyhdistys\/yhteystiedot\/hallitus\/\">Lue lis\u00e4\u00e4.<\/a><\/p>\n\n\n\n<h2 class=\"wp-block-heading\">15.2.2024<\/h2>\n\n\n\n<p>Yhdistyksen vuosikokous pidet\u00e4\u00e4n lauantaina 16.3.24 alkaen klo 12. Kokouksessa k\u00e4sitell\u00e4\u00e4n s\u00e4\u00e4nt\u00f6m\u00e4\u00e4r\u00e4iset asiat. Kokous j\u00e4rjestet\u00e4\u00e4n yhdistyksen toimistolla Ruskossa osoitteessa Louhimontie 10 H 11. Kahvitarjoilu.<\/p>\n\n\n\n<p>Jos haluat osallistua kokoukseen et\u00e4yhteydell\u00e4, ilmoittaudu 7.3.24 menness\u00e4<br>osoitteeseen oulunesy@gmail.com. Kokouslinkki l\u00e4hetet\u00e4\u00e4n ilmoittautujan s\u00e4hk\u00f6postiosoitteeseen.<\/p>\n\n\n\n<p>Kokoukseen ovat tervetulleita kaikki j\u00e4senet!<\/p>\n\n\n\n<h2 class=\"wp-block-heading\">1.4.2023<\/h2>\n\n\n\n<p>Oulun seudun el\u00e4insuojeluyhdistyksen uusi hallitus on valittu! <a href=\"https:\/\/sey.fi\/oulu\/oulun-seudun-elainsuojeluyhdistys\/yhteystiedot\/hallitus\/\">Lue lis\u00e4\u00e4.<\/a><\/p>\n\n\n\n<h2 class=\"wp-block-heading\">16.3.2023<\/h2>\n\n\n\n<p><strong>Yhdistyksen j\u00e4senkokous<\/strong> pidet\u00e4\u00e4n lauantaina 1.4.23 alkaen klo 12. Kokouksessa k\u00e4sitell\u00e4\u00e4n saadun testamenttilahjoituksen k\u00e4ytt\u00e4minen uusien toimitilojen hankintaan sek\u00e4 vanhojen toimitilojen myyminen\/vuokraaminen. <strong>Yhdistyksen vuosikokous<\/strong> pidet\u00e4\u00e4n lauantaina 1.4.23 alkaen klo 13. Kokouksessa k\u00e4sitell\u00e4\u00e4n s\u00e4\u00e4nt\u00f6m\u00e4\u00e4r\u00e4iset asiat.<\/p>\n\n\n\n<p>Molemmat kokoukset j\u00e4rjestet\u00e4\u00e4n yhdistyksen toimistolla Kastellissa, osoitteessa T\u00f6llintie 50 A. Jos haluat osallistua kokoukseen\/kokouksiin et\u00e4yhteydell\u00e4, ilmoittaudu 23.3. menness\u00e4 osoitteeseen oulunesy@gmail.com. Kokouslinkki l\u00e4hetet\u00e4\u00e4n ilmoittautujan s\u00e4hk\u00f6postiosoitteeseen.<\/p>\n\n\n\n<p>Kokouksiin ovat tervetulleita kaikki j\u00e4senet!<\/p>\n\n\n\n<p><\/p>\n\n\n\n<p><\/p>\n\n\n\n<h2 class=\"wp-block-heading\">28.7.2022<\/h2>\n\n\n\n<p>Yhdistyksellemme voi nyt tehd\u00e4 lahjoituksia ja maksuja my\u00f6s MobilePayn kautta. <a href=\"https:\/\/sey.fi\/oulu\/oulun-seudun-elainsuojeluyhdistys\/osallistu\/lahjoita\/\">Lue lis\u00e4\u00e4.<\/a><\/p>\n\n\n\n<h2 class=\"wp-block-heading\">3.4.2022<\/h2>\n\n\n\n<p>Oulun seudun el\u00e4insuojeluyhdistyksen uusi hallitus on valittu! <a href=\"https:\/\/sey.fi\/oulu\/oulun-seudun-elainsuojeluyhdistys\/yhteystiedot\/hallitus\/\">Lue lis\u00e4\u00e4.<\/a><\/p>\n\n\n\n<h2 class=\"wp-block-heading\">17.3.2022 <\/h2>\n\n\n\n<p>Yhdistyksen j\u00e4senkokous pidet\u00e4\u00e4n sunnuntaina 3.4.22 klo 11. Kokouksessa k\u00e4sitell\u00e4\u00e4n Oulun seudun el\u00e4insuojeluyhdistyksen s\u00e4\u00e4nt\u00f6jen 13\u00a7:ss\u00e4 mainittu asia: yhdistyksen s\u00e4\u00e4nt\u00f6jen muuttaminen.<\/p>\n\n\n\n<p>Vuosikokous sunnuntaina 3.4.22 klo 13. Kokouksessa k\u00e4sitell\u00e4\u00e4n s\u00e4\u00e4nt\u00f6m\u00e4\u00e4r\u00e4iset asiat.<\/p>\n\n\n\n<p>Molemmat kokoukset pidet\u00e4\u00e4n yhdistyksen toimistolla Kastellissa, osoitteessa T\u00f6llintie 50 A. Halutessasi osallistua kokoukseen\/kokouksiin et\u00e4yhteydell\u00e4, ilmoittaudu 24.3.22 menness\u00e4 osoitteeseen oulunesy@gmail.com. Kokouslinkki l\u00e4hetet\u00e4\u00e4n ilmoittautujan s\u00e4hk\u00f6postiosoitteeseen. Kokouksiin ovat tervetulleita kaikki j\u00e4senet.<\/p>\n\n\n\n<p>Osallistuessasi yhdistyksen toimistolla, huomioithan: noudatamme turvallisuusohjeita. Tulethan  paikalle vain terveen\u00e4. Tervetuloa! <\/p>\n\n\n\n<h2 class=\"wp-block-heading\">10.4.2021<\/h2>\n\n\n\n<p>Oulun seudun el\u00e4insuojeluyhdistyksen uusi hallitus on valittu t\u00e4n\u00e4\u00e4n! <a href=\"https:\/\/sey.fi\/oulu\/oulun-seudun-elainsuojeluyhdistys\/yhteystiedot\/hallitus\/\">Lue lis\u00e4\u00e4<\/a>.<\/p>\n\n\n\n<h2 class=\"wp-block-heading\">24.3.2021<\/h2>\n\n\n\n<p>Yhdistyksen s\u00e4\u00e4nn\u00f6t on nyt lis\u00e4tty kotisivuille! Tutustu s\u00e4\u00e4nt\u00f6ihimme <a href=\"https:\/\/sey.fi\/oulu\/oulun-seudun-elainsuojeluyhdistys\/yhteystiedot\/yhdistyksen-saannot\/\">t\u00e4\u00e4ll\u00e4<\/a>.<\/p>\n\n\n\n<p><\/p>\n\n\n\n<p><\/p>\n","protected":false},"excerpt":{"rendered":"<p>6.4.2026 \ud83d\udcccJ\u00c4SENKOKOUS lauantaina 11.4.2026 klo 12 yhdistyksen toimistolla Ruskossa, osoitteessa Louhimontie 10 H 11. Kokouksessa k\u00e4sitell\u00e4\u00e4n s\u00e4\u00e4nt\u00f6muutokset (7 \u00a7 ja 12 \u00a7) sek\u00e4 henkil\u00f6n kutsuminen kunniaj\u00e4seneksi. Halutessasi osallistua kokoukseen et\u00e4yhteydell\u00e4, ilmoittaudu 9.4. menness\u00e4 osoitteeseen oulunesy@gmail.com Kokouslinkki l\u00e4hetet\u00e4\u00e4n ilmoittautujan s\u00e4hk\u00f6postiosoitteeseen. Kokoukseen ovat tervetulleita kaikki j\u00e4senet. Kahvitarjoilu. 13.2.2025 VUOSIKOKOUS Oulun Seudun El\u00e4insuojeluyhdistys ryn vuosikokous pidet\u00e4\u00e4n lauantaina 14.3. [&hellip;]<\/p>\n","protected":false},"author":8,"featured_media":0,"parent":2,"menu_order":0,"comment_status":"closed","ping_status":"closed","template":"","meta":{"_acf_changed":false,"footnotes":""},"class_list":["post-12","page","type-page","status-publish","hentry"],"acf":[],"yoast_head":"<!-- This site is optimized with the Yoast SEO plugin v27.1.1 - https:\/\/yoast.com\/product\/yoast-seo-wordpress\/ -->\n<title>Ajankohtaista - Oulun seudun el\u00e4insuojeluyhdistys<\/title>\n<meta name=\"robots\" content=\"index, follow, max-snippet:-1, max-image-preview:large, max-video-preview:-1\" \/>\n<link rel=\"canonical\" href=\"https:\/\/sey.fi\/oulu\/oulun-seudun-elainsuojeluyhdistys\/ajankohtaista\/\" \/>\n<meta property=\"og:locale\" content=\"fi_FI\" \/>\n<meta property=\"og:type\" content=\"article\" \/>\n<meta property=\"og:title\" content=\"Ajankohtaista - Oulun seudun el\u00e4insuojeluyhdistys\" \/>\n<meta property=\"og:description\" content=\"6.4.2026 \ud83d\udcccJ\u00c4SENKOKOUS lauantaina 11.4.2026 klo 12 yhdistyksen toimistolla Ruskossa, osoitteessa Louhimontie 10 H 11. Kokouksessa k\u00e4sitell\u00e4\u00e4n s\u00e4\u00e4nt\u00f6muutokset (7 \u00a7 ja 12 \u00a7) sek\u00e4 henkil\u00f6n kutsuminen kunniaj\u00e4seneksi. Halutessasi osallistua kokoukseen et\u00e4yhteydell\u00e4, ilmoittaudu 9.4. menness\u00e4 osoitteeseen oulunesy@gmail.com Kokouslinkki l\u00e4hetet\u00e4\u00e4n ilmoittautujan s\u00e4hk\u00f6postiosoitteeseen. Kokoukseen ovat tervetulleita kaikki j\u00e4senet. Kahvitarjoilu. 13.2.2025 VUOSIKOKOUS Oulun Seudun El\u00e4insuojeluyhdistys ryn vuosikokous pidet\u00e4\u00e4n lauantaina 14.3. [&hellip;]\" \/>\n<meta property=\"og:url\" content=\"https:\/\/sey.fi\/oulu\/oulun-seudun-elainsuojeluyhdistys\/ajankohtaista\/\" \/>\n<meta property=\"og:site_name\" content=\"Oulun seudun el\u00e4insuojeluyhdistys\" \/>\n<meta property=\"article:modified_time\" content=\"2026-04-06T18:23:43+00:00\" \/>\n<meta property=\"og:image\" content=\"https:\/\/static.xx.fbcdn.net\/images\/emoji.php\/v9\/t4b\/2\/16\/1f4cc.png\" \/>\n<meta name=\"twitter:card\" content=\"summary_large_image\" \/>\n<meta name=\"twitter:label1\" content=\"Arvioitu lukuaika\" \/>\n\t<meta name=\"twitter:data1\" content=\"5 minuuttia\" \/>\n<script type=\"application\/ld+json\" class=\"yoast-schema-graph\">{\"@context\":\"https:\/\/schema.org\",\"@graph\":[{\"@type\":\"WebPage\",\"@id\":\"https:\/\/sey.fi\/oulu\/oulun-seudun-elainsuojeluyhdistys\/ajankohtaista\/\",\"url\":\"https:\/\/sey.fi\/oulu\/oulun-seudun-elainsuojeluyhdistys\/ajankohtaista\/\",\"name\":\"Ajankohtaista - Oulun seudun el\u00e4insuojeluyhdistys\",\"isPartOf\":{\"@id\":\"https:\/\/sey.fi\/oulu\/#website\"},\"primaryImageOfPage\":{\"@id\":\"https:\/\/sey.fi\/oulu\/oulun-seudun-elainsuojeluyhdistys\/ajankohtaista\/#primaryimage\"},\"image\":{\"@id\":\"https:\/\/sey.fi\/oulu\/oulun-seudun-elainsuojeluyhdistys\/ajankohtaista\/#primaryimage\"},\"thumbnailUrl\":\"https:\/\/static.xx.fbcdn.net\/images\/emoji.php\/v9\/t4b\/2\/16\/1f4cc.png\",\"datePublished\":\"2019-11-04T11:52:26+00:00\",\"dateModified\":\"2026-04-06T18:23:43+00:00\",\"breadcrumb\":{\"@id\":\"https:\/\/sey.fi\/oulu\/oulun-seudun-elainsuojeluyhdistys\/ajankohtaista\/#breadcrumb\"},\"inLanguage\":\"fi\",\"potentialAction\":[{\"@type\":\"ReadAction\",\"target\":[\"https:\/\/sey.fi\/oulu\/oulun-seudun-elainsuojeluyhdistys\/ajankohtaista\/\"]}]},{\"@type\":\"ImageObject\",\"inLanguage\":\"fi\",\"@id\":\"https:\/\/sey.fi\/oulu\/oulun-seudun-elainsuojeluyhdistys\/ajankohtaista\/#primaryimage\",\"url\":\"https:\/\/static.xx.fbcdn.net\/images\/emoji.php\/v9\/t4b\/2\/16\/1f4cc.png\",\"contentUrl\":\"https:\/\/static.xx.fbcdn.net\/images\/emoji.php\/v9\/t4b\/2\/16\/1f4cc.png\"},{\"@type\":\"BreadcrumbList\",\"@id\":\"https:\/\/sey.fi\/oulu\/oulun-seudun-elainsuojeluyhdistys\/ajankohtaista\/#breadcrumb\",\"itemListElement\":[{\"@type\":\"ListItem\",\"position\":1,\"name\":\"Home\",\"item\":\"https:\/\/sey.fi\/oulu\/\"},{\"@type\":\"ListItem\",\"position\":2,\"name\":\"Oulun seudun el\u00e4insuojeluyhdistys\",\"item\":\"https:\/\/sey.fi\/oulu\/\"},{\"@type\":\"ListItem\",\"position\":3,\"name\":\"Ajankohtaista\"}]},{\"@type\":\"WebSite\",\"@id\":\"https:\/\/sey.fi\/oulu\/#website\",\"url\":\"https:\/\/sey.fi\/oulu\/\",\"name\":\"Oulun seudun el\u00e4insuojeluyhdistys\",\"description\":\"Uusi SEY J\u00e4senyhdistykset -sivusto\",\"potentialAction\":[{\"@type\":\"SearchAction\",\"target\":{\"@type\":\"EntryPoint\",\"urlTemplate\":\"https:\/\/sey.fi\/oulu\/?s={search_term_string}\"},\"query-input\":{\"@type\":\"PropertyValueSpecification\",\"valueRequired\":true,\"valueName\":\"search_term_string\"}}],\"inLanguage\":\"fi\"}]}<\/script>\n<!-- \/ Yoast SEO plugin. -->","yoast_head_json":{"title":"Ajankohtaista - Oulun seudun el\u00e4insuojeluyhdistys","robots":{"index":"index","follow":"follow","max-snippet":"max-snippet:-1","max-image-preview":"max-image-preview:large","max-video-preview":"max-video-preview:-1"},"canonical":"https:\/\/sey.fi\/oulu\/oulun-seudun-elainsuojeluyhdistys\/ajankohtaista\/","og_locale":"fi_FI","og_type":"article","og_title":"Ajankohtaista - Oulun seudun el\u00e4insuojeluyhdistys","og_description":"6.4.2026 \ud83d\udcccJ\u00c4SENKOKOUS lauantaina 11.4.2026 klo 12 yhdistyksen toimistolla Ruskossa, osoitteessa Louhimontie 10 H 11. Kokouksessa k\u00e4sitell\u00e4\u00e4n s\u00e4\u00e4nt\u00f6muutokset (7 \u00a7 ja 12 \u00a7) sek\u00e4 henkil\u00f6n kutsuminen kunniaj\u00e4seneksi. Halutessasi osallistua kokoukseen et\u00e4yhteydell\u00e4, ilmoittaudu 9.4. menness\u00e4 osoitteeseen oulunesy@gmail.com Kokouslinkki l\u00e4hetet\u00e4\u00e4n ilmoittautujan s\u00e4hk\u00f6postiosoitteeseen. Kokoukseen ovat tervetulleita kaikki j\u00e4senet. Kahvitarjoilu. 13.2.2025 VUOSIKOKOUS Oulun Seudun El\u00e4insuojeluyhdistys ryn vuosikokous pidet\u00e4\u00e4n lauantaina 14.3. [&hellip;]","og_url":"https:\/\/sey.fi\/oulu\/oulun-seudun-elainsuojeluyhdistys\/ajankohtaista\/","og_site_name":"Oulun seudun el\u00e4insuojeluyhdistys","article_modified_time":"2026-04-06T18:23:43+00:00","og_image":[{"url":"https:\/\/static.xx.fbcdn.net\/images\/emoji.php\/v9\/t4b\/2\/16\/1f4cc.png","type":"","width":"","height":""}],"twitter_card":"summary_large_image","twitter_misc":{"Arvioitu lukuaika":"5 minuuttia"},"schema":{"@context":"https:\/\/schema.org","@graph":[{"@type":"WebPage","@id":"https:\/\/sey.fi\/oulu\/oulun-seudun-elainsuojeluyhdistys\/ajankohtaista\/","url":"https:\/\/sey.fi\/oulu\/oulun-seudun-elainsuojeluyhdistys\/ajankohtaista\/","name":"Ajankohtaista - Oulun seudun el\u00e4insuojeluyhdistys","isPartOf":{"@id":"https:\/\/sey.fi\/oulu\/#website"},"primaryImageOfPage":{"@id":"https:\/\/sey.fi\/oulu\/oulun-seudun-elainsuojeluyhdistys\/ajankohtaista\/#primaryimage"},"image":{"@id":"https:\/\/sey.fi\/oulu\/oulun-seudun-elainsuojeluyhdistys\/ajankohtaista\/#primaryimage"},"thumbnailUrl":"https:\/\/static.xx.fbcdn.net\/images\/emoji.php\/v9\/t4b\/2\/16\/1f4cc.png","datePublished":"2019-11-04T11:52:26+00:00","dateModified":"2026-04-06T18:23:43+00:00","breadcrumb":{"@id":"https:\/\/sey.fi\/oulu\/oulun-seudun-elainsuojeluyhdistys\/ajankohtaista\/#breadcrumb"},"inLanguage":"fi","potentialAction":[{"@type":"ReadAction","target":["https:\/\/sey.fi\/oulu\/oulun-seudun-elainsuojeluyhdistys\/ajankohtaista\/"]}]},{"@type":"ImageObject","inLanguage":"fi","@id":"https:\/\/sey.fi\/oulu\/oulun-seudun-elainsuojeluyhdistys\/ajankohtaista\/#primaryimage","url":"https:\/\/static.xx.fbcdn.net\/images\/emoji.php\/v9\/t4b\/2\/16\/1f4cc.png","contentUrl":"https:\/\/static.xx.fbcdn.net\/images\/emoji.php\/v9\/t4b\/2\/16\/1f4cc.png"},{"@type":"BreadcrumbList","@id":"https:\/\/sey.fi\/oulu\/oulun-seudun-elainsuojeluyhdistys\/ajankohtaista\/#breadcrumb","itemListElement":[{"@type":"ListItem","position":1,"name":"Home","item":"https:\/\/sey.fi\/oulu\/"},{"@type":"ListItem","position":2,"name":"Oulun seudun el\u00e4insuojeluyhdistys","item":"https:\/\/sey.fi\/oulu\/"},{"@type":"ListItem","position":3,"name":"Ajankohtaista"}]},{"@type":"WebSite","@id":"https:\/\/sey.fi\/oulu\/#website","url":"https:\/\/sey.fi\/oulu\/","name":"Oulun seudun el\u00e4insuojeluyhdistys","description":"Uusi SEY J\u00e4senyhdistykset -sivusto","potentialAction":[{"@type":"SearchAction","target":{"@type":"EntryPoint","urlTemplate":"https:\/\/sey.fi\/oulu\/?s={search_term_string}"},"query-input":{"@type":"PropertyValueSpecification","valueRequired":true,"valueName":"search_term_string"}}],"inLanguage":"fi"}]}},"_links":{"self":[{"href":"https:\/\/sey.fi\/oulu\/wp-json\/wp\/v2\/pages\/12","targetHints":{"allow":["GET"]}}],"collection":[{"href":"https:\/\/sey.fi\/oulu\/wp-json\/wp\/v2\/pages"}],"about":[{"href":"https:\/\/sey.fi\/oulu\/wp-json\/wp\/v2\/types\/page"}],"author":[{"embeddable":true,"href":"https:\/\/sey.fi\/oulu\/wp-json\/wp\/v2\/users\/8"}],"replies":[{"embeddable":true,"href":"https:\/\/sey.fi\/oulu\/wp-json\/wp\/v2\/comments?post=12"}],"version-history":[{"count":26,"href":"https:\/\/sey.fi\/oulu\/wp-json\/wp\/v2\/pages\/12\/revisions"}],"predecessor-version":[{"id":381,"href":"https:\/\/sey.fi\/oulu\/wp-json\/wp\/v2\/pages\/12\/revisions\/381"}],"up":[{"embeddable":true,"href":"https:\/\/sey.fi\/oulu\/wp-json\/wp\/v2\/pages\/2"}],"wp:attachment":[{"href":"https:\/\/sey.fi\/oulu\/wp-json\/wp\/v2\/media?parent=12"}],"curies":[{"name":"wp","href":"https:\/\/api.w.org\/{rel}","templated":true}]}}