{"id":60,"date":"2019-11-04T15:07:49","date_gmt":"2019-11-04T13:07:49","guid":{"rendered":"http:\/\/srvr10.xetpoint.com\/~seyfi\/oulu\/?page_id=60"},"modified":"2026-03-19T10:00:33","modified_gmt":"2026-03-19T08:00:33","slug":"hallitus","status":"publish","type":"page","link":"https:\/\/sey.fi\/oulu\/oulun-seudun-elainsuojeluyhdistys\/yhteystiedot\/hallitus\/","title":{"rendered":"Hallitus"},"content":{"rendered":"\n<figure class=\"wp-block-image\"><img decoding=\"async\" src=\"http:\/\/oulu.sey.fi\/images\/kuvat\/esy_1.jpg\" alt=\"\" \/><\/figure>\n\n\n\n<h1 class=\"wp-block-heading\">Yhdistyksen hallitus 2026<\/h1>\n\n\n\n<hr class=\"wp-block-separator has-css-opacity\" \/>\n\n\n\n<p><\/p>\n\n\n\n<p><\/p>\n\n\n\n<p><strong>Varsinaiset j\u00e4senet<\/strong><\/p>\n\n\n\n<p>Reetta Forsman, <em>puheenjohtaja<\/em><br>Tiina P\u00e4\u00e4kk\u00f6nen, <em>sihteeri<\/em><br>Piia Ojala, <em>varapuheenjohtaja<\/em><br>Anni Pyysalo<br>Linda Kraus<br>Henna Alhanen<br>Johanna Lotvonen<br><\/p>\n\n\n\n<p><\/p>\n\n\n\n<p><strong>Varaj\u00e4senet<\/strong><br><br>Laura H\u00e4rk\u00f6nen, <em>rahastonhoitaja<\/em><br>Minna Ahonen<br>Mira Heimonen<br>Laure Kurkela<br>Annika \u00c5man<br>Heidi P\u00e4\u00e4kk\u00f6<br><\/p>\n\n\n\n<p><\/p>\n","protected":false},"excerpt":{"rendered":"<p>Yhdistyksen hallitus 2026 Varsinaiset j\u00e4senet Reetta Forsman, puheenjohtajaTiina P\u00e4\u00e4kk\u00f6nen, sihteeriPiia Ojala, varapuheenjohtajaAnni PyysaloLinda KrausHenna AlhanenJohanna Lotvonen Varaj\u00e4senet Laura H\u00e4rk\u00f6nen, rahastonhoitajaMinna AhonenMira HeimonenLaure KurkelaAnnika \u00c5manHeidi P\u00e4\u00e4kk\u00f6<\/p>\n","protected":false},"author":8,"featured_media":0,"parent":55,"menu_order":0,"comment_status":"closed","ping_status":"closed","template":"","meta":{"_acf_changed":false,"footnotes":""},"class_list":["post-60","page","type-page","status-publish","hentry"],"acf":[],"yoast_head":"<!-- This site is optimized with the Yoast SEO plugin v27.1.1 - https:\/\/yoast.com\/product\/yoast-seo-wordpress\/ -->\n<title>Hallitus - Oulun seudun el\u00e4insuojeluyhdistys<\/title>\n<meta name=\"robots\" content=\"index, follow, max-snippet:-1, max-image-preview:large, max-video-preview:-1\" \/>\n<link rel=\"canonical\" href=\"https:\/\/sey.fi\/oulu\/oulun-seudun-elainsuojeluyhdistys\/yhteystiedot\/hallitus\/\" \/>\n<meta property=\"og:locale\" content=\"fi_FI\" \/>\n<meta property=\"og:type\" content=\"article\" \/>\n<meta property=\"og:title\" content=\"Hallitus - Oulun seudun el\u00e4insuojeluyhdistys\" \/>\n<meta property=\"og:description\" content=\"Yhdistyksen hallitus 2026 Varsinaiset j\u00e4senet Reetta Forsman, puheenjohtajaTiina P\u00e4\u00e4kk\u00f6nen, sihteeriPiia Ojala, varapuheenjohtajaAnni PyysaloLinda KrausHenna AlhanenJohanna Lotvonen Varaj\u00e4senet Laura H\u00e4rk\u00f6nen, rahastonhoitajaMinna AhonenMira HeimonenLaure KurkelaAnnika \u00c5manHeidi P\u00e4\u00e4kk\u00f6\" \/>\n<meta property=\"og:url\" content=\"https:\/\/sey.fi\/oulu\/oulun-seudun-elainsuojeluyhdistys\/yhteystiedot\/hallitus\/\" \/>\n<meta property=\"og:site_name\" content=\"Oulun seudun el\u00e4insuojeluyhdistys\" \/>\n<meta property=\"article:modified_time\" content=\"2026-03-19T08:00:33+00:00\" \/>\n<meta property=\"og:image\" content=\"http:\/\/oulu.sey.fi\/images\/kuvat\/esy_1.jpg\" \/>\n<meta name=\"twitter:card\" content=\"summary_large_image\" \/>\n<meta name=\"twitter:label1\" content=\"Arvioitu lukuaika\" \/>\n\t<meta name=\"twitter:data1\" content=\"1 minuutti\" \/>\n<script type=\"application\/ld+json\" class=\"yoast-schema-graph\">{\"@context\":\"https:\/\/schema.org\",\"@graph\":[{\"@type\":\"WebPage\",\"@id\":\"https:\/\/sey.fi\/oulu\/oulun-seudun-elainsuojeluyhdistys\/yhteystiedot\/hallitus\/\",\"url\":\"https:\/\/sey.fi\/oulu\/oulun-seudun-elainsuojeluyhdistys\/yhteystiedot\/hallitus\/\",\"name\":\"Hallitus - Oulun seudun el\u00e4insuojeluyhdistys\",\"isPartOf\":{\"@id\":\"https:\/\/sey.fi\/oulu\/#website\"},\"primaryImageOfPage\":{\"@id\":\"https:\/\/sey.fi\/oulu\/oulun-seudun-elainsuojeluyhdistys\/yhteystiedot\/hallitus\/#primaryimage\"},\"image\":{\"@id\":\"https:\/\/sey.fi\/oulu\/oulun-seudun-elainsuojeluyhdistys\/yhteystiedot\/hallitus\/#primaryimage\"},\"thumbnailUrl\":\"http:\/\/oulu.sey.fi\/images\/kuvat\/esy_1.jpg\",\"datePublished\":\"2019-11-04T13:07:49+00:00\",\"dateModified\":\"2026-03-19T08:00:33+00:00\",\"breadcrumb\":{\"@id\":\"https:\/\/sey.fi\/oulu\/oulun-seudun-elainsuojeluyhdistys\/yhteystiedot\/hallitus\/#breadcrumb\"},\"inLanguage\":\"fi\",\"potentialAction\":[{\"@type\":\"ReadAction\",\"target\":[\"https:\/\/sey.fi\/oulu\/oulun-seudun-elainsuojeluyhdistys\/yhteystiedot\/hallitus\/\"]}]},{\"@type\":\"ImageObject\",\"inLanguage\":\"fi\",\"@id\":\"https:\/\/sey.fi\/oulu\/oulun-seudun-elainsuojeluyhdistys\/yhteystiedot\/hallitus\/#primaryimage\",\"url\":\"http:\/\/oulu.sey.fi\/images\/kuvat\/esy_1.jpg\",\"contentUrl\":\"http:\/\/oulu.sey.fi\/images\/kuvat\/esy_1.jpg\"},{\"@type\":\"BreadcrumbList\",\"@id\":\"https:\/\/sey.fi\/oulu\/oulun-seudun-elainsuojeluyhdistys\/yhteystiedot\/hallitus\/#breadcrumb\",\"itemListElement\":[{\"@type\":\"ListItem\",\"position\":1,\"name\":\"Home\",\"item\":\"https:\/\/sey.fi\/oulu\/\"},{\"@type\":\"ListItem\",\"position\":2,\"name\":\"Oulun seudun el\u00e4insuojeluyhdistys\",\"item\":\"https:\/\/sey.fi\/oulu\/\"},{\"@type\":\"ListItem\",\"position\":3,\"name\":\"Yhteystiedot\",\"item\":\"https:\/\/sey.fi\/oulu\/oulun-seudun-elainsuojeluyhdistys\/yhteystiedot\/\"},{\"@type\":\"ListItem\",\"position\":4,\"name\":\"Hallitus\"}]},{\"@type\":\"WebSite\",\"@id\":\"https:\/\/sey.fi\/oulu\/#website\",\"url\":\"https:\/\/sey.fi\/oulu\/\",\"name\":\"Oulun seudun el\u00e4insuojeluyhdistys\",\"description\":\"Uusi SEY J\u00e4senyhdistykset -sivusto\",\"potentialAction\":[{\"@type\":\"SearchAction\",\"target\":{\"@type\":\"EntryPoint\",\"urlTemplate\":\"https:\/\/sey.fi\/oulu\/?s={search_term_string}\"},\"query-input\":{\"@type\":\"PropertyValueSpecification\",\"valueRequired\":true,\"valueName\":\"search_term_string\"}}],\"inLanguage\":\"fi\"}]}<\/script>\n<!-- \/ Yoast SEO plugin. -->","yoast_head_json":{"title":"Hallitus - Oulun seudun el\u00e4insuojeluyhdistys","robots":{"index":"index","follow":"follow","max-snippet":"max-snippet:-1","max-image-preview":"max-image-preview:large","max-video-preview":"max-video-preview:-1"},"canonical":"https:\/\/sey.fi\/oulu\/oulun-seudun-elainsuojeluyhdistys\/yhteystiedot\/hallitus\/","og_locale":"fi_FI","og_type":"article","og_title":"Hallitus - Oulun seudun el\u00e4insuojeluyhdistys","og_description":"Yhdistyksen hallitus 2026 Varsinaiset j\u00e4senet Reetta Forsman, puheenjohtajaTiina P\u00e4\u00e4kk\u00f6nen, sihteeriPiia Ojala, varapuheenjohtajaAnni PyysaloLinda KrausHenna AlhanenJohanna Lotvonen Varaj\u00e4senet Laura H\u00e4rk\u00f6nen, rahastonhoitajaMinna AhonenMira HeimonenLaure KurkelaAnnika \u00c5manHeidi P\u00e4\u00e4kk\u00f6","og_url":"https:\/\/sey.fi\/oulu\/oulun-seudun-elainsuojeluyhdistys\/yhteystiedot\/hallitus\/","og_site_name":"Oulun seudun el\u00e4insuojeluyhdistys","article_modified_time":"2026-03-19T08:00:33+00:00","og_image":[{"url":"http:\/\/oulu.sey.fi\/images\/kuvat\/esy_1.jpg","type":"","width":"","height":""}],"twitter_card":"summary_large_image","twitter_misc":{"Arvioitu lukuaika":"1 minuutti"},"schema":{"@context":"https:\/\/schema.org","@graph":[{"@type":"WebPage","@id":"https:\/\/sey.fi\/oulu\/oulun-seudun-elainsuojeluyhdistys\/yhteystiedot\/hallitus\/","url":"https:\/\/sey.fi\/oulu\/oulun-seudun-elainsuojeluyhdistys\/yhteystiedot\/hallitus\/","name":"Hallitus - Oulun seudun el\u00e4insuojeluyhdistys","isPartOf":{"@id":"https:\/\/sey.fi\/oulu\/#website"},"primaryImageOfPage":{"@id":"https:\/\/sey.fi\/oulu\/oulun-seudun-elainsuojeluyhdistys\/yhteystiedot\/hallitus\/#primaryimage"},"image":{"@id":"https:\/\/sey.fi\/oulu\/oulun-seudun-elainsuojeluyhdistys\/yhteystiedot\/hallitus\/#primaryimage"},"thumbnailUrl":"http:\/\/oulu.sey.fi\/images\/kuvat\/esy_1.jpg","datePublished":"2019-11-04T13:07:49+00:00","dateModified":"2026-03-19T08:00:33+00:00","breadcrumb":{"@id":"https:\/\/sey.fi\/oulu\/oulun-seudun-elainsuojeluyhdistys\/yhteystiedot\/hallitus\/#breadcrumb"},"inLanguage":"fi","potentialAction":[{"@type":"ReadAction","target":["https:\/\/sey.fi\/oulu\/oulun-seudun-elainsuojeluyhdistys\/yhteystiedot\/hallitus\/"]}]},{"@type":"ImageObject","inLanguage":"fi","@id":"https:\/\/sey.fi\/oulu\/oulun-seudun-elainsuojeluyhdistys\/yhteystiedot\/hallitus\/#primaryimage","url":"http:\/\/oulu.sey.fi\/images\/kuvat\/esy_1.jpg","contentUrl":"http:\/\/oulu.sey.fi\/images\/kuvat\/esy_1.jpg"},{"@type":"BreadcrumbList","@id":"https:\/\/sey.fi\/oulu\/oulun-seudun-elainsuojeluyhdistys\/yhteystiedot\/hallitus\/#breadcrumb","itemListElement":[{"@type":"ListItem","position":1,"name":"Home","item":"https:\/\/sey.fi\/oulu\/"},{"@type":"ListItem","position":2,"name":"Oulun seudun el\u00e4insuojeluyhdistys","item":"https:\/\/sey.fi\/oulu\/"},{"@type":"ListItem","position":3,"name":"Yhteystiedot","item":"https:\/\/sey.fi\/oulu\/oulun-seudun-elainsuojeluyhdistys\/yhteystiedot\/"},{"@type":"ListItem","position":4,"name":"Hallitus"}]},{"@type":"WebSite","@id":"https:\/\/sey.fi\/oulu\/#website","url":"https:\/\/sey.fi\/oulu\/","name":"Oulun seudun el\u00e4insuojeluyhdistys","description":"Uusi SEY J\u00e4senyhdistykset -sivusto","potentialAction":[{"@type":"SearchAction","target":{"@type":"EntryPoint","urlTemplate":"https:\/\/sey.fi\/oulu\/?s={search_term_string}"},"query-input":{"@type":"PropertyValueSpecification","valueRequired":true,"valueName":"search_term_string"}}],"inLanguage":"fi"}]}},"_links":{"self":[{"href":"https:\/\/sey.fi\/oulu\/wp-json\/wp\/v2\/pages\/60","targetHints":{"allow":["GET"]}}],"collection":[{"href":"https:\/\/sey.fi\/oulu\/wp-json\/wp\/v2\/pages"}],"about":[{"href":"https:\/\/sey.fi\/oulu\/wp-json\/wp\/v2\/types\/page"}],"author":[{"embeddable":true,"href":"https:\/\/sey.fi\/oulu\/wp-json\/wp\/v2\/users\/8"}],"replies":[{"embeddable":true,"href":"https:\/\/sey.fi\/oulu\/wp-json\/wp\/v2\/comments?post=60"}],"version-history":[{"count":23,"href":"https:\/\/sey.fi\/oulu\/wp-json\/wp\/v2\/pages\/60\/revisions"}],"predecessor-version":[{"id":377,"href":"https:\/\/sey.fi\/oulu\/wp-json\/wp\/v2\/pages\/60\/revisions\/377"}],"up":[{"embeddable":true,"href":"https:\/\/sey.fi\/oulu\/wp-json\/wp\/v2\/pages\/55"}],"wp:attachment":[{"href":"https:\/\/sey.fi\/oulu\/wp-json\/wp\/v2\/media?parent=60"}],"curies":[{"name":"wp","href":"https:\/\/api.w.org\/{rel}","templated":true}]}}