{"id":536,"date":"2023-05-06T13:37:10","date_gmt":"2023-05-06T10:37:10","guid":{"rendered":"https:\/\/sey.fi\/salo\/?page_id=536"},"modified":"2023-05-09T13:06:27","modified_gmt":"2023-05-09T10:06:27","slug":"yhdistys","status":"publish","type":"page","link":"https:\/\/sey.fi\/salo\/salon-elainsuojelu\/yhdistys\/yhdistys\/","title":{"rendered":"Toiminta-ajatus"},"content":{"rendered":"\n<p>Salon Seudun El\u00e4insuojeluyhdistys on perustettu 13.4.1897 ja se toimi vuoteen 1985 asti nimell\u00e4 Salon El\u00e4inyst\u00e4v\u00e4t. Yhdistyksen nimi on t\u00e4n\u00e4 p\u00e4iv\u00e4n\u00e4 Salon Seudun El\u00e4insuojeluyhdistys ry, josta ep\u00e4virallisesti k\u00e4ytet\u00e4\u00e4n lyhennett\u00e4 SSEY. Yhdistys toimii el\u00e4inten hyvinvoinnin ja suojelun edist\u00e4miseksi Salossa ja l\u00e4hialueilla. J\u00e4seni\u00e4 yhdistyksell\u00e4 oli vuonna 2022 212 kpl. Yhdistys on <a href=\"http:\/\/www.sey.fi\" target=\"_blank\" rel=\"noreferrer noopener\">Suomen El\u00e4insuojeluyhdistysten liitto ry:n (SEY)<\/a> j\u00e4senyhdistys.<\/p>\n\n\n\n<p>Yhdistyksen tarkoituksena on edist\u00e4\u00e4 el\u00e4insuojelua ja suojella el\u00e4imi\u00e4 parhaalla mahdollisella tavalla k\u00e4rsimykselt\u00e4, kivulta ja tuskalta sek\u00e4 edist\u00e4\u00e4 el\u00e4inten hyvinvointia ja hyv\u00e4\u00e4 kohtelua. Yhdistyksen toiminta perustuu t\u00e4ysin vapaaehtoiseen toimintaan ja lahjoitusvaroin toimimiseen.<\/p>\n\n\n\n<p>Tarkoituksensa toteuttamiseksi yhdistys:<\/p>\n\n\n\n<ul class=\"wp-block-list\">\n<li>pyrkii vaikuttamaan el\u00e4insuojelulains\u00e4\u00e4d\u00e4nt\u00f6\u00f6n sek\u00e4 viranomaisten p\u00e4\u00e4t\u00f6ksiin ja toimintaan antamalla lausuntoja, ehdotuksia ja kannanottoja, jotka edist\u00e4v\u00e4t el\u00e4inten hyv\u00e4\u00e4 kohtelua<\/li>\n\n\n\n<li>neuvoo ja opastaa el\u00e4inten omistajia toimimaan tavalla, joka edist\u00e4\u00e4 el\u00e4inten hyvinvointia<\/li>\n\n\n\n<li>harjoittaa valistustoimintaa<\/li>\n\n\n\n<li>j\u00e4rjest\u00e4\u00e4 esitelm\u00e4tilaisuuksia, kokouksia, el\u00e4insuojelup\u00e4ivi\u00e4, kampanjoita&nbsp;ja muita tilaisuuksia<\/li>\n\n\n\n<li>toimii tavoilla, jotka edist\u00e4v\u00e4t&nbsp;el\u00e4inten hyv\u00e4\u00e4 kohtelua ja el\u00e4inten omistajien rakkautta sek\u00e4 ymm\u00e4rryst\u00e4 el\u00e4imi\u00e4 kohtaan&nbsp;<\/li>\n<\/ul>\n","protected":false},"excerpt":{"rendered":"<p>Salon Seudun El\u00e4insuojeluyhdistys on perustettu 13.4.1897 ja se toimi vuoteen 1985 asti nimell\u00e4 Salon El\u00e4inyst\u00e4v\u00e4t. Yhdistyksen nimi on t\u00e4n\u00e4 p\u00e4iv\u00e4n\u00e4 Salon Seudun El\u00e4insuojeluyhdistys ry, josta ep\u00e4virallisesti k\u00e4ytet\u00e4\u00e4n lyhennett\u00e4 SSEY. Yhdistys toimii el\u00e4inten hyvinvoinnin ja suojelun edist\u00e4miseksi Salossa ja l\u00e4hialueilla. J\u00e4seni\u00e4 yhdistyksell\u00e4 oli vuonna 2022 212 kpl. Yhdistys on Suomen El\u00e4insuojeluyhdistysten liitto ry:n (SEY) j\u00e4senyhdistys. Yhdistyksen [&hellip;]<\/p>\n","protected":false},"author":25,"featured_media":0,"parent":538,"menu_order":0,"comment_status":"closed","ping_status":"closed","template":"","meta":{"_acf_changed":false,"footnotes":""},"class_list":["post-536","page","type-page","status-publish","hentry"],"acf":[],"yoast_head":"<!-- This site is optimized with the Yoast SEO plugin v27.1.1 - https:\/\/yoast.com\/product\/yoast-seo-wordpress\/ -->\n<title>Toiminta-ajatus - Salon seudun el\u00e4insuojeluyhdistys<\/title>\n<meta name=\"robots\" content=\"index, follow, max-snippet:-1, max-image-preview:large, max-video-preview:-1\" \/>\n<link rel=\"canonical\" href=\"https:\/\/sey.fi\/salo\/salon-elainsuojelu\/yhdistys\/yhdistys\/\" \/>\n<meta property=\"og:locale\" content=\"fi_FI\" \/>\n<meta property=\"og:type\" content=\"article\" \/>\n<meta property=\"og:title\" content=\"Toiminta-ajatus - Salon seudun el\u00e4insuojeluyhdistys\" \/>\n<meta property=\"og:description\" content=\"Salon Seudun El\u00e4insuojeluyhdistys on perustettu 13.4.1897 ja se toimi vuoteen 1985 asti nimell\u00e4 Salon El\u00e4inyst\u00e4v\u00e4t. Yhdistyksen nimi on t\u00e4n\u00e4 p\u00e4iv\u00e4n\u00e4 Salon Seudun El\u00e4insuojeluyhdistys ry, josta ep\u00e4virallisesti k\u00e4ytet\u00e4\u00e4n lyhennett\u00e4 SSEY. Yhdistys toimii el\u00e4inten hyvinvoinnin ja suojelun edist\u00e4miseksi Salossa ja l\u00e4hialueilla. J\u00e4seni\u00e4 yhdistyksell\u00e4 oli vuonna 2022 212 kpl. Yhdistys on Suomen El\u00e4insuojeluyhdistysten liitto ry:n (SEY) j\u00e4senyhdistys. Yhdistyksen [&hellip;]\" \/>\n<meta property=\"og:url\" content=\"https:\/\/sey.fi\/salo\/salon-elainsuojelu\/yhdistys\/yhdistys\/\" \/>\n<meta property=\"og:site_name\" content=\"Salon seudun el\u00e4insuojeluyhdistys\" \/>\n<meta property=\"article:modified_time\" content=\"2023-05-09T10:06:27+00:00\" \/>\n<meta name=\"twitter:card\" content=\"summary_large_image\" \/>\n<meta name=\"twitter:label1\" content=\"Arvioitu lukuaika\" \/>\n\t<meta name=\"twitter:data1\" content=\"1 minuutti\" \/>\n<script type=\"application\/ld+json\" class=\"yoast-schema-graph\">{\"@context\":\"https:\/\/schema.org\",\"@graph\":[{\"@type\":\"WebPage\",\"@id\":\"https:\/\/sey.fi\/salo\/salon-elainsuojelu\/yhdistys\/yhdistys\/\",\"url\":\"https:\/\/sey.fi\/salo\/salon-elainsuojelu\/yhdistys\/yhdistys\/\",\"name\":\"Toiminta-ajatus - Salon seudun el\u00e4insuojeluyhdistys\",\"isPartOf\":{\"@id\":\"https:\/\/sey.fi\/salo\/#website\"},\"datePublished\":\"2023-05-06T10:37:10+00:00\",\"dateModified\":\"2023-05-09T10:06:27+00:00\",\"breadcrumb\":{\"@id\":\"https:\/\/sey.fi\/salo\/salon-elainsuojelu\/yhdistys\/yhdistys\/#breadcrumb\"},\"inLanguage\":\"fi\",\"potentialAction\":[{\"@type\":\"ReadAction\",\"target\":[\"https:\/\/sey.fi\/salo\/salon-elainsuojelu\/yhdistys\/yhdistys\/\"]}]},{\"@type\":\"BreadcrumbList\",\"@id\":\"https:\/\/sey.fi\/salo\/salon-elainsuojelu\/yhdistys\/yhdistys\/#breadcrumb\",\"itemListElement\":[{\"@type\":\"ListItem\",\"position\":1,\"name\":\"Home\",\"item\":\"https:\/\/sey.fi\/salo\/\"},{\"@type\":\"ListItem\",\"position\":2,\"name\":\"Salon Seudun El\u00e4insuojeluyhdistys\",\"item\":\"https:\/\/sey.fi\/salo\/\"},{\"@type\":\"ListItem\",\"position\":3,\"name\":\"Yhdistys\",\"item\":\"https:\/\/sey.fi\/salo\/salon-elainsuojelu\/yhdistys\/\"},{\"@type\":\"ListItem\",\"position\":4,\"name\":\"Toiminta-ajatus\"}]},{\"@type\":\"WebSite\",\"@id\":\"https:\/\/sey.fi\/salo\/#website\",\"url\":\"https:\/\/sey.fi\/salo\/\",\"name\":\"Salon seudun el\u00e4insuojeluyhdistys\",\"description\":\"Uusi SEY J\u00e4senyhdistykset -sivusto\",\"potentialAction\":[{\"@type\":\"SearchAction\",\"target\":{\"@type\":\"EntryPoint\",\"urlTemplate\":\"https:\/\/sey.fi\/salo\/?s={search_term_string}\"},\"query-input\":{\"@type\":\"PropertyValueSpecification\",\"valueRequired\":true,\"valueName\":\"search_term_string\"}}],\"inLanguage\":\"fi\"}]}<\/script>\n<!-- \/ Yoast SEO plugin. -->","yoast_head_json":{"title":"Toiminta-ajatus - Salon seudun el\u00e4insuojeluyhdistys","robots":{"index":"index","follow":"follow","max-snippet":"max-snippet:-1","max-image-preview":"max-image-preview:large","max-video-preview":"max-video-preview:-1"},"canonical":"https:\/\/sey.fi\/salo\/salon-elainsuojelu\/yhdistys\/yhdistys\/","og_locale":"fi_FI","og_type":"article","og_title":"Toiminta-ajatus - Salon seudun el\u00e4insuojeluyhdistys","og_description":"Salon Seudun El\u00e4insuojeluyhdistys on perustettu 13.4.1897 ja se toimi vuoteen 1985 asti nimell\u00e4 Salon El\u00e4inyst\u00e4v\u00e4t. Yhdistyksen nimi on t\u00e4n\u00e4 p\u00e4iv\u00e4n\u00e4 Salon Seudun El\u00e4insuojeluyhdistys ry, josta ep\u00e4virallisesti k\u00e4ytet\u00e4\u00e4n lyhennett\u00e4 SSEY. Yhdistys toimii el\u00e4inten hyvinvoinnin ja suojelun edist\u00e4miseksi Salossa ja l\u00e4hialueilla. J\u00e4seni\u00e4 yhdistyksell\u00e4 oli vuonna 2022 212 kpl. Yhdistys on Suomen El\u00e4insuojeluyhdistysten liitto ry:n (SEY) j\u00e4senyhdistys. Yhdistyksen [&hellip;]","og_url":"https:\/\/sey.fi\/salo\/salon-elainsuojelu\/yhdistys\/yhdistys\/","og_site_name":"Salon seudun el\u00e4insuojeluyhdistys","article_modified_time":"2023-05-09T10:06:27+00:00","twitter_card":"summary_large_image","twitter_misc":{"Arvioitu lukuaika":"1 minuutti"},"schema":{"@context":"https:\/\/schema.org","@graph":[{"@type":"WebPage","@id":"https:\/\/sey.fi\/salo\/salon-elainsuojelu\/yhdistys\/yhdistys\/","url":"https:\/\/sey.fi\/salo\/salon-elainsuojelu\/yhdistys\/yhdistys\/","name":"Toiminta-ajatus - Salon seudun el\u00e4insuojeluyhdistys","isPartOf":{"@id":"https:\/\/sey.fi\/salo\/#website"},"datePublished":"2023-05-06T10:37:10+00:00","dateModified":"2023-05-09T10:06:27+00:00","breadcrumb":{"@id":"https:\/\/sey.fi\/salo\/salon-elainsuojelu\/yhdistys\/yhdistys\/#breadcrumb"},"inLanguage":"fi","potentialAction":[{"@type":"ReadAction","target":["https:\/\/sey.fi\/salo\/salon-elainsuojelu\/yhdistys\/yhdistys\/"]}]},{"@type":"BreadcrumbList","@id":"https:\/\/sey.fi\/salo\/salon-elainsuojelu\/yhdistys\/yhdistys\/#breadcrumb","itemListElement":[{"@type":"ListItem","position":1,"name":"Home","item":"https:\/\/sey.fi\/salo\/"},{"@type":"ListItem","position":2,"name":"Salon Seudun El\u00e4insuojeluyhdistys","item":"https:\/\/sey.fi\/salo\/"},{"@type":"ListItem","position":3,"name":"Yhdistys","item":"https:\/\/sey.fi\/salo\/salon-elainsuojelu\/yhdistys\/"},{"@type":"ListItem","position":4,"name":"Toiminta-ajatus"}]},{"@type":"WebSite","@id":"https:\/\/sey.fi\/salo\/#website","url":"https:\/\/sey.fi\/salo\/","name":"Salon seudun el\u00e4insuojeluyhdistys","description":"Uusi SEY J\u00e4senyhdistykset -sivusto","potentialAction":[{"@type":"SearchAction","target":{"@type":"EntryPoint","urlTemplate":"https:\/\/sey.fi\/salo\/?s={search_term_string}"},"query-input":{"@type":"PropertyValueSpecification","valueRequired":true,"valueName":"search_term_string"}}],"inLanguage":"fi"}]}},"_links":{"self":[{"href":"https:\/\/sey.fi\/salo\/wp-json\/wp\/v2\/pages\/536","targetHints":{"allow":["GET"]}}],"collection":[{"href":"https:\/\/sey.fi\/salo\/wp-json\/wp\/v2\/pages"}],"about":[{"href":"https:\/\/sey.fi\/salo\/wp-json\/wp\/v2\/types\/page"}],"author":[{"embeddable":true,"href":"https:\/\/sey.fi\/salo\/wp-json\/wp\/v2\/users\/25"}],"replies":[{"embeddable":true,"href":"https:\/\/sey.fi\/salo\/wp-json\/wp\/v2\/comments?post=536"}],"version-history":[{"count":4,"href":"https:\/\/sey.fi\/salo\/wp-json\/wp\/v2\/pages\/536\/revisions"}],"predecessor-version":[{"id":797,"href":"https:\/\/sey.fi\/salo\/wp-json\/wp\/v2\/pages\/536\/revisions\/797"}],"up":[{"embeddable":true,"href":"https:\/\/sey.fi\/salo\/wp-json\/wp\/v2\/pages\/538"}],"wp:attachment":[{"href":"https:\/\/sey.fi\/salo\/wp-json\/wp\/v2\/media?parent=536"}],"curies":[{"name":"wp","href":"https:\/\/api.w.org\/{rel}","templated":true}]}}