{"id":25,"date":"2019-11-18T16:06:13","date_gmt":"2019-11-18T14:06:13","guid":{"rendered":"http:\/\/srvr10.xetpoint.com\/~seyfi\/savo\/?page_id=25"},"modified":"2026-04-27T14:43:40","modified_gmt":"2026-04-27T11:43:40","slug":"savon-elainsuojelu-yhdistysesittely","status":"publish","type":"page","link":"https:\/\/sey.fi\/savo\/savon-elainsuojelu-ry\/savon-elainsuojelu-yhdistysesittely\/","title":{"rendered":"Yhdistys"},"content":{"rendered":"\n<figure class=\"wp-block-image size-full\"><img loading=\"lazy\" decoding=\"async\" width=\"1024\" height=\"512\" src=\"https:\/\/sey.fi\/wp-content\/uploads\/sites\/30\/2025\/03\/yhdistysesittely_savon_elainsuojelu_ry.png\" alt=\"\" class=\"wp-image-514\" srcset=\"https:\/\/sey.fi\/wp-content\/uploads\/sites\/30\/2025\/03\/yhdistysesittely_savon_elainsuojelu_ry.png 1024w, https:\/\/sey.fi\/wp-content\/uploads\/sites\/30\/2025\/03\/yhdistysesittely_savon_elainsuojelu_ry-300x150.png 300w, https:\/\/sey.fi\/wp-content\/uploads\/sites\/30\/2025\/03\/yhdistysesittely_savon_elainsuojelu_ry-768x384.png 768w, https:\/\/sey.fi\/wp-content\/uploads\/sites\/30\/2025\/03\/yhdistysesittely_savon_elainsuojelu_ry-640x320.png 640w, https:\/\/sey.fi\/wp-content\/uploads\/sites\/30\/2025\/03\/yhdistysesittely_savon_elainsuojelu_ry-320x160.png 320w\" sizes=\"auto, (max-width: 1024px) 100vw, 1024px\" \/><\/figure>\n\n\n\n<p><strong>SAVON EL\u00c4INSUOJELU RY<\/strong> on Suomen El\u00e4insuojelun (SEY) pohjoissavolainen j\u00e4senyhdistys. Yhdistys on perustettu vuonna 1989.<br> <br>Yhdistyksen toimialue on Pohjois-Savo, lukuunottamatta Lepp\u00e4virtaa ja Varkautta, joissa toimii oma el\u00e4insuojeluyhdistys. Savon El\u00e4insuojelun kotipaikka on Kuopio.&nbsp;<\/p>\n\n\n\n<p><strong>Yhdistyksen tarkoituksena on omalla toiminta-alueellaan<\/strong><\/p>\n\n\n\n<p>&#8211; edist\u00e4\u00e4 el\u00e4insuojelua  <br>&#8211; edist\u00e4\u00e4 el\u00e4inten hyvinvointia ja hyv\u00e4\u00e4 kohtelua <br>&#8211; pyrki\u00e4 auttamaan kaikkia avun tarpeessa olevia el\u00e4imi\u00e4 mahdollisuuksiensa mukaan<br> <br>Yhdistys tekee my\u00f6s tiivist\u00e4 yhteisty\u00f6t\u00e4 muiden el\u00e4insuojeluyhdistysten ja el\u00e4imiin liittyvien yhteis\u00f6jen kanssa. <\/p>\n\n\n\n<p>Yhdistyksen j\u00e4seneksi voit liitty\u00e4<a href=\"https:\/\/sey.fi\/savo\/savon-elainsuojelu-ry\/savon-elainsuojelu-yhdistysesittely\/liity-jaseneksi\/\"> t\u00e4\u00e4ll\u00e4.  <\/a><\/p>\n\n\n\n<p>YHTEYSTIETOMME <a href=\"https:\/\/sey.fi\/savo\/ota-yhteytta-savon-elainsuojelu\/\">L\u00d6YD\u00c4T T\u00c4\u00c4LT\u00c4.<\/a><br><\/p>\n\n\n\n<hr class=\"wp-block-separator has-alpha-channel-opacity\" \/>\n\n\n\n<p>HALLITUS VUONNA 2026<\/p>\n\n\n\n<p><strong>Puheenjohtaja<\/strong> Kisu Karvinen<br>S\u00e4hk\u00f6posti: kisu.karvinen[\u00e4t]sey.fi<br>Puhelin: 040 736 3000 <br><strong>Varapuheenjohtaja<\/strong> Johanna Alvej\u00e4rvi<br><br><strong>Sihteeri<\/strong> Tuija Kyll\u00f6nen<br>S\u00e4hk\u00f6posti: savo[\u00e4t]sey.fi<\/p>\n\n\n\n<p><strong>Muut j\u00e4senet<\/strong> <br>Sanna Aho <br>Nea Honkonen<br>Miisa Kankaanp\u00e4\u00e4 <br>Tauno K\u00e4hk\u00f6nen <br>Reeta Lamminp\u00e4\u00e4 <br>Heli Rautiainen<\/p>\n\n\n\n<hr class=\"wp-block-separator has-alpha-channel-opacity\" \/>\n\n\n\n<p><\/p>\n","protected":false},"excerpt":{"rendered":"<p>SAVON EL\u00c4INSUOJELU RY on Suomen El\u00e4insuojelun (SEY) pohjoissavolainen j\u00e4senyhdistys. Yhdistys on perustettu vuonna 1989. Yhdistyksen toimialue on Pohjois-Savo, lukuunottamatta Lepp\u00e4virtaa ja Varkautta, joissa toimii oma el\u00e4insuojeluyhdistys. Savon El\u00e4insuojelun kotipaikka on Kuopio.&nbsp; Yhdistyksen tarkoituksena on omalla toiminta-alueellaan &#8211; edist\u00e4\u00e4 el\u00e4insuojelua &#8211; edist\u00e4\u00e4 el\u00e4inten hyvinvointia ja hyv\u00e4\u00e4 kohtelua &#8211; pyrki\u00e4 auttamaan kaikkia avun tarpeessa olevia el\u00e4imi\u00e4 mahdollisuuksiensa [&hellip;]<\/p>\n","protected":false},"author":8,"featured_media":0,"parent":2,"menu_order":0,"comment_status":"closed","ping_status":"closed","template":"","meta":{"_acf_changed":false,"footnotes":""},"class_list":["post-25","page","type-page","status-publish","hentry"],"acf":[],"yoast_head":"<!-- This site is optimized with the Yoast SEO plugin v27.1.1 - https:\/\/yoast.com\/product\/yoast-seo-wordpress\/ -->\n<title>Yhdistys - Savon El\u00e4insuojelu<\/title>\n<meta name=\"description\" content=\"Savon El\u00e4insuojelu ry on perustettu vuonna 1989. Yhdistyksen tarkoituksena on edist\u00e4\u00e4 el\u00e4inten hyvinvointia ja hyv\u00e4\u00e4 kohtelua.\" \/>\n<meta name=\"robots\" content=\"index, follow, max-snippet:-1, max-image-preview:large, max-video-preview:-1\" \/>\n<link rel=\"canonical\" href=\"https:\/\/sey.fi\/savo\/savon-elainsuojelu-ry\/savon-elainsuojelu-yhdistysesittely\/\" \/>\n<meta property=\"og:locale\" content=\"fi_FI\" \/>\n<meta property=\"og:type\" content=\"article\" \/>\n<meta property=\"og:title\" content=\"Yhdistys - Savon El\u00e4insuojelu\" \/>\n<meta property=\"og:description\" content=\"Savon El\u00e4insuojelu ry on perustettu vuonna 1989. Yhdistyksen tarkoituksena on edist\u00e4\u00e4 el\u00e4inten hyvinvointia ja hyv\u00e4\u00e4 kohtelua.\" \/>\n<meta property=\"og:url\" content=\"https:\/\/sey.fi\/savo\/savon-elainsuojelu-ry\/savon-elainsuojelu-yhdistysesittely\/\" \/>\n<meta property=\"og:site_name\" content=\"Savon El\u00e4insuojelu\" \/>\n<meta property=\"article:modified_time\" content=\"2026-04-27T11:43:40+00:00\" \/>\n<meta property=\"og:image\" content=\"https:\/\/sey.fi\/wp-content\/uploads\/sites\/30\/2025\/03\/yhdistysesittely_savon_elainsuojelu_ry.png\" \/>\n\t<meta property=\"og:image:width\" content=\"1024\" \/>\n\t<meta property=\"og:image:height\" content=\"512\" \/>\n\t<meta property=\"og:image:type\" content=\"image\/png\" \/>\n<meta name=\"twitter:card\" content=\"summary_large_image\" \/>\n<meta name=\"twitter:label1\" content=\"Arvioitu lukuaika\" \/>\n\t<meta name=\"twitter:data1\" content=\"1 minuutti\" \/>\n<script type=\"application\/ld+json\" class=\"yoast-schema-graph\">{\"@context\":\"https:\/\/schema.org\",\"@graph\":[{\"@type\":\"WebPage\",\"@id\":\"https:\/\/sey.fi\/savo\/savon-elainsuojelu-ry\/savon-elainsuojelu-yhdistysesittely\/\",\"url\":\"https:\/\/sey.fi\/savo\/savon-elainsuojelu-ry\/savon-elainsuojelu-yhdistysesittely\/\",\"name\":\"Yhdistys - Savon El\u00e4insuojelu\",\"isPartOf\":{\"@id\":\"https:\/\/sey.fi\/savo\/#website\"},\"primaryImageOfPage\":{\"@id\":\"https:\/\/sey.fi\/savo\/savon-elainsuojelu-ry\/savon-elainsuojelu-yhdistysesittely\/#primaryimage\"},\"image\":{\"@id\":\"https:\/\/sey.fi\/savo\/savon-elainsuojelu-ry\/savon-elainsuojelu-yhdistysesittely\/#primaryimage\"},\"thumbnailUrl\":\"https:\/\/sey.fi\/wp-content\/uploads\/sites\/30\/2025\/03\/yhdistysesittely_savon_elainsuojelu_ry.png\",\"datePublished\":\"2019-11-18T14:06:13+00:00\",\"dateModified\":\"2026-04-27T11:43:40+00:00\",\"description\":\"Savon El\u00e4insuojelu ry on perustettu vuonna 1989. Yhdistyksen tarkoituksena on edist\u00e4\u00e4 el\u00e4inten hyvinvointia ja hyv\u00e4\u00e4 kohtelua.\",\"breadcrumb\":{\"@id\":\"https:\/\/sey.fi\/savo\/savon-elainsuojelu-ry\/savon-elainsuojelu-yhdistysesittely\/#breadcrumb\"},\"inLanguage\":\"fi\",\"potentialAction\":[{\"@type\":\"ReadAction\",\"target\":[\"https:\/\/sey.fi\/savo\/savon-elainsuojelu-ry\/savon-elainsuojelu-yhdistysesittely\/\"]}]},{\"@type\":\"ImageObject\",\"inLanguage\":\"fi\",\"@id\":\"https:\/\/sey.fi\/savo\/savon-elainsuojelu-ry\/savon-elainsuojelu-yhdistysesittely\/#primaryimage\",\"url\":\"https:\/\/sey.fi\/wp-content\/uploads\/sites\/30\/2025\/03\/yhdistysesittely_savon_elainsuojelu_ry.png\",\"contentUrl\":\"https:\/\/sey.fi\/wp-content\/uploads\/sites\/30\/2025\/03\/yhdistysesittely_savon_elainsuojelu_ry.png\"},{\"@type\":\"BreadcrumbList\",\"@id\":\"https:\/\/sey.fi\/savo\/savon-elainsuojelu-ry\/savon-elainsuojelu-yhdistysesittely\/#breadcrumb\",\"itemListElement\":[{\"@type\":\"ListItem\",\"position\":1,\"name\":\"Home\",\"item\":\"https:\/\/sey.fi\/savo\/\"},{\"@type\":\"ListItem\",\"position\":2,\"name\":\"Savon el\u00e4insuojelu\",\"item\":\"https:\/\/sey.fi\/savo\/\"},{\"@type\":\"ListItem\",\"position\":3,\"name\":\"Yhdistys\"}]},{\"@type\":\"WebSite\",\"@id\":\"https:\/\/sey.fi\/savo\/#website\",\"url\":\"https:\/\/sey.fi\/savo\/\",\"name\":\"Savon El\u00e4insuojelu\",\"description\":\"Uusi SEY J\u00e4senyhdistykset -sivusto\",\"potentialAction\":[{\"@type\":\"SearchAction\",\"target\":{\"@type\":\"EntryPoint\",\"urlTemplate\":\"https:\/\/sey.fi\/savo\/?s={search_term_string}\"},\"query-input\":{\"@type\":\"PropertyValueSpecification\",\"valueRequired\":true,\"valueName\":\"search_term_string\"}}],\"inLanguage\":\"fi\"}]}<\/script>\n<!-- \/ Yoast SEO plugin. -->","yoast_head_json":{"title":"Yhdistys - Savon El\u00e4insuojelu","description":"Savon El\u00e4insuojelu ry on perustettu vuonna 1989. Yhdistyksen tarkoituksena on edist\u00e4\u00e4 el\u00e4inten hyvinvointia ja hyv\u00e4\u00e4 kohtelua.","robots":{"index":"index","follow":"follow","max-snippet":"max-snippet:-1","max-image-preview":"max-image-preview:large","max-video-preview":"max-video-preview:-1"},"canonical":"https:\/\/sey.fi\/savo\/savon-elainsuojelu-ry\/savon-elainsuojelu-yhdistysesittely\/","og_locale":"fi_FI","og_type":"article","og_title":"Yhdistys - Savon El\u00e4insuojelu","og_description":"Savon El\u00e4insuojelu ry on perustettu vuonna 1989. Yhdistyksen tarkoituksena on edist\u00e4\u00e4 el\u00e4inten hyvinvointia ja hyv\u00e4\u00e4 kohtelua.","og_url":"https:\/\/sey.fi\/savo\/savon-elainsuojelu-ry\/savon-elainsuojelu-yhdistysesittely\/","og_site_name":"Savon El\u00e4insuojelu","article_modified_time":"2026-04-27T11:43:40+00:00","og_image":[{"width":1024,"height":512,"url":"https:\/\/sey.fi\/wp-content\/uploads\/sites\/30\/2025\/03\/yhdistysesittely_savon_elainsuojelu_ry.png","type":"image\/png"}],"twitter_card":"summary_large_image","twitter_misc":{"Arvioitu lukuaika":"1 minuutti"},"schema":{"@context":"https:\/\/schema.org","@graph":[{"@type":"WebPage","@id":"https:\/\/sey.fi\/savo\/savon-elainsuojelu-ry\/savon-elainsuojelu-yhdistysesittely\/","url":"https:\/\/sey.fi\/savo\/savon-elainsuojelu-ry\/savon-elainsuojelu-yhdistysesittely\/","name":"Yhdistys - Savon El\u00e4insuojelu","isPartOf":{"@id":"https:\/\/sey.fi\/savo\/#website"},"primaryImageOfPage":{"@id":"https:\/\/sey.fi\/savo\/savon-elainsuojelu-ry\/savon-elainsuojelu-yhdistysesittely\/#primaryimage"},"image":{"@id":"https:\/\/sey.fi\/savo\/savon-elainsuojelu-ry\/savon-elainsuojelu-yhdistysesittely\/#primaryimage"},"thumbnailUrl":"https:\/\/sey.fi\/wp-content\/uploads\/sites\/30\/2025\/03\/yhdistysesittely_savon_elainsuojelu_ry.png","datePublished":"2019-11-18T14:06:13+00:00","dateModified":"2026-04-27T11:43:40+00:00","description":"Savon El\u00e4insuojelu ry on perustettu vuonna 1989. Yhdistyksen tarkoituksena on edist\u00e4\u00e4 el\u00e4inten hyvinvointia ja hyv\u00e4\u00e4 kohtelua.","breadcrumb":{"@id":"https:\/\/sey.fi\/savo\/savon-elainsuojelu-ry\/savon-elainsuojelu-yhdistysesittely\/#breadcrumb"},"inLanguage":"fi","potentialAction":[{"@type":"ReadAction","target":["https:\/\/sey.fi\/savo\/savon-elainsuojelu-ry\/savon-elainsuojelu-yhdistysesittely\/"]}]},{"@type":"ImageObject","inLanguage":"fi","@id":"https:\/\/sey.fi\/savo\/savon-elainsuojelu-ry\/savon-elainsuojelu-yhdistysesittely\/#primaryimage","url":"https:\/\/sey.fi\/wp-content\/uploads\/sites\/30\/2025\/03\/yhdistysesittely_savon_elainsuojelu_ry.png","contentUrl":"https:\/\/sey.fi\/wp-content\/uploads\/sites\/30\/2025\/03\/yhdistysesittely_savon_elainsuojelu_ry.png"},{"@type":"BreadcrumbList","@id":"https:\/\/sey.fi\/savo\/savon-elainsuojelu-ry\/savon-elainsuojelu-yhdistysesittely\/#breadcrumb","itemListElement":[{"@type":"ListItem","position":1,"name":"Home","item":"https:\/\/sey.fi\/savo\/"},{"@type":"ListItem","position":2,"name":"Savon el\u00e4insuojelu","item":"https:\/\/sey.fi\/savo\/"},{"@type":"ListItem","position":3,"name":"Yhdistys"}]},{"@type":"WebSite","@id":"https:\/\/sey.fi\/savo\/#website","url":"https:\/\/sey.fi\/savo\/","name":"Savon El\u00e4insuojelu","description":"Uusi SEY J\u00e4senyhdistykset -sivusto","potentialAction":[{"@type":"SearchAction","target":{"@type":"EntryPoint","urlTemplate":"https:\/\/sey.fi\/savo\/?s={search_term_string}"},"query-input":{"@type":"PropertyValueSpecification","valueRequired":true,"valueName":"search_term_string"}}],"inLanguage":"fi"}]}},"_links":{"self":[{"href":"https:\/\/sey.fi\/savo\/wp-json\/wp\/v2\/pages\/25","targetHints":{"allow":["GET"]}}],"collection":[{"href":"https:\/\/sey.fi\/savo\/wp-json\/wp\/v2\/pages"}],"about":[{"href":"https:\/\/sey.fi\/savo\/wp-json\/wp\/v2\/types\/page"}],"author":[{"embeddable":true,"href":"https:\/\/sey.fi\/savo\/wp-json\/wp\/v2\/users\/8"}],"replies":[{"embeddable":true,"href":"https:\/\/sey.fi\/savo\/wp-json\/wp\/v2\/comments?post=25"}],"version-history":[{"count":44,"href":"https:\/\/sey.fi\/savo\/wp-json\/wp\/v2\/pages\/25\/revisions"}],"predecessor-version":[{"id":1018,"href":"https:\/\/sey.fi\/savo\/wp-json\/wp\/v2\/pages\/25\/revisions\/1018"}],"up":[{"embeddable":true,"href":"https:\/\/sey.fi\/savo\/wp-json\/wp\/v2\/pages\/2"}],"wp:attachment":[{"href":"https:\/\/sey.fi\/savo\/wp-json\/wp\/v2\/media?parent=25"}],"curies":[{"name":"wp","href":"https:\/\/api.w.org\/{rel}","templated":true}]}}