{"id":20,"date":"2019-11-22T16:16:10","date_gmt":"2019-11-22T14:16:10","guid":{"rendered":"http:\/\/srvr10.xetpoint.com\/~seyfi\/urjala\/?page_id=20"},"modified":"2019-11-22T16:16:14","modified_gmt":"2019-11-22T14:16:14","slug":"historia","status":"publish","type":"page","link":"https:\/\/sey.fi\/urjala\/urjalan-elainsuojelu\/yhdistys\/historia\/","title":{"rendered":"Historia"},"content":{"rendered":"\n<p>Urjalan El\u00e4insuojeluyhdistyksen toiminta aloitettiin uudelleen 17.3.2008 60 vuoden tauon j\u00e4lkeen. 26 el\u00e4inten yst\u00e4v\u00e4\u00e4 allekirjoitti perustamiskirjan. Yhdistys ei anonut ensimm\u00e4isen\u00e4 vuonna Suomen El\u00e4insuojeluyhdistysten liiton j\u00e4senyytt\u00e4.Yhdistyksen tarkoituksena on her\u00e4tt\u00e4\u00e4 my\u00f6t\u00e4tuntoa kaikkia el\u00e4imi\u00e4 kohtaan ja auttaa niit\u00e4 mahdollisuuksien mukaan. Tarkoituksen toteuttamiseksi yhdistys valistaa ja tiedottaa ajankohtaisista asioista, tekee yhteisty\u00f6t\u00e4 viranomaisten ja l\u00f6yt\u00f6el\u00e4inkotien kanssa, j\u00e4rjest\u00e4\u00e4 nuorisotoimintaa ja el\u00e4inten hyvinvointiin liittyvi\u00e4 tapahtumia ja retki\u00e4. Vuoden p\u00e4\u00e4tapahtuma oli yhdistyksen 100-vuotisjuhla syksyll\u00e4.<\/p>\n\n\n\n<p>Ensimm\u00e4isen\u00e4 vuonna hallituksen puheenjohtaja oli Johanna Elonheimo, varapj Eino Kajava, sihteeri Hanna Vainionp\u00e4\u00e4, rahastonhoitaja Annamari Sillanp\u00e4\u00e4 ja muut j\u00e4senet Eila Sillantie, Marika Taskila, Riikka Lahti ja Satu Wir\u00e9n ja varaj\u00e4seni\u00e4 Hanna Vainionp\u00e4\u00e4 ja Marjatta M\u00e4kel\u00e4.<\/p>\n\n\n\n<figure class=\"wp-block-image\"><img decoding=\"async\" src=\"http:\/\/urjala.sey.fi\/images\/eero_ja_johanna1-1.jpg\" alt=\"\" \/><\/figure>\n\n\n\n<p><em>&nbsp;\u201dNeuvoja ja huomautuksia kotielukoiden teurastuksessa\u201d oli otsikkona vanhassa ohjelehtisess\u00e4. Vanhaa ohjetta tarkastelevat Eero Ojanen ja yhdistyksen puheenjohtaja Johanna Elonheimo.<\/em><\/p>\n\n\n\n<p>Urjalan el\u00e4insuojelusyhdistys perustettiin 3. p\u00e4iv\u00e4n\u00e4 toukokuuta 1908. Silloin puhuttiin todella suojelusyhdistyksest\u00e4. Nyt kun toiminta uudelleen elvytettiin, otettiin k\u00e4ytt\u00f6\u00f6n nykyaikaisempi muoto: el\u00e4insuojeluyhdistys.<br>Yhdistyksen alkuvaiheiden selvittelyss\u00e4 oltiin pitk\u00e4\u00e4n vain muutaman vanhan lehtiuutisen varassa. Ensimm\u00e4iseen elvytetyn yhdistyksen j\u00e4seniltaan maanantaina 2.6.&nbsp; toi Eero Ojanen mieluisana yll\u00e4tyksen\u00e4 \u201dUrjalan El\u00e4insuojelusyhdistyksen j\u00e4senluettelokirjan\u201d.&nbsp; Sen h\u00e4n oli l\u00f6yt\u00e4nyt set\u00e4ns\u00e4 Aatos Ojasen kotiarkistosta.<br>Kirjassa on lueteltuna noin kolmesataa nime\u00e4 eli kaikki ne, jotka ovat liittyneet yhdistykseen sen perustamisvuonna.<br>Puheenjohtajana, jota silloin kutsuttiin esimieheksi, toimi assistentti ( tarkkailukarjakko) Wihtori Juusela ja kirjurina Abel S\u00e4nkel\u00e4. J\u00e4senluettelossa on merkitty my\u00f6s ammatit.<\/p>\n\n\n\n<p><br><strong><em>Tervetuloa mukaan j\u00e4seneksi ja toimintaan!<\/em><\/strong><\/p>\n","protected":false},"excerpt":{"rendered":"<p>Urjalan El\u00e4insuojeluyhdistyksen toiminta aloitettiin uudelleen 17.3.2008 60 vuoden tauon j\u00e4lkeen. 26 el\u00e4inten yst\u00e4v\u00e4\u00e4 allekirjoitti perustamiskirjan. Yhdistys ei anonut ensimm\u00e4isen\u00e4 vuonna Suomen El\u00e4insuojeluyhdistysten liiton j\u00e4senyytt\u00e4.Yhdistyksen tarkoituksena on her\u00e4tt\u00e4\u00e4 my\u00f6t\u00e4tuntoa kaikkia el\u00e4imi\u00e4 kohtaan ja auttaa niit\u00e4 mahdollisuuksien mukaan. Tarkoituksen toteuttamiseksi yhdistys valistaa ja tiedottaa ajankohtaisista asioista, tekee yhteisty\u00f6t\u00e4 viranomaisten ja l\u00f6yt\u00f6el\u00e4inkotien kanssa, j\u00e4rjest\u00e4\u00e4 nuorisotoimintaa ja el\u00e4inten hyvinvointiin [&hellip;]<\/p>\n","protected":false},"author":8,"featured_media":0,"parent":17,"menu_order":0,"comment_status":"closed","ping_status":"closed","template":"","meta":{"_acf_changed":false,"footnotes":""},"class_list":["post-20","page","type-page","status-publish","hentry"],"acf":[],"yoast_head":"<!-- This site is optimized with the Yoast SEO plugin v27.1.1 - https:\/\/yoast.com\/product\/yoast-seo-wordpress\/ -->\n<title>Historia - Urjalan el\u00e4insuojeluyhdistys<\/title>\n<meta name=\"robots\" content=\"index, follow, max-snippet:-1, max-image-preview:large, max-video-preview:-1\" \/>\n<link rel=\"canonical\" href=\"https:\/\/sey.fi\/urjala\/urjalan-elainsuojelu\/yhdistys\/historia\/\" \/>\n<meta property=\"og:locale\" content=\"fi_FI\" \/>\n<meta property=\"og:type\" content=\"article\" \/>\n<meta property=\"og:title\" content=\"Historia - Urjalan el\u00e4insuojeluyhdistys\" \/>\n<meta property=\"og:description\" content=\"Urjalan El\u00e4insuojeluyhdistyksen toiminta aloitettiin uudelleen 17.3.2008 60 vuoden tauon j\u00e4lkeen. 26 el\u00e4inten yst\u00e4v\u00e4\u00e4 allekirjoitti perustamiskirjan. Yhdistys ei anonut ensimm\u00e4isen\u00e4 vuonna Suomen El\u00e4insuojeluyhdistysten liiton j\u00e4senyytt\u00e4.Yhdistyksen tarkoituksena on her\u00e4tt\u00e4\u00e4 my\u00f6t\u00e4tuntoa kaikkia el\u00e4imi\u00e4 kohtaan ja auttaa niit\u00e4 mahdollisuuksien mukaan. Tarkoituksen toteuttamiseksi yhdistys valistaa ja tiedottaa ajankohtaisista asioista, tekee yhteisty\u00f6t\u00e4 viranomaisten ja l\u00f6yt\u00f6el\u00e4inkotien kanssa, j\u00e4rjest\u00e4\u00e4 nuorisotoimintaa ja el\u00e4inten hyvinvointiin [&hellip;]\" \/>\n<meta property=\"og:url\" content=\"https:\/\/sey.fi\/urjala\/urjalan-elainsuojelu\/yhdistys\/historia\/\" \/>\n<meta property=\"og:site_name\" content=\"Urjalan el\u00e4insuojeluyhdistys\" \/>\n<meta property=\"article:modified_time\" content=\"2019-11-22T14:16:14+00:00\" \/>\n<meta property=\"og:image\" content=\"http:\/\/urjala.sey.fi\/images\/eero_ja_johanna1-1.jpg\" \/>\n<meta name=\"twitter:card\" content=\"summary_large_image\" \/>\n<meta name=\"twitter:label1\" content=\"Arvioitu lukuaika\" \/>\n\t<meta name=\"twitter:data1\" content=\"1 minuutti\" \/>\n<script type=\"application\/ld+json\" class=\"yoast-schema-graph\">{\"@context\":\"https:\/\/schema.org\",\"@graph\":[{\"@type\":\"WebPage\",\"@id\":\"https:\/\/sey.fi\/urjala\/urjalan-elainsuojelu\/yhdistys\/historia\/\",\"url\":\"https:\/\/sey.fi\/urjala\/urjalan-elainsuojelu\/yhdistys\/historia\/\",\"name\":\"Historia - Urjalan el\u00e4insuojeluyhdistys\",\"isPartOf\":{\"@id\":\"https:\/\/sey.fi\/urjala\/#website\"},\"primaryImageOfPage\":{\"@id\":\"https:\/\/sey.fi\/urjala\/urjalan-elainsuojelu\/yhdistys\/historia\/#primaryimage\"},\"image\":{\"@id\":\"https:\/\/sey.fi\/urjala\/urjalan-elainsuojelu\/yhdistys\/historia\/#primaryimage\"},\"thumbnailUrl\":\"http:\/\/urjala.sey.fi\/images\/eero_ja_johanna1-1.jpg\",\"datePublished\":\"2019-11-22T14:16:10+00:00\",\"dateModified\":\"2019-11-22T14:16:14+00:00\",\"breadcrumb\":{\"@id\":\"https:\/\/sey.fi\/urjala\/urjalan-elainsuojelu\/yhdistys\/historia\/#breadcrumb\"},\"inLanguage\":\"fi\",\"potentialAction\":[{\"@type\":\"ReadAction\",\"target\":[\"https:\/\/sey.fi\/urjala\/urjalan-elainsuojelu\/yhdistys\/historia\/\"]}]},{\"@type\":\"ImageObject\",\"inLanguage\":\"fi\",\"@id\":\"https:\/\/sey.fi\/urjala\/urjalan-elainsuojelu\/yhdistys\/historia\/#primaryimage\",\"url\":\"http:\/\/urjala.sey.fi\/images\/eero_ja_johanna1-1.jpg\",\"contentUrl\":\"http:\/\/urjala.sey.fi\/images\/eero_ja_johanna1-1.jpg\"},{\"@type\":\"BreadcrumbList\",\"@id\":\"https:\/\/sey.fi\/urjala\/urjalan-elainsuojelu\/yhdistys\/historia\/#breadcrumb\",\"itemListElement\":[{\"@type\":\"ListItem\",\"position\":1,\"name\":\"Home\",\"item\":\"https:\/\/sey.fi\/urjala\/\"},{\"@type\":\"ListItem\",\"position\":2,\"name\":\"Urjalan El\u00e4insuojeluyhdistys\",\"item\":\"https:\/\/sey.fi\/urjala\/\"},{\"@type\":\"ListItem\",\"position\":3,\"name\":\"Yhteystiedot\",\"item\":\"https:\/\/sey.fi\/urjala\/urjalan-elainsuojelu\/yhdistys\/\"},{\"@type\":\"ListItem\",\"position\":4,\"name\":\"Historia\"}]},{\"@type\":\"WebSite\",\"@id\":\"https:\/\/sey.fi\/urjala\/#website\",\"url\":\"https:\/\/sey.fi\/urjala\/\",\"name\":\"Urjalan el\u00e4insuojeluyhdistys\",\"description\":\"Uusi SEY J\u00e4senyhdistykset -sivusto\",\"potentialAction\":[{\"@type\":\"SearchAction\",\"target\":{\"@type\":\"EntryPoint\",\"urlTemplate\":\"https:\/\/sey.fi\/urjala\/?s={search_term_string}\"},\"query-input\":{\"@type\":\"PropertyValueSpecification\",\"valueRequired\":true,\"valueName\":\"search_term_string\"}}],\"inLanguage\":\"fi\"}]}<\/script>\n<!-- \/ Yoast SEO plugin. -->","yoast_head_json":{"title":"Historia - Urjalan el\u00e4insuojeluyhdistys","robots":{"index":"index","follow":"follow","max-snippet":"max-snippet:-1","max-image-preview":"max-image-preview:large","max-video-preview":"max-video-preview:-1"},"canonical":"https:\/\/sey.fi\/urjala\/urjalan-elainsuojelu\/yhdistys\/historia\/","og_locale":"fi_FI","og_type":"article","og_title":"Historia - Urjalan el\u00e4insuojeluyhdistys","og_description":"Urjalan El\u00e4insuojeluyhdistyksen toiminta aloitettiin uudelleen 17.3.2008 60 vuoden tauon j\u00e4lkeen. 26 el\u00e4inten yst\u00e4v\u00e4\u00e4 allekirjoitti perustamiskirjan. Yhdistys ei anonut ensimm\u00e4isen\u00e4 vuonna Suomen El\u00e4insuojeluyhdistysten liiton j\u00e4senyytt\u00e4.Yhdistyksen tarkoituksena on her\u00e4tt\u00e4\u00e4 my\u00f6t\u00e4tuntoa kaikkia el\u00e4imi\u00e4 kohtaan ja auttaa niit\u00e4 mahdollisuuksien mukaan. Tarkoituksen toteuttamiseksi yhdistys valistaa ja tiedottaa ajankohtaisista asioista, tekee yhteisty\u00f6t\u00e4 viranomaisten ja l\u00f6yt\u00f6el\u00e4inkotien kanssa, j\u00e4rjest\u00e4\u00e4 nuorisotoimintaa ja el\u00e4inten hyvinvointiin [&hellip;]","og_url":"https:\/\/sey.fi\/urjala\/urjalan-elainsuojelu\/yhdistys\/historia\/","og_site_name":"Urjalan el\u00e4insuojeluyhdistys","article_modified_time":"2019-11-22T14:16:14+00:00","og_image":[{"url":"http:\/\/urjala.sey.fi\/images\/eero_ja_johanna1-1.jpg","type":"","width":"","height":""}],"twitter_card":"summary_large_image","twitter_misc":{"Arvioitu lukuaika":"1 minuutti"},"schema":{"@context":"https:\/\/schema.org","@graph":[{"@type":"WebPage","@id":"https:\/\/sey.fi\/urjala\/urjalan-elainsuojelu\/yhdistys\/historia\/","url":"https:\/\/sey.fi\/urjala\/urjalan-elainsuojelu\/yhdistys\/historia\/","name":"Historia - Urjalan el\u00e4insuojeluyhdistys","isPartOf":{"@id":"https:\/\/sey.fi\/urjala\/#website"},"primaryImageOfPage":{"@id":"https:\/\/sey.fi\/urjala\/urjalan-elainsuojelu\/yhdistys\/historia\/#primaryimage"},"image":{"@id":"https:\/\/sey.fi\/urjala\/urjalan-elainsuojelu\/yhdistys\/historia\/#primaryimage"},"thumbnailUrl":"http:\/\/urjala.sey.fi\/images\/eero_ja_johanna1-1.jpg","datePublished":"2019-11-22T14:16:10+00:00","dateModified":"2019-11-22T14:16:14+00:00","breadcrumb":{"@id":"https:\/\/sey.fi\/urjala\/urjalan-elainsuojelu\/yhdistys\/historia\/#breadcrumb"},"inLanguage":"fi","potentialAction":[{"@type":"ReadAction","target":["https:\/\/sey.fi\/urjala\/urjalan-elainsuojelu\/yhdistys\/historia\/"]}]},{"@type":"ImageObject","inLanguage":"fi","@id":"https:\/\/sey.fi\/urjala\/urjalan-elainsuojelu\/yhdistys\/historia\/#primaryimage","url":"http:\/\/urjala.sey.fi\/images\/eero_ja_johanna1-1.jpg","contentUrl":"http:\/\/urjala.sey.fi\/images\/eero_ja_johanna1-1.jpg"},{"@type":"BreadcrumbList","@id":"https:\/\/sey.fi\/urjala\/urjalan-elainsuojelu\/yhdistys\/historia\/#breadcrumb","itemListElement":[{"@type":"ListItem","position":1,"name":"Home","item":"https:\/\/sey.fi\/urjala\/"},{"@type":"ListItem","position":2,"name":"Urjalan El\u00e4insuojeluyhdistys","item":"https:\/\/sey.fi\/urjala\/"},{"@type":"ListItem","position":3,"name":"Yhteystiedot","item":"https:\/\/sey.fi\/urjala\/urjalan-elainsuojelu\/yhdistys\/"},{"@type":"ListItem","position":4,"name":"Historia"}]},{"@type":"WebSite","@id":"https:\/\/sey.fi\/urjala\/#website","url":"https:\/\/sey.fi\/urjala\/","name":"Urjalan el\u00e4insuojeluyhdistys","description":"Uusi SEY J\u00e4senyhdistykset -sivusto","potentialAction":[{"@type":"SearchAction","target":{"@type":"EntryPoint","urlTemplate":"https:\/\/sey.fi\/urjala\/?s={search_term_string}"},"query-input":{"@type":"PropertyValueSpecification","valueRequired":true,"valueName":"search_term_string"}}],"inLanguage":"fi"}]}},"_links":{"self":[{"href":"https:\/\/sey.fi\/urjala\/wp-json\/wp\/v2\/pages\/20","targetHints":{"allow":["GET"]}}],"collection":[{"href":"https:\/\/sey.fi\/urjala\/wp-json\/wp\/v2\/pages"}],"about":[{"href":"https:\/\/sey.fi\/urjala\/wp-json\/wp\/v2\/types\/page"}],"author":[{"embeddable":true,"href":"https:\/\/sey.fi\/urjala\/wp-json\/wp\/v2\/users\/8"}],"replies":[{"embeddable":true,"href":"https:\/\/sey.fi\/urjala\/wp-json\/wp\/v2\/comments?post=20"}],"version-history":[{"count":1,"href":"https:\/\/sey.fi\/urjala\/wp-json\/wp\/v2\/pages\/20\/revisions"}],"predecessor-version":[{"id":21,"href":"https:\/\/sey.fi\/urjala\/wp-json\/wp\/v2\/pages\/20\/revisions\/21"}],"up":[{"embeddable":true,"href":"https:\/\/sey.fi\/urjala\/wp-json\/wp\/v2\/pages\/17"}],"wp:attachment":[{"href":"https:\/\/sey.fi\/urjala\/wp-json\/wp\/v2\/media?parent=20"}],"curies":[{"name":"wp","href":"https:\/\/api.w.org\/{rel}","templated":true}]}}