{"id":30,"date":"2019-11-22T16:21:33","date_gmt":"2019-11-22T14:21:33","guid":{"rendered":"http:\/\/srvr10.xetpoint.com\/~seyfi\/urjala\/?page_id=30"},"modified":"2026-04-24T05:40:19","modified_gmt":"2026-04-24T02:40:19","slug":"tarkeita-yhteystietoja","status":"publish","type":"page","link":"https:\/\/sey.fi\/urjala\/urjalan-elainsuojelu\/yhdistys\/tarkeita-yhteystietoja\/","title":{"rendered":"Hallitus"},"content":{"rendered":"\n<h2 class=\"wp-block-heading\">Urjalan el\u00e4insuojeluyhdistyksen hallituksen j\u00e4senet<\/h2>\n\n\n\n<p><strong>Puheenjohtaja ja j\u00e4sensihteeri<\/strong><br>Johanna Elonheimo<br><br><strong>Varsinaiset j\u00e4senet<\/strong><br>Tiuku Puro, varapuheenjohtaja<br>Arja Tonteri, sihteeri<br>Mira Nieminen<br>Sara Puro<br>Hanna Salminen<br>Marika Holdford<\/p>\n\n\n\n<p><strong>Varaj\u00e4senet<\/strong><br>Milla Isoviita<br>Tapani Tuovinen<\/p>\n\n\n\n<p><strong>Toiminnantarkastajat<\/strong><br>Marika Taskila<br>Jyrki Salmi, varatoiminnantarkastaja<\/p>\n\n\n\n<p><strong>Rahastonhoitaja<\/strong><br>Anne M\u00e4\u00e4tt\u00e4nen<\/p>\n\n\n\n<p><a href=\"https:\/\/sey.fi\/urjala\/urjalan-elainsuojelu\/yhdistys-yhteystiedot\/\">Yhdistyksen ja vastuuhenkil\u00f6iden yhteystiedot<\/a><\/p>\n\n\n\n<h2 class=\"wp-block-heading\">Hallituksen kokoukset<\/h2>\n\n\n\n<p>Hallitus kokoontuu noin kerran kuussa. J\u00e4senet voivat osallistua hallituksen kokouksiin puheoikeudella, mutta ilman p\u00e4\u00e4t\u00f6svaltaa.<\/p>\n\n\n\n<h2 class=\"wp-block-heading\">Hallituksen valinta<\/h2>\n\n\n\n<p>Yhdistyksen vuosikokous pidet\u00e4\u00e4n kev\u00e4isin ja siin\u00e4 valitaan uusi hallitus. Nykyinen hallitus on valittu 15.04.2026.<\/p>\n","protected":false},"excerpt":{"rendered":"<p>Urjalan el\u00e4insuojeluyhdistyksen hallituksen j\u00e4senet Puheenjohtaja ja j\u00e4sensihteeriJohanna Elonheimo Varsinaiset j\u00e4senetTiuku Puro, varapuheenjohtajaArja Tonteri, sihteeriMira NieminenSara PuroHanna SalminenMarika Holdford Varaj\u00e4senetMilla IsoviitaTapani Tuovinen ToiminnantarkastajatMarika TaskilaJyrki Salmi, varatoiminnantarkastaja RahastonhoitajaAnne M\u00e4\u00e4tt\u00e4nen Yhdistyksen ja vastuuhenkil\u00f6iden yhteystiedot Hallituksen kokoukset Hallitus kokoontuu noin kerran kuussa. J\u00e4senet voivat osallistua hallituksen kokouksiin puheoikeudella, mutta ilman p\u00e4\u00e4t\u00f6svaltaa. Hallituksen valinta Yhdistyksen vuosikokous pidet\u00e4\u00e4n kev\u00e4isin ja siin\u00e4 [&hellip;]<\/p>\n","protected":false},"author":8,"featured_media":0,"parent":17,"menu_order":0,"comment_status":"closed","ping_status":"closed","template":"","meta":{"_acf_changed":false,"footnotes":""},"class_list":["post-30","page","type-page","status-publish","hentry"],"acf":[],"yoast_head":"<!-- This site is optimized with the Yoast SEO plugin v27.1.1 - https:\/\/yoast.com\/product\/yoast-seo-wordpress\/ -->\n<title>Hallitus - Urjalan el\u00e4insuojeluyhdistys<\/title>\n<meta name=\"description\" content=\"Urjalan el\u00e4insuojeluyhdistyksen hallituksen puheenjohtaja, j\u00e4senet, varaj\u00e4senet ja toiminnantarkastajat.\" \/>\n<meta name=\"robots\" content=\"index, follow, max-snippet:-1, max-image-preview:large, max-video-preview:-1\" \/>\n<link rel=\"canonical\" href=\"https:\/\/sey.fi\/urjala\/urjalan-elainsuojelu\/yhdistys\/tarkeita-yhteystietoja\/\" \/>\n<meta property=\"og:locale\" content=\"fi_FI\" \/>\n<meta property=\"og:type\" content=\"article\" \/>\n<meta property=\"og:title\" content=\"Hallitus - Urjalan el\u00e4insuojeluyhdistys\" \/>\n<meta property=\"og:description\" content=\"Urjalan el\u00e4insuojeluyhdistyksen hallituksen puheenjohtaja, j\u00e4senet, varaj\u00e4senet ja toiminnantarkastajat.\" \/>\n<meta property=\"og:url\" content=\"https:\/\/sey.fi\/urjala\/urjalan-elainsuojelu\/yhdistys\/tarkeita-yhteystietoja\/\" \/>\n<meta property=\"og:site_name\" content=\"Urjalan el\u00e4insuojeluyhdistys\" \/>\n<meta property=\"article:modified_time\" content=\"2026-04-24T02:40:19+00:00\" \/>\n<meta name=\"twitter:card\" content=\"summary_large_image\" \/>\n<meta name=\"twitter:label1\" content=\"Arvioitu lukuaika\" \/>\n\t<meta name=\"twitter:data1\" content=\"1 minuutti\" \/>\n<script type=\"application\/ld+json\" class=\"yoast-schema-graph\">{\"@context\":\"https:\/\/schema.org\",\"@graph\":[{\"@type\":\"WebPage\",\"@id\":\"https:\/\/sey.fi\/urjala\/urjalan-elainsuojelu\/yhdistys\/tarkeita-yhteystietoja\/\",\"url\":\"https:\/\/sey.fi\/urjala\/urjalan-elainsuojelu\/yhdistys\/tarkeita-yhteystietoja\/\",\"name\":\"Hallitus - Urjalan el\u00e4insuojeluyhdistys\",\"isPartOf\":{\"@id\":\"https:\/\/sey.fi\/urjala\/#website\"},\"datePublished\":\"2019-11-22T14:21:33+00:00\",\"dateModified\":\"2026-04-24T02:40:19+00:00\",\"description\":\"Urjalan el\u00e4insuojeluyhdistyksen hallituksen puheenjohtaja, j\u00e4senet, varaj\u00e4senet ja toiminnantarkastajat.\",\"breadcrumb\":{\"@id\":\"https:\/\/sey.fi\/urjala\/urjalan-elainsuojelu\/yhdistys\/tarkeita-yhteystietoja\/#breadcrumb\"},\"inLanguage\":\"fi\",\"potentialAction\":[{\"@type\":\"ReadAction\",\"target\":[\"https:\/\/sey.fi\/urjala\/urjalan-elainsuojelu\/yhdistys\/tarkeita-yhteystietoja\/\"]}]},{\"@type\":\"BreadcrumbList\",\"@id\":\"https:\/\/sey.fi\/urjala\/urjalan-elainsuojelu\/yhdistys\/tarkeita-yhteystietoja\/#breadcrumb\",\"itemListElement\":[{\"@type\":\"ListItem\",\"position\":1,\"name\":\"Home\",\"item\":\"https:\/\/sey.fi\/urjala\/\"},{\"@type\":\"ListItem\",\"position\":2,\"name\":\"Urjalan El\u00e4insuojeluyhdistys\",\"item\":\"https:\/\/sey.fi\/urjala\/\"},{\"@type\":\"ListItem\",\"position\":3,\"name\":\"Yhteystiedot\",\"item\":\"https:\/\/sey.fi\/urjala\/urjalan-elainsuojelu\/yhdistys\/\"},{\"@type\":\"ListItem\",\"position\":4,\"name\":\"Hallitus\"}]},{\"@type\":\"WebSite\",\"@id\":\"https:\/\/sey.fi\/urjala\/#website\",\"url\":\"https:\/\/sey.fi\/urjala\/\",\"name\":\"Urjalan el\u00e4insuojeluyhdistys\",\"description\":\"Uusi SEY J\u00e4senyhdistykset -sivusto\",\"potentialAction\":[{\"@type\":\"SearchAction\",\"target\":{\"@type\":\"EntryPoint\",\"urlTemplate\":\"https:\/\/sey.fi\/urjala\/?s={search_term_string}\"},\"query-input\":{\"@type\":\"PropertyValueSpecification\",\"valueRequired\":true,\"valueName\":\"search_term_string\"}}],\"inLanguage\":\"fi\"}]}<\/script>\n<!-- \/ Yoast SEO plugin. -->","yoast_head_json":{"title":"Hallitus - Urjalan el\u00e4insuojeluyhdistys","description":"Urjalan el\u00e4insuojeluyhdistyksen hallituksen puheenjohtaja, j\u00e4senet, varaj\u00e4senet ja toiminnantarkastajat.","robots":{"index":"index","follow":"follow","max-snippet":"max-snippet:-1","max-image-preview":"max-image-preview:large","max-video-preview":"max-video-preview:-1"},"canonical":"https:\/\/sey.fi\/urjala\/urjalan-elainsuojelu\/yhdistys\/tarkeita-yhteystietoja\/","og_locale":"fi_FI","og_type":"article","og_title":"Hallitus - Urjalan el\u00e4insuojeluyhdistys","og_description":"Urjalan el\u00e4insuojeluyhdistyksen hallituksen puheenjohtaja, j\u00e4senet, varaj\u00e4senet ja toiminnantarkastajat.","og_url":"https:\/\/sey.fi\/urjala\/urjalan-elainsuojelu\/yhdistys\/tarkeita-yhteystietoja\/","og_site_name":"Urjalan el\u00e4insuojeluyhdistys","article_modified_time":"2026-04-24T02:40:19+00:00","twitter_card":"summary_large_image","twitter_misc":{"Arvioitu lukuaika":"1 minuutti"},"schema":{"@context":"https:\/\/schema.org","@graph":[{"@type":"WebPage","@id":"https:\/\/sey.fi\/urjala\/urjalan-elainsuojelu\/yhdistys\/tarkeita-yhteystietoja\/","url":"https:\/\/sey.fi\/urjala\/urjalan-elainsuojelu\/yhdistys\/tarkeita-yhteystietoja\/","name":"Hallitus - Urjalan el\u00e4insuojeluyhdistys","isPartOf":{"@id":"https:\/\/sey.fi\/urjala\/#website"},"datePublished":"2019-11-22T14:21:33+00:00","dateModified":"2026-04-24T02:40:19+00:00","description":"Urjalan el\u00e4insuojeluyhdistyksen hallituksen puheenjohtaja, j\u00e4senet, varaj\u00e4senet ja toiminnantarkastajat.","breadcrumb":{"@id":"https:\/\/sey.fi\/urjala\/urjalan-elainsuojelu\/yhdistys\/tarkeita-yhteystietoja\/#breadcrumb"},"inLanguage":"fi","potentialAction":[{"@type":"ReadAction","target":["https:\/\/sey.fi\/urjala\/urjalan-elainsuojelu\/yhdistys\/tarkeita-yhteystietoja\/"]}]},{"@type":"BreadcrumbList","@id":"https:\/\/sey.fi\/urjala\/urjalan-elainsuojelu\/yhdistys\/tarkeita-yhteystietoja\/#breadcrumb","itemListElement":[{"@type":"ListItem","position":1,"name":"Home","item":"https:\/\/sey.fi\/urjala\/"},{"@type":"ListItem","position":2,"name":"Urjalan El\u00e4insuojeluyhdistys","item":"https:\/\/sey.fi\/urjala\/"},{"@type":"ListItem","position":3,"name":"Yhteystiedot","item":"https:\/\/sey.fi\/urjala\/urjalan-elainsuojelu\/yhdistys\/"},{"@type":"ListItem","position":4,"name":"Hallitus"}]},{"@type":"WebSite","@id":"https:\/\/sey.fi\/urjala\/#website","url":"https:\/\/sey.fi\/urjala\/","name":"Urjalan el\u00e4insuojeluyhdistys","description":"Uusi SEY J\u00e4senyhdistykset -sivusto","potentialAction":[{"@type":"SearchAction","target":{"@type":"EntryPoint","urlTemplate":"https:\/\/sey.fi\/urjala\/?s={search_term_string}"},"query-input":{"@type":"PropertyValueSpecification","valueRequired":true,"valueName":"search_term_string"}}],"inLanguage":"fi"}]}},"_links":{"self":[{"href":"https:\/\/sey.fi\/urjala\/wp-json\/wp\/v2\/pages\/30","targetHints":{"allow":["GET"]}}],"collection":[{"href":"https:\/\/sey.fi\/urjala\/wp-json\/wp\/v2\/pages"}],"about":[{"href":"https:\/\/sey.fi\/urjala\/wp-json\/wp\/v2\/types\/page"}],"author":[{"embeddable":true,"href":"https:\/\/sey.fi\/urjala\/wp-json\/wp\/v2\/users\/8"}],"replies":[{"embeddable":true,"href":"https:\/\/sey.fi\/urjala\/wp-json\/wp\/v2\/comments?post=30"}],"version-history":[{"count":17,"href":"https:\/\/sey.fi\/urjala\/wp-json\/wp\/v2\/pages\/30\/revisions"}],"predecessor-version":[{"id":265,"href":"https:\/\/sey.fi\/urjala\/wp-json\/wp\/v2\/pages\/30\/revisions\/265"}],"up":[{"embeddable":true,"href":"https:\/\/sey.fi\/urjala\/wp-json\/wp\/v2\/pages\/17"}],"wp:attachment":[{"href":"https:\/\/sey.fi\/urjala\/wp-json\/wp\/v2\/media?parent=30"}],"curies":[{"name":"wp","href":"https:\/\/api.w.org\/{rel}","templated":true}]}}