{"id":34,"date":"2019-11-22T16:29:20","date_gmt":"2019-11-22T14:29:20","guid":{"rendered":"http:\/\/srvr10.xetpoint.com\/~seyfi\/urjala\/?page_id=34"},"modified":"2026-02-01T19:15:25","modified_gmt":"2026-02-01T17:15:25","slug":"liity-jaseneksi","status":"publish","type":"page","link":"https:\/\/sey.fi\/urjala\/urjalan-elainsuojelu\/tue-toimintaa\/liity-jaseneksi\/","title":{"rendered":"Liity j\u00e4seneksi"},"content":{"rendered":"\n<p>Tervetuloa Urjalan el\u00e4insuojeluyhdistyksen j\u00e4seneksi! Voit liitty\u00e4 j\u00e4seneksemme SEY Suomen El\u00e4insuojelun kautta tai liittym\u00e4ll\u00e4 paikallis- tai kannatusj\u00e4seneksi.<\/p>\n\n\n\n<p><strong><a href=\"http:\/\/www.sey.fi\/tue-toimintaa\/jasenyys\">Liity j\u00e4seneksi SEYn j\u00e4sensivuilla<\/a><\/strong> &#8211; Muista valita j\u00e4senyhdistykseksi Urjalan el\u00e4insuojeluyhdistys!<\/p>\n\n\n\n<h2 class=\"wp-block-heading\">J\u00e4senmaksut 2026<\/h2>\n\n\n\n<h3 class=\"wp-block-heading\">Urjalan el\u00e4insuojeluyhdistyksen ja SEYn yhteisj\u00e4senyys<\/h3>\n\n\n\n<p>Aikuinen 35 \u20ac<br>Nuorisoj\u00e4sen 25 \u20ac<br>Perhej\u00e4sen 25 \u20ac<br>Kannatusj\u00e4sen 250 \u20ac<br>Ainaisj\u00e4sen 350 \u20ac<\/p>\n\n\n\n<p>Kun liityt Urjalan el\u00e4insuojeluyhdistyksen j\u00e4seneksi SEYn kautta, p\u00e4\u00e4set halutessasi mukaan SEYn p\u00e4\u00e4t\u00f6ksentekoon ja oman j\u00e4senyhdistyksesi kautta voit vaikuttaa my\u00f6s SEYn toimintaan ja linjauksiin. SEYn j\u00e4senen\u00e4 saat my\u00f6s El\u00e4inten yst\u00e4v\u00e4 -lehden kotiisi kahdesti vuodessa.<\/p>\n\n\n\n<h3 class=\"wp-block-heading\">Paikallisyhdistyksen j\u00e4senmaksut<\/h3>\n\n\n\n<p>Yksityishenkil\u00f6 15 \u20ac<br>Kannatusj\u00e4sen 50 \u20ac<br>Ainaisj\u00e4sen 300 \u20ac<\/p>\n\n\n\n<h3 class=\"wp-block-heading\">Liittyminen paikallisyhdistyksen j\u00e4seneksi<\/h3>\n\n\n\n<p>Voit liitty\u00e4 my\u00f6s pelk\u00e4st\u00e4\u00e4n paikallisyhdistyksen j\u00e4seneksi. Ota yhteytt\u00e4 yhdistyksen puheenjohtajaan Johanna Elonheimoon s\u00e4hk\u00f6postitse <a href=\"mailto:johanna.elonheimo@sey.fi\">johanna.elonheimo@sey.f<\/a><a href=\"mailto:maalaiselo@gmail.com\">i<\/a>, tai soita 050 571 4481. Paikallisj\u00e4senten asiat hoituvat ainoastaan Johannan kautta.<\/p>\n\n\n\n<p>Paikallisj\u00e4senet maksavat j\u00e4senmaksunsa suoraan yhdistyksen tilille. Yhdistyksen tilinumero on FI29 5488 4320 0291 94. Muista laittaa viitteeksi j\u00e4senmaksu tai kannatusj\u00e4sen! Vanhoille Urjalan esyn ja Seyn yhteisj\u00e4senille toimitetaan maksulomake.<br>&nbsp;<br>Urjalan Sanomien seuratoimintapalstalta saa my\u00f6s&nbsp;tietoa yhdistyksen toiminnasta.<br>&nbsp;<\/p>\n","protected":false},"excerpt":{"rendered":"<p>Tervetuloa Urjalan el\u00e4insuojeluyhdistyksen j\u00e4seneksi! Voit liitty\u00e4 j\u00e4seneksemme SEY Suomen El\u00e4insuojelun kautta tai liittym\u00e4ll\u00e4 paikallis- tai kannatusj\u00e4seneksi. Liity j\u00e4seneksi SEYn j\u00e4sensivuilla &#8211; Muista valita j\u00e4senyhdistykseksi Urjalan el\u00e4insuojeluyhdistys! J\u00e4senmaksut 2026 Urjalan el\u00e4insuojeluyhdistyksen ja SEYn yhteisj\u00e4senyys Aikuinen 35 \u20acNuorisoj\u00e4sen 25 \u20acPerhej\u00e4sen 25 \u20acKannatusj\u00e4sen 250 \u20acAinaisj\u00e4sen 350 \u20ac Kun liityt Urjalan el\u00e4insuojeluyhdistyksen j\u00e4seneksi SEYn kautta, p\u00e4\u00e4set halutessasi mukaan SEYn [&hellip;]<\/p>\n","protected":false},"author":8,"featured_media":0,"parent":32,"menu_order":0,"comment_status":"closed","ping_status":"closed","template":"","meta":{"_acf_changed":false,"footnotes":""},"class_list":["post-34","page","type-page","status-publish","hentry"],"acf":[],"yoast_head":"<!-- This site is optimized with the Yoast SEO plugin v27.1.1 - https:\/\/yoast.com\/product\/yoast-seo-wordpress\/ -->\n<title>Liity j\u00e4seneksi - Urjalan el\u00e4insuojeluyhdistys<\/title>\n<meta name=\"description\" content=\"Liity Urjalan el\u00e4insuojeluyhdistyksen j\u00e4seneksi. Lis\u00e4tietoa j\u00e4senyyden eduista, hinnoista ja liittymisest\u00e4. Tervetuloa mukaan!\" \/>\n<meta name=\"robots\" content=\"index, follow, max-snippet:-1, max-image-preview:large, max-video-preview:-1\" \/>\n<link rel=\"canonical\" href=\"https:\/\/sey.fi\/urjala\/urjalan-elainsuojelu\/tue-toimintaa\/liity-jaseneksi\/\" \/>\n<meta property=\"og:locale\" content=\"fi_FI\" \/>\n<meta property=\"og:type\" content=\"article\" \/>\n<meta property=\"og:title\" content=\"Liity j\u00e4seneksi - Urjalan el\u00e4insuojeluyhdistys\" \/>\n<meta property=\"og:description\" content=\"Liity Urjalan el\u00e4insuojeluyhdistyksen j\u00e4seneksi. Lis\u00e4tietoa j\u00e4senyyden eduista, hinnoista ja liittymisest\u00e4. Tervetuloa mukaan!\" \/>\n<meta property=\"og:url\" content=\"https:\/\/sey.fi\/urjala\/urjalan-elainsuojelu\/tue-toimintaa\/liity-jaseneksi\/\" \/>\n<meta property=\"og:site_name\" content=\"Urjalan el\u00e4insuojeluyhdistys\" \/>\n<meta property=\"article:modified_time\" content=\"2026-02-01T17:15:25+00:00\" \/>\n<meta name=\"twitter:card\" content=\"summary_large_image\" \/>\n<meta name=\"twitter:label1\" content=\"Arvioitu lukuaika\" \/>\n\t<meta name=\"twitter:data1\" content=\"1 minuutti\" \/>\n<script type=\"application\/ld+json\" class=\"yoast-schema-graph\">{\"@context\":\"https:\/\/schema.org\",\"@graph\":[{\"@type\":\"WebPage\",\"@id\":\"https:\/\/sey.fi\/urjala\/urjalan-elainsuojelu\/tue-toimintaa\/liity-jaseneksi\/\",\"url\":\"https:\/\/sey.fi\/urjala\/urjalan-elainsuojelu\/tue-toimintaa\/liity-jaseneksi\/\",\"name\":\"Liity j\u00e4seneksi - Urjalan el\u00e4insuojeluyhdistys\",\"isPartOf\":{\"@id\":\"https:\/\/sey.fi\/urjala\/#website\"},\"datePublished\":\"2019-11-22T14:29:20+00:00\",\"dateModified\":\"2026-02-01T17:15:25+00:00\",\"description\":\"Liity Urjalan el\u00e4insuojeluyhdistyksen j\u00e4seneksi. Lis\u00e4tietoa j\u00e4senyyden eduista, hinnoista ja liittymisest\u00e4. Tervetuloa mukaan!\",\"breadcrumb\":{\"@id\":\"https:\/\/sey.fi\/urjala\/urjalan-elainsuojelu\/tue-toimintaa\/liity-jaseneksi\/#breadcrumb\"},\"inLanguage\":\"fi\",\"potentialAction\":[{\"@type\":\"ReadAction\",\"target\":[\"https:\/\/sey.fi\/urjala\/urjalan-elainsuojelu\/tue-toimintaa\/liity-jaseneksi\/\"]}]},{\"@type\":\"BreadcrumbList\",\"@id\":\"https:\/\/sey.fi\/urjala\/urjalan-elainsuojelu\/tue-toimintaa\/liity-jaseneksi\/#breadcrumb\",\"itemListElement\":[{\"@type\":\"ListItem\",\"position\":1,\"name\":\"Home\",\"item\":\"https:\/\/sey.fi\/urjala\/\"},{\"@type\":\"ListItem\",\"position\":2,\"name\":\"Urjalan El\u00e4insuojeluyhdistys\",\"item\":\"https:\/\/sey.fi\/urjala\/\"},{\"@type\":\"ListItem\",\"position\":3,\"name\":\"Tue toimintaa\",\"item\":\"https:\/\/sey.fi\/urjala\/urjalan-elainsuojelu\/tue-toimintaa\/\"},{\"@type\":\"ListItem\",\"position\":4,\"name\":\"Liity j\u00e4seneksi\"}]},{\"@type\":\"WebSite\",\"@id\":\"https:\/\/sey.fi\/urjala\/#website\",\"url\":\"https:\/\/sey.fi\/urjala\/\",\"name\":\"Urjalan el\u00e4insuojeluyhdistys\",\"description\":\"Uusi SEY J\u00e4senyhdistykset -sivusto\",\"potentialAction\":[{\"@type\":\"SearchAction\",\"target\":{\"@type\":\"EntryPoint\",\"urlTemplate\":\"https:\/\/sey.fi\/urjala\/?s={search_term_string}\"},\"query-input\":{\"@type\":\"PropertyValueSpecification\",\"valueRequired\":true,\"valueName\":\"search_term_string\"}}],\"inLanguage\":\"fi\"}]}<\/script>\n<!-- \/ Yoast SEO plugin. -->","yoast_head_json":{"title":"Liity j\u00e4seneksi - Urjalan el\u00e4insuojeluyhdistys","description":"Liity Urjalan el\u00e4insuojeluyhdistyksen j\u00e4seneksi. Lis\u00e4tietoa j\u00e4senyyden eduista, hinnoista ja liittymisest\u00e4. Tervetuloa mukaan!","robots":{"index":"index","follow":"follow","max-snippet":"max-snippet:-1","max-image-preview":"max-image-preview:large","max-video-preview":"max-video-preview:-1"},"canonical":"https:\/\/sey.fi\/urjala\/urjalan-elainsuojelu\/tue-toimintaa\/liity-jaseneksi\/","og_locale":"fi_FI","og_type":"article","og_title":"Liity j\u00e4seneksi - Urjalan el\u00e4insuojeluyhdistys","og_description":"Liity Urjalan el\u00e4insuojeluyhdistyksen j\u00e4seneksi. Lis\u00e4tietoa j\u00e4senyyden eduista, hinnoista ja liittymisest\u00e4. Tervetuloa mukaan!","og_url":"https:\/\/sey.fi\/urjala\/urjalan-elainsuojelu\/tue-toimintaa\/liity-jaseneksi\/","og_site_name":"Urjalan el\u00e4insuojeluyhdistys","article_modified_time":"2026-02-01T17:15:25+00:00","twitter_card":"summary_large_image","twitter_misc":{"Arvioitu lukuaika":"1 minuutti"},"schema":{"@context":"https:\/\/schema.org","@graph":[{"@type":"WebPage","@id":"https:\/\/sey.fi\/urjala\/urjalan-elainsuojelu\/tue-toimintaa\/liity-jaseneksi\/","url":"https:\/\/sey.fi\/urjala\/urjalan-elainsuojelu\/tue-toimintaa\/liity-jaseneksi\/","name":"Liity j\u00e4seneksi - Urjalan el\u00e4insuojeluyhdistys","isPartOf":{"@id":"https:\/\/sey.fi\/urjala\/#website"},"datePublished":"2019-11-22T14:29:20+00:00","dateModified":"2026-02-01T17:15:25+00:00","description":"Liity Urjalan el\u00e4insuojeluyhdistyksen j\u00e4seneksi. Lis\u00e4tietoa j\u00e4senyyden eduista, hinnoista ja liittymisest\u00e4. Tervetuloa mukaan!","breadcrumb":{"@id":"https:\/\/sey.fi\/urjala\/urjalan-elainsuojelu\/tue-toimintaa\/liity-jaseneksi\/#breadcrumb"},"inLanguage":"fi","potentialAction":[{"@type":"ReadAction","target":["https:\/\/sey.fi\/urjala\/urjalan-elainsuojelu\/tue-toimintaa\/liity-jaseneksi\/"]}]},{"@type":"BreadcrumbList","@id":"https:\/\/sey.fi\/urjala\/urjalan-elainsuojelu\/tue-toimintaa\/liity-jaseneksi\/#breadcrumb","itemListElement":[{"@type":"ListItem","position":1,"name":"Home","item":"https:\/\/sey.fi\/urjala\/"},{"@type":"ListItem","position":2,"name":"Urjalan El\u00e4insuojeluyhdistys","item":"https:\/\/sey.fi\/urjala\/"},{"@type":"ListItem","position":3,"name":"Tue toimintaa","item":"https:\/\/sey.fi\/urjala\/urjalan-elainsuojelu\/tue-toimintaa\/"},{"@type":"ListItem","position":4,"name":"Liity j\u00e4seneksi"}]},{"@type":"WebSite","@id":"https:\/\/sey.fi\/urjala\/#website","url":"https:\/\/sey.fi\/urjala\/","name":"Urjalan el\u00e4insuojeluyhdistys","description":"Uusi SEY J\u00e4senyhdistykset -sivusto","potentialAction":[{"@type":"SearchAction","target":{"@type":"EntryPoint","urlTemplate":"https:\/\/sey.fi\/urjala\/?s={search_term_string}"},"query-input":{"@type":"PropertyValueSpecification","valueRequired":true,"valueName":"search_term_string"}}],"inLanguage":"fi"}]}},"_links":{"self":[{"href":"https:\/\/sey.fi\/urjala\/wp-json\/wp\/v2\/pages\/34","targetHints":{"allow":["GET"]}}],"collection":[{"href":"https:\/\/sey.fi\/urjala\/wp-json\/wp\/v2\/pages"}],"about":[{"href":"https:\/\/sey.fi\/urjala\/wp-json\/wp\/v2\/types\/page"}],"author":[{"embeddable":true,"href":"https:\/\/sey.fi\/urjala\/wp-json\/wp\/v2\/users\/8"}],"replies":[{"embeddable":true,"href":"https:\/\/sey.fi\/urjala\/wp-json\/wp\/v2\/comments?post=34"}],"version-history":[{"count":8,"href":"https:\/\/sey.fi\/urjala\/wp-json\/wp\/v2\/pages\/34\/revisions"}],"predecessor-version":[{"id":146,"href":"https:\/\/sey.fi\/urjala\/wp-json\/wp\/v2\/pages\/34\/revisions\/146"}],"up":[{"embeddable":true,"href":"https:\/\/sey.fi\/urjala\/wp-json\/wp\/v2\/pages\/32"}],"wp:attachment":[{"href":"https:\/\/sey.fi\/urjala\/wp-json\/wp\/v2\/media?parent=34"}],"curies":[{"name":"wp","href":"https:\/\/api.w.org\/{rel}","templated":true}]}}