{"id":175,"date":"2023-10-22T13:24:16","date_gmt":"2023-10-22T10:24:16","guid":{"rendered":"https:\/\/sey.fi\/vaasa\/?page_id=175"},"modified":"2026-01-19T15:37:49","modified_gmt":"2026-01-19T13:37:49","slug":"elainystavamme-2024-kalenteri","status":"publish","type":"page","link":"https:\/\/sey.fi\/vaasa\/elainystavamme-2024-kalenteri\/","title":{"rendered":"El\u00e4inyst\u00e4v\u00e4mme 2026 -kalenteri"},"content":{"rendered":"\n<figure class=\"wp-block-image size-large\"><img loading=\"lazy\" decoding=\"async\" width=\"689\" height=\"1024\" src=\"https:\/\/sey.fi\/wp-content\/uploads\/sites\/33\/2026\/01\/image-1-689x1024.png\" alt=\"\" class=\"wp-image-206\" srcset=\"https:\/\/sey.fi\/wp-content\/uploads\/sites\/33\/2026\/01\/image-1-689x1024.png 689w, https:\/\/sey.fi\/wp-content\/uploads\/sites\/33\/2026\/01\/image-1-202x300.png 202w, https:\/\/sey.fi\/wp-content\/uploads\/sites\/33\/2026\/01\/image-1-768x1141.png 768w, https:\/\/sey.fi\/wp-content\/uploads\/sites\/33\/2026\/01\/image-1-1034x1536.png 1034w, https:\/\/sey.fi\/wp-content\/uploads\/sites\/33\/2026\/01\/image-1.png 1181w\" sizes=\"auto, (max-width: 689px) 100vw, 689px\" \/><\/figure>\n\n\n\n<p><\/p>\n\n\n\n<p class=\"has-text-align-left\">TILAA NYT UPEA EL\u00c4INYST\u00c4V\u00c4MME 2026 KALENTERI!<\/p>\n\n\n\n<p class=\"has-text-align-left\">El\u00e4inyst\u00e4v\u00e4mme 2026 -kalenteri on erinomainen lahjaidea el\u00e4inrakkaalle l\u00e4heiselle, sill\u00e4 sen tuotto k\u00e4ytet\u00e4\u00e4n lyhent\u00e4m\u00e4tt\u00f6m\u00e4n\u00e4 k\u00e4yt\u00e4nn\u00f6n el\u00e4insuojeluty\u00f6h\u00f6mme Vaasanseudulla!<\/p>\n\n\n\n<p class=\"has-text-align-left\">Kalenterin hinta on 12\u20ac\/kpl + postikulut (1-3 kpl 6,10\u20ac, isompiin eriin postikulut tilauksen mukaan).<\/p>\n\n\n\n<p class=\"has-text-align-left\">Tilaukset:<br>vesyvaasa@hotmail.com tai Facebookin messengerin kautta. <\/p>\n\n\n\n<p class=\"has-text-align-left\">Huom! Voit ostaa oman kalenterisi Vaasassa k\u00e4teismaksulla my\u00f6s seuraavista yhteisty\u00f6tahojemme kivijalkaliikkeist\u00e4: El\u00e4inklinikka Saari &amp; Vaasan akvaario- ja lemmikkiliike\/Vasa akvarie- och djuraff\u00e4r.<\/p>\n\n\n\n<p class=\"has-text-align-left\">Jokaisen kuukauden kohdalla on el\u00e4inkuva sek\u00e4 lajiin liittyv\u00e4\u00e4 infoa. Infosivuilta l\u00f6ytyy tietoa yhdistyksist\u00e4 sek\u00e4 muuta el\u00e4insuojeluasiaa. Kalenterissa on nimip\u00e4iv\u00e4t, liputusp\u00e4iv\u00e4t ja juhlapyh\u00e4t. Kalenteri on taitettuna kokoa 23x17cm. <\/p>\n\n\n\n<p class=\"has-text-align-left\"><\/p>\n\n\n\n<p class=\"has-text-align-left\">L\u00e4mmin kiitos tuestasi! <img loading=\"lazy\" decoding=\"async\" height=\"16\" width=\"16\" src=\"https:\/\/static.xx.fbcdn.net\/images\/emoji.php\/v9\/t6c\/1\/16\/2764.png\" alt=\"\u2764\ufe0f\"><\/p>\n\n\n\n<figure class=\"wp-block-image size-large\"><img loading=\"lazy\" decoding=\"async\" width=\"689\" height=\"1024\" src=\"https:\/\/sey.fi\/wp-content\/uploads\/sites\/33\/2026\/01\/image-1-689x1024.png\" alt=\"\" class=\"wp-image-206\" srcset=\"https:\/\/sey.fi\/wp-content\/uploads\/sites\/33\/2026\/01\/image-1-689x1024.png 689w, https:\/\/sey.fi\/wp-content\/uploads\/sites\/33\/2026\/01\/image-1-202x300.png 202w, https:\/\/sey.fi\/wp-content\/uploads\/sites\/33\/2026\/01\/image-1-768x1141.png 768w, https:\/\/sey.fi\/wp-content\/uploads\/sites\/33\/2026\/01\/image-1-1034x1536.png 1034w, https:\/\/sey.fi\/wp-content\/uploads\/sites\/33\/2026\/01\/image-1.png 1181w\" sizes=\"auto, (max-width: 689px) 100vw, 689px\" \/><\/figure>\n\n\n\n<p><\/p>\n\n\n\n<p><\/p>\n","protected":false},"excerpt":{"rendered":"<p>TILAA NYT UPEA EL\u00c4INYST\u00c4V\u00c4MME 2026 KALENTERI! El\u00e4inyst\u00e4v\u00e4mme 2026 -kalenteri on erinomainen lahjaidea el\u00e4inrakkaalle l\u00e4heiselle, sill\u00e4 sen tuotto k\u00e4ytet\u00e4\u00e4n lyhent\u00e4m\u00e4tt\u00f6m\u00e4n\u00e4 k\u00e4yt\u00e4nn\u00f6n el\u00e4insuojeluty\u00f6h\u00f6mme Vaasanseudulla! Kalenterin hinta on 12\u20ac\/kpl + postikulut (1-3 kpl 6,10\u20ac, isompiin eriin postikulut tilauksen mukaan). Tilaukset:vesyvaasa@hotmail.com tai Facebookin messengerin kautta. Huom! Voit ostaa oman kalenterisi Vaasassa k\u00e4teismaksulla my\u00f6s seuraavista yhteisty\u00f6tahojemme kivijalkaliikkeist\u00e4: El\u00e4inklinikka Saari &amp; [&hellip;]<\/p>\n","protected":false},"author":30,"featured_media":0,"parent":0,"menu_order":0,"comment_status":"closed","ping_status":"closed","template":"","meta":{"_acf_changed":false,"footnotes":""},"class_list":["post-175","page","type-page","status-publish","hentry"],"acf":[],"yoast_head":"<!-- This site is optimized with the Yoast SEO plugin v27.1.1 - https:\/\/yoast.com\/product\/yoast-seo-wordpress\/ -->\n<title>El\u00e4inyst\u00e4v\u00e4mme 2026 -kalenteri - Vaasan seudun el\u00e4insuojeluyhdistys<\/title>\n<meta name=\"robots\" content=\"index, follow, max-snippet:-1, max-image-preview:large, max-video-preview:-1\" \/>\n<link rel=\"canonical\" href=\"https:\/\/sey.fi\/vaasa\/elainystavamme-2024-kalenteri\/\" \/>\n<meta property=\"og:locale\" content=\"fi_FI\" \/>\n<meta property=\"og:type\" content=\"article\" \/>\n<meta property=\"og:title\" content=\"El\u00e4inyst\u00e4v\u00e4mme 2026 -kalenteri - Vaasan seudun el\u00e4insuojeluyhdistys\" \/>\n<meta property=\"og:description\" content=\"TILAA NYT UPEA EL\u00c4INYST\u00c4V\u00c4MME 2026 KALENTERI! El\u00e4inyst\u00e4v\u00e4mme 2026 -kalenteri on erinomainen lahjaidea el\u00e4inrakkaalle l\u00e4heiselle, sill\u00e4 sen tuotto k\u00e4ytet\u00e4\u00e4n lyhent\u00e4m\u00e4tt\u00f6m\u00e4n\u00e4 k\u00e4yt\u00e4nn\u00f6n el\u00e4insuojeluty\u00f6h\u00f6mme Vaasanseudulla! Kalenterin hinta on 12\u20ac\/kpl + postikulut (1-3 kpl 6,10\u20ac, isompiin eriin postikulut tilauksen mukaan). Tilaukset:vesyvaasa@hotmail.com tai Facebookin messengerin kautta. Huom! Voit ostaa oman kalenterisi Vaasassa k\u00e4teismaksulla my\u00f6s seuraavista yhteisty\u00f6tahojemme kivijalkaliikkeist\u00e4: El\u00e4inklinikka Saari &amp; [&hellip;]\" \/>\n<meta property=\"og:url\" content=\"https:\/\/sey.fi\/vaasa\/elainystavamme-2024-kalenteri\/\" \/>\n<meta property=\"og:site_name\" content=\"Vaasan seudun el\u00e4insuojeluyhdistys\" \/>\n<meta property=\"article:modified_time\" content=\"2026-01-19T13:37:49+00:00\" \/>\n<meta property=\"og:image\" content=\"https:\/\/sey.fi\/wp-content\/uploads\/sites\/33\/2026\/01\/image-1.png\" \/>\n\t<meta property=\"og:image:width\" content=\"1181\" \/>\n\t<meta property=\"og:image:height\" content=\"1754\" \/>\n\t<meta property=\"og:image:type\" content=\"image\/png\" \/>\n<meta name=\"twitter:card\" content=\"summary_large_image\" \/>\n<meta name=\"twitter:label1\" content=\"Arvioitu lukuaika\" \/>\n\t<meta name=\"twitter:data1\" content=\"2 minuuttia\" \/>\n<script type=\"application\/ld+json\" class=\"yoast-schema-graph\">{\"@context\":\"https:\/\/schema.org\",\"@graph\":[{\"@type\":\"WebPage\",\"@id\":\"https:\/\/sey.fi\/vaasa\/elainystavamme-2024-kalenteri\/\",\"url\":\"https:\/\/sey.fi\/vaasa\/elainystavamme-2024-kalenteri\/\",\"name\":\"El\u00e4inyst\u00e4v\u00e4mme 2026 -kalenteri - Vaasan seudun el\u00e4insuojeluyhdistys\",\"isPartOf\":{\"@id\":\"https:\/\/sey.fi\/vaasa\/#website\"},\"primaryImageOfPage\":{\"@id\":\"https:\/\/sey.fi\/vaasa\/elainystavamme-2024-kalenteri\/#primaryimage\"},\"image\":{\"@id\":\"https:\/\/sey.fi\/vaasa\/elainystavamme-2024-kalenteri\/#primaryimage\"},\"thumbnailUrl\":\"https:\/\/sey.fi\/wp-content\/uploads\/sites\/33\/2026\/01\/image-1-689x1024.png\",\"datePublished\":\"2023-10-22T10:24:16+00:00\",\"dateModified\":\"2026-01-19T13:37:49+00:00\",\"breadcrumb\":{\"@id\":\"https:\/\/sey.fi\/vaasa\/elainystavamme-2024-kalenteri\/#breadcrumb\"},\"inLanguage\":\"fi\",\"potentialAction\":[{\"@type\":\"ReadAction\",\"target\":[\"https:\/\/sey.fi\/vaasa\/elainystavamme-2024-kalenteri\/\"]}]},{\"@type\":\"ImageObject\",\"inLanguage\":\"fi\",\"@id\":\"https:\/\/sey.fi\/vaasa\/elainystavamme-2024-kalenteri\/#primaryimage\",\"url\":\"https:\/\/sey.fi\/wp-content\/uploads\/sites\/33\/2026\/01\/image-1-689x1024.png\",\"contentUrl\":\"https:\/\/sey.fi\/wp-content\/uploads\/sites\/33\/2026\/01\/image-1-689x1024.png\"},{\"@type\":\"BreadcrumbList\",\"@id\":\"https:\/\/sey.fi\/vaasa\/elainystavamme-2024-kalenteri\/#breadcrumb\",\"itemListElement\":[{\"@type\":\"ListItem\",\"position\":1,\"name\":\"Home\",\"item\":\"https:\/\/sey.fi\/vaasa\/\"},{\"@type\":\"ListItem\",\"position\":2,\"name\":\"El\u00e4inyst\u00e4v\u00e4mme 2026 -kalenteri\"}]},{\"@type\":\"WebSite\",\"@id\":\"https:\/\/sey.fi\/vaasa\/#website\",\"url\":\"https:\/\/sey.fi\/vaasa\/\",\"name\":\"Vaasan seudun el\u00e4insuojeluyhdistys\",\"description\":\"Uusi SEY J\u00e4senyhdistykset -sivusto\",\"potentialAction\":[{\"@type\":\"SearchAction\",\"target\":{\"@type\":\"EntryPoint\",\"urlTemplate\":\"https:\/\/sey.fi\/vaasa\/?s={search_term_string}\"},\"query-input\":{\"@type\":\"PropertyValueSpecification\",\"valueRequired\":true,\"valueName\":\"search_term_string\"}}],\"inLanguage\":\"fi\"}]}<\/script>\n<!-- \/ Yoast SEO plugin. -->","yoast_head_json":{"title":"El\u00e4inyst\u00e4v\u00e4mme 2026 -kalenteri - Vaasan seudun el\u00e4insuojeluyhdistys","robots":{"index":"index","follow":"follow","max-snippet":"max-snippet:-1","max-image-preview":"max-image-preview:large","max-video-preview":"max-video-preview:-1"},"canonical":"https:\/\/sey.fi\/vaasa\/elainystavamme-2024-kalenteri\/","og_locale":"fi_FI","og_type":"article","og_title":"El\u00e4inyst\u00e4v\u00e4mme 2026 -kalenteri - Vaasan seudun el\u00e4insuojeluyhdistys","og_description":"TILAA NYT UPEA EL\u00c4INYST\u00c4V\u00c4MME 2026 KALENTERI! El\u00e4inyst\u00e4v\u00e4mme 2026 -kalenteri on erinomainen lahjaidea el\u00e4inrakkaalle l\u00e4heiselle, sill\u00e4 sen tuotto k\u00e4ytet\u00e4\u00e4n lyhent\u00e4m\u00e4tt\u00f6m\u00e4n\u00e4 k\u00e4yt\u00e4nn\u00f6n el\u00e4insuojeluty\u00f6h\u00f6mme Vaasanseudulla! Kalenterin hinta on 12\u20ac\/kpl + postikulut (1-3 kpl 6,10\u20ac, isompiin eriin postikulut tilauksen mukaan). Tilaukset:vesyvaasa@hotmail.com tai Facebookin messengerin kautta. Huom! Voit ostaa oman kalenterisi Vaasassa k\u00e4teismaksulla my\u00f6s seuraavista yhteisty\u00f6tahojemme kivijalkaliikkeist\u00e4: El\u00e4inklinikka Saari &amp; [&hellip;]","og_url":"https:\/\/sey.fi\/vaasa\/elainystavamme-2024-kalenteri\/","og_site_name":"Vaasan seudun el\u00e4insuojeluyhdistys","article_modified_time":"2026-01-19T13:37:49+00:00","og_image":[{"width":1181,"height":1754,"url":"https:\/\/sey.fi\/wp-content\/uploads\/sites\/33\/2026\/01\/image-1.png","type":"image\/png"}],"twitter_card":"summary_large_image","twitter_misc":{"Arvioitu lukuaika":"2 minuuttia"},"schema":{"@context":"https:\/\/schema.org","@graph":[{"@type":"WebPage","@id":"https:\/\/sey.fi\/vaasa\/elainystavamme-2024-kalenteri\/","url":"https:\/\/sey.fi\/vaasa\/elainystavamme-2024-kalenteri\/","name":"El\u00e4inyst\u00e4v\u00e4mme 2026 -kalenteri - Vaasan seudun el\u00e4insuojeluyhdistys","isPartOf":{"@id":"https:\/\/sey.fi\/vaasa\/#website"},"primaryImageOfPage":{"@id":"https:\/\/sey.fi\/vaasa\/elainystavamme-2024-kalenteri\/#primaryimage"},"image":{"@id":"https:\/\/sey.fi\/vaasa\/elainystavamme-2024-kalenteri\/#primaryimage"},"thumbnailUrl":"https:\/\/sey.fi\/wp-content\/uploads\/sites\/33\/2026\/01\/image-1-689x1024.png","datePublished":"2023-10-22T10:24:16+00:00","dateModified":"2026-01-19T13:37:49+00:00","breadcrumb":{"@id":"https:\/\/sey.fi\/vaasa\/elainystavamme-2024-kalenteri\/#breadcrumb"},"inLanguage":"fi","potentialAction":[{"@type":"ReadAction","target":["https:\/\/sey.fi\/vaasa\/elainystavamme-2024-kalenteri\/"]}]},{"@type":"ImageObject","inLanguage":"fi","@id":"https:\/\/sey.fi\/vaasa\/elainystavamme-2024-kalenteri\/#primaryimage","url":"https:\/\/sey.fi\/wp-content\/uploads\/sites\/33\/2026\/01\/image-1-689x1024.png","contentUrl":"https:\/\/sey.fi\/wp-content\/uploads\/sites\/33\/2026\/01\/image-1-689x1024.png"},{"@type":"BreadcrumbList","@id":"https:\/\/sey.fi\/vaasa\/elainystavamme-2024-kalenteri\/#breadcrumb","itemListElement":[{"@type":"ListItem","position":1,"name":"Home","item":"https:\/\/sey.fi\/vaasa\/"},{"@type":"ListItem","position":2,"name":"El\u00e4inyst\u00e4v\u00e4mme 2026 -kalenteri"}]},{"@type":"WebSite","@id":"https:\/\/sey.fi\/vaasa\/#website","url":"https:\/\/sey.fi\/vaasa\/","name":"Vaasan seudun el\u00e4insuojeluyhdistys","description":"Uusi SEY J\u00e4senyhdistykset -sivusto","potentialAction":[{"@type":"SearchAction","target":{"@type":"EntryPoint","urlTemplate":"https:\/\/sey.fi\/vaasa\/?s={search_term_string}"},"query-input":{"@type":"PropertyValueSpecification","valueRequired":true,"valueName":"search_term_string"}}],"inLanguage":"fi"}]}},"_links":{"self":[{"href":"https:\/\/sey.fi\/vaasa\/wp-json\/wp\/v2\/pages\/175","targetHints":{"allow":["GET"]}}],"collection":[{"href":"https:\/\/sey.fi\/vaasa\/wp-json\/wp\/v2\/pages"}],"about":[{"href":"https:\/\/sey.fi\/vaasa\/wp-json\/wp\/v2\/types\/page"}],"author":[{"embeddable":true,"href":"https:\/\/sey.fi\/vaasa\/wp-json\/wp\/v2\/users\/30"}],"replies":[{"embeddable":true,"href":"https:\/\/sey.fi\/vaasa\/wp-json\/wp\/v2\/comments?post=175"}],"version-history":[{"count":8,"href":"https:\/\/sey.fi\/vaasa\/wp-json\/wp\/v2\/pages\/175\/revisions"}],"predecessor-version":[{"id":209,"href":"https:\/\/sey.fi\/vaasa\/wp-json\/wp\/v2\/pages\/175\/revisions\/209"}],"wp:attachment":[{"href":"https:\/\/sey.fi\/vaasa\/wp-json\/wp\/v2\/media?parent=175"}],"curies":[{"name":"wp","href":"https:\/\/api.w.org\/{rel}","templated":true}]}}