{"id":21,"date":"2019-11-22T17:22:07","date_gmt":"2019-11-22T15:22:07","guid":{"rendered":"http:\/\/srvr10.xetpoint.com\/~seyfi\/vaasa\/?page_id=21"},"modified":"2019-11-22T17:22:08","modified_gmt":"2019-11-22T15:22:08","slug":"vaasanseudun-elainsuojeluyhdistyksen-tekema-kuntalaisaloite-elainlaakaripaivystyspalveluiden-kehittamiseksi-kerasi-818-allekirjoitusta","status":"publish","type":"page","link":"https:\/\/sey.fi\/vaasa\/vaasan-elainsuojelu\/ajankohtaista\/vaasanseudun-elainsuojeluyhdistyksen-tekema-kuntalaisaloite-elainlaakaripaivystyspalveluiden-kehittamiseksi-kerasi-818-allekirjoitusta\/","title":{"rendered":"Vaasanseudun el\u00e4insuojeluyhdistyksen tekem\u00e4 kuntalaisaloite el\u00e4inl\u00e4\u00e4k\u00e4rip\u00e4ivystyspalveluiden kehitt\u00e4miseksi ker\u00e4si 818 allekirjoitusta!"},"content":{"rendered":"\n<p>Vaasanseudun el\u00e4insuojeluyhdistys ry:n tekem\u00e4 kuntalaisaloite Vaasan seudun el\u00e4inl\u00e4\u00e4k\u00e4rip\u00e4ivystyksen kehitt\u00e4miseksi on v\u00e4litetty Vaasan kaupungille 6.9.2019. Aloitteeseen osallistui yhteens\u00e4 818 henkil\u00f6\u00e4 12.5.2019-6.9.2019 v\u00e4lisen\u00e4 aikana.<\/p>\n\n\n\n<p>Aloitteen allekirjoitti 612 vaasalaista, 106 mustasaarelaista, 33 laihialaista ja 9 v\u00f6yril\u00e4ist\u00e4. N\u00e4iden lis\u00e4ksi aloitteeseen osallistui 58 henkil\u00f6\u00e4 p\u00e4\u00e4osin Pohjanmaan muista kunnista, mutta my\u00f6s maakunnan ulkopuolelta.<\/p>\n\n\n\n<p>&nbsp;Vaasan kaupunkia on aloitteen j\u00e4tt\u00e4misen yhteydess\u00e4 pyydetty tarkastelemaan erilaisia vaihtoehtoja p\u00e4ivystyspalveluiden kehitt\u00e4miseksi yhdess\u00e4&nbsp;muiden p\u00e4ivystysalueen kuntien kanssa.<\/p>\n\n\n\n<p>Seuraamme aktiivisesti aloitteen etenemist\u00e4 kunnissa.<\/p>\n\n\n\n<p>Haluammekin antaa jo tunnustusta Vaasan kaupungille siit\u00e4, ett\u00e4 kehitt\u00e4mistarpeita on tunnistettu ja perusel\u00e4inl\u00e4\u00e4k\u00e4ripalveluiden ymp\u00e4rivuorokautinen saatavuuden parantaminen on asetettu yhdeksi strategiseksi tavoitteeksi vuodelle 2020.<\/p>\n\n\n\n<p>Toivomme, ett\u00e4 erityisesti my\u00f6s Mustasaaren kunta huomioi kehitt\u00e4mistarpeet vuoden 2020 talousarviota ja strategisia tavoitteita k\u00e4sitelt\u00e4ess\u00e4 L\u00e4nsirannikon valvontalautakunnan kokouksessa 11.9.2019.<\/p>\n\n\n\n<p>L\u00e4mpim\u00e4t kiitokset osallistujille!<\/p>\n","protected":false},"excerpt":{"rendered":"<p>Vaasanseudun el\u00e4insuojeluyhdistys ry:n tekem\u00e4 kuntalaisaloite Vaasan seudun el\u00e4inl\u00e4\u00e4k\u00e4rip\u00e4ivystyksen kehitt\u00e4miseksi on v\u00e4litetty Vaasan kaupungille 6.9.2019. Aloitteeseen osallistui yhteens\u00e4 818 henkil\u00f6\u00e4 12.5.2019-6.9.2019 v\u00e4lisen\u00e4 aikana. Aloitteen allekirjoitti 612 vaasalaista, 106 mustasaarelaista, 33 laihialaista ja 9 v\u00f6yril\u00e4ist\u00e4. N\u00e4iden lis\u00e4ksi aloitteeseen osallistui 58 henkil\u00f6\u00e4 p\u00e4\u00e4osin Pohjanmaan muista kunnista, mutta my\u00f6s maakunnan ulkopuolelta. &nbsp;Vaasan kaupunkia on aloitteen j\u00e4tt\u00e4misen yhteydess\u00e4 pyydetty tarkastelemaan [&hellip;]<\/p>\n","protected":false},"author":8,"featured_media":0,"parent":16,"menu_order":0,"comment_status":"closed","ping_status":"closed","template":"","meta":{"_acf_changed":false,"footnotes":""},"class_list":["post-21","page","type-page","status-publish","hentry"],"acf":[],"yoast_head":"<!-- This site is optimized with the Yoast SEO plugin v27.1.1 - https:\/\/yoast.com\/product\/yoast-seo-wordpress\/ -->\n<title>Vaasanseudun el\u00e4insuojeluyhdistyksen tekem\u00e4 kuntalaisaloite el\u00e4inl\u00e4\u00e4k\u00e4rip\u00e4ivystyspalveluiden kehitt\u00e4miseksi ker\u00e4si 818 allekirjoitusta! - Vaasan seudun el\u00e4insuojeluyhdistys<\/title>\n<meta name=\"robots\" content=\"index, follow, max-snippet:-1, max-image-preview:large, max-video-preview:-1\" \/>\n<link rel=\"canonical\" href=\"https:\/\/sey.fi\/vaasa\/vaasan-elainsuojelu\/ajankohtaista\/vaasanseudun-elainsuojeluyhdistyksen-tekema-kuntalaisaloite-elainlaakaripaivystyspalveluiden-kehittamiseksi-kerasi-818-allekirjoitusta\/\" \/>\n<meta property=\"og:locale\" content=\"fi_FI\" \/>\n<meta property=\"og:type\" content=\"article\" \/>\n<meta property=\"og:title\" content=\"Vaasanseudun el\u00e4insuojeluyhdistyksen tekem\u00e4 kuntalaisaloite el\u00e4inl\u00e4\u00e4k\u00e4rip\u00e4ivystyspalveluiden kehitt\u00e4miseksi ker\u00e4si 818 allekirjoitusta! - Vaasan seudun el\u00e4insuojeluyhdistys\" \/>\n<meta property=\"og:description\" content=\"Vaasanseudun el\u00e4insuojeluyhdistys ry:n tekem\u00e4 kuntalaisaloite Vaasan seudun el\u00e4inl\u00e4\u00e4k\u00e4rip\u00e4ivystyksen kehitt\u00e4miseksi on v\u00e4litetty Vaasan kaupungille 6.9.2019. Aloitteeseen osallistui yhteens\u00e4 818 henkil\u00f6\u00e4 12.5.2019-6.9.2019 v\u00e4lisen\u00e4 aikana. Aloitteen allekirjoitti 612 vaasalaista, 106 mustasaarelaista, 33 laihialaista ja 9 v\u00f6yril\u00e4ist\u00e4. N\u00e4iden lis\u00e4ksi aloitteeseen osallistui 58 henkil\u00f6\u00e4 p\u00e4\u00e4osin Pohjanmaan muista kunnista, mutta my\u00f6s maakunnan ulkopuolelta. &nbsp;Vaasan kaupunkia on aloitteen j\u00e4tt\u00e4misen yhteydess\u00e4 pyydetty tarkastelemaan [&hellip;]\" \/>\n<meta property=\"og:url\" content=\"https:\/\/sey.fi\/vaasa\/vaasan-elainsuojelu\/ajankohtaista\/vaasanseudun-elainsuojeluyhdistyksen-tekema-kuntalaisaloite-elainlaakaripaivystyspalveluiden-kehittamiseksi-kerasi-818-allekirjoitusta\/\" \/>\n<meta property=\"og:site_name\" content=\"Vaasan seudun el\u00e4insuojeluyhdistys\" \/>\n<meta property=\"article:modified_time\" content=\"2019-11-22T15:22:08+00:00\" \/>\n<meta name=\"twitter:card\" content=\"summary_large_image\" \/>\n<meta name=\"twitter:label1\" content=\"Arvioitu lukuaika\" \/>\n\t<meta name=\"twitter:data1\" content=\"1 minuutti\" \/>\n<script type=\"application\/ld+json\" class=\"yoast-schema-graph\">{\"@context\":\"https:\/\/schema.org\",\"@graph\":[{\"@type\":\"WebPage\",\"@id\":\"https:\/\/sey.fi\/vaasa\/vaasan-elainsuojelu\/ajankohtaista\/vaasanseudun-elainsuojeluyhdistyksen-tekema-kuntalaisaloite-elainlaakaripaivystyspalveluiden-kehittamiseksi-kerasi-818-allekirjoitusta\/\",\"url\":\"https:\/\/sey.fi\/vaasa\/vaasan-elainsuojelu\/ajankohtaista\/vaasanseudun-elainsuojeluyhdistyksen-tekema-kuntalaisaloite-elainlaakaripaivystyspalveluiden-kehittamiseksi-kerasi-818-allekirjoitusta\/\",\"name\":\"Vaasanseudun el\u00e4insuojeluyhdistyksen tekem\u00e4 kuntalaisaloite el\u00e4inl\u00e4\u00e4k\u00e4rip\u00e4ivystyspalveluiden kehitt\u00e4miseksi ker\u00e4si 818 allekirjoitusta! - Vaasan seudun el\u00e4insuojeluyhdistys\",\"isPartOf\":{\"@id\":\"https:\/\/sey.fi\/vaasa\/#website\"},\"datePublished\":\"2019-11-22T15:22:07+00:00\",\"dateModified\":\"2019-11-22T15:22:08+00:00\",\"breadcrumb\":{\"@id\":\"https:\/\/sey.fi\/vaasa\/vaasan-elainsuojelu\/ajankohtaista\/vaasanseudun-elainsuojeluyhdistyksen-tekema-kuntalaisaloite-elainlaakaripaivystyspalveluiden-kehittamiseksi-kerasi-818-allekirjoitusta\/#breadcrumb\"},\"inLanguage\":\"fi\",\"potentialAction\":[{\"@type\":\"ReadAction\",\"target\":[\"https:\/\/sey.fi\/vaasa\/vaasan-elainsuojelu\/ajankohtaista\/vaasanseudun-elainsuojeluyhdistyksen-tekema-kuntalaisaloite-elainlaakaripaivystyspalveluiden-kehittamiseksi-kerasi-818-allekirjoitusta\/\"]}]},{\"@type\":\"BreadcrumbList\",\"@id\":\"https:\/\/sey.fi\/vaasa\/vaasan-elainsuojelu\/ajankohtaista\/vaasanseudun-elainsuojeluyhdistyksen-tekema-kuntalaisaloite-elainlaakaripaivystyspalveluiden-kehittamiseksi-kerasi-818-allekirjoitusta\/#breadcrumb\",\"itemListElement\":[{\"@type\":\"ListItem\",\"position\":1,\"name\":\"Home\",\"item\":\"https:\/\/sey.fi\/vaasa\/\"},{\"@type\":\"ListItem\",\"position\":2,\"name\":\"Vaasan seudun el\u00e4insuojeluyhdistys\",\"item\":\"https:\/\/sey.fi\/vaasa\/\"},{\"@type\":\"ListItem\",\"position\":3,\"name\":\"Ajankohtaista\",\"item\":\"https:\/\/sey.fi\/vaasa\/vaasan-elainsuojelu\/ajankohtaista\/\"},{\"@type\":\"ListItem\",\"position\":4,\"name\":\"Vaasanseudun el\u00e4insuojeluyhdistyksen tekem\u00e4 kuntalaisaloite el\u00e4inl\u00e4\u00e4k\u00e4rip\u00e4ivystyspalveluiden kehitt\u00e4miseksi ker\u00e4si 818 allekirjoitusta!\"}]},{\"@type\":\"WebSite\",\"@id\":\"https:\/\/sey.fi\/vaasa\/#website\",\"url\":\"https:\/\/sey.fi\/vaasa\/\",\"name\":\"Vaasan seudun el\u00e4insuojeluyhdistys\",\"description\":\"Uusi SEY J\u00e4senyhdistykset -sivusto\",\"potentialAction\":[{\"@type\":\"SearchAction\",\"target\":{\"@type\":\"EntryPoint\",\"urlTemplate\":\"https:\/\/sey.fi\/vaasa\/?s={search_term_string}\"},\"query-input\":{\"@type\":\"PropertyValueSpecification\",\"valueRequired\":true,\"valueName\":\"search_term_string\"}}],\"inLanguage\":\"fi\"}]}<\/script>\n<!-- \/ Yoast SEO plugin. -->","yoast_head_json":{"title":"Vaasanseudun el\u00e4insuojeluyhdistyksen tekem\u00e4 kuntalaisaloite el\u00e4inl\u00e4\u00e4k\u00e4rip\u00e4ivystyspalveluiden kehitt\u00e4miseksi ker\u00e4si 818 allekirjoitusta! - Vaasan seudun el\u00e4insuojeluyhdistys","robots":{"index":"index","follow":"follow","max-snippet":"max-snippet:-1","max-image-preview":"max-image-preview:large","max-video-preview":"max-video-preview:-1"},"canonical":"https:\/\/sey.fi\/vaasa\/vaasan-elainsuojelu\/ajankohtaista\/vaasanseudun-elainsuojeluyhdistyksen-tekema-kuntalaisaloite-elainlaakaripaivystyspalveluiden-kehittamiseksi-kerasi-818-allekirjoitusta\/","og_locale":"fi_FI","og_type":"article","og_title":"Vaasanseudun el\u00e4insuojeluyhdistyksen tekem\u00e4 kuntalaisaloite el\u00e4inl\u00e4\u00e4k\u00e4rip\u00e4ivystyspalveluiden kehitt\u00e4miseksi ker\u00e4si 818 allekirjoitusta! - Vaasan seudun el\u00e4insuojeluyhdistys","og_description":"Vaasanseudun el\u00e4insuojeluyhdistys ry:n tekem\u00e4 kuntalaisaloite Vaasan seudun el\u00e4inl\u00e4\u00e4k\u00e4rip\u00e4ivystyksen kehitt\u00e4miseksi on v\u00e4litetty Vaasan kaupungille 6.9.2019. Aloitteeseen osallistui yhteens\u00e4 818 henkil\u00f6\u00e4 12.5.2019-6.9.2019 v\u00e4lisen\u00e4 aikana. Aloitteen allekirjoitti 612 vaasalaista, 106 mustasaarelaista, 33 laihialaista ja 9 v\u00f6yril\u00e4ist\u00e4. N\u00e4iden lis\u00e4ksi aloitteeseen osallistui 58 henkil\u00f6\u00e4 p\u00e4\u00e4osin Pohjanmaan muista kunnista, mutta my\u00f6s maakunnan ulkopuolelta. &nbsp;Vaasan kaupunkia on aloitteen j\u00e4tt\u00e4misen yhteydess\u00e4 pyydetty tarkastelemaan [&hellip;]","og_url":"https:\/\/sey.fi\/vaasa\/vaasan-elainsuojelu\/ajankohtaista\/vaasanseudun-elainsuojeluyhdistyksen-tekema-kuntalaisaloite-elainlaakaripaivystyspalveluiden-kehittamiseksi-kerasi-818-allekirjoitusta\/","og_site_name":"Vaasan seudun el\u00e4insuojeluyhdistys","article_modified_time":"2019-11-22T15:22:08+00:00","twitter_card":"summary_large_image","twitter_misc":{"Arvioitu lukuaika":"1 minuutti"},"schema":{"@context":"https:\/\/schema.org","@graph":[{"@type":"WebPage","@id":"https:\/\/sey.fi\/vaasa\/vaasan-elainsuojelu\/ajankohtaista\/vaasanseudun-elainsuojeluyhdistyksen-tekema-kuntalaisaloite-elainlaakaripaivystyspalveluiden-kehittamiseksi-kerasi-818-allekirjoitusta\/","url":"https:\/\/sey.fi\/vaasa\/vaasan-elainsuojelu\/ajankohtaista\/vaasanseudun-elainsuojeluyhdistyksen-tekema-kuntalaisaloite-elainlaakaripaivystyspalveluiden-kehittamiseksi-kerasi-818-allekirjoitusta\/","name":"Vaasanseudun el\u00e4insuojeluyhdistyksen tekem\u00e4 kuntalaisaloite el\u00e4inl\u00e4\u00e4k\u00e4rip\u00e4ivystyspalveluiden kehitt\u00e4miseksi ker\u00e4si 818 allekirjoitusta! - Vaasan seudun el\u00e4insuojeluyhdistys","isPartOf":{"@id":"https:\/\/sey.fi\/vaasa\/#website"},"datePublished":"2019-11-22T15:22:07+00:00","dateModified":"2019-11-22T15:22:08+00:00","breadcrumb":{"@id":"https:\/\/sey.fi\/vaasa\/vaasan-elainsuojelu\/ajankohtaista\/vaasanseudun-elainsuojeluyhdistyksen-tekema-kuntalaisaloite-elainlaakaripaivystyspalveluiden-kehittamiseksi-kerasi-818-allekirjoitusta\/#breadcrumb"},"inLanguage":"fi","potentialAction":[{"@type":"ReadAction","target":["https:\/\/sey.fi\/vaasa\/vaasan-elainsuojelu\/ajankohtaista\/vaasanseudun-elainsuojeluyhdistyksen-tekema-kuntalaisaloite-elainlaakaripaivystyspalveluiden-kehittamiseksi-kerasi-818-allekirjoitusta\/"]}]},{"@type":"BreadcrumbList","@id":"https:\/\/sey.fi\/vaasa\/vaasan-elainsuojelu\/ajankohtaista\/vaasanseudun-elainsuojeluyhdistyksen-tekema-kuntalaisaloite-elainlaakaripaivystyspalveluiden-kehittamiseksi-kerasi-818-allekirjoitusta\/#breadcrumb","itemListElement":[{"@type":"ListItem","position":1,"name":"Home","item":"https:\/\/sey.fi\/vaasa\/"},{"@type":"ListItem","position":2,"name":"Vaasan seudun el\u00e4insuojeluyhdistys","item":"https:\/\/sey.fi\/vaasa\/"},{"@type":"ListItem","position":3,"name":"Ajankohtaista","item":"https:\/\/sey.fi\/vaasa\/vaasan-elainsuojelu\/ajankohtaista\/"},{"@type":"ListItem","position":4,"name":"Vaasanseudun el\u00e4insuojeluyhdistyksen tekem\u00e4 kuntalaisaloite el\u00e4inl\u00e4\u00e4k\u00e4rip\u00e4ivystyspalveluiden kehitt\u00e4miseksi ker\u00e4si 818 allekirjoitusta!"}]},{"@type":"WebSite","@id":"https:\/\/sey.fi\/vaasa\/#website","url":"https:\/\/sey.fi\/vaasa\/","name":"Vaasan seudun el\u00e4insuojeluyhdistys","description":"Uusi SEY J\u00e4senyhdistykset -sivusto","potentialAction":[{"@type":"SearchAction","target":{"@type":"EntryPoint","urlTemplate":"https:\/\/sey.fi\/vaasa\/?s={search_term_string}"},"query-input":{"@type":"PropertyValueSpecification","valueRequired":true,"valueName":"search_term_string"}}],"inLanguage":"fi"}]}},"_links":{"self":[{"href":"https:\/\/sey.fi\/vaasa\/wp-json\/wp\/v2\/pages\/21","targetHints":{"allow":["GET"]}}],"collection":[{"href":"https:\/\/sey.fi\/vaasa\/wp-json\/wp\/v2\/pages"}],"about":[{"href":"https:\/\/sey.fi\/vaasa\/wp-json\/wp\/v2\/types\/page"}],"author":[{"embeddable":true,"href":"https:\/\/sey.fi\/vaasa\/wp-json\/wp\/v2\/users\/8"}],"replies":[{"embeddable":true,"href":"https:\/\/sey.fi\/vaasa\/wp-json\/wp\/v2\/comments?post=21"}],"version-history":[{"count":1,"href":"https:\/\/sey.fi\/vaasa\/wp-json\/wp\/v2\/pages\/21\/revisions"}],"predecessor-version":[{"id":22,"href":"https:\/\/sey.fi\/vaasa\/wp-json\/wp\/v2\/pages\/21\/revisions\/22"}],"up":[{"embeddable":true,"href":"https:\/\/sey.fi\/vaasa\/wp-json\/wp\/v2\/pages\/16"}],"wp:attachment":[{"href":"https:\/\/sey.fi\/vaasa\/wp-json\/wp\/v2\/media?parent=21"}],"curies":[{"name":"wp","href":"https:\/\/api.w.org\/{rel}","templated":true}]}}