{"id":29,"date":"2019-11-22T17:25:43","date_gmt":"2019-11-22T15:25:43","guid":{"rendered":"http:\/\/srvr10.xetpoint.com\/~seyfi\/vaasa\/?page_id=29"},"modified":"2020-08-07T21:35:38","modified_gmt":"2020-08-07T18:35:38","slug":"vesy-mediassa","status":"publish","type":"page","link":"https:\/\/sey.fi\/vaasa\/vaasan-elainsuojelu\/ajankohtaista\/vesy-mediassa\/","title":{"rendered":"VESY Mediassa"},"content":{"rendered":"\n<p><strong>Vaasanseudun el\u00e4insuojeluyhdistys pyrkii vaikuttamaan sek\u00e4 paikallisesti ett\u00e4 yhteiskunnallisesti ajankohtaisiin asioihin ja kysymyksiin. Alla n\u00e4et uutisia\/mielipidekirjoituksia jne. Osassa n\u00e4ist\u00e4\u00a0aktiivimme ovat osallistuneet asiantuntijan roolissa, osassa on viitattu Vaasanseudun el\u00e4insuojeluyhdistykseen.\u00a0<\/strong><\/p>\n\n\n\n<p>MTV uutiset 14.6.2020 El\u00e4insuojeluneuvoja Maija kohtaa ty\u00f6ss\u00e4\u00e4n el\u00e4inten kiduttamista \u2013 kissoja ammutaan kiv\u00e4\u00e4reill\u00e4 ja linnunpoikasia naulataan puuhun <a href=\"https:\/\/www.mtvuutiset.fi\/artikkeli\/elainsuojeluneuvoja-maija-kohtaa-tyossaan-elainten-kiduttamista-kissoja-ammutaan-kivaareilla-ja-linnunpoikasia-naulataan-puuhun\/7843154?fbclid=IwAR3F0SWgjM5RvKfXXgPiK9IZG46h1nQ3V5_BlCAWFscukNhLoxXDaKXoXq0#gs.c9jrf8\">Lue lis\u00e4\u00e4<\/a><\/p>\n\n\n\n<p>Iltalehti 9.6.2020 Kuka t\u00e4llaista tekee? Linnunpoikanen l\u00e4vistettiin tikuilla Vaasassa \u2013 el\u00e4inr\u00e4\u00e4kk\u00e4ys on kasvava ongelma Suomessa<a href=\"https:\/\/www.iltalehti.fi\/kotimaa\/a\/0bedab3c-de43-4ad9-96dd-b08c33cd7ca9?fbclid=IwAR3F0SWgjM5RvKfXXgPiK9IZG46h1nQ3V5_BlCAWFscukNhLoxXDaKXoXq0\"> Lue lis\u00e4\u00e4<\/a><\/p>\n\n\n\n<p>Vasabladet 9.6.2020 Djurpl\u00e5gerierna \u00f6kar i Vasa \u2013 djurskyddsf\u00f6reningens ordf\u00f6rande: &#8221;Vi ska polisanm\u00e4la saken&#8221; <a href=\"https:\/\/www.vasabladet.fi\/Artikel\/Visa\/376818?fbclid=IwAR3-H2JBbl7r4qczxvnTjBeHhSxgZZfG0LzJozS1qPL7FX49IbS1l3Ah0ME\">L\u00e4s mer<\/a><\/p>\n\n\n\n<p>Ilkka-Pohjalainen 5.6.2020 Linnunpoikanen l\u00e4vistetty puutikuilla kuoliaaksi samassa paikassa kuin kaksi vuotta sitten \u2013 El\u00e4insuojelija kertoo julmuuksista: Kissa laitettu mikroon ja videokuvattu, linnunpoikasia pussiin ja murskattu <a href=\"https:\/\/ilkkapohjalainen.fi\/tilaajalle\/ymparisto-ja-liikenne\/linnunpoikanen-lavistetty-puutikuilla-kuoliaaksi-samassa-paikassa-kuin-kaksi-vuotta-sitten-elainsuojelija-kertoo-julmuuksista-kissa-laitettu-mikroon-ja-videokuvattu-linnunpoikasia-pussiin-ja-murskattu-1.5796945?login=true\">Lue lis\u00e4\u00e4<\/a><\/p>\n\n\n\n<p>** 2019<\/p>\n\n\n\n<p>YLE Pohjanmaa 21.10.2019 Maisemanhoitohanke meni Vaasassa t\u00e4ysin m\u00f6nk\u00e4\u00e4n \u2013 karanneet lehm\u00e4t hortoilleet pitkin pihoja ja peltoja, ja viimeiset karkulaiset joudutaan lopettamaan.\u00a0<a rel=\"noreferrer noopener\" href=\"https:\/\/yle.fi\/uutiset\/3-11029433\" target=\"_blank\">Lue lis\u00e4\u00e4<\/a><\/p>\n\n\n\n<p>Pohjalainen 7.9.2019 Kuntalaisaloite el\u00e4inl\u00e4\u00e4k\u00e4rip\u00e4ivystyksest\u00e4 ker\u00e4si satoja nimi\u00e4&nbsp;<a href=\"https:\/\/www.pohjalainen.fi\/uutiset\/maakunta\/vaasan-seudun-elainlaakaripaivystysta-koskeva-kuntalaisaloite-kerasi-818-osallistujaa-1.3079574\" target=\"_blank\" rel=\"noreferrer noopener\">Lue lis\u00e4\u00e4<\/a><\/p>\n\n\n\n<p>Pohjalainen 11.7.2019 Vaasan julkisen el\u00e4inl\u00e4\u00e4k\u00e4rip\u00e4ivystyksen puutteet alkavat olla kest\u00e4m\u00e4tt\u00f6mi\u00e4: &#8221;H\u00e4t\u00e4 ja huoli on suuri&#8221;&nbsp;<a href=\"https:\/\/www.pohjalainen.fi\/tilaajalle\/maakunta\/vaasan-julkisen-elainlaakaripaivystyksen-puutteet-alkavat-olla-kestamattomia-hata-ja-huoli-on-tosi-suuri-1.3019901\" target=\"_blank\" rel=\"noreferrer noopener\">Lue lis\u00e4\u00e4<\/a><\/p>\n\n\n\n<p>Vasabladet 22.5.2019 Mari fick ingen hj\u00e4lp via veterin\u00e4rjouren \u2013 &#8221;Jag har slutat f\u00f6rs\u00f6ka&#8221;&nbsp;<a href=\"https:\/\/www.vasabladet.fi\/Artikel\/Visa\/290900\" target=\"_blank\" rel=\"noreferrer noopener\">L\u00e4s mer<\/a>&nbsp;<\/p>\n\n\n\n<p>Pohjalainen 21.5.2019 Yksi p\u00e4ivyst\u00e4j\u00e4 ei riit\u00e4 nelj\u00e4n kunnan alueelle.&nbsp;<a href=\"https:\/\/www.pohjalainen.fi\/tilaajalle\/maakunta\/vaasan-seudun-elainlaakaripaivystyksen-ongelmat-halutaan-tuoda-ratkottavaksi-kuntalaisaloitteella-yksi-paivystaja-neljan-kunnan-alueelle-ei-riita-1.2968765\" target=\"_blank\" rel=\"noreferrer noopener\">Lue lis\u00e4\u00e4<\/a><\/p>\n\n\n\n<p>** 2018<\/p>\n\n\n\n<p>Pohjalainen 12.10.2018 El\u00e4insuojeluyhdistys: &#8221;Tarhaiskuja voi tulla viel\u00e4 lis\u00e4\u00e4&#8221;&nbsp;<a href=\"https:\/\/www.pohjalainen.fi\/tilaajalle\/maakunta\/elainsuojeluyhdistys-tarhaiskuja-voi-tulla-viela-lisaa-1.2762785\" target=\"_blank\" rel=\"noreferrer noopener\">Lue lis\u00e4\u00e4<\/a><\/p>\n\n\n\n<p>Vasabladet 30.6.2018&nbsp;Djurskyddsf\u00f6rening f\u00f6rf\u00e4ras \u00f6ver hur kaniners \u00f6de: Okunskap g\u00f6r att kaniner missk\u00f6ts&nbsp;<a href=\"https:\/\/www.vasabladet.fi\/Artikel\/Visa\/209238\" target=\"_blank\" rel=\"noreferrer noopener\">L\u00e4s mer<\/a><\/p>\n\n\n\n<p>P\u00e4iv\u00e4nlehti 27.6.2018&nbsp;El\u00e4inr\u00e4\u00e4kk\u00e4ystapauksesta ilmoitetaan aina poliisille \u2013 \u201dLapset kiduttavat puolustuskyvytt\u00f6mi\u00e4 poikasia&#8221;.&nbsp;<a href=\"https:\/\/www.paivanlehti.fi\/elainraakkaystapauksesta-ilmoitetaan-aina-poliisille-lapset-kiduttavat-puolustuskyvyttomia-poikasia\/\" target=\"_blank\" rel=\"noreferrer noopener\">Lue lis\u00e4\u00e4<\/a><\/p>\n\n\n\n<p>YLE 21.6.2018&nbsp;Lapset kiduttavat el\u00e4imi\u00e4 jopa hengilt\u00e4 \u2013 Psykologi: Yksin tehty kiduttaminen on huolestuttavaa.&nbsp;<a href=\"https:\/\/yle.fi\/uutiset\/3-10262734\" target=\"_blank\" rel=\"noreferrer noopener\">Lue lis\u00e4\u00e4<\/a><\/p>\n\n\n\n<p>Vasabladet 21.6.2018&nbsp;Resurser till djurens akutv\u00e5rd m\u00e5ste tryggas regionalt. Ins\u00e4ndare. (Vesy mainittu)&nbsp;<a href=\"https:\/\/www.vasabladet.fi\/Artikel\/Visa\/209077\" target=\"_blank\" rel=\"noreferrer noopener\">L\u00e4s mer<\/a><\/p>\n\n\n\n<p>Karjalainen 18.6.2018&nbsp;Kiusaaminen voi koitua kalliiksi &#8211; Lapsen el\u00e4inr\u00e4\u00e4kk\u00e4ysharrastus voidaan verottaa vanhempien pussista&nbsp;<a href=\"https:\/\/www.karjalainen.fi\/uutiset\/uutis-alueet\/kotimaa\/item\/186049-kiusaaminen-voi-koitua-kalliiksi-lapsen-elainraakkaysharrastus-voidaan-verottaa-vanhempien-pussista\" target=\"_blank\" rel=\"noreferrer noopener\">Lue lis\u00e4\u00e4<\/a><\/p>\n\n\n\n<p>Pohjalainen 16.6.2018 Oletko n\u00e4hnyt el\u00e4inr\u00e4\u00e4kk\u00e4yst\u00e4? Vastaa kyselyyn!&nbsp;<a href=\"https:\/\/www.pohjalainen.fi\/uutiset\/maakunta\/oletko-n%C3%A4hnyt-el%C3%A4inr%C3%A4%C3%A4kk%C3%A4yst%C3%A4-vastaa-kyselyyn-1.2652899\" target=\"_blank\" rel=\"noreferrer noopener\">Lue lis\u00e4\u00e4<\/a><\/p>\n\n\n\n<p>Sastakunnankansa 15.6.2018 Lemmikkej\u00e4 kohdellaan kaltoin entist\u00e4 rajummin \u2013 satakuntalainen el\u00e4insuojeluneuvoja: &#8221;Ihmiset ovat vieraantuneet luonnosta&#8221;&nbsp;<a href=\"https:\/\/www.satakunnankansa.fi\/satakunta\/lemmikkeja-kohdellaan-kaltoin-entista-rajummin-satakuntalainen-elainsuojeluneuvoja-ihmiset-ovat-vieraantuneet-luonnosta-201015920\/\" target=\"_blank\" rel=\"noreferrer noopener\">Lue lis\u00e4\u00e4<\/a><\/p>\n\n\n\n<p>H\u00e4meen sanomat 15.6.2018&nbsp;Lemmikkiel\u00e4inten huono kohtelu on lis\u00e4\u00e4ntynyt.&nbsp;<a href=\"https:\/\/www.hameensanomat.fi\/uutiset\/kanta-hame\/353428-lemmikkielainten-huono-kohtelu-lisaantynyt\" target=\"_blank\" rel=\"noreferrer noopener\">Lue lis\u00e4\u00e4<\/a><\/p>\n\n\n\n<p>YLE nyheter 15.6.2018&nbsp;S\u00e4llskapsdjur far allt mer illa d\u00e5 \u00e4ven \u00e4garna m\u00e5r psykiskt s\u00e4mre &#8211; &#8221;Fallen har blivit allt brutalare&#8221;.&nbsp;<a href=\"https:\/\/svenska.yle.fi\/artikel\/2018\/06\/15\/sallskapsdjur-far-allt-mer-illa-da-aven-agarna-mar-psykiskt-samre-fallen-har\" target=\"_blank\" rel=\"noreferrer noopener\">L\u00e4s mer<\/a><\/p>\n\n\n\n<p>YLE uutiset 15.6.2018&nbsp;Ihmisten lis\u00e4\u00e4ntynyt pahoinvointi saa lemmikit k\u00e4rsim\u00e4\u00e4n \u2013 &#8221;El\u00e4inten kaltoinkohtelutapaukset ovat muuttumassa yh\u00e4 rajummiksi&#8221;&nbsp;<a href=\"https:\/\/yle.fi\/uutiset\/3-10256115\" target=\"_blank\" rel=\"noreferrer noopener\">Lue lis\u00e4\u00e4<\/a><\/p>\n\n\n\n<p>Iltalehti 15.6.2018&nbsp;El\u00e4insuojeluyhdistykset huolissaan: Lemmikkej\u00e4 kohdellaan kaltoin entist\u00e4 rajummin &#8211; syyn\u00e4 ihmisten pahoinvointi&nbsp;<a href=\"https:\/\/www.iltalehti.fi\/kotimaa\/201806152201015718_u0.shtml\" target=\"_blank\" rel=\"noreferrer noopener\">Lue lis\u00e4\u00e4<\/a><\/p>\n\n\n\n<p>Vantaan sanomat 15.6.2018&nbsp;Nyt tuli vaatimus: Lemmikin hankkiminen vaikeammaksi \u2013 &#8221;Lis\u00e4\u00e4ntynyt pahoinvointi n\u00e4kyy el\u00e4inten kohtelussa&#8221;&nbsp;<a href=\"https:\/\/www.vantaansanomat.fi\/artikkeli\/672009-nyt-tuli-vaatimus-lemmikin-hankkiminen-vaikeammaksi-lisaantynyt-pahoinvointi-nakyy\" target=\"_blank\" rel=\"noreferrer noopener\">Lue lis\u00e4\u00e4<\/a><\/p>\n\n\n\n<p>Aftonbladet 15.6.2018 Barn pl\u00e5gade m\u00e5sungar till d\u00f6ds \u2013 vuxna tittade p\u00e5.&nbsp;<a href=\"https:\/\/www.aftonbladet.se\/nyheter\/a\/VR3bqJ\/barn-plagade-masungar-till-dods--vuxna-tittade-pa\" target=\"_blank\" rel=\"noreferrer noopener\">L\u00e4s mer<\/a><\/p>\n\n\n\n<p>Expressen 14.6.2018 Barn torterade f\u00e5glar till d\u00f6ds: \u201dVuxna tittade p\u00e5\u201d&nbsp;<a href=\"https:\/\/www.expressen.se\/nyheter\/barn-torterade-faglar-till-dods-vuxna-tittade-pa\/\" target=\"_blank\" rel=\"noreferrer noopener\">L\u00e4s mer<\/a><\/p>\n\n\n\n<p>Pohjalainen 13.6.2018 P\u00e4ivyst\u00e4v\u00e4n el\u00e4inl\u00e4\u00e4kint\u00e4huollon resurssit on turvattava alueellisesti, mielipidekirjoitus (Vesy mainittu)&nbsp;<a href=\"https:\/\/www.pohjalainen.fi\/mielipide\/yleis%C3%B6lt%C3%A4\/lukijoilta-p%C3%A4ivyst%C3%A4v%C3%A4n-el%C3%A4inl%C3%A4%C3%A4kint%C3%A4huollon-resurssit-on-turvattava-alueellisesti-1.2649797\" target=\"_blank\" rel=\"noreferrer noopener\">Lue lis\u00e4\u00e4<\/a><\/p>\n\n\n\n<p>Iltalehti 12.6.2018&nbsp;Jopa 4-vuotiaat lapset kiduttavat el\u00e4imi\u00e4 kuoliaaksi Pohjanmaalla: siileilt\u00e4 revitty raajoja, lokinpoikasille ty\u00f6nnetty tikkuja kaulaan &#8211; \u201dEl\u00e4imen reaktioita pidet\u00e4\u00e4n huvittavina ja viihdytt\u00e4vin\u00e4\u201d&nbsp;<a href=\"https:\/\/m.iltalehti.fi\/kotimaa\/201806122201007694_u0.shtml\" target=\"_blank\" rel=\"noreferrer noopener\">Lue lis\u00e4\u00e4&nbsp;<\/a><\/p>\n\n\n\n<p>Pohjalainen 11.6.2018 Lapsijoukko r\u00e4\u00e4kk\u00e4si hengilt\u00e4 useita lokinpoikasia Vaasassa. &#8211; &#8221;K\u00e4rsivien el\u00e4inten reaktiot ovat tekij\u00e4ille viihdett\u00e4&#8221;.&nbsp;<a href=\"https:\/\/www.pohjalainen.fi\/tilaajalle\/maakunta\/tilaajalle-7.3187110?aId=1.2648542\" target=\"_blank\" rel=\"noreferrer noopener\">Lue lis\u00e4\u00e4&nbsp;<\/a><\/p>\n\n\n\n<p>Iltalehti 12.2.2018&nbsp;Kodista l\u00f6ytyi aliravittuina viisi koiraa, kaksi kissaa ja hevonen &#8211; kaikki jouduttiin lopettamaan&nbsp;<a href=\"https:\/\/m.iltalehti.fi\/kotimaa\/201802122200737164_u0.shtml\" target=\"_blank\" rel=\"noreferrer noopener\">Lue lis\u00e4\u00e4<\/a><\/p>\n\n\n\n<p>***<\/p>\n\n\n\n<p>Vasabladet 22.8.2017 Tyck till om veterin\u00e4rjouren. L\u00e4s<a href=\"http:\/\/online.vasabladet.fi\/Artikel\/Visa\/154813\" target=\"_blank\" rel=\"noreferrer noopener\">&nbsp;Mer<\/a><\/p>\n\n\n\n<p>Ilkka 21.07.2015. Irtokissojen ruokinta suuri ongelma Pohjanmaalla.&nbsp;<a href=\"http:\/\/www.ilkka.fi\/uutiset\/maakunta\/irtokissojen-ruokinta-suuri-ongelma-pohjanmaalla-1.1874210\" target=\"_blank\" rel=\"noreferrer noopener\">Lue lis\u00e4\u00e4<\/a><\/p>\n\n\n\n<p>Pohjalainen&nbsp;21.07.2015. Irtokissojen ruokinta suuri ongelma Pohjanmaalla.&nbsp;<a href=\"http:\/\/www.pohjalainen.fi\/uutiset\/maakunta\/irtokissojen-ruokinta-suuri-ongelma-pohjanmaalla-1.1874209\" target=\"_blank\" rel=\"noreferrer noopener\">Lue lis\u00e4\u00e4<\/a><\/p>\n","protected":false},"excerpt":{"rendered":"<p>Vaasanseudun el\u00e4insuojeluyhdistys pyrkii vaikuttamaan sek\u00e4 paikallisesti ett\u00e4 yhteiskunnallisesti ajankohtaisiin asioihin ja kysymyksiin. Alla n\u00e4et uutisia\/mielipidekirjoituksia jne. Osassa n\u00e4ist\u00e4\u00a0aktiivimme ovat osallistuneet asiantuntijan roolissa, osassa on viitattu Vaasanseudun el\u00e4insuojeluyhdistykseen.\u00a0 MTV uutiset 14.6.2020 El\u00e4insuojeluneuvoja Maija kohtaa ty\u00f6ss\u00e4\u00e4n el\u00e4inten kiduttamista \u2013 kissoja ammutaan kiv\u00e4\u00e4reill\u00e4 ja linnunpoikasia naulataan puuhun Lue lis\u00e4\u00e4 Iltalehti 9.6.2020 Kuka t\u00e4llaista tekee? Linnunpoikanen l\u00e4vistettiin tikuilla Vaasassa [&hellip;]<\/p>\n","protected":false},"author":8,"featured_media":0,"parent":16,"menu_order":0,"comment_status":"closed","ping_status":"closed","template":"","meta":{"_acf_changed":false,"footnotes":""},"class_list":["post-29","page","type-page","status-publish","hentry"],"acf":[],"yoast_head":"<!-- This site is optimized with the Yoast SEO plugin v27.1.1 - https:\/\/yoast.com\/product\/yoast-seo-wordpress\/ -->\n<title>VESY Mediassa - Vaasan seudun el\u00e4insuojeluyhdistys<\/title>\n<meta name=\"robots\" content=\"index, follow, max-snippet:-1, max-image-preview:large, max-video-preview:-1\" \/>\n<link rel=\"canonical\" href=\"https:\/\/sey.fi\/vaasa\/vaasan-elainsuojelu\/ajankohtaista\/vesy-mediassa\/\" \/>\n<meta property=\"og:locale\" content=\"fi_FI\" \/>\n<meta property=\"og:type\" content=\"article\" \/>\n<meta property=\"og:title\" content=\"VESY Mediassa - Vaasan seudun el\u00e4insuojeluyhdistys\" \/>\n<meta property=\"og:description\" content=\"Vaasanseudun el\u00e4insuojeluyhdistys pyrkii vaikuttamaan sek\u00e4 paikallisesti ett\u00e4 yhteiskunnallisesti ajankohtaisiin asioihin ja kysymyksiin. Alla n\u00e4et uutisia\/mielipidekirjoituksia jne. Osassa n\u00e4ist\u00e4\u00a0aktiivimme ovat osallistuneet asiantuntijan roolissa, osassa on viitattu Vaasanseudun el\u00e4insuojeluyhdistykseen.\u00a0 MTV uutiset 14.6.2020 El\u00e4insuojeluneuvoja Maija kohtaa ty\u00f6ss\u00e4\u00e4n el\u00e4inten kiduttamista \u2013 kissoja ammutaan kiv\u00e4\u00e4reill\u00e4 ja linnunpoikasia naulataan puuhun Lue lis\u00e4\u00e4 Iltalehti 9.6.2020 Kuka t\u00e4llaista tekee? Linnunpoikanen l\u00e4vistettiin tikuilla Vaasassa [&hellip;]\" \/>\n<meta property=\"og:url\" content=\"https:\/\/sey.fi\/vaasa\/vaasan-elainsuojelu\/ajankohtaista\/vesy-mediassa\/\" \/>\n<meta property=\"og:site_name\" content=\"Vaasan seudun el\u00e4insuojeluyhdistys\" \/>\n<meta property=\"article:modified_time\" content=\"2020-08-07T18:35:38+00:00\" \/>\n<meta name=\"twitter:card\" content=\"summary_large_image\" \/>\n<meta name=\"twitter:label1\" content=\"Arvioitu lukuaika\" \/>\n\t<meta name=\"twitter:data1\" content=\"3 minuuttia\" \/>\n<script type=\"application\/ld+json\" class=\"yoast-schema-graph\">{\"@context\":\"https:\/\/schema.org\",\"@graph\":[{\"@type\":\"WebPage\",\"@id\":\"https:\/\/sey.fi\/vaasa\/vaasan-elainsuojelu\/ajankohtaista\/vesy-mediassa\/\",\"url\":\"https:\/\/sey.fi\/vaasa\/vaasan-elainsuojelu\/ajankohtaista\/vesy-mediassa\/\",\"name\":\"VESY Mediassa - Vaasan seudun el\u00e4insuojeluyhdistys\",\"isPartOf\":{\"@id\":\"https:\/\/sey.fi\/vaasa\/#website\"},\"datePublished\":\"2019-11-22T15:25:43+00:00\",\"dateModified\":\"2020-08-07T18:35:38+00:00\",\"breadcrumb\":{\"@id\":\"https:\/\/sey.fi\/vaasa\/vaasan-elainsuojelu\/ajankohtaista\/vesy-mediassa\/#breadcrumb\"},\"inLanguage\":\"fi\",\"potentialAction\":[{\"@type\":\"ReadAction\",\"target\":[\"https:\/\/sey.fi\/vaasa\/vaasan-elainsuojelu\/ajankohtaista\/vesy-mediassa\/\"]}]},{\"@type\":\"BreadcrumbList\",\"@id\":\"https:\/\/sey.fi\/vaasa\/vaasan-elainsuojelu\/ajankohtaista\/vesy-mediassa\/#breadcrumb\",\"itemListElement\":[{\"@type\":\"ListItem\",\"position\":1,\"name\":\"Home\",\"item\":\"https:\/\/sey.fi\/vaasa\/\"},{\"@type\":\"ListItem\",\"position\":2,\"name\":\"Vaasan seudun el\u00e4insuojeluyhdistys\",\"item\":\"https:\/\/sey.fi\/vaasa\/\"},{\"@type\":\"ListItem\",\"position\":3,\"name\":\"Ajankohtaista\",\"item\":\"https:\/\/sey.fi\/vaasa\/vaasan-elainsuojelu\/ajankohtaista\/\"},{\"@type\":\"ListItem\",\"position\":4,\"name\":\"VESY Mediassa\"}]},{\"@type\":\"WebSite\",\"@id\":\"https:\/\/sey.fi\/vaasa\/#website\",\"url\":\"https:\/\/sey.fi\/vaasa\/\",\"name\":\"Vaasan seudun el\u00e4insuojeluyhdistys\",\"description\":\"Uusi SEY J\u00e4senyhdistykset -sivusto\",\"potentialAction\":[{\"@type\":\"SearchAction\",\"target\":{\"@type\":\"EntryPoint\",\"urlTemplate\":\"https:\/\/sey.fi\/vaasa\/?s={search_term_string}\"},\"query-input\":{\"@type\":\"PropertyValueSpecification\",\"valueRequired\":true,\"valueName\":\"search_term_string\"}}],\"inLanguage\":\"fi\"}]}<\/script>\n<!-- \/ Yoast SEO plugin. -->","yoast_head_json":{"title":"VESY Mediassa - Vaasan seudun el\u00e4insuojeluyhdistys","robots":{"index":"index","follow":"follow","max-snippet":"max-snippet:-1","max-image-preview":"max-image-preview:large","max-video-preview":"max-video-preview:-1"},"canonical":"https:\/\/sey.fi\/vaasa\/vaasan-elainsuojelu\/ajankohtaista\/vesy-mediassa\/","og_locale":"fi_FI","og_type":"article","og_title":"VESY Mediassa - Vaasan seudun el\u00e4insuojeluyhdistys","og_description":"Vaasanseudun el\u00e4insuojeluyhdistys pyrkii vaikuttamaan sek\u00e4 paikallisesti ett\u00e4 yhteiskunnallisesti ajankohtaisiin asioihin ja kysymyksiin. Alla n\u00e4et uutisia\/mielipidekirjoituksia jne. Osassa n\u00e4ist\u00e4\u00a0aktiivimme ovat osallistuneet asiantuntijan roolissa, osassa on viitattu Vaasanseudun el\u00e4insuojeluyhdistykseen.\u00a0 MTV uutiset 14.6.2020 El\u00e4insuojeluneuvoja Maija kohtaa ty\u00f6ss\u00e4\u00e4n el\u00e4inten kiduttamista \u2013 kissoja ammutaan kiv\u00e4\u00e4reill\u00e4 ja linnunpoikasia naulataan puuhun Lue lis\u00e4\u00e4 Iltalehti 9.6.2020 Kuka t\u00e4llaista tekee? Linnunpoikanen l\u00e4vistettiin tikuilla Vaasassa [&hellip;]","og_url":"https:\/\/sey.fi\/vaasa\/vaasan-elainsuojelu\/ajankohtaista\/vesy-mediassa\/","og_site_name":"Vaasan seudun el\u00e4insuojeluyhdistys","article_modified_time":"2020-08-07T18:35:38+00:00","twitter_card":"summary_large_image","twitter_misc":{"Arvioitu lukuaika":"3 minuuttia"},"schema":{"@context":"https:\/\/schema.org","@graph":[{"@type":"WebPage","@id":"https:\/\/sey.fi\/vaasa\/vaasan-elainsuojelu\/ajankohtaista\/vesy-mediassa\/","url":"https:\/\/sey.fi\/vaasa\/vaasan-elainsuojelu\/ajankohtaista\/vesy-mediassa\/","name":"VESY Mediassa - Vaasan seudun el\u00e4insuojeluyhdistys","isPartOf":{"@id":"https:\/\/sey.fi\/vaasa\/#website"},"datePublished":"2019-11-22T15:25:43+00:00","dateModified":"2020-08-07T18:35:38+00:00","breadcrumb":{"@id":"https:\/\/sey.fi\/vaasa\/vaasan-elainsuojelu\/ajankohtaista\/vesy-mediassa\/#breadcrumb"},"inLanguage":"fi","potentialAction":[{"@type":"ReadAction","target":["https:\/\/sey.fi\/vaasa\/vaasan-elainsuojelu\/ajankohtaista\/vesy-mediassa\/"]}]},{"@type":"BreadcrumbList","@id":"https:\/\/sey.fi\/vaasa\/vaasan-elainsuojelu\/ajankohtaista\/vesy-mediassa\/#breadcrumb","itemListElement":[{"@type":"ListItem","position":1,"name":"Home","item":"https:\/\/sey.fi\/vaasa\/"},{"@type":"ListItem","position":2,"name":"Vaasan seudun el\u00e4insuojeluyhdistys","item":"https:\/\/sey.fi\/vaasa\/"},{"@type":"ListItem","position":3,"name":"Ajankohtaista","item":"https:\/\/sey.fi\/vaasa\/vaasan-elainsuojelu\/ajankohtaista\/"},{"@type":"ListItem","position":4,"name":"VESY Mediassa"}]},{"@type":"WebSite","@id":"https:\/\/sey.fi\/vaasa\/#website","url":"https:\/\/sey.fi\/vaasa\/","name":"Vaasan seudun el\u00e4insuojeluyhdistys","description":"Uusi SEY J\u00e4senyhdistykset -sivusto","potentialAction":[{"@type":"SearchAction","target":{"@type":"EntryPoint","urlTemplate":"https:\/\/sey.fi\/vaasa\/?s={search_term_string}"},"query-input":{"@type":"PropertyValueSpecification","valueRequired":true,"valueName":"search_term_string"}}],"inLanguage":"fi"}]}},"_links":{"self":[{"href":"https:\/\/sey.fi\/vaasa\/wp-json\/wp\/v2\/pages\/29","targetHints":{"allow":["GET"]}}],"collection":[{"href":"https:\/\/sey.fi\/vaasa\/wp-json\/wp\/v2\/pages"}],"about":[{"href":"https:\/\/sey.fi\/vaasa\/wp-json\/wp\/v2\/types\/page"}],"author":[{"embeddable":true,"href":"https:\/\/sey.fi\/vaasa\/wp-json\/wp\/v2\/users\/8"}],"replies":[{"embeddable":true,"href":"https:\/\/sey.fi\/vaasa\/wp-json\/wp\/v2\/comments?post=29"}],"version-history":[{"count":4,"href":"https:\/\/sey.fi\/vaasa\/wp-json\/wp\/v2\/pages\/29\/revisions"}],"predecessor-version":[{"id":137,"href":"https:\/\/sey.fi\/vaasa\/wp-json\/wp\/v2\/pages\/29\/revisions\/137"}],"up":[{"embeddable":true,"href":"https:\/\/sey.fi\/vaasa\/wp-json\/wp\/v2\/pages\/16"}],"wp:attachment":[{"href":"https:\/\/sey.fi\/vaasa\/wp-json\/wp\/v2\/media?parent=29"}],"curies":[{"name":"wp","href":"https:\/\/api.w.org\/{rel}","templated":true}]}}