{"id":31,"date":"2019-11-22T17:26:12","date_gmt":"2019-11-22T15:26:12","guid":{"rendered":"http:\/\/srvr10.xetpoint.com\/~seyfi\/vaasa\/?page_id=31"},"modified":"2019-11-22T17:26:14","modified_gmt":"2019-11-22T15:26:14","slug":"kuntalaisaloite-kerasi-818-allekirjoitusta-12-5-2019-6-9-2019","status":"publish","type":"page","link":"https:\/\/sey.fi\/vaasa\/vaasan-elainsuojelu\/ajankohtaista\/kuntalaisaloite-kerasi-818-allekirjoitusta-12-5-2019-6-9-2019\/","title":{"rendered":"Kuntalaisaloite ker\u00e4si 818 allekirjoitusta (12.5.2019-6.9.2019)"},"content":{"rendered":"\n<p><br>Vaasan seudulla toimivassa el\u00e4inl\u00e4\u00e4k\u00e4rip\u00e4ivystysalue 2:ssa on selke\u00e4sti puutteita. Vaasanseudun el\u00e4insuojeluyhdistys ry kartoitti el\u00e4inl\u00e4\u00e4k\u00e4rip\u00e4ivystyksen nykytilaa, ja palvelu sai keskiarvoksi 1,9\/ 5. Kehitt\u00e4miskohdissa suurimmiksi osa-alueiksi nousivat pienlemmikkiosaaminen, tavoitettavuus, puhelinneuvonta ja p\u00e4ivystyksen sijainti.<\/p>\n\n\n\n<p>El\u00e4inl\u00e4\u00e4k\u00e4rip\u00e4ivystyst\u00e4 tulee kehitt\u00e4\u00e4 alueella mm. resursoimalla palvelutarjonta alueen tarpeiden ja kysynn\u00e4n mukaisesti, yhdenmukaistamalla palvelusta jaettavia tietoja yli kuntarajojen sek\u00e4 selkeytt\u00e4m\u00e4ll\u00e4 hallinnon rakennetta.<br>Nykyisell\u00e4 tavalla j\u00e4rjestetyt palvelut eiv\u00e4t ole riitt\u00e4v\u00e4t. Me allekirjoittaneet ihmettelemme, miten perustellaan esimerkiksi se, ettei p\u00e4ivystysalueella tarvita erillist\u00e4 hoitohenkil\u00f6kuntaa suurille ja pienille kotiel\u00e4imille.<\/p>\n\n\n\n<p>El\u00e4inl\u00e4\u00e4k\u00e4rip\u00e4ivystys vaatii alueella selke\u00e4sti kehitt\u00e4mist\u00e4 ja lis\u00e4resursseja. El\u00e4inl\u00e4\u00e4kint\u00e4huoltolain (16.10.2009\/765) 13 \u00a7: ss\u00e4 todetaan, ett\u00e4 kiireellinen el\u00e4inl\u00e4\u00e4k\u00e4rinapu on j\u00e4rjestett\u00e4v\u00e4 p\u00e4ivystysalueella siten, ett\u00e4 kotiel\u00e4imi\u00e4, jotka ovat pienikokoisia ja voidaan siten vaikeuksitta kuljettaa el\u00e4inl\u00e4\u00e4k\u00e4rin vastaanotolle, ja kotiel\u00e4imi\u00e4, joille annettava el\u00e4inl\u00e4\u00e4k\u00e4rin apu edellytt\u00e4\u00e4 el\u00e4inl\u00e4\u00e4k\u00e4rin k\u00e4ynti\u00e4 el\u00e4imen pitopaikassa, hoitaa p\u00e4\u00e4asiassa eri henkil\u00f6kunta. T\u00e4st\u00e4 vaatimuksesta voidaan kuitenkin poiketa p\u00e4ivystysalueella, jonka el\u00e4intiheys on pieni tai jossa sellaisten kotiel\u00e4inten, jotka ovat pienikokoisia ja voidaan siten vaikeuksitta kuljettaa el\u00e4inl\u00e4\u00e4k\u00e4rin vastaanotolle, osuus kaikista p\u00e4ivystysalueella pidett\u00e4vist\u00e4 kotiel\u00e4imist\u00e4 on v\u00e4h\u00e4inen, tai se on muusta erityisest\u00e4 syyst\u00e4 perusteltua.<\/p>\n\n\n\n<p>P\u00e4ivystysalueen keskitetyss\u00e4 yhteydenottopalvelussa on my\u00f6s kehitett\u00e4v\u00e4\u00e4. Kilpailu- ja kuluttajaviraston mukaan kaikkien palvelunumeroon soittavien kuluttajien tulee tiet\u00e4\u00e4 puhelun hinta. El\u00e4inl\u00e4\u00e4k\u00e4rip\u00e4ivystyksen puhelumaksujen koostumus on avattava kokonaisuudessaan kuntien kotisivuille, ettei hinta j\u00e4isi kuntalaisille ep\u00e4selv\u00e4ksi. Huomioitavaa on, ett\u00e4 Mustasaaren ja Vaasan kotisivuilla on ilmoitettu eri \u20ac\/min + pvm puhelujen maksuista, ja V\u00f6yrin kotisivuilla ei asiasta ilmoiteta ollenkaan. T\u00e4m\u00e4 ep\u00e4kohta tulee korjata mahdollisimman pian, ja palvelusta annettavat tiedot on yhten\u00e4istett\u00e4v\u00e4.<\/p>\n\n\n\n<p>El\u00e4inl\u00e4\u00e4k\u00e4rip\u00e4ivystyksen hallinnointi ja koordinointi vaativat kehitt\u00e4mistoimia. P\u00e4ivystyksest\u00e4 vastaavan el\u00e4inl\u00e4\u00e4k\u00e4rin esimerkiksi sairastuessa on ty\u00f6nantajalla oltava aukoton linjaus varaj\u00e4rjestelyjen hoitamisesta riippumatta siit\u00e4, onko kyseess\u00e4 yksityisen el\u00e4inl\u00e4\u00e4k\u00e4ripalvelun tuottaja tai kunnan el\u00e4inl\u00e4\u00e4k\u00e4ri. Lis\u00e4ksi p\u00e4ivyst\u00e4vien el\u00e4inl\u00e4\u00e4k\u00e4rien ty\u00f6ajat ovat poikkeuksellisen pitki\u00e4: arkisin klo 16-08 (16h) ja viikonloppup\u00e4ivystys, jota hoitaa yksi henkil\u00f6 ilman vaihtovuoroja pe klo 16- ma klo 08 (64 h). Me allekirjoittaneet olemme huolissamme el\u00e4inl\u00e4\u00e4k\u00e4rien jaksamisesta sek\u00e4 ty\u00f6teht\u00e4viss\u00e4 suoriutumisesta lain edellytt\u00e4m\u00e4ll\u00e4 tavalla &#8211; ottaen huomioon v\u00e4h\u00e4iset resurssit sek\u00e4 pitk\u00e4t ja kuormittavat yksin hoidettavat ty\u00f6vuorot. Samaan aikaan on huomioitava el\u00e4inl\u00e4\u00e4kint\u00e4huoltolain 13 \u00a7 edellytykset, ett\u00e4 kunnan on j\u00e4rjestett\u00e4v\u00e4 kiireellist\u00e4 el\u00e4inl\u00e4\u00e4k\u00e4rin apua alueellaan olevia kotiel\u00e4imi\u00e4 varten kaikkina vuorokaudenaikoina.<\/p>\n\n\n\n<p>Edelliset seikat huomioiden voinemme todeta, ett\u00e4 alueellamme j\u00e4rjestet\u00e4\u00e4n el\u00e4inl\u00e4\u00e4k\u00e4rip\u00e4ivystys v\u00e4hint\u00e4\u00e4nkin kyseenalaisesti ja minimiresurssein:<br>1) P\u00e4ivystysalueella ei ole erillist\u00e4 hoitohenkil\u00f6kuntaa pienikokoisille ja suurille kotiel\u00e4imille, vaikka el\u00e4inl\u00e4\u00e4kint\u00e4huoltolaissa katsotaan t\u00e4m\u00e4 tarpeelliseksi, kun pienikokoisia ja suuria kotiel\u00e4imi\u00e4 on paljon<br>2) Keskitetyn yhteydenottopalvelun hinnoittelussa on puutteita eik\u00e4 sit\u00e4 ole selke\u00e4sti ja yhten\u00e4isesti kerrottu kuntien sivuilla<br>3) Palvelu ei ole saatavilla kohtuullisessa ajassa ottaen huomioon p\u00e4ivyst\u00e4vien el\u00e4inl\u00e4\u00e4k\u00e4rien yksinty\u00f6skentelyn ja ty\u00f6aikojen pituudet. T\u00e4m\u00e4 puute tulee selke\u00e4sti esille my\u00f6s Vaasanseudun el\u00e4insuojeluyhdistyksen teett\u00e4m\u00e4ss\u00e4 selvityksess\u00e4.<\/p>\n\n\n\n<p>Me allekirjoittaneet edellyt\u00e4mme, ett\u00e4 el\u00e4inl\u00e4\u00e4k\u00e4rip\u00e4ivystyst\u00e4 kehitet\u00e4\u00e4n yhteisty\u00f6ss\u00e4 p\u00e4ivystyst\u00e4 hoitavien el\u00e4inl\u00e4\u00e4k\u00e4rien kanssa siten, ett\u00e4 palvelu saadaan oikein resursoitua kev\u00e4\u00e4st\u00e4 2020 alkaen sek\u00e4 ty\u00f6ntekij\u00f6iden jaksaminen ett\u00e4 kuntalaisten tarpeet huomioiden. Tarkasteluun tulee ottaa esimerkiksi takap\u00e4ivyst\u00e4j\u00e4n mahdollisuus, el\u00e4intenhoitajan palkkaaminen keskitettyyn yhteydenottopalveluun, erillisten p\u00e4ivystysten j\u00e4rjest\u00e4minen pienel\u00e4imille ja suurille el\u00e4imille \/ tuotantoel\u00e4imille sek\u00e4 keskitetyn toimipisteen j\u00e4rjest\u00e4minen pienille kotiel\u00e4imille yhteen fyysiseen paikkaan.<br>Alueellista koordinointia on my\u00f6s selkeytett\u00e4v\u00e4. Puheluiden palvelumaksut tulee tarkastaa sek\u00e4 selvitt\u00e4\u00e4, ovatko ne kohtuullisella tasolla suhteessa muiden kunnallisten peruspalveluiden maksuihin. P\u00e4ivystysalueen 2 hinnasto tulee yhdenmukaistaa, ja palvelumaksuun vaikuttavat tekij\u00e4t on ilmoitettava kuntien kotisivuilla.<br>Lis\u00e4ksi p\u00e4ivystysvuoroja tekeville tulee laatia selke\u00e4t ohjeistukset p\u00e4ivystysk\u00e4yt\u00e4nn\u00f6ist\u00e4 ja varap\u00e4ivyst\u00e4j\u00e4j\u00e4rjestelm\u00e4st\u00e4. Koordinoivan tahon on huolehdittava siit\u00e4, ett\u00e4 el\u00e4inl\u00e4\u00e4k\u00e4rip\u00e4ivystyst\u00e4 tekevill\u00e4 on riitt\u00e4v\u00e4sti asiantuntemusta, kokemusta, resursseja ja v\u00e4lineist\u00f6\u00e4 suorittaa el\u00e4inlajista riippumatta kiireelliset hoitotoimenpiteet lain edellytt\u00e4m\u00e4ll\u00e4 tavalla.<\/p>\n\n\n\n<p>**<\/p>\n\n\n\n<p>Det finns brister inom Vasaregionens veterin\u00e4rjour 2. Vasanejdens djurskyddsf\u00f6rening rf kartlade nuvarande l\u00e4get av Vasaregionens veterin\u00e4rjour. Veterin\u00e4rjouren fick ett medelv\u00e4rde p\u00e5 1,9\/5. De punkter som beh\u00f6ver utvecklas mest var sm\u00e5djurskunskapen, tillg\u00e4ngligheten, telefonr\u00e5dgivningen och placeringen av jouren.<\/p>\n\n\n\n<p>Veterin\u00e4rjouren m\u00e5ste utvecklas i regionen bland annat genom att ge tillr\u00e4ckliga resurser f\u00f6r tj\u00e4nster enligt behov, standardisera informationen som ges f\u00f6r tj\u00e4nster \u00f6ver kommun gr\u00e4nser samt att f\u00f6rtydliga administrationens konstruktion.<br>Det s\u00e4ttet som veterin\u00e4rjouren ordnas f\u00f6r tillf\u00e4llet \u00e4r inte tillr\u00e4ckligt j\u00e4mf\u00f6rt med behovet. Vi undertecknade undrar hur man till exempel motiverar det faktum att regionen inte beh\u00f6ver enskild v\u00e5rdpersonal f\u00f6r sm\u00e5 och stora husdjur.<br>Veterin\u00e4rjouren kr\u00e4ver obestridligt utveckling och mera resurser.<\/p>\n\n\n\n<p>I Veterin\u00e4rv\u00e5rdslagen (16.10.2009\/765) 13 \u00a7 konstateras att den akuta veterin\u00e4rhj\u00e4lpen inom jouromr\u00e5det ska ordnas s\u00e5 att sm\u00e5 husdjur som utan sv\u00e5righeter kan transporteras till veterin\u00e4rmottagningen i huvudsak v\u00e5rdas av annan personal \u00e4n s\u00e5dana husdjur d\u00e4r veterin\u00e4rhj\u00e4lpen f\u00f6ruts\u00e4tter att en veterin\u00e4r bes\u00f6ker djurh\u00e5llningsplatsen. Fr\u00e5n detta krav f\u00e5r man dock avvika i ett jouromr\u00e5de d\u00e4r djurt\u00e4theten \u00e4r l\u00e5g eller d\u00e4r sm\u00e5 husdjur som utan sv\u00e5righeter kan transporteras till veterin\u00e4rmottagningen utg\u00f6r en liten andel av alla husdjur som h\u00e5lls inom jouromr\u00e5det, eller n\u00e4r det av andra s\u00e4rskilda sk\u00e4l \u00e4r motiverat.<\/p>\n\n\n\n<p>Det finns \u00e4ven utvecklingsbehov inom den centraliserade kontakttj\u00e4nsten. Enligt Konkurrens- och konsumentverket b\u00f6r alla konsumenter som ringer till kontakttj\u00e4nsten veta priset av samtalet. Sammans\u00e4ttningen av samtalskostnader i veterin\u00e4rjouren b\u00f6r \u00f6ppnas i sin helhet p\u00e5 kommunernas hemsidor s\u00e5 att priset inte f\u00f6rblir oklart f\u00f6r kommuninv\u00e5narna. Till exempel p\u00e5 Vasas och Korsholms hemsidor anm\u00e4ls olika \u20ac\/min + pvm och p\u00e5 V\u00f6r\u00e5 kommuns hemsidor finns det ingen prisinformation. Detta missf\u00f6rh\u00e5llande m\u00e5ste korrigeras s\u00e5 fort som m\u00f6jligt och informationen g\u00e4llande veterin\u00e4rjouren m\u00e5ste standardiseras i olika kommuner.<\/p>\n\n\n\n<p>Veterin\u00e4rjourens administration och koordination kr\u00e4ver utveckling. Om veterin\u00e4ren som har jouren till exempel blir sjuk m\u00e5ste det finnas en vattent\u00e4t linje f\u00f6r ordnande av reservarrangemang oberoende om det g\u00e4ller en privat veterin\u00e4r eller kommunens veterin\u00e4r. Dessutom \u00e4r veterin\u00e4rernas arbetstider inom jouren onaturligt l\u00e5nga: p\u00e5 vardagar kl. 16-08 (16 t). En person sk\u00f6ter jouren under veckosluten utan skiftf\u00f6r\u00e4ndringar fr\u00e5n Fredag kl. 16- tills M\u00e5ndag kl. 08 (64t). Vi undertecknade \u00e4r oroliga \u00f6ver veterin\u00e4rernas orkande samt \u00f6ver hur de klarar sina arbetsuppgifter med h\u00e4nsyn till lagen \u2013 om man tar i beaktande de f\u00e5 resurser samt l\u00e5nga och tunga arbetsskifter som veterin\u00e4rjourhavanden m\u00e5ste klara av ensamma. Samtidigt m\u00e5ste man ta i beaktande att enligt Veterin\u00e4rv\u00e5rdslagen 13 \u00a7 ska kommunen ordna med akut veterin\u00e4rhj\u00e4lp som \u00e4r tillg\u00e4nglig under hela dygnet f\u00f6r husdjur som finns p\u00e5 kommunens omr\u00e5de.<\/p>\n\n\n\n<p>Med beaktande av det ovann\u00e4mnda kan man konstatera, att veterin\u00e4rjouren i Vasa trakten f\u00f6rordnas p\u00e5 ett s\u00e4tt som kan ifr\u00e5gas\u00e4ttas och med minimiresurser:<br>1) Det finns ingen s\u00e4rskild personal f\u00f6r sm\u00e5 och st\u00f6rre husdjur \u00e4ven om detta fordras i veterin\u00e4rv\u00e5rdslagen d\u00e5 det finns mycket sm\u00e5 och st\u00f6rre husdjur inom omr\u00e5det.<br>2) Det finns brister inom priss\u00e4ttningen av den centraliserade kontakttj\u00e4nsten och informationen om kostnaderna kommer inte tillr\u00e4ckligt tydligt och enhetligt fram p\u00e5 kommunernas hemsidor<br>3) Servicen \u00e4r inte tillg\u00e4ngliga inom en anst\u00e4ndig tid med beaktade av att jourhavanden arbetar ensam och arbetstidens l\u00e4ngd. Den h\u00e4r bristen kommer klart fram i utredningen som gjorts av Vasanejdens djurskyddsf\u00f6rening rf.<\/p>\n\n\n\n<p>Vi undertecknade f\u00f6ruts\u00e4tter att veterin\u00e4rjouren utvecklas i samarbete med jourveterin\u00e4rer s\u00e5lunda att resurserna \u00e4r tillr\u00e4ckliga fr\u00e5n och med v\u00e5ren 2020 p\u00e5 s\u00e5 s\u00e4tt att jourhavandenas arbetsf\u00f6rm\u00e5ga och kommuninv\u00e5narnas behov tas allvarligt i beaktande. Det g\u00e4ller att granska m\u00f6jligheterna till bakjour, anst\u00e4llning av djursk\u00f6tare inom den centraliserade kontakttj\u00e4nsten, ordnande av separata jour f\u00f6r sm\u00e5 och stora husdjur \/ produktionsdjur samt en centraliserad jourmottagning f\u00f6r sm\u00e5 husdjur p\u00e5 ett och samma st\u00e4lle.<br>Den regionala koordineringen m\u00e5ste klarg\u00f6ras.<br>Servicekostnader f\u00f6r samtal m\u00e5ste kontrolleras och det b\u00f6r kartl\u00e4ggas att samtalspriset \u00e4r rimligt j\u00e4mf\u00f6rt med \u00f6vriga kommunala grundservicepriser.<br>Priss\u00e4ttningen f\u00f6r samtal inom Jouromr\u00e5de 2 m\u00e5ste g\u00f6ras enhetlig och information om de faktorer som p\u00e5verkar servicekostnaderna m\u00e5ste finnas p\u00e5 kommunernas hemsidor.<br>F\u00f6r jourhavandena m\u00e5ste uppr\u00e4ttas en lista med tydliga instruktioner g\u00e4llande jourpraktiken och bakjoursystemet. Den organisation som ansvarar f\u00f6r koordinationen m\u00e5ste se till att jourhavande veterin\u00e4rer har tillr\u00e4ckligt kunnande, erfarenhet, resurser och apparatur f\u00f6r att \u00e5tg\u00e4rda br\u00e5dskande fall enligt lagen oberoende av djurart.<\/p>\n\n\n\n<p>Aloitteen lis\u00e4tiedot<br>Vaasanseudun el\u00e4insuojeluyhdistys ry<br>http:\/\/vaasa.sey.fi\/<\/p>\n","protected":false},"excerpt":{"rendered":"<p>Vaasan seudulla toimivassa el\u00e4inl\u00e4\u00e4k\u00e4rip\u00e4ivystysalue 2:ssa on selke\u00e4sti puutteita. Vaasanseudun el\u00e4insuojeluyhdistys ry kartoitti el\u00e4inl\u00e4\u00e4k\u00e4rip\u00e4ivystyksen nykytilaa, ja palvelu sai keskiarvoksi 1,9\/ 5. Kehitt\u00e4miskohdissa suurimmiksi osa-alueiksi nousivat pienlemmikkiosaaminen, tavoitettavuus, puhelinneuvonta ja p\u00e4ivystyksen sijainti. El\u00e4inl\u00e4\u00e4k\u00e4rip\u00e4ivystyst\u00e4 tulee kehitt\u00e4\u00e4 alueella mm. resursoimalla palvelutarjonta alueen tarpeiden ja kysynn\u00e4n mukaisesti, yhdenmukaistamalla palvelusta jaettavia tietoja yli kuntarajojen sek\u00e4 selkeytt\u00e4m\u00e4ll\u00e4 hallinnon rakennetta.Nykyisell\u00e4 tavalla j\u00e4rjestetyt palvelut [&hellip;]<\/p>\n","protected":false},"author":8,"featured_media":0,"parent":16,"menu_order":0,"comment_status":"closed","ping_status":"closed","template":"","meta":{"_acf_changed":false,"footnotes":""},"class_list":["post-31","page","type-page","status-publish","hentry"],"acf":[],"yoast_head":"<!-- This site is optimized with the Yoast SEO plugin v27.1.1 - https:\/\/yoast.com\/product\/yoast-seo-wordpress\/ -->\n<title>Kuntalaisaloite ker\u00e4si 818 allekirjoitusta (12.5.2019-6.9.2019) - Vaasan seudun el\u00e4insuojeluyhdistys<\/title>\n<meta name=\"robots\" content=\"index, follow, max-snippet:-1, max-image-preview:large, max-video-preview:-1\" \/>\n<link rel=\"canonical\" href=\"https:\/\/sey.fi\/vaasa\/vaasan-elainsuojelu\/ajankohtaista\/kuntalaisaloite-kerasi-818-allekirjoitusta-12-5-2019-6-9-2019\/\" \/>\n<meta property=\"og:locale\" content=\"fi_FI\" \/>\n<meta property=\"og:type\" content=\"article\" \/>\n<meta property=\"og:title\" content=\"Kuntalaisaloite ker\u00e4si 818 allekirjoitusta (12.5.2019-6.9.2019) - Vaasan seudun el\u00e4insuojeluyhdistys\" \/>\n<meta property=\"og:description\" content=\"Vaasan seudulla toimivassa el\u00e4inl\u00e4\u00e4k\u00e4rip\u00e4ivystysalue 2:ssa on selke\u00e4sti puutteita. Vaasanseudun el\u00e4insuojeluyhdistys ry kartoitti el\u00e4inl\u00e4\u00e4k\u00e4rip\u00e4ivystyksen nykytilaa, ja palvelu sai keskiarvoksi 1,9\/ 5. Kehitt\u00e4miskohdissa suurimmiksi osa-alueiksi nousivat pienlemmikkiosaaminen, tavoitettavuus, puhelinneuvonta ja p\u00e4ivystyksen sijainti. El\u00e4inl\u00e4\u00e4k\u00e4rip\u00e4ivystyst\u00e4 tulee kehitt\u00e4\u00e4 alueella mm. resursoimalla palvelutarjonta alueen tarpeiden ja kysynn\u00e4n mukaisesti, yhdenmukaistamalla palvelusta jaettavia tietoja yli kuntarajojen sek\u00e4 selkeytt\u00e4m\u00e4ll\u00e4 hallinnon rakennetta.Nykyisell\u00e4 tavalla j\u00e4rjestetyt palvelut [&hellip;]\" \/>\n<meta property=\"og:url\" content=\"https:\/\/sey.fi\/vaasa\/vaasan-elainsuojelu\/ajankohtaista\/kuntalaisaloite-kerasi-818-allekirjoitusta-12-5-2019-6-9-2019\/\" \/>\n<meta property=\"og:site_name\" content=\"Vaasan seudun el\u00e4insuojeluyhdistys\" \/>\n<meta property=\"article:modified_time\" content=\"2019-11-22T15:26:14+00:00\" \/>\n<meta name=\"twitter:card\" content=\"summary_large_image\" \/>\n<meta name=\"twitter:label1\" content=\"Arvioitu lukuaika\" \/>\n\t<meta name=\"twitter:data1\" content=\"8 minuuttia\" \/>\n<script type=\"application\/ld+json\" class=\"yoast-schema-graph\">{\"@context\":\"https:\/\/schema.org\",\"@graph\":[{\"@type\":\"WebPage\",\"@id\":\"https:\/\/sey.fi\/vaasa\/vaasan-elainsuojelu\/ajankohtaista\/kuntalaisaloite-kerasi-818-allekirjoitusta-12-5-2019-6-9-2019\/\",\"url\":\"https:\/\/sey.fi\/vaasa\/vaasan-elainsuojelu\/ajankohtaista\/kuntalaisaloite-kerasi-818-allekirjoitusta-12-5-2019-6-9-2019\/\",\"name\":\"Kuntalaisaloite ker\u00e4si 818 allekirjoitusta (12.5.2019-6.9.2019) - Vaasan seudun el\u00e4insuojeluyhdistys\",\"isPartOf\":{\"@id\":\"https:\/\/sey.fi\/vaasa\/#website\"},\"datePublished\":\"2019-11-22T15:26:12+00:00\",\"dateModified\":\"2019-11-22T15:26:14+00:00\",\"breadcrumb\":{\"@id\":\"https:\/\/sey.fi\/vaasa\/vaasan-elainsuojelu\/ajankohtaista\/kuntalaisaloite-kerasi-818-allekirjoitusta-12-5-2019-6-9-2019\/#breadcrumb\"},\"inLanguage\":\"fi\",\"potentialAction\":[{\"@type\":\"ReadAction\",\"target\":[\"https:\/\/sey.fi\/vaasa\/vaasan-elainsuojelu\/ajankohtaista\/kuntalaisaloite-kerasi-818-allekirjoitusta-12-5-2019-6-9-2019\/\"]}]},{\"@type\":\"BreadcrumbList\",\"@id\":\"https:\/\/sey.fi\/vaasa\/vaasan-elainsuojelu\/ajankohtaista\/kuntalaisaloite-kerasi-818-allekirjoitusta-12-5-2019-6-9-2019\/#breadcrumb\",\"itemListElement\":[{\"@type\":\"ListItem\",\"position\":1,\"name\":\"Home\",\"item\":\"https:\/\/sey.fi\/vaasa\/\"},{\"@type\":\"ListItem\",\"position\":2,\"name\":\"Vaasan seudun el\u00e4insuojeluyhdistys\",\"item\":\"https:\/\/sey.fi\/vaasa\/\"},{\"@type\":\"ListItem\",\"position\":3,\"name\":\"Ajankohtaista\",\"item\":\"https:\/\/sey.fi\/vaasa\/vaasan-elainsuojelu\/ajankohtaista\/\"},{\"@type\":\"ListItem\",\"position\":4,\"name\":\"Kuntalaisaloite ker\u00e4si 818 allekirjoitusta (12.5.2019-6.9.2019)\"}]},{\"@type\":\"WebSite\",\"@id\":\"https:\/\/sey.fi\/vaasa\/#website\",\"url\":\"https:\/\/sey.fi\/vaasa\/\",\"name\":\"Vaasan seudun el\u00e4insuojeluyhdistys\",\"description\":\"Uusi SEY J\u00e4senyhdistykset -sivusto\",\"potentialAction\":[{\"@type\":\"SearchAction\",\"target\":{\"@type\":\"EntryPoint\",\"urlTemplate\":\"https:\/\/sey.fi\/vaasa\/?s={search_term_string}\"},\"query-input\":{\"@type\":\"PropertyValueSpecification\",\"valueRequired\":true,\"valueName\":\"search_term_string\"}}],\"inLanguage\":\"fi\"}]}<\/script>\n<!-- \/ Yoast SEO plugin. -->","yoast_head_json":{"title":"Kuntalaisaloite ker\u00e4si 818 allekirjoitusta (12.5.2019-6.9.2019) - Vaasan seudun el\u00e4insuojeluyhdistys","robots":{"index":"index","follow":"follow","max-snippet":"max-snippet:-1","max-image-preview":"max-image-preview:large","max-video-preview":"max-video-preview:-1"},"canonical":"https:\/\/sey.fi\/vaasa\/vaasan-elainsuojelu\/ajankohtaista\/kuntalaisaloite-kerasi-818-allekirjoitusta-12-5-2019-6-9-2019\/","og_locale":"fi_FI","og_type":"article","og_title":"Kuntalaisaloite ker\u00e4si 818 allekirjoitusta (12.5.2019-6.9.2019) - Vaasan seudun el\u00e4insuojeluyhdistys","og_description":"Vaasan seudulla toimivassa el\u00e4inl\u00e4\u00e4k\u00e4rip\u00e4ivystysalue 2:ssa on selke\u00e4sti puutteita. Vaasanseudun el\u00e4insuojeluyhdistys ry kartoitti el\u00e4inl\u00e4\u00e4k\u00e4rip\u00e4ivystyksen nykytilaa, ja palvelu sai keskiarvoksi 1,9\/ 5. Kehitt\u00e4miskohdissa suurimmiksi osa-alueiksi nousivat pienlemmikkiosaaminen, tavoitettavuus, puhelinneuvonta ja p\u00e4ivystyksen sijainti. El\u00e4inl\u00e4\u00e4k\u00e4rip\u00e4ivystyst\u00e4 tulee kehitt\u00e4\u00e4 alueella mm. resursoimalla palvelutarjonta alueen tarpeiden ja kysynn\u00e4n mukaisesti, yhdenmukaistamalla palvelusta jaettavia tietoja yli kuntarajojen sek\u00e4 selkeytt\u00e4m\u00e4ll\u00e4 hallinnon rakennetta.Nykyisell\u00e4 tavalla j\u00e4rjestetyt palvelut [&hellip;]","og_url":"https:\/\/sey.fi\/vaasa\/vaasan-elainsuojelu\/ajankohtaista\/kuntalaisaloite-kerasi-818-allekirjoitusta-12-5-2019-6-9-2019\/","og_site_name":"Vaasan seudun el\u00e4insuojeluyhdistys","article_modified_time":"2019-11-22T15:26:14+00:00","twitter_card":"summary_large_image","twitter_misc":{"Arvioitu lukuaika":"8 minuuttia"},"schema":{"@context":"https:\/\/schema.org","@graph":[{"@type":"WebPage","@id":"https:\/\/sey.fi\/vaasa\/vaasan-elainsuojelu\/ajankohtaista\/kuntalaisaloite-kerasi-818-allekirjoitusta-12-5-2019-6-9-2019\/","url":"https:\/\/sey.fi\/vaasa\/vaasan-elainsuojelu\/ajankohtaista\/kuntalaisaloite-kerasi-818-allekirjoitusta-12-5-2019-6-9-2019\/","name":"Kuntalaisaloite ker\u00e4si 818 allekirjoitusta (12.5.2019-6.9.2019) - Vaasan seudun el\u00e4insuojeluyhdistys","isPartOf":{"@id":"https:\/\/sey.fi\/vaasa\/#website"},"datePublished":"2019-11-22T15:26:12+00:00","dateModified":"2019-11-22T15:26:14+00:00","breadcrumb":{"@id":"https:\/\/sey.fi\/vaasa\/vaasan-elainsuojelu\/ajankohtaista\/kuntalaisaloite-kerasi-818-allekirjoitusta-12-5-2019-6-9-2019\/#breadcrumb"},"inLanguage":"fi","potentialAction":[{"@type":"ReadAction","target":["https:\/\/sey.fi\/vaasa\/vaasan-elainsuojelu\/ajankohtaista\/kuntalaisaloite-kerasi-818-allekirjoitusta-12-5-2019-6-9-2019\/"]}]},{"@type":"BreadcrumbList","@id":"https:\/\/sey.fi\/vaasa\/vaasan-elainsuojelu\/ajankohtaista\/kuntalaisaloite-kerasi-818-allekirjoitusta-12-5-2019-6-9-2019\/#breadcrumb","itemListElement":[{"@type":"ListItem","position":1,"name":"Home","item":"https:\/\/sey.fi\/vaasa\/"},{"@type":"ListItem","position":2,"name":"Vaasan seudun el\u00e4insuojeluyhdistys","item":"https:\/\/sey.fi\/vaasa\/"},{"@type":"ListItem","position":3,"name":"Ajankohtaista","item":"https:\/\/sey.fi\/vaasa\/vaasan-elainsuojelu\/ajankohtaista\/"},{"@type":"ListItem","position":4,"name":"Kuntalaisaloite ker\u00e4si 818 allekirjoitusta (12.5.2019-6.9.2019)"}]},{"@type":"WebSite","@id":"https:\/\/sey.fi\/vaasa\/#website","url":"https:\/\/sey.fi\/vaasa\/","name":"Vaasan seudun el\u00e4insuojeluyhdistys","description":"Uusi SEY J\u00e4senyhdistykset -sivusto","potentialAction":[{"@type":"SearchAction","target":{"@type":"EntryPoint","urlTemplate":"https:\/\/sey.fi\/vaasa\/?s={search_term_string}"},"query-input":{"@type":"PropertyValueSpecification","valueRequired":true,"valueName":"search_term_string"}}],"inLanguage":"fi"}]}},"_links":{"self":[{"href":"https:\/\/sey.fi\/vaasa\/wp-json\/wp\/v2\/pages\/31","targetHints":{"allow":["GET"]}}],"collection":[{"href":"https:\/\/sey.fi\/vaasa\/wp-json\/wp\/v2\/pages"}],"about":[{"href":"https:\/\/sey.fi\/vaasa\/wp-json\/wp\/v2\/types\/page"}],"author":[{"embeddable":true,"href":"https:\/\/sey.fi\/vaasa\/wp-json\/wp\/v2\/users\/8"}],"replies":[{"embeddable":true,"href":"https:\/\/sey.fi\/vaasa\/wp-json\/wp\/v2\/comments?post=31"}],"version-history":[{"count":1,"href":"https:\/\/sey.fi\/vaasa\/wp-json\/wp\/v2\/pages\/31\/revisions"}],"predecessor-version":[{"id":32,"href":"https:\/\/sey.fi\/vaasa\/wp-json\/wp\/v2\/pages\/31\/revisions\/32"}],"up":[{"embeddable":true,"href":"https:\/\/sey.fi\/vaasa\/wp-json\/wp\/v2\/pages\/16"}],"wp:attachment":[{"href":"https:\/\/sey.fi\/vaasa\/wp-json\/wp\/v2\/media?parent=31"}],"curies":[{"name":"wp","href":"https:\/\/api.w.org\/{rel}","templated":true}]}}