{"id":33,"date":"2019-11-22T17:26:38","date_gmt":"2019-11-22T15:26:38","guid":{"rendered":"http:\/\/srvr10.xetpoint.com\/~seyfi\/vaasa\/?page_id=33"},"modified":"2019-11-22T17:26:39","modified_gmt":"2019-11-22T15:26:39","slug":"selvitys-alueellisesta-elainlaakaripaivystyksesta-2017","status":"publish","type":"page","link":"https:\/\/sey.fi\/vaasa\/vaasan-elainsuojelu\/ajankohtaista\/selvitys-alueellisesta-elainlaakaripaivystyksesta-2017\/","title":{"rendered":"Selvitys alueellisesta el\u00e4inl\u00e4\u00e4k\u00e4rip\u00e4ivystyksest\u00e4 (2017)"},"content":{"rendered":"\n<p>Vaasanseudun el\u00e4insuojeluyhdistys teki&nbsp;syksyll\u00e4 2017 selvityksen, jossa&nbsp;kartoitettiin vaasalaisten kokemuksia alueellisesta el\u00e4inl\u00e4\u00e4k\u00e4rip\u00e4ivystyksest\u00e4. Tavoitteena oli kartoittaa alueellisesti j\u00e4rjestetyn el\u00e4inl\u00e4\u00e4k\u00e4ritoiminnan asiakasl\u00e4ht\u00f6isyyden sek\u00e4 saatavuuden ja saavutettavuudesta toteutumista. Lis\u00e4ksi keskeist\u00e4 oli tunnistaa&nbsp;p\u00e4ivystystoiminnan mahdolliset kriittiset pisteet ja kehitt\u00e4miskohdat.<\/p>\n\n\n\n<p>Selvitys antoi kuntalaisille mahdollisuuden pohtia ja ideoida edelleen el\u00e4inl\u00e4\u00e4k\u00e4rip\u00e4ivystystoiminnan kehitt\u00e4mismalleja.<\/p>\n\n\n\n<p>Kyselyyn vastasi&nbsp;469 henkil\u00f6\u00e4, mik\u00e4 viestii selvityksen ajankohtaisuudesta sek\u00e4 el\u00e4inl\u00e4\u00e4k\u00e4rip\u00e4ivystyspalveluiden kysynn\u00e4st\u00e4 ja tarpeesta.<\/p>\n\n\n\n<p>Kyselyst\u00e4 tehty\u00e4 loppuraporttia tullaan hy\u00f6dynt\u00e4m\u00e4\u00e4n alueella poliittisena p\u00e4\u00e4t\u00f6ksentekov\u00e4lineen\u00e4 ja se luovutetaan niiden kuntien el\u00e4inl\u00e4\u00e4k\u00e4rip\u00e4ivystyksest\u00e4 vastaaville virkamiehille, joita alueellinen el\u00e4inl\u00e4\u00e4k\u00e4ritoiminta Vaasan seudulla koskettaa. Toivomme, ett\u00e4 niin alueen poliittiset p\u00e4\u00e4tt\u00e4j\u00e4t kuin johtavat virkamiehetkin ottavat el\u00e4inl\u00e4\u00e4k\u00e4rip\u00e4ivystyspalvelut k\u00e4sittelyyn, jotta el\u00e4inten terveydenhuolto voidaan turvata nykyist\u00e4 paremmin.<\/p>\n\n\n\n<p>Kiit\u00e4mme l\u00e4mpim\u00e4sti kaikkia kyselyyn vastanneita.<\/p>\n\n\n\n<p>&#8211; Vaasanseudun el\u00e4insuojeluyhdistyksen hallitus<\/p>\n\n\n\n<p>Lue selvitys kokonaisuudessaan T\u00e4st\u00e4:&nbsp;<a href=\"https:\/\/drive.google.com\/file\/d\/1kAtEDjLIJm3YUbBnfvYIt-yYiJJZQ1-E\/view\" target=\"_blank\" rel=\"noreferrer noopener\">Vaasalaisten kokemuksia alueellisesta el\u00e4inl\u00e4\u00e4k\u00e4rip\u00e4ivystyksest\u00e4 2017 -loppuraportti<\/a><\/p>\n\n\n\n<p>&nbsp;**&nbsp;<\/p>\n\n\n\n<p>EL\u00c4INL\u00c4\u00c4K\u00c4RIP\u00c4IVYSTYS<\/p>\n\n\n\n<p>El\u00e4inl\u00e4\u00e4k\u00e4rip\u00e4ivystys on tarkoitettu kiireellist\u00e4 hoitoa vaativia sairaus- tai onnettomuustapauksia varten.<\/p>\n\n\n\n<p>P\u00e4ivystysalue 1:&nbsp;Kaskinen, Korsn\u00e4s, Kristiinankaupunki, Maalahti ja N\u00e4rpi\u00f6. P\u00e4ivystyspuhelin&nbsp;0600 399 199.<\/p>\n\n\n\n<p>P\u00e4ivystysalue 2:&nbsp;Laihia, Mustasaari, Vaasa, V\u00e4h\u00e4kyr\u00f6 ja V\u00f6yri. P\u00e4ivystyspuhelin&nbsp;0600 399 299.<\/p>\n\n\n\n<p>P\u00e4ivystys alkaa arkisin kello 16 ja p\u00e4\u00e4ttyy seuraavana arkiaamuna kello 8. Viikonloppup\u00e4ivystys alkaa perjantaina kello 16 ja p\u00e4\u00e4ttyy maanantaiaamuna kello 8.<\/p>\n\n\n\n<p>Puheluista perit\u00e4\u00e4n 1,52 \u20ac\/min + pvm kello 8\u201320 ja 3,58 \u20ac\/min + pvm kello 20\u20138 (sis\u00e4lt\u00e4\u00e4 alv:n 24 %).<\/p>\n\n\n\n<p>L\u00e4hde:&nbsp;www.vaasa.fi&nbsp;, 4.11.2017<\/p>\n","protected":false},"excerpt":{"rendered":"<p>Vaasanseudun el\u00e4insuojeluyhdistys teki&nbsp;syksyll\u00e4 2017 selvityksen, jossa&nbsp;kartoitettiin vaasalaisten kokemuksia alueellisesta el\u00e4inl\u00e4\u00e4k\u00e4rip\u00e4ivystyksest\u00e4. Tavoitteena oli kartoittaa alueellisesti j\u00e4rjestetyn el\u00e4inl\u00e4\u00e4k\u00e4ritoiminnan asiakasl\u00e4ht\u00f6isyyden sek\u00e4 saatavuuden ja saavutettavuudesta toteutumista. Lis\u00e4ksi keskeist\u00e4 oli tunnistaa&nbsp;p\u00e4ivystystoiminnan mahdolliset kriittiset pisteet ja kehitt\u00e4miskohdat. Selvitys antoi kuntalaisille mahdollisuuden pohtia ja ideoida edelleen el\u00e4inl\u00e4\u00e4k\u00e4rip\u00e4ivystystoiminnan kehitt\u00e4mismalleja. Kyselyyn vastasi&nbsp;469 henkil\u00f6\u00e4, mik\u00e4 viestii selvityksen ajankohtaisuudesta sek\u00e4 el\u00e4inl\u00e4\u00e4k\u00e4rip\u00e4ivystyspalveluiden kysynn\u00e4st\u00e4 ja tarpeesta. Kyselyst\u00e4 tehty\u00e4 [&hellip;]<\/p>\n","protected":false},"author":8,"featured_media":0,"parent":16,"menu_order":0,"comment_status":"closed","ping_status":"closed","template":"","meta":{"_acf_changed":false,"footnotes":""},"class_list":["post-33","page","type-page","status-publish","hentry"],"acf":[],"yoast_head":"<!-- This site is optimized with the Yoast SEO plugin v27.1.1 - https:\/\/yoast.com\/product\/yoast-seo-wordpress\/ -->\n<title>Selvitys alueellisesta el\u00e4inl\u00e4\u00e4k\u00e4rip\u00e4ivystyksest\u00e4 (2017) - Vaasan seudun el\u00e4insuojeluyhdistys<\/title>\n<meta name=\"robots\" content=\"index, follow, max-snippet:-1, max-image-preview:large, max-video-preview:-1\" \/>\n<link rel=\"canonical\" href=\"https:\/\/sey.fi\/vaasa\/vaasan-elainsuojelu\/ajankohtaista\/selvitys-alueellisesta-elainlaakaripaivystyksesta-2017\/\" \/>\n<meta property=\"og:locale\" content=\"fi_FI\" \/>\n<meta property=\"og:type\" content=\"article\" \/>\n<meta property=\"og:title\" content=\"Selvitys alueellisesta el\u00e4inl\u00e4\u00e4k\u00e4rip\u00e4ivystyksest\u00e4 (2017) - Vaasan seudun el\u00e4insuojeluyhdistys\" \/>\n<meta property=\"og:description\" content=\"Vaasanseudun el\u00e4insuojeluyhdistys teki&nbsp;syksyll\u00e4 2017 selvityksen, jossa&nbsp;kartoitettiin vaasalaisten kokemuksia alueellisesta el\u00e4inl\u00e4\u00e4k\u00e4rip\u00e4ivystyksest\u00e4. Tavoitteena oli kartoittaa alueellisesti j\u00e4rjestetyn el\u00e4inl\u00e4\u00e4k\u00e4ritoiminnan asiakasl\u00e4ht\u00f6isyyden sek\u00e4 saatavuuden ja saavutettavuudesta toteutumista. Lis\u00e4ksi keskeist\u00e4 oli tunnistaa&nbsp;p\u00e4ivystystoiminnan mahdolliset kriittiset pisteet ja kehitt\u00e4miskohdat. Selvitys antoi kuntalaisille mahdollisuuden pohtia ja ideoida edelleen el\u00e4inl\u00e4\u00e4k\u00e4rip\u00e4ivystystoiminnan kehitt\u00e4mismalleja. Kyselyyn vastasi&nbsp;469 henkil\u00f6\u00e4, mik\u00e4 viestii selvityksen ajankohtaisuudesta sek\u00e4 el\u00e4inl\u00e4\u00e4k\u00e4rip\u00e4ivystyspalveluiden kysynn\u00e4st\u00e4 ja tarpeesta. Kyselyst\u00e4 tehty\u00e4 [&hellip;]\" \/>\n<meta property=\"og:url\" content=\"https:\/\/sey.fi\/vaasa\/vaasan-elainsuojelu\/ajankohtaista\/selvitys-alueellisesta-elainlaakaripaivystyksesta-2017\/\" \/>\n<meta property=\"og:site_name\" content=\"Vaasan seudun el\u00e4insuojeluyhdistys\" \/>\n<meta property=\"article:modified_time\" content=\"2019-11-22T15:26:39+00:00\" \/>\n<meta name=\"twitter:card\" content=\"summary_large_image\" \/>\n<meta name=\"twitter:label1\" content=\"Arvioitu lukuaika\" \/>\n\t<meta name=\"twitter:data1\" content=\"1 minuutti\" \/>\n<script type=\"application\/ld+json\" class=\"yoast-schema-graph\">{\"@context\":\"https:\/\/schema.org\",\"@graph\":[{\"@type\":\"WebPage\",\"@id\":\"https:\/\/sey.fi\/vaasa\/vaasan-elainsuojelu\/ajankohtaista\/selvitys-alueellisesta-elainlaakaripaivystyksesta-2017\/\",\"url\":\"https:\/\/sey.fi\/vaasa\/vaasan-elainsuojelu\/ajankohtaista\/selvitys-alueellisesta-elainlaakaripaivystyksesta-2017\/\",\"name\":\"Selvitys alueellisesta el\u00e4inl\u00e4\u00e4k\u00e4rip\u00e4ivystyksest\u00e4 (2017) - Vaasan seudun el\u00e4insuojeluyhdistys\",\"isPartOf\":{\"@id\":\"https:\/\/sey.fi\/vaasa\/#website\"},\"datePublished\":\"2019-11-22T15:26:38+00:00\",\"dateModified\":\"2019-11-22T15:26:39+00:00\",\"breadcrumb\":{\"@id\":\"https:\/\/sey.fi\/vaasa\/vaasan-elainsuojelu\/ajankohtaista\/selvitys-alueellisesta-elainlaakaripaivystyksesta-2017\/#breadcrumb\"},\"inLanguage\":\"fi\",\"potentialAction\":[{\"@type\":\"ReadAction\",\"target\":[\"https:\/\/sey.fi\/vaasa\/vaasan-elainsuojelu\/ajankohtaista\/selvitys-alueellisesta-elainlaakaripaivystyksesta-2017\/\"]}]},{\"@type\":\"BreadcrumbList\",\"@id\":\"https:\/\/sey.fi\/vaasa\/vaasan-elainsuojelu\/ajankohtaista\/selvitys-alueellisesta-elainlaakaripaivystyksesta-2017\/#breadcrumb\",\"itemListElement\":[{\"@type\":\"ListItem\",\"position\":1,\"name\":\"Home\",\"item\":\"https:\/\/sey.fi\/vaasa\/\"},{\"@type\":\"ListItem\",\"position\":2,\"name\":\"Vaasan seudun el\u00e4insuojeluyhdistys\",\"item\":\"https:\/\/sey.fi\/vaasa\/\"},{\"@type\":\"ListItem\",\"position\":3,\"name\":\"Ajankohtaista\",\"item\":\"https:\/\/sey.fi\/vaasa\/vaasan-elainsuojelu\/ajankohtaista\/\"},{\"@type\":\"ListItem\",\"position\":4,\"name\":\"Selvitys alueellisesta el\u00e4inl\u00e4\u00e4k\u00e4rip\u00e4ivystyksest\u00e4 (2017)\"}]},{\"@type\":\"WebSite\",\"@id\":\"https:\/\/sey.fi\/vaasa\/#website\",\"url\":\"https:\/\/sey.fi\/vaasa\/\",\"name\":\"Vaasan seudun el\u00e4insuojeluyhdistys\",\"description\":\"Uusi SEY J\u00e4senyhdistykset -sivusto\",\"potentialAction\":[{\"@type\":\"SearchAction\",\"target\":{\"@type\":\"EntryPoint\",\"urlTemplate\":\"https:\/\/sey.fi\/vaasa\/?s={search_term_string}\"},\"query-input\":{\"@type\":\"PropertyValueSpecification\",\"valueRequired\":true,\"valueName\":\"search_term_string\"}}],\"inLanguage\":\"fi\"}]}<\/script>\n<!-- \/ Yoast SEO plugin. -->","yoast_head_json":{"title":"Selvitys alueellisesta el\u00e4inl\u00e4\u00e4k\u00e4rip\u00e4ivystyksest\u00e4 (2017) - Vaasan seudun el\u00e4insuojeluyhdistys","robots":{"index":"index","follow":"follow","max-snippet":"max-snippet:-1","max-image-preview":"max-image-preview:large","max-video-preview":"max-video-preview:-1"},"canonical":"https:\/\/sey.fi\/vaasa\/vaasan-elainsuojelu\/ajankohtaista\/selvitys-alueellisesta-elainlaakaripaivystyksesta-2017\/","og_locale":"fi_FI","og_type":"article","og_title":"Selvitys alueellisesta el\u00e4inl\u00e4\u00e4k\u00e4rip\u00e4ivystyksest\u00e4 (2017) - Vaasan seudun el\u00e4insuojeluyhdistys","og_description":"Vaasanseudun el\u00e4insuojeluyhdistys teki&nbsp;syksyll\u00e4 2017 selvityksen, jossa&nbsp;kartoitettiin vaasalaisten kokemuksia alueellisesta el\u00e4inl\u00e4\u00e4k\u00e4rip\u00e4ivystyksest\u00e4. Tavoitteena oli kartoittaa alueellisesti j\u00e4rjestetyn el\u00e4inl\u00e4\u00e4k\u00e4ritoiminnan asiakasl\u00e4ht\u00f6isyyden sek\u00e4 saatavuuden ja saavutettavuudesta toteutumista. Lis\u00e4ksi keskeist\u00e4 oli tunnistaa&nbsp;p\u00e4ivystystoiminnan mahdolliset kriittiset pisteet ja kehitt\u00e4miskohdat. Selvitys antoi kuntalaisille mahdollisuuden pohtia ja ideoida edelleen el\u00e4inl\u00e4\u00e4k\u00e4rip\u00e4ivystystoiminnan kehitt\u00e4mismalleja. Kyselyyn vastasi&nbsp;469 henkil\u00f6\u00e4, mik\u00e4 viestii selvityksen ajankohtaisuudesta sek\u00e4 el\u00e4inl\u00e4\u00e4k\u00e4rip\u00e4ivystyspalveluiden kysynn\u00e4st\u00e4 ja tarpeesta. Kyselyst\u00e4 tehty\u00e4 [&hellip;]","og_url":"https:\/\/sey.fi\/vaasa\/vaasan-elainsuojelu\/ajankohtaista\/selvitys-alueellisesta-elainlaakaripaivystyksesta-2017\/","og_site_name":"Vaasan seudun el\u00e4insuojeluyhdistys","article_modified_time":"2019-11-22T15:26:39+00:00","twitter_card":"summary_large_image","twitter_misc":{"Arvioitu lukuaika":"1 minuutti"},"schema":{"@context":"https:\/\/schema.org","@graph":[{"@type":"WebPage","@id":"https:\/\/sey.fi\/vaasa\/vaasan-elainsuojelu\/ajankohtaista\/selvitys-alueellisesta-elainlaakaripaivystyksesta-2017\/","url":"https:\/\/sey.fi\/vaasa\/vaasan-elainsuojelu\/ajankohtaista\/selvitys-alueellisesta-elainlaakaripaivystyksesta-2017\/","name":"Selvitys alueellisesta el\u00e4inl\u00e4\u00e4k\u00e4rip\u00e4ivystyksest\u00e4 (2017) - Vaasan seudun el\u00e4insuojeluyhdistys","isPartOf":{"@id":"https:\/\/sey.fi\/vaasa\/#website"},"datePublished":"2019-11-22T15:26:38+00:00","dateModified":"2019-11-22T15:26:39+00:00","breadcrumb":{"@id":"https:\/\/sey.fi\/vaasa\/vaasan-elainsuojelu\/ajankohtaista\/selvitys-alueellisesta-elainlaakaripaivystyksesta-2017\/#breadcrumb"},"inLanguage":"fi","potentialAction":[{"@type":"ReadAction","target":["https:\/\/sey.fi\/vaasa\/vaasan-elainsuojelu\/ajankohtaista\/selvitys-alueellisesta-elainlaakaripaivystyksesta-2017\/"]}]},{"@type":"BreadcrumbList","@id":"https:\/\/sey.fi\/vaasa\/vaasan-elainsuojelu\/ajankohtaista\/selvitys-alueellisesta-elainlaakaripaivystyksesta-2017\/#breadcrumb","itemListElement":[{"@type":"ListItem","position":1,"name":"Home","item":"https:\/\/sey.fi\/vaasa\/"},{"@type":"ListItem","position":2,"name":"Vaasan seudun el\u00e4insuojeluyhdistys","item":"https:\/\/sey.fi\/vaasa\/"},{"@type":"ListItem","position":3,"name":"Ajankohtaista","item":"https:\/\/sey.fi\/vaasa\/vaasan-elainsuojelu\/ajankohtaista\/"},{"@type":"ListItem","position":4,"name":"Selvitys alueellisesta el\u00e4inl\u00e4\u00e4k\u00e4rip\u00e4ivystyksest\u00e4 (2017)"}]},{"@type":"WebSite","@id":"https:\/\/sey.fi\/vaasa\/#website","url":"https:\/\/sey.fi\/vaasa\/","name":"Vaasan seudun el\u00e4insuojeluyhdistys","description":"Uusi SEY J\u00e4senyhdistykset -sivusto","potentialAction":[{"@type":"SearchAction","target":{"@type":"EntryPoint","urlTemplate":"https:\/\/sey.fi\/vaasa\/?s={search_term_string}"},"query-input":{"@type":"PropertyValueSpecification","valueRequired":true,"valueName":"search_term_string"}}],"inLanguage":"fi"}]}},"_links":{"self":[{"href":"https:\/\/sey.fi\/vaasa\/wp-json\/wp\/v2\/pages\/33","targetHints":{"allow":["GET"]}}],"collection":[{"href":"https:\/\/sey.fi\/vaasa\/wp-json\/wp\/v2\/pages"}],"about":[{"href":"https:\/\/sey.fi\/vaasa\/wp-json\/wp\/v2\/types\/page"}],"author":[{"embeddable":true,"href":"https:\/\/sey.fi\/vaasa\/wp-json\/wp\/v2\/users\/8"}],"replies":[{"embeddable":true,"href":"https:\/\/sey.fi\/vaasa\/wp-json\/wp\/v2\/comments?post=33"}],"version-history":[{"count":1,"href":"https:\/\/sey.fi\/vaasa\/wp-json\/wp\/v2\/pages\/33\/revisions"}],"predecessor-version":[{"id":34,"href":"https:\/\/sey.fi\/vaasa\/wp-json\/wp\/v2\/pages\/33\/revisions\/34"}],"up":[{"embeddable":true,"href":"https:\/\/sey.fi\/vaasa\/wp-json\/wp\/v2\/pages\/16"}],"wp:attachment":[{"href":"https:\/\/sey.fi\/vaasa\/wp-json\/wp\/v2\/media?parent=33"}],"curies":[{"name":"wp","href":"https:\/\/api.w.org\/{rel}","templated":true}]}}